{"id":7236,"date":"2023-03-01T20:43:09","date_gmt":"2023-03-01T19:43:09","guid":{"rendered":"https:\/\/agora.xtec.cat\/escolapablopicasso\/?page_id=7236"},"modified":"2026-03-27T13:51:49","modified_gmt":"2026-03-27T12:51:49","slug":"carnestoltesidanses","status":"publish","type":"page","link":"https:\/\/agora.xtec.cat\/escolapablopicasso\/festes\/carnestoltesidanses\/","title":{"rendered":"Carnestoltes\/ Danses"},"content":{"rendered":"<p><strong>CURS 2025-26<\/strong><\/p>\n<p>I ens acomiadem d\u2019aquest 2n trimestre amb molt\u00edssima marxa!!!<\/p>\n<p>Avui 27 de mar\u00e7, hem estat a primera fila dels musicals m\u00e9s famosos (Michael Jackson, Queen, Grease, Mamma Mia\u2026)<\/p>\n<p>Si el voleu tornar a viure i gaudir de l\u2019espectacle m\u00e9s canyero, a continuaci\u00f3, podeu trobar el video de la jornada (cliqueu la claqueta)<\/p>\n<p>Moltes gr\u00e0cies per venir!!!<\/p>\n<p><a href=\"https:\/\/drive.google.com\/file\/d\/1LtSp3AyTEQBCoya3IzIazJOpdmoeav9m\/view?usp=drive_link\"><img loading=\"lazy\" decoding=\"async\" class=\"aligncenter wp-image-8726 size-full\" src=\"https:\/\/agora.xtec.cat\/escolapablopicasso\/wp-content\/uploads\/usu295\/2026\/03\/VIDEO-MUSICALS.jpg\" sizes=\"auto, (max-width: 1587px) 100vw, 1587px\" srcset=\"https:\/\/agora.xtec.cat\/escolapablopicasso\/wp-content\/uploads\/usu295\/2026\/03\/VIDEO-MUSICALS.jpg 1587w, https:\/\/agora.xtec.cat\/escolapablopicasso\/wp-content\/uploads\/usu295\/2026\/03\/VIDEO-MUSICALS-212x300.jpg 212w, https:\/\/agora.xtec.cat\/escolapablopicasso\/wp-content\/uploads\/usu295\/2026\/03\/VIDEO-MUSICALS-724x1024.jpg 724w, https:\/\/agora.xtec.cat\/escolapablopicasso\/wp-content\/uploads\/usu295\/2026\/03\/VIDEO-MUSICALS-768x1086.jpg 768w, https:\/\/agora.xtec.cat\/escolapablopicasso\/wp-content\/uploads\/usu295\/2026\/03\/VIDEO-MUSICALS-1086x1536.jpg 1086w, https:\/\/agora.xtec.cat\/escolapablopicasso\/wp-content\/uploads\/usu295\/2026\/03\/VIDEO-MUSICALS-1448x2048.jpg 1448w\" alt=\"\" width=\"1587\" height=\"2245\" \/><\/a><\/p>\n<p>Ja queda molt poquet per carnaval, i com sempre, arriben les consignes de Carnestoltes.<\/p>\n<p>Les haureu de seguir del dilluns 9 al divendres 13 de febrer.<\/p>\n<p>Esperem que us agradin i gaudiu d\u2019una setmana ben divertida, que finalitzarem divendres a la tarda amb una XOCOLATADA a c\u00e0rrec de l\u2019AFA per a tots el infants (en horari lectiu).<\/p>\n<p>Cliqueu la imatge per accedir al cartell amb les penyores.<\/p>\n<p><a href=\"https:\/\/agora.xtec.cat\/escolapablopicasso\/wp-content\/uploads\/usu295\/2026\/01\/carnestoltes.png\"><img loading=\"lazy\" decoding=\"async\" class=\"aligncenter size-full wp-image-8656\" src=\"https:\/\/agora.xtec.cat\/escolapablopicasso\/wp-content\/uploads\/usu295\/2026\/01\/carnestoltes.png\" sizes=\"auto, (max-width: 548px) 100vw, 548px\" srcset=\"https:\/\/agora.xtec.cat\/escolapablopicasso\/wp-content\/uploads\/usu295\/2026\/01\/carnestoltes.png 548w, https:\/\/agora.xtec.cat\/escolapablopicasso\/wp-content\/uploads\/usu295\/2026\/01\/carnestoltes-212x300.png 212w\" alt=\"\" width=\"548\" height=\"777\" \/><\/a><\/p>\n<p><strong>CURS 2024-25<\/strong><\/p>\n<div class=\"entry-summary\">\n<p>El passat 11 d\u2019abril vam celebrar els 100 anys de la r\u00e0dio amb un gran festival de danses.<\/p>\n<p>Amb una presentaci\u00f3 de luxe, vam anar passant per diferents emissores de r\u00e0dio i vam descobrir diferents estils de m\u00fasica: rock, dance, pop\u2026<\/p>\n<p>Aqu\u00ed podeu veure i tornar a gaudir de tots els balls, des d\u2019I3 fins a 6\u00e8.<\/p>\n<p>(cliqueu la imatge)<\/p>\n<p><a href=\"https:\/\/drive.google.com\/file\/d\/1xxwq_62wHH94bF_f5YUR312NsGG60vya\/view?usp=drive_link\"><img loading=\"lazy\" decoding=\"async\" class=\"aligncenter wp-image-8357 size-full\" src=\"https:\/\/agora.xtec.cat\/escolapablopicasso\/wp-content\/uploads\/usu295\/2025\/04\/100-anys-de-radio.png\" sizes=\"auto, (max-width: 820px) 100vw, 820px\" srcset=\"https:\/\/agora.xtec.cat\/escolapablopicasso\/wp-content\/uploads\/usu295\/2025\/04\/100-anys-de-radio.png 820w, https:\/\/agora.xtec.cat\/escolapablopicasso\/wp-content\/uploads\/usu295\/2025\/04\/100-anys-de-radio-300x165.png 300w, https:\/\/agora.xtec.cat\/escolapablopicasso\/wp-content\/uploads\/usu295\/2025\/04\/100-anys-de-radio-768x422.png 768w\" alt=\"\" width=\"820\" height=\"451\" \/><\/a><\/p>\n<p>Amb aquesta marxa ens acomiadem del 2n trimestre.<\/p>\n<p><a href=\"https:\/\/agora.xtec.cat\/escolapablopicasso\/wp-content\/uploads\/usu295\/2025\/03\/danses.png\"><img loading=\"lazy\" decoding=\"async\" class=\"aligncenter size-full wp-image-8345\" src=\"https:\/\/agora.xtec.cat\/escolapablopicasso\/wp-content\/uploads\/usu295\/2025\/03\/danses.png\" sizes=\"auto, (max-width: 703px) 100vw, 703px\" srcset=\"https:\/\/agora.xtec.cat\/escolapablopicasso\/wp-content\/uploads\/usu295\/2025\/03\/danses.png 703w, https:\/\/agora.xtec.cat\/escolapablopicasso\/wp-content\/uploads\/usu295\/2025\/03\/danses-298x300.png 298w, https:\/\/agora.xtec.cat\/escolapablopicasso\/wp-content\/uploads\/usu295\/2025\/03\/danses-150x150.png 150w\" alt=\"\" width=\"703\" height=\"707\" \/><\/a><\/p>\n<\/div>\n<footer class=\"entry-footer\"><\/footer>\n<p><strong>CURS 2023-24<\/strong><\/p>\n<p><a href=\"https:\/\/agora.xtec.cat\/escolapablopicasso\/wp-content\/uploads\/usu295\/2025\/02\/DANSES.png\"><img loading=\"lazy\" decoding=\"async\" class=\"aligncenter size-full wp-image-8271\" src=\"https:\/\/agora.xtec.cat\/escolapablopicasso\/wp-content\/uploads\/usu295\/2025\/02\/DANSES.png\" alt=\"\" width=\"1414\" height=\"2000\" srcset=\"https:\/\/agora.xtec.cat\/escolapablopicasso\/wp-content\/uploads\/usu295\/2025\/02\/DANSES.png 1414w, https:\/\/agora.xtec.cat\/escolapablopicasso\/wp-content\/uploads\/usu295\/2025\/02\/DANSES-212x300.png 212w, https:\/\/agora.xtec.cat\/escolapablopicasso\/wp-content\/uploads\/usu295\/2025\/02\/DANSES-724x1024.png 724w, https:\/\/agora.xtec.cat\/escolapablopicasso\/wp-content\/uploads\/usu295\/2025\/02\/DANSES-768x1086.png 768w, https:\/\/agora.xtec.cat\/escolapablopicasso\/wp-content\/uploads\/usu295\/2025\/02\/DANSES-1086x1536.png 1086w\" sizes=\"auto, (max-width: 1414px) 100vw, 1414px\" \/><\/a><\/p>\n<p>El passat divendres 22 de mar\u00e7, tota l\u2019escola vam fer el tancament del segon trimestre amb \u201cLes danses del Picasso\u201d al pati de l\u2019escola i amb la pres\u00e8ncia de les nostres fam\u00edlies.<\/p>\n<p>L\u2019edici\u00f3 d\u2019aquest curs tenia com a t\u00edtol \u201cEmocions\u201d i vam poder gaudir de danses i balls inspirats en les diferents emocions (alegria, tristesa, ira\u2026)<\/p>\n<p>A continuaci\u00f3 (si cliqueu la imatge) podreu veure un recull de les danses.<\/p>\n<p><a href=\"https:\/\/drive.google.com\/file\/d\/1O6feeBMpGOJV9dyzvh0xdmgdS6hvELK3\/view?usp=sharing\"><img loading=\"lazy\" decoding=\"async\" class=\"aligncenter wp-image-7831 size-large\" src=\"https:\/\/agora.xtec.cat\/escolapablopicasso\/wp-content\/uploads\/usu295\/2024\/03\/Sin-titulo-1024x530.png\" sizes=\"auto, (max-width: 1024px) 100vw, 1024px\" srcset=\"https:\/\/agora.xtec.cat\/escolapablopicasso\/wp-content\/uploads\/usu295\/2024\/03\/Sin-titulo-1024x530.png 1024w, https:\/\/agora.xtec.cat\/escolapablopicasso\/wp-content\/uploads\/usu295\/2024\/03\/Sin-titulo-300x155.png 300w, https:\/\/agora.xtec.cat\/escolapablopicasso\/wp-content\/uploads\/usu295\/2024\/03\/Sin-titulo-768x398.png 768w, https:\/\/agora.xtec.cat\/escolapablopicasso\/wp-content\/uploads\/usu295\/2024\/03\/Sin-titulo-1536x796.png 1536w, https:\/\/agora.xtec.cat\/escolapablopicasso\/wp-content\/uploads\/usu295\/2024\/03\/Sin-titulo.png 1581w\" alt=\"\" width=\"1024\" height=\"530\" \/><\/a><\/p>\n<p>Aix\u00ed doncs, donem la benvinguda a la primavera i us desitgem unes bones vacances.<\/p>\n<p>Ens tornem a trobar el proper\u00a0<strong>dimarts 2 d\u2019abril<\/strong>.<\/p>\n<p><img loading=\"lazy\" decoding=\"async\" class=\"aligncenter\" src=\"https:\/\/cdn-icons-png.flaticon.com\/512\/4167\/4167317.png\" alt=\"Primavera - Iconos gratis de naturaleza\" width=\"304\" height=\"304\" \/><\/p>\n<p>Ja s\u2019acosta el CARNESTOLTES.<\/p>\n<p>Tal com ja es va anunciar al full d\u2019organitzaci\u00f3 del curs,\u00a0<u>el proper divendres 9 de febrer celebrarem a l\u2019escola la festa de Carnestoltes<\/u>.<\/p>\n<p>Despr\u00e9s d\u2019una setmana on haurem de seguir les consignes proposades des de l\u2019AFA, l\u2019escola celebrar\u00e0 una\u00a0<u>festa interna la tarda del divendres<\/u>.<\/p>\n<p>Dins l\u2019horari escolar (de 15 a 16:30 h) els infants podran venir al centre disfressats d\u2019all\u00f2 que m\u00e9s els agrada per ballar amb una DISCOM\u00d2BIL i prendre la xocolata amb melindros que ens ofereix l\u2019AFA (sempre hi ha opcions diferents per aquells que presenten al\u00b7l\u00e8rgies o intoler\u00e0ncies).<\/p>\n<p>Recomanem que, en el cas dels m\u00e9s petits, busqueu una disfressa c\u00f2moda que els permeti anar al lavabo amb facilitat.<\/p>\n<p>Tots aquells infants que es queden al menjador, podran portar la disfressa en una bossa i el monitoratge ajudar\u00e0 a vestir-los.\u00a0Aix\u00ed mateix, intentem evitar complements perillosos, que es poden trencar, perdre\u2026<\/p>\n<p>Aprofitem per recordar-vos que el dilluns dia\u00a0<strong>12 de febrer \u00e9s festa de lliure disposici\u00f3<\/strong>, per tant, l\u2019escola romandr\u00e0 tancada.<\/p>\n<p><a href=\"https:\/\/agora.xtec.cat\/escolapablopicasso\/wp-content\/uploads\/usu295\/2024\/01\/CARNESTOLTES.png\"><img loading=\"lazy\" decoding=\"async\" class=\"aligncenter wp-image-7756 size-large\" src=\"https:\/\/agora.xtec.cat\/escolapablopicasso\/wp-content\/uploads\/usu295\/2024\/01\/CARNESTOLTES-731x1024.png\" sizes=\"auto, (max-width: 731px) 100vw, 731px\" srcset=\"https:\/\/agora.xtec.cat\/escolapablopicasso\/wp-content\/uploads\/usu295\/2024\/01\/CARNESTOLTES-731x1024.png 731w, https:\/\/agora.xtec.cat\/escolapablopicasso\/wp-content\/uploads\/usu295\/2024\/01\/CARNESTOLTES-214x300.png 214w, https:\/\/agora.xtec.cat\/escolapablopicasso\/wp-content\/uploads\/usu295\/2024\/01\/CARNESTOLTES-768x1075.png 768w, https:\/\/agora.xtec.cat\/escolapablopicasso\/wp-content\/uploads\/usu295\/2024\/01\/CARNESTOLTES-1097x1536.png 1097w, https:\/\/agora.xtec.cat\/escolapablopicasso\/wp-content\/uploads\/usu295\/2024\/01\/CARNESTOLTES-1463x2048.png 1463w, https:\/\/agora.xtec.cat\/escolapablopicasso\/wp-content\/uploads\/usu295\/2024\/01\/CARNESTOLTES.png 1920w\" alt=\"\" width=\"731\" height=\"1024\" \/><\/a><\/p>\n<p><strong>CURS 2022-2023<\/strong><\/p>\n<p>El passat divendres 17 de febrer, la pista de l\u2019escola es va omplir de fantasmes, zombies, m\u00f2mies, criatures\u2026 i quina marxa que tenien!!!!<\/p>\n<p>Molt\u00edssimes gr\u00e0cies per participar-hi!!!<\/p>\n<p>Aqu\u00ed podeu trobar el v\u00eddeo de les danses de Carnestoltes amb tem\u00e0tica \u201cLa por\u201d.<\/p>\n<p><iframe loading=\"lazy\" src=\"https:\/\/www.youtube.com\/embed\/JPNJT9zhhQE\" width=\"560\" height=\"314\" allowfullscreen=\"allowfullscreen\" data-mce-fragment=\"1\"><\/iframe><\/p>\n<p>&nbsp;<\/p>\n<p>Ja ho teniu tot preparat per la setmana m\u00e9s boja de l\u2019any?<\/p>\n<p>Recordeu que dilluns dia 13 de febrer, comencem amb les consignes que va enviar l\u2019AFA.<\/p>\n<p><strong>-Divendres (mat\u00ed)<\/strong>\u00a0Comen\u00e7arem les danses tan bon punt estigui tot preparat (calculem que seran les\u00a0<strong>9:20<\/strong>h) i podreu estar a l\u2019escola fins que acabem de ballar (calculem les\u00a0<strong>11h<\/strong>\u00a0aproximadament). Despr\u00e9s, ja sense la vostra companyia, els infants esmorzaran i faran pati.<\/p>\n<p><strong>-Divendres (tarda)\u00a0<\/strong>Horari normal sense fam\u00edlies (de 15h a 16:30h) els infants berenaran xocolata amb melindros. Hi ha alternatives per aquell alumnat que t\u00e9 al\u00b7l\u00e8rgies i intoler\u00e0ncies. Ballarem i jugarem al pati mentre admirem les nostres disfresses.<\/p>\n<p>Esperem passar un dia ben especial.<\/p>\n<p><img loading=\"lazy\" decoding=\"async\" class=\"aligncenter wp-image-7221 size-large\" src=\"https:\/\/agora.xtec.cat\/escolapablopicasso\/wp-content\/uploads\/usu295\/2023\/02\/DANSES-724x1024.png\" sizes=\"auto, (max-width: 724px) 100vw, 724px\" srcset=\"https:\/\/agora.xtec.cat\/escolapablopicasso\/wp-content\/uploads\/usu295\/2023\/02\/DANSES-724x1024.png 724w, https:\/\/agora.xtec.cat\/escolapablopicasso\/wp-content\/uploads\/usu295\/2023\/02\/DANSES-212x300.png 212w, https:\/\/agora.xtec.cat\/escolapablopicasso\/wp-content\/uploads\/usu295\/2023\/02\/DANSES-768x1086.png 768w, https:\/\/agora.xtec.cat\/escolapablopicasso\/wp-content\/uploads\/usu295\/2023\/02\/DANSES-1086x1536.png 1086w, https:\/\/agora.xtec.cat\/escolapablopicasso\/wp-content\/uploads\/usu295\/2023\/02\/DANSES.png 1414w\" alt=\"\" width=\"724\" height=\"1024\" \/><\/p>\n","protected":false},"excerpt":{"rendered":"<p>CURS 2025-26<br \/>\nI ens acomiadem d\u2019aquest 2n trimestre amb molt\u00edssima marxa!!!<br \/>\nAvui 27 de mar\u00e7, hem estat a primera fila dels musicals m\u00e9s famosos (Michael Jackson, Queen, Grease, Mamma Mia\u2026)<br \/>\nSi el voleu tornar a viure i gaudir de l\u2019espectacle m\u00e9s canyero, a continuaci\u00f3, podeu trobar el video&hellip;  <a href=\"https:\/\/agora.xtec.cat\/escolapablopicasso\/festes\/carnestoltesidanses\/\" title=\"Read Carnestoltes\/ Danses\">Llegeix m\u00e9s\u00bb<\/a><\/p>\n","protected":false},"author":1,"featured_media":0,"parent":1802,"menu_order":3,"comment_status":"closed","ping_status":"closed","template":"page-templates\/side-menu.php","meta":{"_bbp_topic_count":0,"_bbp_reply_count":0,"_bbp_total_topic_count":0,"_bbp_total_reply_count":0,"_bbp_voice_count":0,"_bbp_anonymous_reply_count":0,"_bbp_topic_count_hidden":0,"_bbp_reply_count_hidden":0,"_bbp_forum_subforum_count":0,"footnotes":""},"class_list":["post-7236","page","type-page","status-publish","hentry"],"post_mailing_queue_ids":[],"_links":{"self":[{"href":"https:\/\/agora.xtec.cat\/escolapablopicasso\/wp-json\/wp\/v2\/pages\/7236","targetHints":{"allow":["GET"]}}],"collection":[{"href":"https:\/\/agora.xtec.cat\/escolapablopicasso\/wp-json\/wp\/v2\/pages"}],"about":[{"href":"https:\/\/agora.xtec.cat\/escolapablopicasso\/wp-json\/wp\/v2\/types\/page"}],"author":[{"embeddable":true,"href":"https:\/\/agora.xtec.cat\/escolapablopicasso\/wp-json\/wp\/v2\/users\/1"}],"replies":[{"embeddable":true,"href":"https:\/\/agora.xtec.cat\/escolapablopicasso\/wp-json\/wp\/v2\/comments?post=7236"}],"version-history":[{"count":6,"href":"https:\/\/agora.xtec.cat\/escolapablopicasso\/wp-json\/wp\/v2\/pages\/7236\/revisions"}],"predecessor-version":[{"id":8728,"href":"https:\/\/agora.xtec.cat\/escolapablopicasso\/wp-json\/wp\/v2\/pages\/7236\/revisions\/8728"}],"up":[{"embeddable":true,"href":"https:\/\/agora.xtec.cat\/escolapablopicasso\/wp-json\/wp\/v2\/pages\/1802"}],"wp:attachment":[{"href":"https:\/\/agora.xtec.cat\/escolapablopicasso\/wp-json\/wp\/v2\/media?parent=7236"}],"curies":[{"name":"wp","href":"https:\/\/api.w.org\/{rel}","templated":true}]}}