{"id":3482,"date":"2017-10-13T14:03:30","date_gmt":"2017-10-13T12:03:30","guid":{"rendered":"http:\/\/agora.xtec.cat\/escolapablopicasso\/?page_id=3482"},"modified":"2017-10-13T14:05:44","modified_gmt":"2017-10-13T12:05:44","slug":"nou-curriculum-de-primaria","status":"publish","type":"page","link":"https:\/\/agora.xtec.cat\/escolapablopicasso\/lescola\/nou-curriculum-de-primaria\/","title":{"rendered":"Nou Curr\u00edculum de Prim\u00e0ria"},"content":{"rendered":"<p>El nou curr\u00edculum de Prim\u00e0ria s\u2019organitza en \u201cDIMENSIONS\u201d. Al seg\u00fcent enlla\u00e7 trobareu explicades les diferents dimensions, les quals inclouen les diferents \u00e0rees:\u00a0<a href=\"https:\/\/docs.google.com\/document\/d\/1e5B3WuN-e0rKEQU_ewm3vMRxrf-MC1kHCkF77d8Jonc\/edit\">LES DIMENSIONS A COP D\u2019ULL<\/a><\/p>\n<p>Tamb\u00e9 s\u2019ha elaborat una infografia per explicar a les fam\u00edlies la nova avaluaci\u00f3 a Educaci\u00f3 Prim\u00e0ria: <a href=\"http:\/\/ensenyament.gencat.cat\/web\/.content\/home\/departament\/publicacions\/a-cop-ull\/info-primaria.pdf\">NOVA AVALUACI\u00d3 PRIM\u00c0RIA.\u00a0<\/a><\/p>\n<p><img loading=\"lazy\" decoding=\"async\" class=\"alignnone  wp-image-3484\" src=\"http:\/\/agora.xtec.cat\/escolapablopicasso\/wp-content\/uploads\/usu295\/2017\/10\/AVALUACI\u00d3-Informaci\u00f3-per-a-les-fam\u00edlies-1-723x1024.jpg\" alt=\"\" width=\"312\" height=\"442\" srcset=\"https:\/\/agora.xtec.cat\/escolapablopicasso\/wp-content\/uploads\/usu295\/2017\/10\/AVALUACI\u00d3-Informaci\u00f3-per-a-les-fam\u00edlies-1-723x1024.jpg 723w, https:\/\/agora.xtec.cat\/escolapablopicasso\/wp-content\/uploads\/usu295\/2017\/10\/AVALUACI\u00d3-Informaci\u00f3-per-a-les-fam\u00edlies-1-212x300.jpg 212w, https:\/\/agora.xtec.cat\/escolapablopicasso\/wp-content\/uploads\/usu295\/2017\/10\/AVALUACI\u00d3-Informaci\u00f3-per-a-les-fam\u00edlies-1-768x1087.jpg 768w, https:\/\/agora.xtec.cat\/escolapablopicasso\/wp-content\/uploads\/usu295\/2017\/10\/AVALUACI\u00d3-Informaci\u00f3-per-a-les-fam\u00edlies-1.jpg 1130w\" sizes=\"auto, (max-width: 312px) 100vw, 312px\" \/> <img loading=\"lazy\" decoding=\"async\" class=\"alignnone  wp-image-3485\" src=\"http:\/\/agora.xtec.cat\/escolapablopicasso\/wp-content\/uploads\/usu295\/2017\/10\/AVALUACI\u00d3-Informaci\u00f3-per-a-les-fam\u00edlies-3-723x1024.jpg\" alt=\"\" width=\"312\" height=\"442\" srcset=\"https:\/\/agora.xtec.cat\/escolapablopicasso\/wp-content\/uploads\/usu295\/2017\/10\/AVALUACI\u00d3-Informaci\u00f3-per-a-les-fam\u00edlies-3-723x1024.jpg 723w, https:\/\/agora.xtec.cat\/escolapablopicasso\/wp-content\/uploads\/usu295\/2017\/10\/AVALUACI\u00d3-Informaci\u00f3-per-a-les-fam\u00edlies-3-212x300.jpg 212w, https:\/\/agora.xtec.cat\/escolapablopicasso\/wp-content\/uploads\/usu295\/2017\/10\/AVALUACI\u00d3-Informaci\u00f3-per-a-les-fam\u00edlies-3-768x1087.jpg 768w, https:\/\/agora.xtec.cat\/escolapablopicasso\/wp-content\/uploads\/usu295\/2017\/10\/AVALUACI\u00d3-Informaci\u00f3-per-a-les-fam\u00edlies-3.jpg 1130w\" sizes=\"auto, (max-width: 312px) 100vw, 312px\" \/> <img loading=\"lazy\" decoding=\"async\" class=\"alignnone  wp-image-3486\" src=\"http:\/\/agora.xtec.cat\/escolapablopicasso\/wp-content\/uploads\/usu295\/2017\/10\/AVALUACI\u00d3-Informaci\u00f3-per-a-les-fam\u00edlies-2-723x1024.jpg\" alt=\"\" width=\"311\" height=\"441\" srcset=\"https:\/\/agora.xtec.cat\/escolapablopicasso\/wp-content\/uploads\/usu295\/2017\/10\/AVALUACI\u00d3-Informaci\u00f3-per-a-les-fam\u00edlies-2-723x1024.jpg 723w, https:\/\/agora.xtec.cat\/escolapablopicasso\/wp-content\/uploads\/usu295\/2017\/10\/AVALUACI\u00d3-Informaci\u00f3-per-a-les-fam\u00edlies-2-212x300.jpg 212w, https:\/\/agora.xtec.cat\/escolapablopicasso\/wp-content\/uploads\/usu295\/2017\/10\/AVALUACI\u00d3-Informaci\u00f3-per-a-les-fam\u00edlies-2-768x1087.jpg 768w, https:\/\/agora.xtec.cat\/escolapablopicasso\/wp-content\/uploads\/usu295\/2017\/10\/AVALUACI\u00d3-Informaci\u00f3-per-a-les-fam\u00edlies-2.jpg 1130w\" sizes=\"auto, (max-width: 311px) 100vw, 311px\" \/> <img loading=\"lazy\" decoding=\"async\" class=\"alignnone  wp-image-3487\" src=\"http:\/\/agora.xtec.cat\/escolapablopicasso\/wp-content\/uploads\/usu295\/2017\/10\/AVALUACI\u00d3-Informaci\u00f3-per-a-les-fam\u00edlies-4-723x1024.jpg\" alt=\"\" width=\"310\" height=\"439\" srcset=\"https:\/\/agora.xtec.cat\/escolapablopicasso\/wp-content\/uploads\/usu295\/2017\/10\/AVALUACI\u00d3-Informaci\u00f3-per-a-les-fam\u00edlies-4-723x1024.jpg 723w, https:\/\/agora.xtec.cat\/escolapablopicasso\/wp-content\/uploads\/usu295\/2017\/10\/AVALUACI\u00d3-Informaci\u00f3-per-a-les-fam\u00edlies-4-212x300.jpg 212w, https:\/\/agora.xtec.cat\/escolapablopicasso\/wp-content\/uploads\/usu295\/2017\/10\/AVALUACI\u00d3-Informaci\u00f3-per-a-les-fam\u00edlies-4-768x1087.jpg 768w, https:\/\/agora.xtec.cat\/escolapablopicasso\/wp-content\/uploads\/usu295\/2017\/10\/AVALUACI\u00d3-Informaci\u00f3-per-a-les-fam\u00edlies-4.jpg 1130w\" sizes=\"auto, (max-width: 310px) 100vw, 310px\" \/><\/p>\n","protected":false},"excerpt":{"rendered":"<p>El nou curr\u00edculum de Prim\u00e0ria s\u2019organitza en \u201cDIMENSIONS\u201d. Al seg\u00fcent enlla\u00e7 trobareu explicades les diferents dimensions, les quals inclouen les diferents \u00e0rees:\u00a0<a href=\"https:\/\/docs.google.com\/document\/d\/1e5B3WuN-e0rKEQU_ewm3vMRxrf-MC1kHCkF77d8Jonc\/edit\">LES DIMENSIONS A COP D\u2019ULL<\/a><br \/>\nTamb\u00e9 s\u2019ha elaborat una infografia per explicar a les fam\u00edlies la nova avaluaci\u00f3 a Educaci\u00f3 Prim\u00e0ria: <a href=\"http:\/\/ensenyament.gencat.cat\/web\/.content\/home\/departament\/publicacions\/a-cop-ull\/info-primaria.pdf\">NOVA AVALUACI\u00d3&hellip;  <a href=\"https:\/\/agora.xtec.cat\/escolapablopicasso\/lescola\/nou-curriculum-de-primaria\/\" title=\"Read Nou Curr\u00edculum de Prim\u00e0ria\">Llegeix m\u00e9s\u00bb<\/a><\/p>\n","protected":false},"author":1,"featured_media":0,"parent":22,"menu_order":13,"comment_status":"closed","ping_status":"closed","template":"page-templates\/side-menu.php","meta":{"_bbp_topic_count":0,"_bbp_reply_count":0,"_bbp_total_topic_count":0,"_bbp_total_reply_count":0,"_bbp_voice_count":0,"_bbp_anonymous_reply_count":0,"_bbp_topic_count_hidden":0,"_bbp_reply_count_hidden":0,"_bbp_forum_subforum_count":0,"footnotes":""},"class_list":["post-3482","page","type-page","status-publish","hentry"],"post_mailing_queue_ids":[],"_links":{"self":[{"href":"https:\/\/agora.xtec.cat\/escolapablopicasso\/wp-json\/wp\/v2\/pages\/3482","targetHints":{"allow":["GET"]}}],"collection":[{"href":"https:\/\/agora.xtec.cat\/escolapablopicasso\/wp-json\/wp\/v2\/pages"}],"about":[{"href":"https:\/\/agora.xtec.cat\/escolapablopicasso\/wp-json\/wp\/v2\/types\/page"}],"author":[{"embeddable":true,"href":"https:\/\/agora.xtec.cat\/escolapablopicasso\/wp-json\/wp\/v2\/users\/1"}],"replies":[{"embeddable":true,"href":"https:\/\/agora.xtec.cat\/escolapablopicasso\/wp-json\/wp\/v2\/comments?post=3482"}],"version-history":[{"count":2,"href":"https:\/\/agora.xtec.cat\/escolapablopicasso\/wp-json\/wp\/v2\/pages\/3482\/revisions"}],"predecessor-version":[{"id":3488,"href":"https:\/\/agora.xtec.cat\/escolapablopicasso\/wp-json\/wp\/v2\/pages\/3482\/revisions\/3488"}],"up":[{"embeddable":true,"href":"https:\/\/agora.xtec.cat\/escolapablopicasso\/wp-json\/wp\/v2\/pages\/22"}],"wp:attachment":[{"href":"https:\/\/agora.xtec.cat\/escolapablopicasso\/wp-json\/wp\/v2\/media?parent=3482"}],"curies":[{"name":"wp","href":"https:\/\/api.w.org\/{rel}","templated":true}]}}