{"id":32,"date":"2014-09-18T12:31:33","date_gmt":"2014-09-18T11:31:33","guid":{"rendered":"http:\/\/agora.xtec.cat\/escolapablopicasso\/\/?page_id=32"},"modified":"2026-04-08T15:21:01","modified_gmt":"2026-04-08T13:21:01","slug":"comunicats-families","status":"publish","type":"page","link":"https:\/\/agora.xtec.cat\/escolapablopicasso\/curs-25-26\/comunicats-families\/","title":{"rendered":"Comunicats fam\u00edlies"},"content":{"rendered":"<p><img loading=\"lazy\" decoding=\"async\" class=\"irc_mi alignright\" src=\"https:\/\/3.bp.blogspot.com\/-FMzAKy0CqGM\/WNlzHkS_8kI\/AAAAAAAAD6U\/dzWEGihxwiocmKj-xNu057yhVacyHFzmACLcB\/s1600\/logo%2Bfamilia%2Bescola.jpg\" alt=\"Resultado de imagen de fam\u00edlia escola\" width=\"228\" height=\"155\" \/>Aqu\u00ed podreu trobar les notes per les fam\u00edlies d&#8217;aquest curs 2025-2026:<\/p>\n<p>&nbsp;<\/p>\n<ul>\n<li><strong>DOSSIER FUNCIONAMENT DEL CURS I CALENDARI 2025-2026<\/strong><\/li>\n<\/ul>\n<p>&#8211;<a href=\"https:\/\/agora.xtec.cat\/escolapablopicasso\/curs-25-26\/normes-i-funcionament-del-centre\/\">Dossier funcionament del curs 2025-2026<\/a><\/p>\n<p>&#8211;<a href=\"https:\/\/agora.xtec.cat\/escolapablopicasso\/curs-25-26\/\">Calendari del curs 2025-2026<\/a><\/p>\n<p>&nbsp;<\/p>\n<ul>\n<li><strong>AUTORITZACIONS <img loading=\"lazy\" decoding=\"async\" class=\"wp-image-7695 alignright\" src=\"https:\/\/agora.xtec.cat\/escolapablopicasso\/wp-content\/uploads\/usu295\/2024\/01\/1922539.png\" alt=\"\" width=\"175\" height=\"175\" srcset=\"https:\/\/agora.xtec.cat\/escolapablopicasso\/wp-content\/uploads\/usu295\/2024\/01\/1922539.png 512w, https:\/\/agora.xtec.cat\/escolapablopicasso\/wp-content\/uploads\/usu295\/2024\/01\/1922539-300x300.png 300w, https:\/\/agora.xtec.cat\/escolapablopicasso\/wp-content\/uploads\/usu295\/2024\/01\/1922539-150x150.png 150w\" sizes=\"auto, (max-width: 175px) 100vw, 175px\" \/><\/strong><\/li>\n<\/ul>\n<p>&#8211;<a href=\"https:\/\/drive.google.com\/file\/d\/1uVvHCUVyY7uQzNn5EM0H63el1S_gsyRu\/view?usp=sharing\">Autoritzaci\u00f3 paracetamol<\/a><\/p>\n<p>&#8211;<a href=\"https:\/\/drive.google.com\/file\/d\/1HGcVq1bJoSPZ4Jguc41Uiu2A8QuaPGsF\/view?usp=sharing\">Autoritzaci\u00f3 per la recollida d&#8217;alumnes<\/a><\/p>\n<p>&#8211;<a href=\"https:\/\/drive.google.com\/file\/d\/1HXXfH9RR7OeIeaF5BXZV60XHS3KT4QZB\/view?usp=sharing\">Autoritzaci\u00f3 a alumnes de cicle superior a recollir altres germans de l&#8217;escola<\/a><\/p>\n<p>&#8211;<a href=\"https:\/\/drive.google.com\/file\/d\/1kuaZLlaF53-sm3whWZUgNkHs7FZYcyom\/view?usp=sharing\">Autoritzaci\u00f3 per sortir sol\/a de l&#8217;escola (5\u00e8 o 6\u00e8)<\/a><\/p>\n<p>&#8211;<a href=\"https:\/\/drive.google.com\/file\/d\/1hnPrEWKE1MzYKjCWP9NuvADmvYK8nSsS\/view?usp=sharing\">Autoritzaci\u00f3 per portar tel\u00e8fon m\u00f2bil<\/a><\/p>\n<p>&nbsp;<\/p>\n<ul>\n<li><strong style=\"font-family: inherit; font-size: 1em;\">ALTRES INFORMACIONS<img loading=\"lazy\" decoding=\"async\" class=\"alignright wp-image-7696 \" src=\"https:\/\/agora.xtec.cat\/escolapablopicasso\/wp-content\/uploads\/usu295\/2024\/01\/2965879.png\" alt=\"\" width=\"160\" height=\"160\" srcset=\"https:\/\/agora.xtec.cat\/escolapablopicasso\/wp-content\/uploads\/usu295\/2024\/01\/2965879.png 512w, https:\/\/agora.xtec.cat\/escolapablopicasso\/wp-content\/uploads\/usu295\/2024\/01\/2965879-300x300.png 300w, https:\/\/agora.xtec.cat\/escolapablopicasso\/wp-content\/uploads\/usu295\/2024\/01\/2965879-150x150.png 150w\" sizes=\"auto, (max-width: 160px) 100vw, 160px\" \/><\/strong><\/li>\n<\/ul>\n<p><strong>1\/4\/2026<\/strong><\/p>\n<p><a href=\"https:\/\/agora.xtec.cat\/escolapablopicasso\/general\/ja-es-aqui-ledicio-97-de-les-noticies-del-picasso\/\">Les not\u00edcies del Picasso 97 abril 2026<\/a><\/p>\n<p><strong>1\/3\/2026<\/strong><\/p>\n<p><a href=\"https:\/\/agora.xtec.cat\/escolapablopicasso\/general\/ja-es-aqui-ledicio-96-de-les-noticies-del-picasso\/\">Les not\u00edcies del Picasso 96 mar\u00e7 2026<\/a><\/p>\n<p><strong>1\/2\/2026<\/strong><\/p>\n<p><a href=\"https:\/\/agora.xtec.cat\/escolapablopicasso\/general\/ja-es-aqui-ledicio-95-de-les-noticies-del-picasso\/\">Les not\u00edcies del Picasso 95 febrer 2026<\/a><\/p>\n<p><strong>1\/1\/2026<\/strong><\/p>\n<p><a href=\"https:\/\/agora.xtec.cat\/escolapablopicasso\/general\/ja-es-aqui-ledicio-94-de-les-noticies-del-picasso\/\">Les not\u00edcies del Picasso 94 gener 2026<\/a><\/p>\n<p><strong>1\/12\/2025<\/strong><\/p>\n<p><a href=\"https:\/\/agora.xtec.cat\/escolapablopicasso\/general\/ja-es-aqui-ledicio-93-de-les-noticies-del-picasso\/\">Les not\u00edcies del Picasso 93 desembre 2025<\/a><\/p>\n<p><strong>1\/11\/2025<\/strong><\/p>\n<p><a href=\"https:\/\/agora.xtec.cat\/escolapablopicasso\/general\/ja-es-aqui-ledicio-92-de-les-noticies-del-picasso\/\">Les not\u00edcies del Picasso 92 novembre 2025<\/a><\/p>\n<p><strong>1\/10\/2025<\/strong><\/p>\n<p><a href=\"https:\/\/agora.xtec.cat\/escolapablopicasso\/general\/ja-es-aqui-ledicio-91-de-les-noticies-del-picasso\/\">Les not\u00edcies del Picasso 91 octubre 2025<\/a><\/p>\n<p>&#8230;&#8230;&#8230;&#8230;&#8230;&#8230;&#8230;&#8230;&#8230;&#8230;&#8230;&#8230;&#8230;&#8230;&#8230;&#8230;&#8230;&#8230;&#8230;&#8230;&#8230;&#8230;&#8230;&#8230;&#8230;&#8230;&#8230;&#8230;&#8230;&#8230;&#8230;&#8230;&#8230;&#8230;&#8230;&#8230;&#8230;&#8230;&#8230;&#8230;&#8230;&#8230;&#8230;&#8230;&#8230;&#8230;&#8230;&#8230;&#8230;&#8230;&#8230;&#8230;&#8230;&#8230;..<\/p>\n<p><strong>1\/6\/2025<\/strong><\/p>\n<p><a href=\"https:\/\/agora.xtec.cat\/escolapablopicasso\/general\/ja-es-aqui-ledicio-90-de-les-noticies-del-picasso\/\">Les not\u00edcies del Picasso 90 maig 2025<\/a><\/p>\n<p><strong style=\"font-family: inherit; font-size: 1em;\">1\/5\/2025<\/strong><\/p>\n<p><a href=\"https:\/\/agora.xtec.cat\/escolapablopicasso\/general\/ja-es-aqui-ledicio-89-de-les-noticies-del-picasso\/\">Les not\u00edcies del Picasso 89 maig 2025<\/a><\/p>\n<p><strong>1\/4\/2025<\/strong><\/p>\n<p><a href=\"https:\/\/agora.xtec.cat\/escolapablopicasso\/?p=8347\">Les not\u00edcies del Picasso 88 abril 2025<\/a><\/p>\n<p><strong>1\/3\/2025<\/strong><\/p>\n<p><a href=\"https:\/\/agora.xtec.cat\/escolapablopicasso\/general\/ja-es-aqui-ledicio-87-de-les-noticies-del-picasso\/\">Les not\u00edcies del Picasso 87 mar\u00e7 2025<\/a><\/p>\n<p><strong>1\/2\/2025<\/strong><\/p>\n<p><a href=\"https:\/\/agora.xtec.cat\/escolapablopicasso\/general\/ja-es-aqui-ledicio-86-de-les-noticies-del-picasso\/\">Les not\u00edcies del Picasso 86 febrer 2025<\/a><\/p>\n<p><strong>1\/1\/2025<\/strong><\/p>\n<p><a href=\"https:\/\/agora.xtec.cat\/escolapablopicasso\/general\/ja-es-aqui-ledicio-85-de-les-noticies-del-picasso\/\">Les not\u00edcies del Picasso 85 gener 2025<\/a><\/p>\n<p><strong>1\/12\/2024<\/strong><\/p>\n<p><a href=\"https:\/\/agora.xtec.cat\/escolapablopicasso\/general\/ja-es-aqui-ledicio-84-de-les-noticies-del-picasso\/\">Les not\u00edcies del Picasso 84 desembre 2024<\/a><\/p>\n<p><strong>1\/11\/2024<\/strong><\/p>\n<p><a href=\"https:\/\/agora.xtec.cat\/escolapablopicasso\/general\/ja-es-aqui-ledicio-83-de-les-noticies-del-picasso\/\">Les not\u00edcies del Picasso 83 novembre 2024<\/a><\/p>\n<p><strong>1\/10\/2024<\/strong><\/p>\n<p><a href=\"https:\/\/agora.xtec.cat\/escolapablopicasso\/general\/ja-es-aqui-ledicio-82-de-les-noticies-del-picasso\/\">Les not\u00edcies del Picasso 82 octubre 2024<\/a><\/p>\n<p>&nbsp;<\/p>\n<p>&#8230;&#8230;&#8230;&#8230;&#8230;&#8230;&#8230;&#8230;&#8230;&#8230;&#8230;&#8230;&#8230;&#8230;&#8230;&#8230;&#8230;&#8230;&#8230;&#8230;&#8230;&#8230;&#8230;&#8230;&#8230;&#8230;&#8230;&#8230;&#8230;&#8230;&#8230;&#8230;&#8230;&#8230;&#8230;&#8230;&#8230;&#8230;&#8230;&#8230;&#8230;&#8230;&#8230;&#8230;&#8230;&#8230;&#8230;&#8230;&#8230;&#8230;&#8230;&#8230;&#8230;&#8230;..<\/p>\n<p><strong>1\/6\/2024<\/strong><\/p>\n<p><a href=\"https:\/\/agora.xtec.cat\/escolapablopicasso\/general\/ja-es-aqui-ledicio-81-de-les-noticies-del-picasso\/\">Les not\u00edcies del Picasso 81 juny 2024<\/a><\/p>\n<p><strong>1\/5\/2024<\/strong><\/p>\n<p><a href=\"https:\/\/agora.xtec.cat\/escolapablopicasso\/general\/ja-es-aqui-ledicio-80-de-les-noticies-del-picasso\/\">Les not\u00edcies del Picasso 80 maig 2024<\/a><\/p>\n<p><strong>1\/4\/2024<\/strong><\/p>\n<p><a href=\"https:\/\/agora.xtec.cat\/escolapablopicasso\/general\/ja-es-aqui-ledicio-79-de-les-noticies-del-picasso\/\">Les not\u00edcies del Picasso 79 abril 2024<\/a><\/p>\n<p><strong>1\/3\/2024<\/strong><\/p>\n<p><a href=\"https:\/\/agora.xtec.cat\/escolapablopicasso\/general\/ja-es-aqui-ledicio-78-de-les-noticies-del-picasso\/\">Les not\u00edcies del Picasso 78 mar\u00e7 2024<\/a><\/p>\n<p><strong>1\/2\/2024<\/strong><\/p>\n<p><a href=\"https:\/\/agora.xtec.cat\/escolapablopicasso\/?p=7760\">Les not\u00edcies del Picasso 77 febrer 2024<\/a><\/p>\n<p><strong>1\/1\/2024<\/strong><\/p>\n<p><a href=\"https:\/\/agora.xtec.cat\/escolapablopicasso\/general\/ja-es-aqui-ledicio-76-de-les-noticies-del-picasso\/\">Les not\u00edcies del Picasso 76 gener 2024<\/a><\/p>\n<p><strong>1\/12\/2023<\/strong><\/p>\n<p><a href=\"https:\/\/agora.xtec.cat\/escolapablopicasso\/?p=7642\">Les not\u00edcies del Picasso 75 desembre 202<\/a><a href=\"https:\/\/agora.xtec.cat\/escolapablopicasso\/?p=7642\">3<\/a><\/p>\n<p><strong>1\/11\/2023<\/strong><\/p>\n<p><a href=\"https:\/\/agora.xtec.cat\/escolapablopicasso\/general\/ja-es-aqui-ledicio-74-de-les-noticies-del-picasso\/\">Les not\u00edcies del Picasso 74 novembre 2023<\/a><\/p>\n<p><strong>1\/10\/2023<\/strong><\/p>\n<p><a href=\"https:\/\/agora.xtec.cat\/escolapablopicasso\/general\/ja-es-aqui-ledicio-73-de-les-noticies-del-picasso\/\">Les not\u00edcies del Picasso 73 octubre 2023<\/a><\/p>\n<p>&#8230;&#8230;&#8230;&#8230;&#8230;&#8230;&#8230;&#8230;&#8230;&#8230;&#8230;&#8230;&#8230;&#8230;&#8230;&#8230;&#8230;&#8230;&#8230;&#8230;&#8230;&#8230;&#8230;&#8230;&#8230;&#8230;&#8230;&#8230;&#8230;&#8230;&#8230;&#8230;&#8230;&#8230;&#8230;&#8230;&#8230;&#8230;&#8230;&#8230;&#8230;&#8230;&#8230;&#8230;&#8230;&#8230;&#8230;&#8230;&#8230;&#8230;&#8230;&#8230;&#8230;&#8230;..<\/p>\n<p><strong>1\/6\/2023<\/strong><\/p>\n<p><a href=\"https:\/\/agora.xtec.cat\/escolapablopicasso\/general\/ja-es-aqui-ledicio-72-de-les-noticies-del-picasso\/\">Les not\u00edcies del Picasso 72 juny 2023<\/a><\/p>\n<p><strong>1\/5\/2023<\/strong><\/p>\n<p><a href=\"https:\/\/agora.xtec.cat\/escolapablopicasso\/?p=7359\">Les not\u00edcies del Picasso 71 maig 2023<\/a><\/p>\n<p><strong>1\/4\/2023<\/strong><\/p>\n<p><a href=\"https:\/\/agora.xtec.cat\/escolapablopicasso\/general\/ja-es-aqui-ledicio-70-de-les-noticies-del-picasso\/\">Les not\u00edcies del Picasso 70 Mar\u00e7 2023<\/a><\/p>\n<p><strong>1\/3\/2023<\/strong><\/p>\n<p><a href=\"https:\/\/agora.xtec.cat\/escolapablopicasso\/general\/ja-es-aqui-ledicio-69-de-les-noticies-del-picasso\/\">Les not\u00edcies del Picasso 69 Mar\u00e7 2023<\/a><\/p>\n<p><strong>1\/2\/2023<\/strong><\/p>\n<p><a href=\"https:\/\/agora.xtec.cat\/escolapablopicasso\/general\/ja-es-aqui-ledicio-68-de-les-noticies-del-picasso\/\">Les not\u00edcies del Picasso 68 Febrer 2023<\/a><\/p>\n<p><strong>1\/1\/2023<\/strong><\/p>\n<p><a href=\"https:\/\/agora.xtec.cat\/escolapablopicasso\/general\/ja-es-aqui-ledicio-67-de-les-noticies-del-picasso\/\">Les not\u00edcies del Picasso 67 Gener 2023<\/a><\/p>\n<p><strong>1\/12\/2022<\/strong><\/p>\n<p><a href=\"https:\/\/agora.xtec.cat\/escolapablopicasso\/?p=7117\">Les not\u00edcies del Picasso 66 Desembre 2022<\/a><\/p>\n<p><strong>1\/11\/2012<\/strong><\/p>\n<p><a href=\"https:\/\/www.scribd.com\/document\/604836087\/Les-Noticies-Del-Picasso-65-11-22\">Les not\u00edcies del Picasso 65 Novembre 2022<\/a><\/p>\n<p><strong>1\/10\/2022<\/strong><\/p>\n<p><a href=\"https:\/\/www.scribd.com\/document\/597690587\/Les-Noticies-Del-Picasso-64-10-22\">Les not\u00edcies del Picasso 64 Octubre 2022<\/a><\/p>\n<p>&#8230;&#8230;&#8230;&#8230;&#8230;&#8230;&#8230;&#8230;&#8230;&#8230;&#8230;&#8230;&#8230;&#8230;&#8230;&#8230;&#8230;&#8230;&#8230;&#8230;&#8230;&#8230;&#8230;&#8230;&#8230;&#8230;&#8230;&#8230;&#8230;&#8230;&#8230;&#8230;&#8230;&#8230;&#8230;&#8230;&#8230;&#8230;&#8230;&#8230;&#8230;&#8230;&#8230;&#8230;&#8230;&#8230;&#8230;&#8230;&#8230;&#8230;&#8230;&#8230;&#8230;&#8230;..<\/p>\n<p><strong>1\/6\/2022<\/strong><\/p>\n<p><a href=\"https:\/\/www.scribd.com\/document\/576435057\/Les-Noticies-Del-Picasso-63-Juny-22\">Les not\u00edcies del Picasso 63 Juny 2022<\/a><\/p>\n<p><strong>1\/5\/2022<\/strong><\/p>\n<p><a href=\"https:\/\/www.scribd.com\/document\/572020179\/Les-Noticies-Del-Picasso-62-Maig-22\">Les not\u00edcies del Picasso 62 Maig 2022<\/a><\/p>\n<p><strong>1\/4\/2022<\/strong><\/p>\n<p><a href=\"https:\/\/www.scribd.com\/document\/567580133\/Les-Noticies-Del-Picasso-61-Abril-22\">Les not\u00edcies del Picasso 61 Abril 2022<\/a><\/p>\n<p><strong>1\/4\/2022<\/strong><\/p>\n<p><a href=\"https:\/\/www.scribd.com\/document\/567949225\/Definitiu-v-Setmana-Literaria\">V Setmana Liter\u00e0ria<\/a><\/p>\n<p><strong>1\/3\/2022<\/strong><\/p>\n<p><a href=\"https:\/\/www.scribd.com\/document\/562164299\/Les-Noticies-Del-Picasso-60-Marc-22\">Les not\u00edcies del Picasso 60 Mar\u00e7 2022<\/a><\/p>\n<p><strong>1\/2\/2022<\/strong><\/p>\n<p><a href=\"https:\/\/www.scribd.com\/document\/556185538\/Les-noti-cies-del-Picasso-59-febrer-22\">Les not\u00edcies del Picasso 59 Febrer 2022<\/a><\/p>\n<p><strong>1\/1\/2022<\/strong><\/p>\n<p><a href=\"https:\/\/www.scribd.com\/document\/552231371\/Les-Noticies-Del-Picasso-58-01-22\">Les not\u00edcies del Picasso 58 Gener 2022<\/a><\/p>\n<p><strong>1\/12\/2021<\/strong><\/p>\n<p><a href=\"https:\/\/www.scribd.com\/document\/552034997\/Les-Noticies-Del-Picasso-57-12-21\">Les not\u00edcies del Picasso 57 Desembre 2021<\/a><\/p>\n<p><strong>11\/11\/2021<\/strong><\/p>\n<p><a href=\"https:\/\/www.scribd.com\/document\/538835304\/Nota-Families-Concert-2021\">Torns i vestuari de Picasso en concert<\/a><\/p>\n<p><strong>1\/11\/2021<\/strong><\/p>\n<p><a href=\"https:\/\/www.scribd.com\/document\/535651952\/Les-Noticies-Del-Picasso-56-11-21\">Les not\u00edcies del Picasso 56 Novembre 2021<\/a><\/p>\n<p><strong>1\/09\/2021<\/strong><\/p>\n<p><a href=\"https:\/\/agora.xtec.cat\/escolapablopicasso\/curs-21-22\/normes-i-funcionament-del-centre\/\">Full groc organitzaci\u00f3, normes i funcionament curs 2021-22<\/a><\/p>\n<p><a href=\"https:\/\/agora.xtec.cat\/escolapablopicasso\/curs-21-22\/pla-dactuacio-curs-2021-22\/\">Pla d&#8217;Actuaci\u00f3 curs 2021-22<\/a><\/p>\n<p><strong>1\/09\/2020<\/strong><\/p>\n<p><a href=\"https:\/\/www.scribd.com\/document\/485911237\/Full-Groc-Organitzacio-20-21\">Dossier groc (organitzaci\u00f3 i funcionament de centre 2020-21)<\/a><\/p>\n<p><a href=\"https:\/\/agora.xtec.cat\/escolapablopicasso\/general\/pla-dactuacio-curs-2020-2021\/\">Pla d&#8217;actuaci\u00f3 curs 2020-21<\/a><\/p>\n<p>&#8230;&#8230;&#8230;&#8230;&#8230;&#8230;&#8230;&#8230;&#8230;&#8230;&#8230;&#8230;&#8230;&#8230;&#8230;&#8230;&#8230;&#8230;&#8230;&#8230;&#8230;&#8230;&#8230;&#8230;&#8230;&#8230;&#8230;&#8230;&#8230;&#8230;&#8230;&#8230;&#8230;&#8230;&#8230;&#8230;&#8230;&#8230;&#8230;&#8230;&#8230;&#8230;&#8230;&#8230;&#8230;&#8230;&#8230;&#8230;&#8230;&#8230;&#8230;&#8230;&#8230;&#8230;..<\/p>\n<p><strong>1\/03\/2020<\/strong><\/p>\n<p><a href=\"https:\/\/www.scribd.com\/document\/449370122\/Les-Noticies-Del-Picasso-55-Marc-20\">Les not\u00edcies del Picasso 55 Mar\u00e7 2020<\/a><\/p>\n<p><strong>28\/02\/2020<\/strong><\/p>\n<p><a href=\"https:\/\/www.scribd.com\/document\/448935802\/Triptic-Giuseppe-Arcimboldo\">Tr\u00edptic exposici\u00f3 Giuseppe Arcimboldo<\/a><\/p>\n<p><strong>01\/02\/2020<\/strong><\/p>\n<p><a href=\"https:\/\/www.scribd.com\/document\/445041418\/Les-noti-cies-del-Picasso-54-febrer-20\">Les not\u00edcies del Picasso 54 Febrer 2020<\/a><\/p>\n<p><strong>01\/01\/2020<\/strong><\/p>\n<p><a href=\"https:\/\/www.scribd.com\/document\/441285051\/Les-Noticies-Del-Picasso-53-01-20\">Les not\u00edcies del Picasso 53 Gener 2020<\/a><\/p>\n<p><strong>01\/12\/2019<\/strong><\/p>\n<p><a href=\"https:\/\/www.scribd.com\/document\/437499287\/Les-Noticies-Del-Picasso-52-12-19\">Les not\u00edcies del Picasso 52 Desembre 2019<\/a><\/p>\n<p><strong>22\/11\/2019<\/strong><\/p>\n<p><a href=\"https:\/\/www.scribd.com\/document\/436208948\/Nota-Families-Concert-2019\">Vestuari concert TMC<\/a><\/p>\n<p><strong>01\/11\/2019<\/strong><\/p>\n<p><a href=\"https:\/\/www.scribd.com\/document\/432728325\/Les-Noticies-Del-Picasso-51-11-19#from_embed\">Les not\u00edcies del Picasso 51 Novembre 2019<\/a><\/p>\n<p><strong>01\/10\/2019<\/strong><\/p>\n<p><a href=\"https:\/\/www.scribd.com\/document\/428086262\/Les-Noticies-Del-Picasso-50-10-19\">Les not\u00edcies del Picasso 50 Octubre 2019<\/a><\/p>\n<p><strong>17\/09\/2019<\/strong><\/p>\n<p><a href=\"https:\/\/www.scribd.com\/document\/426071104\/Full-Groc-Organitzacio-19-20\">Dossier informatiu del curs 2019-2020<\/a><\/p>\n<p><strong>09\/09\/2019<\/strong><\/p>\n<p><a href=\"https:\/\/www.scribd.com\/document\/425522938\/Les-Noticies-Del-Picasso-49-09-19\">Les not\u00edcies del Picasso 49 Setembre 2019<\/a><\/p>\n<p>&#8230;&#8230;&#8230;&#8230;&#8230;&#8230;&#8230;&#8230;&#8230;&#8230;&#8230;&#8230;&#8230;&#8230;&#8230;&#8230;&#8230;&#8230;&#8230;&#8230;&#8230;&#8230;&#8230;&#8230;&#8230;&#8230;&#8230;&#8230;&#8230;&#8230;&#8230;&#8230;&#8230;&#8230;&#8230;&#8230;&#8230;&#8230;&#8230;&#8230;&#8230;&#8230;&#8230;&#8230;&#8230;&#8230;&#8230;&#8230;&#8230;&#8230;&#8230;&#8230;&#8230;&#8230;..<\/p>\n<p><strong>21\/06\/2019<\/strong><\/p>\n<p><a href=\"https:\/\/www.scribd.com\/document\/425227997\/Llistat-Llibres-19-20\">Llistat de llibres de text curs 2019-2020<\/a><\/p>\n<p><strong>01\/06\/2019<\/strong><\/p>\n<p><a href=\"https:\/\/www.scribd.com\/document\/411339806\/Les-Noticies-Del-Picasso-48-Juny-19\">Les not\u00edcies del Picasso 48 Juny 2019<\/a><\/p>\n<p><strong>01\/05\/2019<\/strong><\/p>\n<p><a href=\"https:\/\/www.scribd.com\/document\/408142397\/Les-Noticies-Del-Picasso-47-Maig-19\">Les not\u00edcies del Picasso 47 Maig 2019<\/a><\/p>\n<p><strong>01\/04\/2019<\/strong><\/p>\n<p><a href=\"https:\/\/www.scribd.com\/document\/403610404\/Les-Noticies-Del-Picasso-46-Abril-19\">Les not\u00edcies del Picasso 46 Abril 2019<\/a><\/p>\n<p><strong>15\/03\/2019<\/strong><\/p>\n<p><a href=\"https:\/\/www.scribd.com\/document\/402489438\/Triptic-Exposicio-Picasso-2019\">Tr\u00edptic exposici\u00f3 Picasso 2019<\/a><\/p>\n<p><strong>01\/03\/2019<\/strong><\/p>\n<p><a href=\"https:\/\/www.scribd.com\/document\/401198610\/Les-Noticies-Del-Picasso-45-Marc-19\">Les not\u00edcies del Picasso 45 Mar\u00e7 2019<\/a><\/p>\n<p><strong>01\/02\/2019<\/strong><\/p>\n<p><a href=\"https:\/\/www.scribd.com\/document\/398632398\/Les-noti-cies-del-Picasso-44-febrer-19\">Les not\u00edcies del Picasso 44 Febrer 2019<\/a><\/p>\n<p><strong>28\/01\/19<\/strong><\/p>\n<p><a href=\"https:\/\/www.scribd.com\/document\/398402633\/Pla-de-Menjador-18-19-Pablo-Picasso\">Pla de menjador 18-19<\/a><\/p>\n<p><strong>01\/01\/2019<\/strong><\/p>\n<p><a href=\"https:\/\/www.scribd.com\/document\/396138863\/Les-Noticies-Del-Picasso-43-01-19\">Les not\u00edcies del Picasso 43 Gener-19<\/a><\/p>\n<p><strong>13\/12\/2018<\/strong><\/p>\n<p><a href=\"https:\/\/www.scribd.com\/document\/396141416\/Triptic-Concert-TMC-2018\">Tr\u00edptic concert TMC 2018<\/a><\/p>\n<p><strong>05\/12\/2018<\/strong><\/p>\n<p><a href=\"https:\/\/www.scribd.com\/document\/394964583\/Nota-Families-Concert-2018\">Comunicat vestuari concert TMC 2018<\/a><\/p>\n<p><strong>01\/12\/2018<\/strong><\/p>\n<p><a href=\"https:\/\/www.scribd.com\/document\/394379031\/Les-Noticies-Del-Picasso-42-12-18\">Les not\u00edcies del Picasso 42 Desembre-18<\/a><\/p>\n<p><strong>01\/11\/2018<\/strong><\/p>\n<p><a href=\"https:\/\/www.scribd.com\/document\/392403027\/Les-Noticies-Del-Picasso-41-11-18\">Les not\u00edcies del Picasso 41 Novembre-18<\/a><\/p>\n<p><strong>26\/10\/2018<\/strong><\/p>\n<p><a href=\"https:\/\/www.scribd.com\/document\/391484738\/Circular-Consell-Escolar-2018\">Carta a les fam\u00edlies sobre la renovaci\u00f3 del Consell Escolar i el calendari previst de tot el proc\u00e9s electoral<\/a><\/p>\n<p><strong>01\/10\/2018<\/strong><\/p>\n<p><a href=\"https:\/\/www.scribd.com\/document\/389666406\/Les-Noticies-Del-Picasso-40-10-18#from_embed\">Les not\u00edcies del Picasso 40 Octubre-18<\/a><\/p>\n<p><strong>10\/09\/2018<\/strong><\/p>\n<p><a href=\"https:\/\/www.scribd.com\/document\/388240793\/Les-Noticies-Del-Picasso-39-09-18\">Les not\u00edcies del Picasso 39 Setembre-18<\/a><\/p>\n<p><strong>01\/09\/2018<\/strong><\/p>\n<p><a href=\"https:\/\/www.scribd.com\/document\/388019282\/Full-groc-organitzacio-18-19\">Full groc 18-19<\/a><\/p>\n<p>&#8230;&#8230;&#8230;&#8230;&#8230;&#8230;&#8230;&#8230;&#8230;&#8230;&#8230;&#8230;&#8230;&#8230;&#8230;&#8230;&#8230;&#8230;&#8230;&#8230;&#8230;&#8230;&#8230;&#8230;&#8230;&#8230;&#8230;&#8230;&#8230;&#8230;&#8230;&#8230;&#8230;&#8230;&#8230;&#8230;&#8230;&#8230;&#8230;&#8230;&#8230;&#8230;&#8230;&#8230;&#8230;&#8230;&#8230;&#8230;&#8230;&#8230;&#8230;&#8230;&#8230;&#8230;..<\/p>\n<p><strong>20\/06\/2018<\/strong><\/p>\n<p><a href=\"https:\/\/www.scribd.com\/document\/388968981\/Llistat-de-Llibres-2018-2019\">Llistat llibres curs 18-19<\/a><\/p>\n<p><strong>01\/06\/2018<\/strong><\/p>\n<p><a href=\"https:\/\/www.scribd.com\/document\/380544551\/Les-Noticies-Del-Picasso-38-Juny-18#from_embed\">Les not\u00edcies del Picasso 38 Juny-18<\/a><\/p>\n<p><strong>01\/05\/2018<\/strong><\/p>\n<p><a href=\"https:\/\/www.scribd.com\/document\/377553234\/Les-Noticies-Del-Picasso-37-Maig-18\">Les not\u00edcies del Picasso 37 Maig-18<\/a><\/p>\n<p><strong>13\/04\/18<\/strong><\/p>\n<p><a href=\"https:\/\/www.scribd.com\/document\/376276478\/Sol-licitud-preinscripcio-escolar-18-19\">Sol\u00b7licitud de preinscripci\u00f3 escolar 18-19<\/a><\/p>\n<p><strong>01\/04\/18<\/strong><\/p>\n<p><a href=\"https:\/\/www.scribd.com\/document\/375506127\/Les-Noticies-Del-Picasso-36-Abril-18#from_embed\">Les Not\u00edcies Del Picasso 36 Abril-18<\/a><\/p>\n<p><strong>08\/03\/18<\/strong><\/p>\n<p><a href=\"https:\/\/www.scribd.com\/document\/373193753\/Triptic-Exposicio-Artistes-Femenines-17-18#from_embed\">D\u00edptic exposici\u00f3 artistes femenines<\/a><\/p>\n<p><strong>01\/03\/18<\/strong><\/p>\n<p><a href=\"https:\/\/www.scribd.com\/document\/372610162\/Les-Noticies-Del-Picasso-35-Marc-18#from_embed\">Les Not\u00edcies Del Picasso 35 Mar\u00e7-18<\/a><\/p>\n<p><strong>01\/02\/18<\/strong><\/p>\n<p><a href=\"https:\/\/www.scribd.com\/document\/370406601\/Les-noti-cies-del-Picasso-34-febrer-18#from_embed\">Les not\u00edcies del Picasso 34 02-18<\/a><\/p>\n<p><strong>01\/01\/18<\/strong><\/p>\n<p><a href=\"https:\/\/www.scribd.com\/document\/368140139\/Les-Noticies-del-Picasso-33-Gener#from_embed\">Les not\u00edcies del Picasso 33 01-18<\/a><\/p>\n<p><strong>15\/12\/17<\/strong><\/p>\n<p><a href=\"https:\/\/www.scribd.com\/document\/365826910\/Triptic-Concert-2017\">Tr\u00edptic concert Picasso 17-18<\/a><\/p>\n<p><strong>01\/12\/17<\/strong><\/p>\n<p><a href=\"https:\/\/www.scribd.com\/document\/365826520\/Nota-Families-Concert-2017\">Comunicat vestuari concert Picasso 17-18<\/a><\/p>\n<p><strong>01\/12\/17<\/strong><\/p>\n<p><a href=\"https:\/\/www.scribd.com\/document\/365829990\/Noticies-Del-Picasso32-Desembre\">Les not\u00edcies del Picasso 32 12-17<\/a><\/p>\n<p><strong>01\/11\/17<\/strong><\/p>\n<p><a href=\"https:\/\/www.scribd.com\/document\/363091334\/Les-Noticies-Del-Picasso-31-11-17\">Les not\u00edcies del Picasso 31 11-17<\/a><\/p>\n<p><strong>01\/10\/17<\/strong><\/p>\n<p><a href=\"https:\/\/www.scribd.com\/document\/361492605\/Les-noti-cies-del-Picasso-30-10-17\">Les not\u00edcies del Picasso 30 10-17<\/a><\/p>\n<p><strong>20\/09\/17<\/strong><\/p>\n<p><a href=\"https:\/\/www.scribd.com\/document\/360462422\/Dossier-Extraescolars-17-18\">Dossier d&#8217;extraescolars 17-18<\/a><\/p>\n<p><strong>16\/09\/17<\/strong><\/p>\n<p><a href=\"https:\/\/www.scribd.com\/document\/359402461\/Les-Noticies-Del-Picasso-29-09-17\">Les not\u00edcies del Picasso 29 09-17<\/a><\/p>\n<p><strong>14\/09\/17<\/strong><\/p>\n<p><a href=\"https:\/\/www.scribd.com\/document\/358874685\/Dates-Reunions-de-Curs-17-18\">Dates reunions inici curs 17-18<\/a><\/p>\n<p><strong>14\/09\/17<\/strong><\/p>\n<p><a href=\"https:\/\/www.scribd.com\/document\/358874683\/Full-Groc-Organitzacio-17-18\">Full groc normes i organitzaci\u00f3 centre curs 17-18<\/a><\/p>\n<p><strong>1\/09\/17<\/strong><\/p>\n<p><a href=\"http:\/\/www.bdv.cat\/es\/sites\/default\/files\/common\/calendari_escolar_2017_2018_ok.pdf\">Calendari escolar de Barber\u00e0 del Vall\u00e8s 2017-2018<\/a><\/p>\n<p>&#8230;&#8230;&#8230;&#8230;&#8230;&#8230;&#8230;&#8230;&#8230;&#8230;&#8230;&#8230;&#8230;&#8230;&#8230;&#8230;&#8230;&#8230;&#8230;&#8230;&#8230;&#8230;&#8230;&#8230;&#8230;&#8230;&#8230;&#8230;&#8230;&#8230;&#8230;&#8230;&#8230;&#8230;&#8230;&#8230;&#8230;&#8230;&#8230;&#8230;&#8230;&#8230;&#8230;&#8230;&#8230;&#8230;&#8230;&#8230;&#8230;&#8230;&#8230;&#8230;&#8230;&#8230;..<\/p>\n<p><strong>21\/06\/17<\/strong><\/p>\n<p><a href=\"https:\/\/www.scribd.com\/document\/358149448\/Llistat-de-Llibres-2017-2018#from_embed\">Llibres de text 17-18<\/a><\/p>\n<p><strong>1\/12\/16<\/strong><\/p>\n<p><a href=\"https:\/\/www.scribd.com\/document\/333177480\/noticies-desembre#from_embed\">Les not\u00edcies del Picasso 22 12-16<\/a><\/p>\n<p><strong>1\/11\/16<\/strong><\/p>\n<p><a href=\"https:\/\/www.scribd.com\/document\/330271274\/Les-Noticies-Del-Picasso-21-11-16\">Les not\u00edcies del Picasso 21 11-16<\/a><\/p>\n<p><strong>1\/10\/16<\/strong><\/p>\n<p><a href=\"https:\/\/www.scribd.com\/document\/326229129\/Les-Noticies-Del-Picasso-20-10-16\">\u00a0Les not\u00edcies del Picasso 20 10-16<\/a><\/p>\n<p><strong>15\/09\/16 \u00a0 \u00a0 \u00a0<\/strong><\/p>\n<p><a href=\"https:\/\/www.scribd.com\/document\/324094411\/Dossier-Extraesc-curs-2016-2017-bueno\">Dossier extraescolars 16-17<\/a><\/p>\n<p><strong>12\/09\/16 \u00a0 \u00a0 \u00a0<\/strong><\/p>\n<p><a href=\"https:\/\/www.scribd.com\/document\/323995948\/Full-Groc-Organitzacio-16-17\">Full groc 16-17<\/a><\/p>\n<p><strong>1\/09\/16 \u00a0 \u00a0 \u00a0<\/strong><\/p>\n<p><a href=\"https:\/\/www.scribd.com\/document\/324095089\/Les-Noticies-Del-Picasso-19-09-16\">Les not\u00edcies del Picasso 19 09-16<\/a><\/p>\n<p>&#8230;&#8230;&#8230;&#8230;&#8230;&#8230;&#8230;&#8230;&#8230;&#8230;&#8230;&#8230;&#8230;&#8230;&#8230;&#8230;&#8230;&#8230;&#8230;&#8230;&#8230;&#8230;&#8230;&#8230;&#8230;&#8230;&#8230;&#8230;&#8230;&#8230;&#8230;&#8230;&#8230;&#8230;&#8230;&#8230;&#8230;&#8230;&#8230;&#8230;&#8230;&#8230;&#8230;&#8230;&#8230;&#8230;&#8230;&#8230;&#8230;&#8230;&#8230;&#8230;&#8230;&#8230;..<\/p>\n<p><strong>21\/06\/16 \u00a0 \u00a0 \u00a0<\/strong><\/p>\n<p><a href=\"https:\/\/www.scribd.com\/doc\/315367084\/Llistat-de-Llibres-2016-2017\" target=\"_blank\" rel=\"noopener noreferrer\">Llibres de text 16-17<\/a><\/p>\n<p><strong>20\/06\/16 \u00a0 Deures estiu 6\u00e8 per l&#8217;ESO<\/strong><\/p>\n<ol>\n<li><a href=\"https:\/\/www.scribd.com\/doc\/315366358\/Deures-Estiu-6e-Tapa-1\" target=\"_blank\" rel=\"noopener noreferrer\">Portada<\/a><\/li>\n<li><a href=\"https:\/\/www.scribd.com\/doc\/315366355\/Deures-Estiu-6e-Introduccio\" target=\"_blank\" rel=\"noopener noreferrer\">Introducci\u00f3 amb el llistat de deures<\/a><\/li>\n<li><a href=\"https:\/\/www.scribd.com\/doc\/315366354\/Deures-Estiu-6e-Horari-i-Compromis\" target=\"_blank\" rel=\"noopener noreferrer\">Horari i comprom\u00eds<\/a><\/li>\n<li><a href=\"https:\/\/www.scribd.com\/doc\/315366363\/DEURES-estiu-6e\" target=\"_blank\" rel=\"noopener noreferrer\">Deures i enlla\u00e7os per fer-los<\/a><\/li>\n<\/ol>\n<p><strong>10\/06\/16\u00a0\u00a0<\/strong><a href=\"https:\/\/www.scribd.com\/doc\/316481324\/EPP-Festa-Major-2016-Flyer-02\" target=\"_blank\" rel=\"noopener noreferrer\">D\u00edptic III Festa Major 2016<\/a><\/p>\n<p><strong>03\/06\/16\u00a0 \u00a0<\/strong><a href=\"https:\/\/www.scribd.com\/doc\/316481325\/EPP-Festa-Major-2016-01\" target=\"_blank\" rel=\"noopener noreferrer\">Cartell III Festa Major 2016<\/a><\/p>\n<p><strong>01\/06\/16\u00a0 \u00a0\u00a0<\/strong><a href=\"https:\/\/www.scribd.com\/doc\/315243569\/Nota-Families-Vestuari-2016\" target=\"_blank\" rel=\"noopener noreferrer\">Nota informativa fam\u00edlies vestuari danses 15-16<\/a><\/p>\n<p><strong>01\/06\/16\u00a0 \u00a0<\/strong><a href=\"https:\/\/www.scribd.com\/doc\/314349594\/Les-noti-cies-del-Picasso-18-06-16\" target=\"_blank\" rel=\"noopener noreferrer\">Les not\u00edcies del Picasso 18 06-16<\/a><\/p>\n<p><strong>12\/05\/16\u00a0 \u00a0<\/strong><a href=\"https:\/\/www.scribd.com\/doc\/315244301\/Nota-Families-Danses-i-Comiat-de-6e-i-Padrins-fillols-15-16\" target=\"_blank\" rel=\"noopener noreferrer\">Nota informativa sobre danses, comiat 6\u00e8 i comiat padrins-fillols 15-16<\/a><\/p>\n<p><strong>01\/05\/16\u00a0 \u00a0<\/strong><a href=\"https:\/\/www.scribd.com\/doc\/311262161\/Les-Noticies-Del-Picasso-17-05-16\" target=\"_blank\" rel=\"noopener noreferrer\">Les not\u00edcies del Picasso 17 05-16<\/a><\/p>\n<p><strong>01\/04\/16\u00a0 \u00a0<\/strong><a href=\"https:\/\/www.scribd.com\/doc\/307212593\/Les-Noticies-Del-Picasso-16-04-16\" target=\"_blank\" rel=\"noopener noreferrer\">Les not\u00edcies del Picasso 16 04-16<\/a><\/p>\n<p><strong>17\/03\/16\u00a0 \u00a0<\/strong><a href=\"https:\/\/www.scribd.com\/doc\/305086501\/Sollicitud-Catala\" target=\"_blank\" rel=\"noopener noreferrer\">Formulari de preinscripci\u00f3 escoles 16-17<\/a><\/p>\n<p><strong>01\/03\/16\u00a0 \u00a0<\/strong><a href=\"https:\/\/www.scribd.com\/doc\/301277325\/Les-Noticies-Del-Picasso-15-03-16\" target=\"_blank\" rel=\"noopener noreferrer\">Les not\u00edcies del Picasso 15 03-16<\/a><\/p>\n<p><strong>09\/02\/16\u00a0\u00a0<\/strong><a href=\"https:\/\/www.scribd.com\/doc\/298694918\/Circular-ESO-16-17-Direccions-Barbera-Valles\" target=\"_blank\" rel=\"noopener noreferrer\">Circular ESO 16-17 Direccions Barber\u00e0 del Vall\u00e8s<\/a><\/p>\n<p><strong>01\/02\/16\u00a0 \u00a0<\/strong><a href=\"https:\/\/www.scribd.com\/doc\/297611668\/Les-noti-cies-del-Picasso-14-02-16\" target=\"_blank\" rel=\"noopener noreferrer\">Les not\u00edcies del Picasso 14 02-16<\/a><\/p>\n<p><strong>25\/01\/16\u00a0 \u00a0<\/strong><a href=\"https:\/\/www.scribd.com\/doc\/296502907\/Text-Informatiu-Instituts-Barbera\" target=\"_blank\" rel=\"noopener noreferrer\">Comunicat preinscripci\u00f3 instituts Barber\u00e0 curs 16-17<\/a><\/p>\n<p><strong>08\/01\/16\u00a0 \u00a0<\/strong><a href=\"https:\/\/www.scribd.com\/doc\/295174356\/Les-noticies-del-Picasso-13-01-16-pdf\" target=\"_blank\" rel=\"noopener noreferrer\">Les not\u00edcies del Picasso 13 01-16<\/a><\/p>\n<p><strong>02\/12\/15\u00a0 \u00a0<\/strong><a href=\"https:\/\/www.scribd.com\/doc\/293143097\/Les-Noticies-Del-Picasso-12-12-15\" target=\"_blank\" rel=\"noopener noreferrer\">Les not\u00edcies del Picasso 12 12-15<\/a><\/p>\n<p><strong>05\/11\/15\u00a0 \u00a0<\/strong><a href=\"https:\/\/www.scribd.com\/doc\/288546916\/Les-Noticies-Del-Picasso-11-11-15\" target=\"_blank\" rel=\"noopener noreferrer\">Les not\u00edcies del Picasso 11 11-15<\/a><\/p>\n<p><strong>01\/10\/15\u00a0 \u00a0<\/strong><a href=\"https:\/\/www.scribd.com\/doc\/283620166\/Les-Noticies-Del-Picasso-10-10-15\" target=\"_blank\" rel=\"noopener noreferrer\">Les not\u00edcies del Picasso 10 10-15<\/a><\/p>\n<p><strong>06\/11\/15\u00a0 \u00a0 \u00a0<\/strong><a href=\"https:\/\/www.scribd.com\/doc\/288517158\/Diptic-I-Jornada-Bricoescola?secret_password=fyRrq5rT31ogBNwEqlas\" target=\"_blank\" rel=\"noopener noreferrer\">D\u00edptic I Jornada Bricoescola<\/a>\u00a0i <a href=\"https:\/\/www.scribd.com\/doc\/288517231\/Butlleta-confirmacio-I-Jornada-Bricoescola-2015?secret_password=5wF0znbGLIKPaEQSz05n\" target=\"_blank\" rel=\"noopener noreferrer\">Butlleta de confirmaci\u00f3<\/a><\/p>\n<p><strong>14\/09\/15\u00a0 \u00a0 \u00a0<\/strong><a href=\"http:\/\/agora.xtec.cat\/escolapablopicasso\/curs-14-15\/normes-i-funcionament-del-centre\/\">Full groc (organitzaci\u00f3 del centre)<\/a><\/p>\n<hr \/>\n<p><strong>02\/09\/15\u00a0\u00a0<\/strong><a href=\"https:\/\/www.scribd.com\/doc\/282190746\/Les-noticies-del-Picasso-9-09-15-pdf?secret_password=pzAYdjgi52Cd8PS2xthV\" target=\"_blank\" rel=\"noopener noreferrer\">Les not\u00edcies del Picasso 9 09-15<\/a><\/p>\n<p><strong>01\/09\/15\u00a0 \u00a0<\/strong><a href=\"http:\/\/www.bdv.cat\/sites\/default\/files\/common\/calendari_ok.pdf\" target=\"_blank\" rel=\"noopener noreferrer\">Calendari escolar de Barber\u00e0 del Vall\u00e8s 15-16<\/a><\/p>\n<p><strong>01\/09\/15\u00a0 \u00a0<\/strong><a href=\"https:\/\/www.scribd.com\/doc\/275409844\/Llistat-de-Llibres-2015-2016?secret_password=NIcMY1jpQjB8X2ZEvoHg\" target=\"_blank\" rel=\"noopener noreferrer\">Llibres de text 15-16<\/a><\/p>\n","protected":false},"excerpt":{"rendered":"<p>Aqu\u00ed podreu trobar les notes per les fam\u00edlies d&#8217;aquest curs 2025-2026:<br \/>\n&nbsp;<\/p>\n<ul>\n<li>DOSSIER FUNCIONAMENT DEL CURS I CALENDARI 2025-2026<\/li>\n<\/ul>\n<p>&#8211;<a href=\"https:\/\/agora.xtec.cat\/escolapablopicasso\/curs-25-26\/normes-i-funcionament-del-centre\/\">Dossier funcionament del curs 2025-2026<\/a><br \/>\n&#8211;<a href=\"https:\/\/agora.xtec.cat\/escolapablopicasso\/curs-25-26\/\">Calendari del curs 2025-2026<\/a><br \/>\n&nbsp;<\/p>\n<ul>\n<li>AUTORITZACIONS <\/li>\n<\/ul>\n<p>&#8211;<a href=\"https:\/\/drive.google.com\/file\/d\/1uVvHCUVyY7uQzNn5EM0H63el1S_gsyRu\/view?usp=sharing\">Autoritzaci\u00f3 paracetamol<\/a><br \/>\n&#8211;<a href=\"https:\/\/drive.google.com\/file\/d\/1HGcVq1bJoSPZ4Jguc41Uiu2A8QuaPGsF\/view?usp=sharing\">Autoritzaci\u00f3 per la recollida d&#8217;alumnes<\/a><br \/>\n&#8211;<a href=\"https:\/\/drive.google.com\/file\/d\/1HXXfH9RR7OeIeaF5BXZV60XHS3KT4QZB\/view?usp=sharing\">Autoritzaci\u00f3 a alumnes de cicle superior a recollir altres germans de&hellip;  <a href=\"https:\/\/agora.xtec.cat\/escolapablopicasso\/curs-25-26\/comunicats-families\/\" title=\"Read Comunicats fam\u00edlies\">Llegeix m\u00e9s\u00bb<\/a><\/p>\n","protected":false},"author":2,"featured_media":0,"parent":2,"menu_order":4,"comment_status":"closed","ping_status":"closed","template":"page-templates\/side-menu.php","meta":{"_bbp_topic_count":0,"_bbp_reply_count":0,"_bbp_total_topic_count":0,"_bbp_total_reply_count":0,"_bbp_voice_count":0,"_bbp_anonymous_reply_count":0,"_bbp_topic_count_hidden":0,"_bbp_reply_count_hidden":0,"_bbp_forum_subforum_count":0,"footnotes":""},"class_list":["post-32","page","type-page","status-publish","hentry"],"post_mailing_queue_ids":[],"_links":{"self":[{"href":"https:\/\/agora.xtec.cat\/escolapablopicasso\/wp-json\/wp\/v2\/pages\/32","targetHints":{"allow":["GET"]}}],"collection":[{"href":"https:\/\/agora.xtec.cat\/escolapablopicasso\/wp-json\/wp\/v2\/pages"}],"about":[{"href":"https:\/\/agora.xtec.cat\/escolapablopicasso\/wp-json\/wp\/v2\/types\/page"}],"author":[{"embeddable":true,"href":"https:\/\/agora.xtec.cat\/escolapablopicasso\/wp-json\/wp\/v2\/users\/2"}],"replies":[{"embeddable":true,"href":"https:\/\/agora.xtec.cat\/escolapablopicasso\/wp-json\/wp\/v2\/comments?post=32"}],"version-history":[{"count":7,"href":"https:\/\/agora.xtec.cat\/escolapablopicasso\/wp-json\/wp\/v2\/pages\/32\/revisions"}],"predecessor-version":[{"id":8735,"href":"https:\/\/agora.xtec.cat\/escolapablopicasso\/wp-json\/wp\/v2\/pages\/32\/revisions\/8735"}],"up":[{"embeddable":true,"href":"https:\/\/agora.xtec.cat\/escolapablopicasso\/wp-json\/wp\/v2\/pages\/2"}],"wp:attachment":[{"href":"https:\/\/agora.xtec.cat\/escolapablopicasso\/wp-json\/wp\/v2\/media?parent=32"}],"curies":[{"name":"wp","href":"https:\/\/api.w.org\/{rel}","templated":true}]}}