{"id":28,"date":"2014-09-18T12:29:35","date_gmt":"2014-09-18T10:29:35","guid":{"rendered":"http:\/\/agora.xtec.cat\/escolapablopicasso\/\/?page_id=28"},"modified":"2026-02-04T15:23:41","modified_gmt":"2026-02-04T14:23:41","slug":"consell-escolar","status":"publish","type":"page","link":"https:\/\/agora.xtec.cat\/escolapablopicasso\/lescola\/consell-escolar\/","title":{"rendered":"Consell escolar"},"content":{"rendered":"<p><img loading=\"lazy\" decoding=\"async\" class=\"alignright\" src=\"http:\/\/blocs.xtec.cat\/escoladefonollosa\/files\/2012\/05\/1.jpg\" alt=\"\" width=\"244\" height=\"172\" \/><\/p>\n<p><strong>CURS 2025-26<\/strong><\/p>\n<p>El <strong>Consell Escolar<\/strong>\u00a0el formen els representants de tota la comunitat educativa, \u00e9s a dir, direcci\u00f3, professors, fam\u00edlies, personal d\u2019administraci\u00f3 i serveis\u00a0i\u00a0representant de l\u2019administraci\u00f3 local.<\/p>\n<p>La <strong>funci\u00f3 principal<\/strong> del consell escolar \u00e9s participar en la presa de decisions en relaci\u00f3 amb aquells temes importants per al funcionament i l\u2019organitzaci\u00f3 del centre: el projecte educatiu, la programaci\u00f3 general, la gesti\u00f3 econ\u00f2mica, aprovaci\u00f3 d\u2019horaris, casal d\u2019estiu, etc.<\/p>\n<p>L\u2019actual Consell Escolar de l\u2019escola est\u00e0 format per:<\/p>\n<table style=\"width: 45.1395%;\">\n<tbody>\n<tr>\n<td style=\"width: 231px;\" rowspan=\"3\"><strong>Equip directiu<\/strong><\/td>\n<td style=\"width: 167px;\">Olga Egea (Directora)<\/td>\n<\/tr>\n<tr>\n<td style=\"width: 167px;\">Mar Herrero (Cap d&#8217;Estudis)<\/td>\n<\/tr>\n<tr>\n<td style=\"width: 167px;\">Yolanda Rodriguez (Secret\u00e0ria)<\/td>\n<\/tr>\n<tr>\n<td style=\"width: 231px;\" rowspan=\"5\"><strong>Representants del professorat<\/strong><br \/>\n<strong><br \/>\n<\/strong><strong><br \/>\n<\/strong><\/td>\n<td style=\"width: 167px;\">Maria Isabel Estor<\/td>\n<\/tr>\n<tr>\n<td style=\"width: 167px;\">Montserrat Rodriguez<\/td>\n<\/tr>\n<tr>\n<td style=\"width: 167px;\">Dolors Luj\u00e1n<\/td>\n<\/tr>\n<tr>\n<td style=\"width: 167px;\">Jose Maria Fern\u00e1ndez<\/td>\n<\/tr>\n<tr>\n<td style=\"width: 167px;\">\u00c0ngels Moreno<\/td>\n<\/tr>\n<tr>\n<td style=\"width: 231px;\"><strong>Representant de l&#8217;AFA<\/strong><\/td>\n<td style=\"width: 167px;\">Noem\u00ed Berch\u00e9<\/td>\n<\/tr>\n<tr>\n<td style=\"width: 231px;\" rowspan=\"4\"><strong>Representants <\/strong><strong>de pares i mares<\/strong><\/td>\n<td style=\"width: 167px;\">Laura L\u00f3pez<\/td>\n<\/tr>\n<tr>\n<td style=\"width: 167px;\">Lorena Ba\u00f1o<\/td>\n<\/tr>\n<tr>\n<td style=\"width: 167px;\">Cristina Gonz\u00e1lez<\/td>\n<\/tr>\n<tr>\n<td style=\"width: 167px;\">Jose Luis Rivera<\/td>\n<\/tr>\n<tr>\n<td style=\"width: 231px;\"><strong>Representant de l&#8217;Ajuntament<\/strong><\/td>\n<td style=\"width: 167px;\">Daniel Gonz\u00e1lez<\/td>\n<\/tr>\n<tr>\n<td style=\"width: 231px;\"><strong>Representant de PAS<\/strong><\/td>\n<td style=\"width: 167px;\">\u00a0Encarnaci\u00f3n Retamero<\/td>\n<\/tr>\n<\/tbody>\n<\/table>\n<p>&nbsp;<\/p>\n<p><strong>ACORDS CONSELL ESCOLAR<\/strong><\/p>\n<p>Cliqueu <a href=\"https:\/\/drive.google.com\/drive\/folders\/1OnrCSxjhsb7DD3l5sJ5xKTlfpMn8RiUi?usp=sharing\">l&#8217;enlla\u00e7<\/a> o la imatge per accedir als acords del Consell Escolar 2023-2026.<\/p>\n<p><a href=\"https:\/\/drive.google.com\/drive\/folders\/1OnrCSxjhsb7DD3l5sJ5xKTlfpMn8RiUi?usp=share_link\"><img loading=\"lazy\" decoding=\"async\" class=\"alignnone\" src=\"https:\/\/cdn-icons-png.flaticon.com\/512\/4509\/4509740.png\" alt=\"Escuela - Iconos gratis de educaci\u00c3\u00b3n\" width=\"352\" height=\"352\" \/><\/a><\/p>\n<p><a href=\"http:\/\/familiaiescola.gencat.cat\/ca\/escolaritat\/participacio_i_compromis\/participacio_coresponsabilitzacio\/participacio_en_el_funcionament_del_centre\/consell_escolar\">M\u00e9s informaci\u00f3 sobre el Consell Escolar.\u00a0<\/a>\u00a0Web del Departament d\u2019Ensenyament.<\/p>\n","protected":false},"excerpt":{"rendered":"<p>CURS 2025-26<br \/>\nEl Consell Escolar\u00a0el formen els representants de tota la comunitat educativa, \u00e9s a dir, direcci\u00f3, professors, fam\u00edlies, personal d\u2019administraci\u00f3 i serveis\u00a0i\u00a0representant de l\u2019administraci\u00f3 local.<br \/>\nLa funci\u00f3 principal del consell escolar \u00e9s participar en la presa de decisions en relaci\u00f3 amb aquells temes importants per al&hellip;  <a href=\"https:\/\/agora.xtec.cat\/escolapablopicasso\/lescola\/consell-escolar\/\" title=\"Read Consell escolar\">Llegeix m\u00e9s\u00bb<\/a><\/p>\n","protected":false},"author":2,"featured_media":0,"parent":22,"menu_order":11,"comment_status":"closed","ping_status":"closed","template":"page-templates\/side-menu.php","meta":{"_bbp_topic_count":0,"_bbp_reply_count":0,"_bbp_total_topic_count":0,"_bbp_total_reply_count":0,"_bbp_voice_count":0,"_bbp_anonymous_reply_count":0,"_bbp_topic_count_hidden":0,"_bbp_reply_count_hidden":0,"_bbp_forum_subforum_count":0,"footnotes":""},"class_list":["post-28","page","type-page","status-publish","hentry"],"post_mailing_queue_ids":[],"_links":{"self":[{"href":"https:\/\/agora.xtec.cat\/escolapablopicasso\/wp-json\/wp\/v2\/pages\/28","targetHints":{"allow":["GET"]}}],"collection":[{"href":"https:\/\/agora.xtec.cat\/escolapablopicasso\/wp-json\/wp\/v2\/pages"}],"about":[{"href":"https:\/\/agora.xtec.cat\/escolapablopicasso\/wp-json\/wp\/v2\/types\/page"}],"author":[{"embeddable":true,"href":"https:\/\/agora.xtec.cat\/escolapablopicasso\/wp-json\/wp\/v2\/users\/2"}],"replies":[{"embeddable":true,"href":"https:\/\/agora.xtec.cat\/escolapablopicasso\/wp-json\/wp\/v2\/comments?post=28"}],"version-history":[{"count":7,"href":"https:\/\/agora.xtec.cat\/escolapablopicasso\/wp-json\/wp\/v2\/pages\/28\/revisions"}],"predecessor-version":[{"id":8674,"href":"https:\/\/agora.xtec.cat\/escolapablopicasso\/wp-json\/wp\/v2\/pages\/28\/revisions\/8674"}],"up":[{"embeddable":true,"href":"https:\/\/agora.xtec.cat\/escolapablopicasso\/wp-json\/wp\/v2\/pages\/22"}],"wp:attachment":[{"href":"https:\/\/agora.xtec.cat\/escolapablopicasso\/wp-json\/wp\/v2\/media?parent=28"}],"curies":[{"name":"wp","href":"https:\/\/api.w.org\/{rel}","templated":true}]}}