{"id":2208,"date":"2015-09-20T23:26:02","date_gmt":"2015-09-20T21:26:02","guid":{"rendered":"http:\/\/agora.xtec.cat\/escolapablopicasso\/?page_id=2208"},"modified":"2018-02-07T10:32:59","modified_gmt":"2018-02-07T09:32:59","slug":"fruita-a-lescola","status":"publish","type":"page","link":"https:\/\/agora.xtec.cat\/escolapablopicasso\/lescola\/fruita-a-lescola\/","title":{"rendered":"Fruita a l&#8217;escola"},"content":{"rendered":"<p><img loading=\"lazy\" decoding=\"async\" class=\"aligncenter\" src=\"http:\/\/2.bp.blogspot.com\/-3vzfbcgDDQw\/VQmKqZX3yDI\/AAAAAAAAAJc\/pJ8XcDA7x94\/s1600\/base%2Bcopia%2B16.jpg\" alt=\"\" width=\"266\" height=\"124\" \/><\/p>\n<h5>Pla de consum de fruita i hortalisses a les escoles<\/h5>\n<p>Menjar fruita \u00e9s sa i divertit! I els m\u00e9s petits ho descobreixen amb el\u00a0<strong>Pla de consum de fruita a les escoles<\/strong>, una iniciativa de la Uni\u00f3 Europea que a Catalunya es fa efectiva mitjan\u00e7ant una acci\u00f3 coordinada dels departaments\u00a0d\u2019Agricultura, Salut i Ensenyament de la Generalitat de Catalunya.\u00a0<a href=\"http:\/\/agricultura.gencat.cat\/web\/.content\/04-alimentacio\/pla-consum-fruita-escoles\/enllacos-documents\/fitxers-binaris\/2014-2015_triptic_barca_2014.pdf\" target=\"_blank\" rel=\"noopener noreferrer\"><img loading=\"lazy\" decoding=\"async\" class=\" alignright\" src=\"https:\/\/escolaitacabadalona.files.wordpress.com\/2012\/11\/2012_2013_cartell_pla_consum_fruita_escoles.jpg?w=132&amp;h=192\" alt=\"\" width=\"132\" height=\"192\" \/><\/a><\/p>\n<p>La nostra escola Pablo Picasso participa en el \u201c<a href=\"http:\/\/agricultura.gencat.cat\/web\/.content\/04-alimentacio\/pla-consum-fruita-escoles\/enllacos-documents\/fitxers-binaris\/2014-2015_triptic_barca_2014.pdf\" target=\"_blank\" rel=\"noopener noreferrer\">Pla de consum de fruita a les escoles<\/a>\u201d, informant els infants\u00a0sobre els beneficis del consum de fruites i sobre la seva diversitat, producci\u00f3, estacionalitat\u2026\u00a0 i proposant el consum de fruites com una alternativa excel\u00b7lent al consum d\u2019altres aliments amb menys qualitat nutricional.<\/p>\n<p>Un cop al mes, ens porten fruita i hortalisses que es reparteixen en 4 dies: dijous, divendres, dilluns i dimarts a l&#8217;hora d&#8217;esmorzar. \u00a0Us informarem puntualment dels dies que rebrem la fruita, mitjan\u00e7ant la p\u00e0gina web i el suro de l&#8217;escola amb &#8220;Les not\u00edcies del Picasso&#8221;.<\/p>\n<hr \/>\n<h5>Dimecres, dia de la fruita<\/h5>\n<p>A m\u00e9s, <strong>els DIMECRES s\u00f3n el\u00a0\u201cDIA DE LA FRUITA\u201d.<\/strong><\/p>\n<p>Els i les alumnes\u00a0de l\u2019escola porten per esmorzar una o v\u00e0ries peces\u00a0de fruita (poden anar complementades amb entrep\u00e0), per tal de fomentar i habituar-se a una l\u2019alimentaci\u00f3 saludable.<\/p>\n<p><a href=\"http:\/\/agora.xtec.cat\/escolapablopicasso\/wp-content\/uploads\/usu295\/2015\/09\/Captura-de-pantalla-2015-09-21-a-las-0.22.48.png\"><img loading=\"lazy\" decoding=\"async\" class=\" size-medium wp-image-2209 aligncenter\" src=\"http:\/\/agora.xtec.cat\/escolapablopicasso\/wp-content\/uploads\/usu295\/2015\/09\/Captura-de-pantalla-2015-09-21-a-las-0.22.48-300x212.png\" alt=\"Captura de pantalla 2015-09-21 a las 0.22.48\" width=\"300\" height=\"212\" srcset=\"https:\/\/agora.xtec.cat\/escolapablopicasso\/wp-content\/uploads\/usu295\/2015\/09\/Captura-de-pantalla-2015-09-21-a-las-0.22.48-300x212.png 300w, https:\/\/agora.xtec.cat\/escolapablopicasso\/wp-content\/uploads\/usu295\/2015\/09\/Captura-de-pantalla-2015-09-21-a-las-0.22.48.png 676w\" sizes=\"auto, (max-width: 300px) 100vw, 300px\" \/><\/a><\/p>\n","protected":false},"excerpt":{"rendered":"<p>Pla de consum de fruita i hortalisses a les escoles<br \/>\nMenjar fruita \u00e9s sa i divertit! I els m\u00e9s petits ho descobreixen amb el\u00a0Pla de consum de fruita a les escoles, una iniciativa de la Uni\u00f3 Europea que a Catalunya es fa efectiva mitjan\u00e7ant una acci\u00f3&hellip;  <a href=\"https:\/\/agora.xtec.cat\/escolapablopicasso\/lescola\/fruita-a-lescola\/\" title=\"Read Fruita a l&#8217;escola\">Llegeix m\u00e9s\u00bb<\/a><\/p>\n","protected":false},"author":1,"featured_media":0,"parent":22,"menu_order":12,"comment_status":"closed","ping_status":"closed","template":"page-templates\/side-menu.php","meta":{"_bbp_topic_count":0,"_bbp_reply_count":0,"_bbp_total_topic_count":0,"_bbp_total_reply_count":0,"_bbp_voice_count":0,"_bbp_anonymous_reply_count":0,"_bbp_topic_count_hidden":0,"_bbp_reply_count_hidden":0,"_bbp_forum_subforum_count":0,"footnotes":""},"class_list":["post-2208","page","type-page","status-publish","hentry"],"post_mailing_queue_ids":[],"_links":{"self":[{"href":"https:\/\/agora.xtec.cat\/escolapablopicasso\/wp-json\/wp\/v2\/pages\/2208","targetHints":{"allow":["GET"]}}],"collection":[{"href":"https:\/\/agora.xtec.cat\/escolapablopicasso\/wp-json\/wp\/v2\/pages"}],"about":[{"href":"https:\/\/agora.xtec.cat\/escolapablopicasso\/wp-json\/wp\/v2\/types\/page"}],"author":[{"embeddable":true,"href":"https:\/\/agora.xtec.cat\/escolapablopicasso\/wp-json\/wp\/v2\/users\/1"}],"replies":[{"embeddable":true,"href":"https:\/\/agora.xtec.cat\/escolapablopicasso\/wp-json\/wp\/v2\/comments?post=2208"}],"version-history":[{"count":3,"href":"https:\/\/agora.xtec.cat\/escolapablopicasso\/wp-json\/wp\/v2\/pages\/2208\/revisions"}],"predecessor-version":[{"id":3808,"href":"https:\/\/agora.xtec.cat\/escolapablopicasso\/wp-json\/wp\/v2\/pages\/2208\/revisions\/3808"}],"up":[{"embeddable":true,"href":"https:\/\/agora.xtec.cat\/escolapablopicasso\/wp-json\/wp\/v2\/pages\/22"}],"wp:attachment":[{"href":"https:\/\/agora.xtec.cat\/escolapablopicasso\/wp-json\/wp\/v2\/media?parent=2208"}],"curies":[{"name":"wp","href":"https:\/\/api.w.org\/{rel}","templated":true}]}}