{"id":1812,"date":"2015-04-05T16:23:05","date_gmt":"2015-04-05T14:23:05","guid":{"rendered":"http:\/\/agora.xtec.cat\/escolapablopicasso\/?page_id=1812"},"modified":"2025-09-26T11:26:37","modified_gmt":"2025-09-26T09:26:37","slug":"sortides-2025-26","status":"publish","type":"page","link":"https:\/\/agora.xtec.cat\/escolapablopicasso\/curs-25-26\/sortides-2025-26\/","title":{"rendered":"Sortides 2025-26"},"content":{"rendered":"<p><strong>Sortides escolars<\/strong><\/p>\n<p>A l\u2019escola fem sortides curriculars. Sempre que sortim fora del centre \u00e9s per fer una activitat que complementa el curr\u00edculum educatiu.<\/p>\n<p>Durant el curs es planifiquen 3 sortides de dia sencer (una per trimestre). A m\u00e9s a m\u00e9s, tamb\u00e9 realitzem visites dins del municipi de Barber\u00e0 del Vall\u00e8s o a qualsevol altre poblaci\u00f3 per veure teatre, audicions, fer un taller espec\u00edfic, &#8230; En algunes ocasions s\u00f3n les entitats les que visiten l\u2019escola per realitzar la seva activitat educativa.<\/p>\n<p>Tamb\u00e9 aprofitem l\u2019oferta d\u2019activitats que ens ve donada des de l\u2019Ajuntament (que sol ser gratu\u00efta).<\/p>\n<p>L\u2019aportaci\u00f3 de sortides del curs 2025-2026 \u00e9s de 80\u20ac anual per infant a Prim\u00e0ria i de 85\u20ac per a Educaci\u00f3 Infantil.<\/p>\n<p>El pagament, en concepte de sortides, es fa a trav\u00e9s del conte del BBVA. El per\u00edode de pagament s\u2019avisar\u00e0 per Dinantia.<\/p>\n<p>El preu de l\u2019aportaci\u00f3 de sortides inclou:<br \/>\n\u25cf Preu de l\u2019autocar.<br \/>\n\u25cf Preu de l\u2019activitat a realitzar (ja sigui a l\u2019escola o fora).<br \/>\n\u25cf Monitoratge del lloc on anem.<br \/>\n\u25cf Asseguran\u00e7a.<br \/>\n\u25cf Monitoratge d\u2019acompanyament (si \u00e9s necessari).<\/p>\n<p>A la reuni\u00f3 d\u2019inici de curs, s\u2019explicaran amb detall les sortides o activitats que es faran per complementar el curr\u00edculum escolar. Les autoritzacions de les sortides arribaran via Dinantia amb l\u2019opci\u00f3 de marcar si s\u2019autoritza o no. La falta d\u2019aquesta autoritzaci\u00f3 signada far\u00e0 que l\u2019infant no pugui gaudir de la sortida.<\/p>\n<p>Les sortides, tot i formar part del curr\u00edculum, impliquen aprenentatge i conviv\u00e8ncia en un entorn diferent al de l\u2019escola (m\u00e9s obert, en llocs desconeguts, compartint espai amb d\u2019altres centes&#8230;) per tant, si algun infant t\u00e9 un comportament que ens fa pensar que pot fer perillar la seva persona, als altres o les instal\u00b7lacions, el professorat pot prendre la decisi\u00f3 de no portar l\u2019infant a la sortida (en aquest cas s\u2019avisar\u00e0 la fam\u00edlia amb anterioritat i es retornaran tots els diners de la sortida).<\/p>\n<p>Quan un\/a alumne\/a no pugui realitzar alguna de les sortides, pr\u00e8viament pagada, es retornar\u00e0 el cost de l\u2019activitat quan l\u2019empresa cobri per infant. Si el preu de l\u2019activitat \u00e9s per grup, i per tant, l\u2019empresa no torna els diners, l\u2019escola tampoc podr\u00e0 retornar-ho a la fam\u00edlia.<\/p>\n<p>Cal recordar, que el cost de l\u2019autocar \u00e9s un preu total de grup, per tant no es poden retornar els diners.<\/p>\n<p>\u00c9s molt important portar el justificant de pagament de la quota escolar al tutor\/a.<\/p>\n<p><strong>Col\u00f2nies escolars<\/strong><br \/>\nL\u2019escola fa col\u00f2nies per als cursos d\u2019I-5 i 3r (dos dies i una nit) i 6\u00e8 de prim\u00e0ria (3 dies i 2 nits).<br \/>\nEl pagament es far\u00e0 en 3 terminis.<br \/>\nDates, lloc i preu s\u2019informar\u00e0 durant el curs.<br \/>\nS\u2019enviar\u00e0 tota la informaci\u00f3 disponible per Dinantia al llarg del curs.<\/p>\n<p>Es demana que es faciliti el recorregut dels infants cap a l\u2019autocar: s\u2019ent\u00e9n que les fam\u00edlies vulguin fer fotografies als seus infants, per\u00f2 amb una certa dist\u00e0ncia, per tal de no obstaculitzar el pas de la fila, per motius de seguretat i per agilitzar els horaris de les sortides. Cal recordar tamb\u00e9 que hi ha infants que no han donat el perm\u00eds per fer \u00fas del dret d\u2019imatge.<\/p>\n<p>Aqu\u00ed teniu les dates de les sortides d&#8217;aquest curs 2025-26:<\/p>\n<table width=\"605\">\n<tbody>\n<tr>\n<td style=\"text-align: center;\" width=\"170\"><strong>DATA\u00a0<\/strong><\/td>\n<td style=\"text-align: center;\" width=\"435\"><strong>LLOC<\/strong><\/td>\n<\/tr>\n<tr>\n<td style=\"text-align: center;\" width=\"170\">25\/9\/2025<\/td>\n<td width=\"435\">1r L&#8217;herbari. El Xaragall (Llinars del Vall\u00e8s)<\/p>\n<p>2n La verema. El Xaragall (Llinars del Vall\u00e8s)<\/td>\n<\/tr>\n<tr>\n<td style=\"text-align: center;\" width=\"170\">10\/10\/2025<\/td>\n<td width=\"435\">5\u00e8 Museu de les Matem\u00e0tiques de Catalunya (Cornell\u00e0)<\/p>\n<p>3r Sortida natural i cultural (Barber\u00e0 del Vall\u00e8s)<\/td>\n<\/tr>\n<tr>\n<td style=\"text-align: center;\">28\/10\/2025<\/td>\n<td>I5 Fem melmelada (L&#8217;Ametlla del Vall\u00e8s)<\/td>\n<\/tr>\n<tr>\n<td style=\"text-align: center;\" width=\"170\">30\/10\/2025<\/td>\n<td width=\"435\">6\u00e8 El Born. Centre de cultura i mem\u00f2ria<\/td>\n<\/tr>\n<tr>\n<td style=\"text-align: center;\" width=\"170\">14\/11\/2025<\/td>\n<td width=\"435\">3r i 4t El Pinatar (Gualba)<\/td>\n<\/tr>\n<tr>\n<td style=\"text-align: center;\" width=\"170\">21\/11\/2015<\/td>\n<td width=\"435\">I3 i I4 Teia Moner (Palau-Solit\u00e0 i Plegamants)<\/td>\n<\/tr>\n<tr>\n<td style=\"text-align: center;\">23\/1\/2026<\/td>\n<td>5\u00e8 i 6\u00e8 Mary Shelley and Frankenstein. T.M.C (Barber\u00e0 del Vall\u00e8s)<\/td>\n<\/tr>\n<tr>\n<td style=\"text-align: center;\">10\/2\/2026<\/td>\n<td>3r i 4t Beauty and the Beast. T.M.C (Barber\u00e0 del Vall\u00e8s)<\/td>\n<\/tr>\n<tr>\n<td style=\"text-align: center;\">19\/2\/2026<\/td>\n<td>I3, I4 i I5 Lab 0-6 (a l&#8217;escola)<\/td>\n<\/tr>\n<tr>\n<td style=\"text-align: center;\">20\/2\/2026<\/td>\n<td>5\u00e8 Campus arqueol\u00f2gic<\/td>\n<\/tr>\n<tr>\n<td style=\"text-align: center;\">26\/2\/2026<\/td>\n<td>6\u00e8 Mines de sal (Cardona)<\/td>\n<\/tr>\n<tr>\n<td style=\"text-align: center;\" width=\"170\">27\/2\/2026<\/td>\n<td width=\"435\">3r Cim d&#8217;\u00c0ligues<\/p>\n<p>4t Observatori de Sabadell<\/td>\n<\/tr>\n<tr>\n<td style=\"text-align: center;\">10\/3\/2026<\/td>\n<td>I3, I4 i I5 Park G\u00fcell (Barcelona)<\/td>\n<\/tr>\n<tr>\n<td style=\"text-align: center;\">19\/3\/2026<\/td>\n<td>1r i 2n Taller de cer\u00e0mica. Casa Valldeperes (St. Sadurn\u00ed d&#8217;Anoia)<\/td>\n<\/tr>\n<tr>\n<td style=\"text-align: center;\">21\/4\/2026<\/td>\n<td>1r Granja Can Mas Pascual (Lli\u00e7\u00e0 d&#8217;Amunt)<\/p>\n<p>2n Cultures del m\u00f3n (Llinars del Vall\u00e8s)<\/td>\n<\/tr>\n<tr>\n<td style=\"text-align: center;\">27\/4\/2026<\/td>\n<td>1r i 2n Little Red Rocks. T.M.C (Barber\u00e0 del Vall\u00e8s)<\/td>\n<\/tr>\n<tr>\n<td style=\"text-align: center;\" width=\"170\">11\/5\/2026<\/td>\n<td width=\"435\">3r i 4t Casa de les abelles (St. Pere de Torell\u00f3)<\/td>\n<\/tr>\n<tr>\n<td style=\"text-align: center;\">22\/5\/2026<\/td>\n<td>I3, I4 i 6\u00e8 El Xaragall (Llinars del Vall\u00e8s)<\/td>\n<\/tr>\n<tr>\n<td style=\"text-align: center;\" width=\"170\">4\/6\/2026<\/td>\n<td width=\"435\">5\u00e8 Catalunya en miniatura<\/td>\n<\/tr>\n<tr>\n<td style=\"text-align: center;\">11\/6\/2026<\/td>\n<td>5\u00e8 English Day (Barber\u00e0 del Vall\u00e8s)<\/td>\n<\/tr>\n<tr>\n<td style=\"text-align: center;\" width=\"170\">DATA A CONFIRMAR<\/td>\n<td width=\"435\">Picasso en concert<\/td>\n<\/tr>\n<tr>\n<td style=\"text-align: center;\" width=\"170\">7\/5\/2026<\/td>\n<td width=\"435\">5\u00e8 Cant\u00e0nia<\/td>\n<\/tr>\n<tr>\n<td style=\"text-align: center;\" width=\"170\">DATA A CONFIRMAR<\/td>\n<td width=\"435\">Audicions musicals<\/td>\n<\/tr>\n<tr>\n<td style=\"text-align: center;\" width=\"170\">DATA A CONFIRMAR<\/td>\n<td width=\"435\">Visita a la biblioteca<\/td>\n<\/tr>\n<tr>\n<td style=\"text-align: center;\" width=\"170\">DATA A CONFIRMAR<\/td>\n<td width=\"435\">2n Mercat 11 de setembre (Barber\u00e0 del Vall\u00e8s)<\/td>\n<\/tr>\n<tr>\n<td style=\"text-align: center;\" width=\"170\">DATA A CONFIRMAR<\/td>\n<td width=\"435\">Sortides de poble<\/td>\n<\/tr>\n<tr>\n<td style=\"text-align: center;\" width=\"170\">DATA A CONFIRMAR<\/td>\n<td width=\"435\">Col\u00f2nies d&#8217;I5, 3r i 6\u00e8<\/td>\n<\/tr>\n<\/tbody>\n<\/table>\n<p>&nbsp;<\/p>\n","protected":false},"excerpt":{"rendered":"<p>Sortides escolars<br \/>\nA l\u2019escola fem sortides curriculars. Sempre que sortim fora del centre \u00e9s per fer una activitat que complementa el curr\u00edculum educatiu.<br \/>\nDurant el curs es planifiquen 3 sortides de dia sencer (una per trimestre). A m\u00e9s a m\u00e9s, tamb\u00e9 realitzem visites dins del municipi de&hellip;  <a href=\"https:\/\/agora.xtec.cat\/escolapablopicasso\/curs-25-26\/sortides-2025-26\/\" title=\"Read Sortides 2025-26\">Llegeix m\u00e9s\u00bb<\/a><\/p>\n","protected":false},"author":1,"featured_media":0,"parent":2,"menu_order":3,"comment_status":"closed","ping_status":"closed","template":"page-templates\/side-menu.php","meta":{"_bbp_topic_count":0,"_bbp_reply_count":0,"_bbp_total_topic_count":0,"_bbp_total_reply_count":0,"_bbp_voice_count":0,"_bbp_anonymous_reply_count":0,"_bbp_topic_count_hidden":0,"_bbp_reply_count_hidden":0,"_bbp_forum_subforum_count":0,"footnotes":""},"class_list":["post-1812","page","type-page","status-publish","hentry"],"post_mailing_queue_ids":[],"_links":{"self":[{"href":"https:\/\/agora.xtec.cat\/escolapablopicasso\/wp-json\/wp\/v2\/pages\/1812","targetHints":{"allow":["GET"]}}],"collection":[{"href":"https:\/\/agora.xtec.cat\/escolapablopicasso\/wp-json\/wp\/v2\/pages"}],"about":[{"href":"https:\/\/agora.xtec.cat\/escolapablopicasso\/wp-json\/wp\/v2\/types\/page"}],"author":[{"embeddable":true,"href":"https:\/\/agora.xtec.cat\/escolapablopicasso\/wp-json\/wp\/v2\/users\/1"}],"replies":[{"embeddable":true,"href":"https:\/\/agora.xtec.cat\/escolapablopicasso\/wp-json\/wp\/v2\/comments?post=1812"}],"version-history":[{"count":6,"href":"https:\/\/agora.xtec.cat\/escolapablopicasso\/wp-json\/wp\/v2\/pages\/1812\/revisions"}],"predecessor-version":[{"id":8511,"href":"https:\/\/agora.xtec.cat\/escolapablopicasso\/wp-json\/wp\/v2\/pages\/1812\/revisions\/8511"}],"up":[{"embeddable":true,"href":"https:\/\/agora.xtec.cat\/escolapablopicasso\/wp-json\/wp\/v2\/pages\/2"}],"wp:attachment":[{"href":"https:\/\/agora.xtec.cat\/escolapablopicasso\/wp-json\/wp\/v2\/media?parent=1812"}],"curies":[{"name":"wp","href":"https:\/\/api.w.org\/{rel}","templated":true}]}}