{"id":1754,"date":"2015-04-05T02:01:26","date_gmt":"2015-04-05T01:01:26","guid":{"rendered":"http:\/\/agora.xtec.cat\/escolapablopicasso\/?page_id=1754"},"modified":"2025-06-23T12:09:55","modified_gmt":"2025-06-23T10:09:55","slug":"fi-de-curs","status":"publish","type":"page","link":"https:\/\/agora.xtec.cat\/escolapablopicasso\/festes\/fi-de-curs\/","title":{"rendered":"Fi de curs"},"content":{"rendered":"<h3>FI DE CURS 2024-2025<\/h3>\n<p>El passat divendres 20 de juny ens vam acomiadar dels nostres infants de 6\u00e8.<\/p>\n<p>Tot principi t\u00e9 un final i tot final comen\u00e7a amb un nou principi.<\/p>\n<p>Gr\u00e0cies per deixar un trosset de cadascun i cadascuna de vosaltres en la hist\u00f2ria del Picasso.<\/p>\n<p>Viviu i somieu. Molta sort i bon cam\u00ed!!!!<\/p>\n<p>(Cliqueu la imatge per accedir al v\u00eddeo)<\/p>\n<p><a href=\"https:\/\/drive.google.com\/file\/d\/1qptGvLCvZHpgzHP59qJaR-NExEeu22se\/view?usp=sharing\"><img loading=\"lazy\" decoding=\"async\" class=\"aligncenter size-full wp-image-8438\" src=\"https:\/\/agora.xtec.cat\/escolapablopicasso\/wp-content\/uploads\/usu295\/2025\/06\/comiat.png\" alt=\"\" width=\"1086\" height=\"602\" srcset=\"https:\/\/agora.xtec.cat\/escolapablopicasso\/wp-content\/uploads\/usu295\/2025\/06\/comiat.png 1086w, https:\/\/agora.xtec.cat\/escolapablopicasso\/wp-content\/uploads\/usu295\/2025\/06\/comiat-300x166.png 300w, https:\/\/agora.xtec.cat\/escolapablopicasso\/wp-content\/uploads\/usu295\/2025\/06\/comiat-1024x568.png 1024w, https:\/\/agora.xtec.cat\/escolapablopicasso\/wp-content\/uploads\/usu295\/2025\/06\/comiat-768x426.png 768w\" sizes=\"auto, (max-width: 1086px) 100vw, 1086px\" \/><\/a><\/p>\n<h3><\/h3>\n<h3>FI DE CURS 2023-24<\/h3>\n<p>El passat divendres ens vam acomiadar dels nostres infants de 6\u00e8.\u00a0Tot principi t\u00e9 un final i tot final comen\u00e7a amb un nou principi.<\/p>\n<p>Gr\u00e0cies per deixar un trosset de cadascun i cadascuna de vosaltres en la hist\u00f2ria del Picasso.<\/p>\n<p>Viviu i somieu. Molta sort i bon cam\u00ed!!!!<\/p>\n<p>(Cliqueu la imatge per accedir al v\u00eddeo)<\/p>\n<p><a href=\"https:\/\/drive.google.com\/file\/d\/1pHOTWlzS2ND5BeL8EgPjRJxWr7p-V6AX\/view?usp=drive_link\"><img loading=\"lazy\" decoding=\"async\" class=\"aligncenter wp-image-8007 size-full\" src=\"https:\/\/agora.xtec.cat\/escolapablopicasso\/wp-content\/uploads\/usu295\/2024\/06\/comiat6e.png\" sizes=\"auto, (max-width: 770px) 100vw, 770px\" srcset=\"https:\/\/agora.xtec.cat\/escolapablopicasso\/wp-content\/uploads\/usu295\/2024\/06\/comiat6e.png 770w, https:\/\/agora.xtec.cat\/escolapablopicasso\/wp-content\/uploads\/usu295\/2024\/06\/comiat6e-300x167.png 300w, https:\/\/agora.xtec.cat\/escolapablopicasso\/wp-content\/uploads\/usu295\/2024\/06\/comiat6e-768x428.png 768w\" alt=\"\" width=\"770\" height=\"429\" \/><\/a><\/p>\n<h3><\/h3>\n<h3>FI DE CURS 2022-23<\/h3>\n<p>Tot principi t\u00e9 un final i tot final comen\u00e7a amb un nou principi.<\/p>\n<p>Gr\u00e0cies per deixar un trosset de cadascun i cadascuna de vosaltres en la hist\u00f2ria del Picasso.<\/p>\n<p>Viviu i somieu.<\/p>\n<p>Molta sort i bon cam\u00ed!!!!<\/p>\n<p><iframe loading=\"lazy\" src=\"https:\/\/www.youtube.com\/embed\/CYpGMY1qJ6M\" width=\"560\" height=\"314\" allowfullscreen=\"allowfullscreen\" data-mce-fragment=\"1\"><\/iframe><\/p>\n<p><iframe loading=\"lazy\" src=\"https:\/\/www.youtube.com\/embed\/Ccvt5ixOhd8\" width=\"560\" height=\"314\" allowfullscreen=\"allowfullscreen\" data-mce-fragment=\"1\"><\/iframe><\/p>\n<h3><\/h3>\n<h3>FI DE CURS 2021-2022<\/h3>\n<p>Avui, \u00faltim dia del curs 2021-22 hem fet una gran festassa per acomiadar-nos amb un taller de bombolles a Educaci\u00f3 Infantil i un taller de zumba a Educaci\u00f3 Prim\u00e0ria.<\/p>\n<p>Despr\u00e9s hem tingut un delici\u00f3s esmorzar a c\u00e0rrec de l\u2019AFA.<\/p>\n<p>Hem gaudit de valent i encarem l\u2019estiu amb un bon somriure.<\/p>\n<p>Aqu\u00ed us deixem un v\u00eddeo.<\/p>\n<p><iframe loading=\"lazy\" src=\"https:\/\/www.youtube.com\/embed\/9YWMzpTUIYo\" width=\"560\" height=\"314\" allowfullscreen=\"allowfullscreen\" data-mce-fragment=\"1\"><\/iframe><\/p>\n<p>El passat 20 de juny, tots els infants de l\u2019escola van fer la mostra de danses despr\u00e9s de dos cursos sense poder fer-la.<\/p>\n<p>Quines ganes i quina il\u00b7lusi\u00f3!! Despr\u00e9s d\u2019assajar molt\u00edssim, ja estem preparats i preparades amb el nostre vestuari i la nostra coreografia.<\/p>\n<p>Aquest curs la tem\u00e0tica era \u201cUn cam\u00ed per la hist\u00f2ria de la dansa\u201d i vam poder gaudir des de danses medievals, HAKA, salsa, rock\u2026 fins a bachata, heavy metal i vals.<\/p>\n<p>A continuaci\u00f3 podeu accedir als videos de la jornada per cursos (cliqueu la imatge):<\/p>\n<p><a href=\"https:\/\/view.genial.ly\/62b050ecab6f770018439cdd\/presentation-danses-fi-de-curs-21-22\"><img loading=\"lazy\" decoding=\"async\" class=\"alignnone wp-image-7005 size-full\" src=\"https:\/\/agora.xtec.cat\/escolapablopicasso\/wp-content\/uploads\/usu295\/2022\/06\/danses.png\" sizes=\"auto, (max-width: 933px) 100vw, 933px\" srcset=\"https:\/\/agora.xtec.cat\/escolapablopicasso\/wp-content\/uploads\/usu295\/2022\/06\/danses.png 933w, https:\/\/agora.xtec.cat\/escolapablopicasso\/wp-content\/uploads\/usu295\/2022\/06\/danses-300x153.png 300w, https:\/\/agora.xtec.cat\/escolapablopicasso\/wp-content\/uploads\/usu295\/2022\/06\/danses-768x393.png 768w\" alt=\"\" width=\"933\" height=\"477\" \/><\/a><\/p>\n<p>I despr\u00e9s ens vam acomiadar dels nostres companys i companyes de 6\u00e8. Per sempre m\u00e9s!!!<\/p>\n<p><iframe loading=\"lazy\" src=\"https:\/\/www.youtube.com\/embed\/MRLHmdxwYvs\" width=\"560\" height=\"314\" allowfullscreen=\"allowfullscreen\" data-mce-fragment=\"1\"><\/iframe><\/p>\n<p>Bon dia fam\u00edlies!!!<\/p>\n<p>Us volem convidar al\u00a0<strong>festival de danses de fi de curs\u00a0<\/strong>que farem a l\u2019escola el dilluns 20 de juny a les 9:30h.<\/p>\n<p>La tem\u00e0tica d\u2019aquest curs \u00e9s\u00a0<strong>\u201cUn cam\u00ed per la hist\u00f2ria de la dansa\u201d.\u00a0<\/strong>\u00c9s per aix\u00f2 que totes les classes ballaran un tipus de dansa associat a una \u00e8poca determinada .<\/p>\n<p>Us hi esperem!!!!<\/p>\n<p><a href=\"https:\/\/agora.xtec.cat\/escolapablopicasso\/wp-content\/uploads\/usu295\/2022\/06\/poster-danses.png\"><img loading=\"lazy\" decoding=\"async\" class=\"wp-image-6996 size-medium aligncenter\" src=\"https:\/\/agora.xtec.cat\/escolapablopicasso\/wp-content\/uploads\/usu295\/2022\/06\/poster-danses-211x300.png\" sizes=\"auto, (max-width: 211px) 100vw, 211px\" srcset=\"https:\/\/agora.xtec.cat\/escolapablopicasso\/wp-content\/uploads\/usu295\/2022\/06\/poster-danses-211x300.png 211w, https:\/\/agora.xtec.cat\/escolapablopicasso\/wp-content\/uploads\/usu295\/2022\/06\/poster-danses.png 585w\" alt=\"\" width=\"211\" height=\"300\" \/><\/a><\/p>\n<p><a href=\"https:\/\/agora.xtec.cat\/escolapablopicasso\/wp-content\/uploads\/usu295\/2022\/06\/k71.png\"><img loading=\"lazy\" decoding=\"async\" class=\"wp-image-6997 size-medium aligncenter\" src=\"https:\/\/agora.xtec.cat\/escolapablopicasso\/wp-content\/uploads\/usu295\/2022\/06\/k71-300x197.png\" sizes=\"auto, (max-width: 300px) 100vw, 300px\" srcset=\"https:\/\/agora.xtec.cat\/escolapablopicasso\/wp-content\/uploads\/usu295\/2022\/06\/k71-300x197.png 300w, https:\/\/agora.xtec.cat\/escolapablopicasso\/wp-content\/uploads\/usu295\/2022\/06\/k71-768x504.png 768w, https:\/\/agora.xtec.cat\/escolapablopicasso\/wp-content\/uploads\/usu295\/2022\/06\/k71.png 779w\" alt=\"\" width=\"300\" height=\"197\" \/><\/a><a href=\"https:\/\/agora.xtec.cat\/escolapablopicasso\/wp-content\/uploads\/usu295\/2022\/06\/k72.png\">\u00a0<img loading=\"lazy\" decoding=\"async\" class=\"wp-image-6998 size-medium aligncenter\" src=\"https:\/\/agora.xtec.cat\/escolapablopicasso\/wp-content\/uploads\/usu295\/2022\/06\/k72-300x198.png\" sizes=\"auto, (max-width: 300px) 100vw, 300px\" srcset=\"https:\/\/agora.xtec.cat\/escolapablopicasso\/wp-content\/uploads\/usu295\/2022\/06\/k72-300x198.png 300w, https:\/\/agora.xtec.cat\/escolapablopicasso\/wp-content\/uploads\/usu295\/2022\/06\/k72.png 563w\" alt=\"\" width=\"300\" height=\"198\" \/><\/a><\/p>\n<h3>DANSES FI DE CURS 2020-2021<\/h3>\n<p>S&#8217;apropa el final d&#8217;aquest curs 2020-2021 i per acomiadar-lo com es mereix, hem organitzat les danses de fi de curs d&#8217;enguany.<\/p>\n<p>Cliqueu la foto per accedir als v\u00eddeos de les danses de cada classe:<\/p>\n<p><a href=\"https:\/\/view.genial.ly\/60cf7997ad54880d4953e99e\/presentation-presentacion-manchas\"><img loading=\"lazy\" decoding=\"async\" class=\"aligncenter wp-image-6421 size-full\" src=\"https:\/\/agora.xtec.cat\/escolapablopicasso\/wp-content\/uploads\/usu295\/2021\/06\/danses-foto.jpg\" alt=\"\" width=\"650\" height=\"381\" srcset=\"https:\/\/agora.xtec.cat\/escolapablopicasso\/wp-content\/uploads\/usu295\/2021\/06\/danses-foto.jpg 650w, https:\/\/agora.xtec.cat\/escolapablopicasso\/wp-content\/uploads\/usu295\/2021\/06\/danses-foto-300x176.jpg 300w\" sizes=\"auto, (max-width: 650px) 100vw, 650px\" \/><\/a><\/p>\n<p>&nbsp;<\/p>\n<h3>COMIAT DE 6\u00e8 2020-2021<\/h3>\n<p>Nois i noies de 6\u00e8, ja ha arribat el dia! Oi que ha passat molt r\u00e0pid?<\/p>\n<p>Ara, aquesta aventura que molts vau iniciar amb nom\u00e9s 3 anys a l\u2019escola ja s&#8217;acaba&#8230;<\/p>\n<p>Tots els vostres companys i companyes de l&#8217;escola i els vostres mestres us volem dedicar la can\u00e7\u00f3 &#8220;Per sempre m\u00e9s&#8221;<\/p>\n<p>Esperem que sempre ens porteu al vostre cor.<\/p>\n<p>Cliqueu la foto per accedir als v\u00eddeos:<\/p>\n<p><a href=\"https:\/\/view.genial.ly\/60d4cf02533a900de690c853\/presentation-presentacion-vuelta-al-cole\"><img loading=\"lazy\" decoding=\"async\" class=\"aligncenter wp-image-6431\" src=\"https:\/\/agora.xtec.cat\/escolapablopicasso\/wp-content\/uploads\/usu295\/2021\/06\/birrete.jpg\" alt=\"\" width=\"289\" height=\"250\" srcset=\"https:\/\/agora.xtec.cat\/escolapablopicasso\/wp-content\/uploads\/usu295\/2021\/06\/birrete.jpg 970w, https:\/\/agora.xtec.cat\/escolapablopicasso\/wp-content\/uploads\/usu295\/2021\/06\/birrete-300x260.jpg 300w, https:\/\/agora.xtec.cat\/escolapablopicasso\/wp-content\/uploads\/usu295\/2021\/06\/birrete-768x666.jpg 768w\" sizes=\"auto, (max-width: 289px) 100vw, 289px\" \/><\/a><\/p>\n<p>&nbsp;<\/p>\n<h3>DANSES DE FI DE CURS 2018-2019<\/h3>\n<p>La nostra escola s&#8217;ha convertit en una gran sala de cinema. Amb la nostra entrada hem pogut veure un munt de pel\u00b7l\u00edcules i hem vist desfilar abelles, trolls, ogres i fins i tot minis Freddie Mercury. Les danses d&#8217;aquest curs 2018-2019 han estat de pel\u00b7l\u00edcula!!!!!<\/p>\n<p>(fotos)<\/p>\n<p><iframe loading=\"lazy\" src=\"\/\/www.youtube.com\/embed\/Bh0hlDH2VMU\" width=\"560\" height=\"314\" data-mce-fragment=\"1\"><\/iframe><\/p>\n<p>(videos)<\/p>\n<p><iframe loading=\"lazy\" src=\"\/\/www.youtube.com\/embed\/u5ClWzGVr5g?feature=youtu\" width=\"560\" height=\"314\" data-mce-fragment=\"1\"><\/iframe><\/p>\n<h3><\/h3>\n<h3>SOPAR COMIAT 6\u00e8 2018-2019<\/h3>\n<p>Quina nit m\u00e9s especial!!!! Els nostres alumnes de 6\u00e8 van gaudir de mil i una sorpreses acompanyats dels seus companys\/es, fam\u00edlies i mestres. Aqu\u00ed podeu veure un dels moments (perqu\u00e8 hi van haver molts) m\u00e9s emocionants a c\u00e0rrec de la Batucada Arritmia de Barber\u00e0 del Vall\u00e8s. Inolvidable!!!!!<\/p>\n<p><iframe loading=\"lazy\" src=\"\/\/www.youtube.com\/embed\/k88NchDtuBk\" width=\"560\" height=\"314\" data-mce-fragment=\"1\"><\/iframe><\/p>\n<p>&nbsp;<\/p>\n<p>&nbsp;<\/p>\n","protected":false},"excerpt":{"rendered":"<p>FI DE CURS 2024-2025<br \/>\nEl passat divendres 20 de juny ens vam acomiadar dels nostres infants de 6\u00e8.<br \/>\nTot principi t\u00e9 un final i tot final comen\u00e7a amb un nou principi.<br \/>\nGr\u00e0cies per deixar un trosset de cadascun i cadascuna de vosaltres en la hist\u00f2ria del Picasso.<br \/>\nViviu i&hellip;  <a href=\"https:\/\/agora.xtec.cat\/escolapablopicasso\/festes\/fi-de-curs\/\" title=\"Read Fi de curs\">Llegeix m\u00e9s\u00bb<\/a><\/p>\n","protected":false},"author":1,"featured_media":0,"parent":1802,"menu_order":0,"comment_status":"closed","ping_status":"closed","template":"page-templates\/side-menu.php","meta":{"_bbp_topic_count":0,"_bbp_reply_count":0,"_bbp_total_topic_count":0,"_bbp_total_reply_count":0,"_bbp_voice_count":0,"_bbp_anonymous_reply_count":0,"_bbp_topic_count_hidden":0,"_bbp_reply_count_hidden":0,"_bbp_forum_subforum_count":0,"footnotes":""},"class_list":["post-1754","page","type-page","status-publish","hentry"],"post_mailing_queue_ids":[],"_links":{"self":[{"href":"https:\/\/agora.xtec.cat\/escolapablopicasso\/wp-json\/wp\/v2\/pages\/1754","targetHints":{"allow":["GET"]}}],"collection":[{"href":"https:\/\/agora.xtec.cat\/escolapablopicasso\/wp-json\/wp\/v2\/pages"}],"about":[{"href":"https:\/\/agora.xtec.cat\/escolapablopicasso\/wp-json\/wp\/v2\/types\/page"}],"author":[{"embeddable":true,"href":"https:\/\/agora.xtec.cat\/escolapablopicasso\/wp-json\/wp\/v2\/users\/1"}],"replies":[{"embeddable":true,"href":"https:\/\/agora.xtec.cat\/escolapablopicasso\/wp-json\/wp\/v2\/comments?post=1754"}],"version-history":[{"count":7,"href":"https:\/\/agora.xtec.cat\/escolapablopicasso\/wp-json\/wp\/v2\/pages\/1754\/revisions"}],"predecessor-version":[{"id":8444,"href":"https:\/\/agora.xtec.cat\/escolapablopicasso\/wp-json\/wp\/v2\/pages\/1754\/revisions\/8444"}],"up":[{"embeddable":true,"href":"https:\/\/agora.xtec.cat\/escolapablopicasso\/wp-json\/wp\/v2\/pages\/1802"}],"wp:attachment":[{"href":"https:\/\/agora.xtec.cat\/escolapablopicasso\/wp-json\/wp\/v2\/media?parent=1754"}],"curies":[{"name":"wp","href":"https:\/\/api.w.org\/{rel}","templated":true}]}}