{"id":1747,"date":"2015-04-05T01:51:08","date_gmt":"2015-04-05T00:51:08","guid":{"rendered":"http:\/\/agora.xtec.cat\/escolapablopicasso\/?page_id=1747"},"modified":"2026-01-31T21:56:14","modified_gmt":"2026-01-31T20:56:14","slug":"nadal","status":"publish","type":"page","link":"https:\/\/agora.xtec.cat\/escolapablopicasso\/festes\/nadal\/","title":{"rendered":"Picasso en concert"},"content":{"rendered":"<h3>2025<\/h3>\n<p><img loading=\"lazy\" decoding=\"async\" class=\"aligncenter wp-image-8607\" src=\"https:\/\/agora.xtec.cat\/escolapablopicasso\/wp-content\/uploads\/usu295\/2025\/12\/cover.png\" sizes=\"auto, (max-width: 384px) 100vw, 384px\" srcset=\"https:\/\/agora.xtec.cat\/escolapablopicasso\/wp-content\/uploads\/usu295\/2025\/12\/cover.png 832w, https:\/\/agora.xtec.cat\/escolapablopicasso\/wp-content\/uploads\/usu295\/2025\/12\/cover-300x160.png 300w, https:\/\/agora.xtec.cat\/escolapablopicasso\/wp-content\/uploads\/usu295\/2025\/12\/cover-768x409.png 768w\" alt=\"\" width=\"384\" height=\"204\" \/><\/p>\n<p>A continuaci\u00f3 trobareu els v\u00eddeos del concert que vam fer el passat 15 de desembre al T.M.C.<\/p>\n<p>-1r torn: 1r, 2n, 3r i 4t (cliqueu\u00a0<a href=\"https:\/\/drive.google.com\/file\/d\/11caR5Nq7QTzAdblOOyAcd87859mbc_8h\/view?usp=sharing\">aqu\u00ed<\/a>)<\/p>\n<p>-2n torn: I3, I4, I5, 5\u00e8 i 6\u00e8 (cliqueu\u00a0<a href=\"https:\/\/drive.google.com\/file\/d\/1V9kBmRiWKAFO_I6VCFITQA4HLuSfbEZg\/view?usp=sharing\">aqu\u00ed<\/a>)<\/p>\n<p>Esperem que torneu a gaudir d\u2019aquest meravell\u00f3s espectacle.<\/p>\n<p>Moltes gr\u00e0cies per assistir-hi!!<\/p>\n<p><img loading=\"lazy\" decoding=\"async\" class=\"aligncenter\" src=\"https:\/\/cdn-icons-png.flaticon.com\/512\/2809\/2809599.png\" alt=\"Concierto - Iconos gratis de m\u00fasica\" width=\"231\" height=\"231\" \/><\/p>\n<p>Us fem arribar la data de \u201cPicasso en concert\u201d que farem al T.M.C. de Barber\u00e0 del Vall\u00e8s:\u00a0<strong>dilluns, 15 de desembre de 2025<\/strong><\/p>\n<p>M\u00e9s endavant rebreu informaci\u00f3 referent al concert (entrades, vestuari, organitzaci\u00f3, etc).<\/p>\n<p><a href=\"https:\/\/agora.xtec.cat\/escolapablopicasso\/wp-content\/uploads\/usu295\/2025\/11\/PICASSO-EN-CONCERT-2025.png\"><img loading=\"lazy\" decoding=\"async\" class=\"aligncenter size-full wp-image-8557\" src=\"https:\/\/agora.xtec.cat\/escolapablopicasso\/wp-content\/uploads\/usu295\/2025\/11\/PICASSO-EN-CONCERT-2025.png\" sizes=\"auto, (max-width: 1587px) 100vw, 1587px\" srcset=\"https:\/\/agora.xtec.cat\/escolapablopicasso\/wp-content\/uploads\/usu295\/2025\/11\/PICASSO-EN-CONCERT-2025.png 1587w, https:\/\/agora.xtec.cat\/escolapablopicasso\/wp-content\/uploads\/usu295\/2025\/11\/PICASSO-EN-CONCERT-2025-212x300.png 212w, https:\/\/agora.xtec.cat\/escolapablopicasso\/wp-content\/uploads\/usu295\/2025\/11\/PICASSO-EN-CONCERT-2025-724x1024.png 724w, https:\/\/agora.xtec.cat\/escolapablopicasso\/wp-content\/uploads\/usu295\/2025\/11\/PICASSO-EN-CONCERT-2025-768x1086.png 768w, https:\/\/agora.xtec.cat\/escolapablopicasso\/wp-content\/uploads\/usu295\/2025\/11\/PICASSO-EN-CONCERT-2025-1086x1536.png 1086w, https:\/\/agora.xtec.cat\/escolapablopicasso\/wp-content\/uploads\/usu295\/2025\/11\/PICASSO-EN-CONCERT-2025-1448x2048.png 1448w\" alt=\"\" width=\"1587\" height=\"2245\" \/><\/a><\/p>\n<h3><\/h3>\n<h3>2024<\/h3>\n<p><a href=\"https:\/\/agora.xtec.cat\/escolapablopicasso\/wp-content\/uploads\/usu295\/2025\/02\/PICASSO-EN-CONCERT-2024-1.png\"><img loading=\"lazy\" decoding=\"async\" class=\"aligncenter wp-image-8248 size-large\" src=\"https:\/\/agora.xtec.cat\/escolapablopicasso\/wp-content\/uploads\/usu295\/2025\/02\/PICASSO-EN-CONCERT-2024-1-724x1024.png\" alt=\"\" width=\"724\" height=\"1024\" srcset=\"https:\/\/agora.xtec.cat\/escolapablopicasso\/wp-content\/uploads\/usu295\/2025\/02\/PICASSO-EN-CONCERT-2024-1-724x1024.png 724w, https:\/\/agora.xtec.cat\/escolapablopicasso\/wp-content\/uploads\/usu295\/2025\/02\/PICASSO-EN-CONCERT-2024-1-212x300.png 212w, https:\/\/agora.xtec.cat\/escolapablopicasso\/wp-content\/uploads\/usu295\/2025\/02\/PICASSO-EN-CONCERT-2024-1-768x1086.png 768w, https:\/\/agora.xtec.cat\/escolapablopicasso\/wp-content\/uploads\/usu295\/2025\/02\/PICASSO-EN-CONCERT-2024-1-1086x1536.png 1086w, https:\/\/agora.xtec.cat\/escolapablopicasso\/wp-content\/uploads\/usu295\/2025\/02\/PICASSO-EN-CONCERT-2024-1.png 1414w\" sizes=\"auto, (max-width: 724px) 100vw, 724px\" \/><\/a><\/p>\n<h3>2023<\/h3>\n<p><a href=\"https:\/\/agora.xtec.cat\/escolapablopicasso\/wp-content\/uploads\/usu295\/2025\/02\/PICASSO-EN-CONCERT-1.png\"><img loading=\"lazy\" decoding=\"async\" class=\"aligncenter wp-image-8246 size-large\" src=\"https:\/\/agora.xtec.cat\/escolapablopicasso\/wp-content\/uploads\/usu295\/2025\/02\/PICASSO-EN-CONCERT-1-724x1024.png\" alt=\"\" width=\"724\" height=\"1024\" srcset=\"https:\/\/agora.xtec.cat\/escolapablopicasso\/wp-content\/uploads\/usu295\/2025\/02\/PICASSO-EN-CONCERT-1-724x1024.png 724w, https:\/\/agora.xtec.cat\/escolapablopicasso\/wp-content\/uploads\/usu295\/2025\/02\/PICASSO-EN-CONCERT-1-212x300.png 212w, https:\/\/agora.xtec.cat\/escolapablopicasso\/wp-content\/uploads\/usu295\/2025\/02\/PICASSO-EN-CONCERT-1-768x1086.png 768w, https:\/\/agora.xtec.cat\/escolapablopicasso\/wp-content\/uploads\/usu295\/2025\/02\/PICASSO-EN-CONCERT-1-1086x1536.png 1086w, https:\/\/agora.xtec.cat\/escolapablopicasso\/wp-content\/uploads\/usu295\/2025\/02\/PICASSO-EN-CONCERT-1.png 1414w\" sizes=\"auto, (max-width: 724px) 100vw, 724px\" \/><\/a><\/p>\n<p>Avui dilluns 11 de desembre, us farem arribar el tr\u00edptic amb els diferents torns, les can\u00e7ons del concert i 2 entrades per infant (reviseu quin \u00e9s el torn del vostre fill\/a).<\/p>\n<p>IMPORTANT!!! Les entrades s\u2019han de conservar i mostrar per poder garantir l\u2019acc\u00e9s al teatre. No es pot accedir-hi sense entrada.<\/p>\n<p>Segons la normativa del T.M.C., els infants menors de tres anys no necessiten entrada sempre que no ocupin seient (asseguts a sobre d\u2019un adult).<\/p>\n<p>Us hi esperem!!!<\/p>\n<p>&nbsp;<\/p>\n<p><a href=\"https:\/\/agora.xtec.cat\/escolapablopicasso\/wp-content\/uploads\/usu295\/2023\/11\/triptic-2.png\"><img loading=\"lazy\" decoding=\"async\" class=\"aligncenter size-large wp-image-7652\" src=\"https:\/\/agora.xtec.cat\/escolapablopicasso\/wp-content\/uploads\/usu295\/2023\/11\/triptic-2-1024x724.png\" sizes=\"auto, (max-width: 1024px) 100vw, 1024px\" srcset=\"https:\/\/agora.xtec.cat\/escolapablopicasso\/wp-content\/uploads\/usu295\/2023\/11\/triptic-2-1024x724.png 1024w, https:\/\/agora.xtec.cat\/escolapablopicasso\/wp-content\/uploads\/usu295\/2023\/11\/triptic-2-300x212.png 300w, https:\/\/agora.xtec.cat\/escolapablopicasso\/wp-content\/uploads\/usu295\/2023\/11\/triptic-2-768x543.png 768w, https:\/\/agora.xtec.cat\/escolapablopicasso\/wp-content\/uploads\/usu295\/2023\/11\/triptic-2-1536x1086.png 1536w, https:\/\/agora.xtec.cat\/escolapablopicasso\/wp-content\/uploads\/usu295\/2023\/11\/triptic-2.png 2000w\" alt=\"\" width=\"1024\" height=\"724\" \/><\/a><\/p>\n<p>&nbsp;<\/p>\n<p><a href=\"https:\/\/agora.xtec.cat\/escolapablopicasso\/wp-content\/uploads\/usu295\/2023\/11\/triptic-1.png\"><img loading=\"lazy\" decoding=\"async\" class=\"aligncenter size-large wp-image-7651\" src=\"https:\/\/agora.xtec.cat\/escolapablopicasso\/wp-content\/uploads\/usu295\/2023\/11\/triptic-1-1024x724.png\" sizes=\"auto, (max-width: 1024px) 100vw, 1024px\" srcset=\"https:\/\/agora.xtec.cat\/escolapablopicasso\/wp-content\/uploads\/usu295\/2023\/11\/triptic-1-1024x724.png 1024w, https:\/\/agora.xtec.cat\/escolapablopicasso\/wp-content\/uploads\/usu295\/2023\/11\/triptic-1-300x212.png 300w, https:\/\/agora.xtec.cat\/escolapablopicasso\/wp-content\/uploads\/usu295\/2023\/11\/triptic-1-768x543.png 768w, https:\/\/agora.xtec.cat\/escolapablopicasso\/wp-content\/uploads\/usu295\/2023\/11\/triptic-1-1536x1086.png 1536w, https:\/\/agora.xtec.cat\/escolapablopicasso\/wp-content\/uploads\/usu295\/2023\/11\/triptic-1.png 2000w\" alt=\"\" width=\"1024\" height=\"724\" \/><\/a><\/p>\n<h3><\/h3>\n<h3>2022<\/h3>\n<p><a href=\"https:\/\/agora.xtec.cat\/escolapablopicasso\/wp-content\/uploads\/usu295\/2025\/02\/PICASSO-EN-CONCERT.png\"><img loading=\"lazy\" decoding=\"async\" class=\"aligncenter wp-image-8245 size-large\" src=\"https:\/\/agora.xtec.cat\/escolapablopicasso\/wp-content\/uploads\/usu295\/2025\/02\/PICASSO-EN-CONCERT-724x1024.png\" alt=\"\" width=\"724\" height=\"1024\" srcset=\"https:\/\/agora.xtec.cat\/escolapablopicasso\/wp-content\/uploads\/usu295\/2025\/02\/PICASSO-EN-CONCERT-724x1024.png 724w, https:\/\/agora.xtec.cat\/escolapablopicasso\/wp-content\/uploads\/usu295\/2025\/02\/PICASSO-EN-CONCERT-212x300.png 212w, https:\/\/agora.xtec.cat\/escolapablopicasso\/wp-content\/uploads\/usu295\/2025\/02\/PICASSO-EN-CONCERT-768x1086.png 768w, https:\/\/agora.xtec.cat\/escolapablopicasso\/wp-content\/uploads\/usu295\/2025\/02\/PICASSO-EN-CONCERT-1086x1536.png 1086w, https:\/\/agora.xtec.cat\/escolapablopicasso\/wp-content\/uploads\/usu295\/2025\/02\/PICASSO-EN-CONCERT-1448x2048.png 1448w, https:\/\/agora.xtec.cat\/escolapablopicasso\/wp-content\/uploads\/usu295\/2025\/02\/PICASSO-EN-CONCERT.png 1587w\" sizes=\"auto, (max-width: 724px) 100vw, 724px\" \/><\/a><\/p>\n<p><img loading=\"lazy\" decoding=\"async\" class=\"aligncenter wp-image-7154 size-large\" src=\"https:\/\/agora.xtec.cat\/escolapablopicasso\/wp-content\/uploads\/usu295\/2022\/12\/foto-1024x569.jpg\" alt=\"\" width=\"1024\" height=\"569\" srcset=\"https:\/\/agora.xtec.cat\/escolapablopicasso\/wp-content\/uploads\/usu295\/2022\/12\/foto-1024x569.jpg 1024w, https:\/\/agora.xtec.cat\/escolapablopicasso\/wp-content\/uploads\/usu295\/2022\/12\/foto-300x167.jpg 300w, https:\/\/agora.xtec.cat\/escolapablopicasso\/wp-content\/uploads\/usu295\/2022\/12\/foto-768x427.jpg 768w, https:\/\/agora.xtec.cat\/escolapablopicasso\/wp-content\/uploads\/usu295\/2022\/12\/foto-1536x854.jpg 1536w, https:\/\/agora.xtec.cat\/escolapablopicasso\/wp-content\/uploads\/usu295\/2022\/12\/foto.jpg 1915w\" sizes=\"auto, (max-width: 1024px) 100vw, 1024px\" \/><\/p>\n<p>A continuaci\u00f3, trobareu els v\u00eddeos del concert que vam fer el passat 14 de desembre al T.M.C:<\/p>\n<p><strong>-1r torn:<\/strong> 3rA, 4tA, 5\u00e8A i 5\u00e8C, 6\u00e8A (cliqueu <a href=\"https:\/\/view.genial.ly\/639f31fdaca26e00111b918b\/presentation-picasso-en-concert-1r-torn\">aqu\u00ed<\/a>)<\/p>\n<p><strong>-2n torn:<\/strong> I3, I4, I5, 1r, 2n (cliqueu <a href=\"https:\/\/view.genial.ly\/639a2a82a07dfb001296a2f6\/presentation-picasso-en-concert-2n-torn\">aqu\u00ed<\/a>)<\/p>\n<p><strong>-3r torn:<\/strong> 3rB, 4tB, 5\u00e8B, 6\u00e8B (cliqueu <a href=\"https:\/\/view.genial.ly\/639f3a59aca26e00111bbae7\/presentation-picasso-en-concert-3r-torn\">aqu\u00ed<\/a>)<\/p>\n<p>&nbsp;<\/p>\n<p><a href=\"https:\/\/agora.xtec.cat\/escolapablopicasso\/wp-content\/uploads\/usu295\/2022\/12\/IMG-20221214-WA0022.jpg\"><img loading=\"lazy\" decoding=\"async\" class=\"aligncenter size-full wp-image-7159\" src=\"https:\/\/agora.xtec.cat\/escolapablopicasso\/wp-content\/uploads\/usu295\/2022\/12\/IMG-20221214-WA0022.jpg\" alt=\"\" width=\"2000\" height=\"1128\" srcset=\"https:\/\/agora.xtec.cat\/escolapablopicasso\/wp-content\/uploads\/usu295\/2022\/12\/IMG-20221214-WA0022.jpg 2000w, https:\/\/agora.xtec.cat\/escolapablopicasso\/wp-content\/uploads\/usu295\/2022\/12\/IMG-20221214-WA0022-300x169.jpg 300w, https:\/\/agora.xtec.cat\/escolapablopicasso\/wp-content\/uploads\/usu295\/2022\/12\/IMG-20221214-WA0022-1024x578.jpg 1024w, https:\/\/agora.xtec.cat\/escolapablopicasso\/wp-content\/uploads\/usu295\/2022\/12\/IMG-20221214-WA0022-768x433.jpg 768w, https:\/\/agora.xtec.cat\/escolapablopicasso\/wp-content\/uploads\/usu295\/2022\/12\/IMG-20221214-WA0022-1536x866.jpg 1536w\" sizes=\"auto, (max-width: 2000px) 100vw, 2000px\" \/><\/a><\/p>\n<p>&nbsp;<\/p>\n<p><a href=\"https:\/\/agora.xtec.cat\/escolapablopicasso\/wp-content\/uploads\/usu295\/2022\/12\/Outer-Page.jpg\"><img loading=\"lazy\" decoding=\"async\" class=\"aligncenter size-large wp-image-7161\" src=\"https:\/\/agora.xtec.cat\/escolapablopicasso\/wp-content\/uploads\/usu295\/2022\/12\/Outer-Page-1024x724.jpg\" alt=\"\" width=\"1024\" height=\"724\" srcset=\"https:\/\/agora.xtec.cat\/escolapablopicasso\/wp-content\/uploads\/usu295\/2022\/12\/Outer-Page-1024x724.jpg 1024w, https:\/\/agora.xtec.cat\/escolapablopicasso\/wp-content\/uploads\/usu295\/2022\/12\/Outer-Page-300x212.jpg 300w, https:\/\/agora.xtec.cat\/escolapablopicasso\/wp-content\/uploads\/usu295\/2022\/12\/Outer-Page-768x543.jpg 768w, https:\/\/agora.xtec.cat\/escolapablopicasso\/wp-content\/uploads\/usu295\/2022\/12\/Outer-Page-1536x1086.jpg 1536w, https:\/\/agora.xtec.cat\/escolapablopicasso\/wp-content\/uploads\/usu295\/2022\/12\/Outer-Page.jpg 2000w\" sizes=\"auto, (max-width: 1024px) 100vw, 1024px\" \/><\/a><\/p>\n<p><a href=\"https:\/\/agora.xtec.cat\/escolapablopicasso\/wp-content\/uploads\/usu295\/2022\/12\/Inner-Page.jpg\"><img loading=\"lazy\" decoding=\"async\" class=\"aligncenter size-large wp-image-7162\" src=\"https:\/\/agora.xtec.cat\/escolapablopicasso\/wp-content\/uploads\/usu295\/2022\/12\/Inner-Page-1024x724.jpg\" alt=\"\" width=\"1024\" height=\"724\" srcset=\"https:\/\/agora.xtec.cat\/escolapablopicasso\/wp-content\/uploads\/usu295\/2022\/12\/Inner-Page-1024x724.jpg 1024w, https:\/\/agora.xtec.cat\/escolapablopicasso\/wp-content\/uploads\/usu295\/2022\/12\/Inner-Page-300x212.jpg 300w, https:\/\/agora.xtec.cat\/escolapablopicasso\/wp-content\/uploads\/usu295\/2022\/12\/Inner-Page-768x543.jpg 768w, https:\/\/agora.xtec.cat\/escolapablopicasso\/wp-content\/uploads\/usu295\/2022\/12\/Inner-Page-1536x1086.jpg 1536w, https:\/\/agora.xtec.cat\/escolapablopicasso\/wp-content\/uploads\/usu295\/2022\/12\/Inner-Page.jpg 2000w\" sizes=\"auto, (max-width: 1024px) 100vw, 1024px\" \/><\/a><\/p>\n<p>&nbsp;<\/p>\n<h3>2021<\/h3>\n<p><a href=\"https:\/\/agora.xtec.cat\/escolapablopicasso\/wp-content\/uploads\/usu295\/2025\/02\/PICASSO-EN-CONCERT.jpg\"><img loading=\"lazy\" decoding=\"async\" class=\"aligncenter wp-image-8244 size-large\" src=\"https:\/\/agora.xtec.cat\/escolapablopicasso\/wp-content\/uploads\/usu295\/2025\/02\/PICASSO-EN-CONCERT-724x1024.jpg\" alt=\"\" width=\"724\" height=\"1024\" srcset=\"https:\/\/agora.xtec.cat\/escolapablopicasso\/wp-content\/uploads\/usu295\/2025\/02\/PICASSO-EN-CONCERT-724x1024.jpg 724w, https:\/\/agora.xtec.cat\/escolapablopicasso\/wp-content\/uploads\/usu295\/2025\/02\/PICASSO-EN-CONCERT-212x300.jpg 212w, https:\/\/agora.xtec.cat\/escolapablopicasso\/wp-content\/uploads\/usu295\/2025\/02\/PICASSO-EN-CONCERT-768x1086.jpg 768w, https:\/\/agora.xtec.cat\/escolapablopicasso\/wp-content\/uploads\/usu295\/2025\/02\/PICASSO-EN-CONCERT-1086x1536.jpg 1086w, https:\/\/agora.xtec.cat\/escolapablopicasso\/wp-content\/uploads\/usu295\/2025\/02\/PICASSO-EN-CONCERT-1448x2048.jpg 1448w, https:\/\/agora.xtec.cat\/escolapablopicasso\/wp-content\/uploads\/usu295\/2025\/02\/PICASSO-EN-CONCERT.jpg 1587w\" sizes=\"auto, (max-width: 724px) 100vw, 724px\" \/><\/a><\/p>\n<p>Gui\u00f3, presentadors, veu, micr\u00f2fons, m\u00fasica, c\u00e0mara, pantalla, tel\u00f3, llums&#8230; Tot est\u00e0 preparat.<\/p>\n<p>Amb molts nervis i molta il\u00b7lusi\u00f3, els artistes pugen a l&#8217;escenari i interpreten les can\u00e7ons que tant han assajat durant aquestes \u00faltimes setmanes.<\/p>\n<p>Aqu\u00ed trobareu els videos del concert que vam fer el passat 10 de desembre al T.M.C:<\/p>\n<p><strong>-1r torn:<\/strong> 2nA, 3rA, 4tA, 5\u00e8A i 6\u00e8A (cliqueu <a href=\"https:\/\/view.genial.ly\/61bc42fc2349c40dd58ad634\/presentation-picasso-en-concert-1r-torn\">aqu\u00ed<\/a>)<\/p>\n<p><strong>-2n torn:<\/strong> 2nB, 3rB, 4tB, 5\u00e8B i 6\u00e8B (cliqueu <a href=\"https:\/\/view.genial.ly\/61baf10bb3f11b0e0659414c\/presentation-picasso-en-concert-2n-torn\">aqu\u00ed<\/a>)<\/p>\n<p><strong>-3r torn:<\/strong> P3, P4, P5, 1r, 4tC i 6\u00e8C (cliqueu <a href=\"https:\/\/view.genial.ly\/61bcb69674907f0e36a53a32\/presentation-picasso-en-concert-3r-torn\">aqu\u00ed<\/a>)<\/p>\n<p>-Triptic del concert (cliqueu <a href=\"https:\/\/drive.google.com\/file\/d\/1YmipWar8PWqqRc7W7H47cm9cK6rtp0jp\/view?usp=sharing\">aqu\u00ed<\/a>)<\/p>\n<p><strong>ATENCI\u00d3!!!!!!<\/strong><\/p>\n<p>Pr\u00f2xima actuaci\u00f3 (amb fam\u00edlies) <strong>dimarts 21 de desembre<\/strong> al pati de l&#8217;escola.<\/p>\n<p><img loading=\"lazy\" decoding=\"async\" class=\"aligncenter wp-image-6619 size-full\" src=\"https:\/\/agora.xtec.cat\/escolapablopicasso\/wp-content\/uploads\/usu295\/2021\/12\/unnamed.jpg\" alt=\"\" width=\"500\" height=\"185\" srcset=\"https:\/\/agora.xtec.cat\/escolapablopicasso\/wp-content\/uploads\/usu295\/2021\/12\/unnamed.jpg 500w, https:\/\/agora.xtec.cat\/escolapablopicasso\/wp-content\/uploads\/usu295\/2021\/12\/unnamed-300x111.jpg 300w\" sizes=\"auto, (max-width: 500px) 100vw, 500px\" \/><\/p>\n<p>&nbsp;<\/p>\n<h3>2020<\/h3>\n<p>Benvolgudes fam\u00edlies,<\/p>\n<p>Un cop m\u00e9s arribem al final d&#8217;un trimestre, el primer d&#8217;aquesta nova normalitat.<\/p>\n<p>\u00c9s cert que hem deixat de fer algunes coses degut a la situaci\u00f3 en la que estem; la darrera activitat que hagu\u00e9s tocat ara, al final de trimestre, seria el nostre concert d&#8217;hivern. Per\u00f2 no volem parlar m\u00e9s del que no podem fer&#8230;<\/p>\n<p>Hem muntat aquest video per desitjar-vos tot el millor per l&#8217;any vinent i per demostrar que som INVENCIBLES:<\/p>\n<p>-si no ens deixen cantar al teatre,&#8230; cantarem i ballarem a l&#8217;escola.<\/p>\n<p>-si hem d&#8217;anar amb mascareta,&#8230; buscarem les mirades m\u00e9s boniques.<\/p>\n<p>-i si no podem anar d&#8217;excursi\u00f3,&#8230; ens muntarem un viatge al voltant del m\u00f3n, a trav\u00e9s dels llibres i la nostra imaginaci\u00f3.<\/p>\n<p>Mirem amb ulls esperan\u00e7ats el nou any que comen\u00e7a!!!!<\/p>\n<p>BONES FESTES 2020-21!!!!<\/p>\n<p>L&#8217;escola Pablo Picasso<\/p>\n<p><iframe loading=\"lazy\" src=\"\/\/www.youtube.com\/embed\/plPflXfuHPs\" width=\"560\" height=\"314\" data-mce-fragment=\"1\"><\/iframe><\/p>\n<h3><\/h3>\n<h3>2019<\/h3>\n<p><a href=\"http:\/\/blocs.xtec.cat\/escolapablopicasso\/files\/2014\/12\/IMG_20141212_130039229.jpg\"><img loading=\"lazy\" decoding=\"async\" class=\"alignnone size-medium wp-image-1113\" src=\"http:\/\/blocs.xtec.cat\/escolapablopicasso\/files\/2014\/12\/IMG_20141212_130039229-300x168.jpg\" alt=\"IMG_20141212_130039229\" width=\"300\" height=\"168\" \/><\/a><\/p>\n<p>JA HA VINGUT !!!<\/p>\n<p>AQUEST MIGDIA, QUAN TOTHOM ERA AL MENJADOR DE L\u2019ESCOLA O CASA DINANT I HA VIST EL PASSAD\u00cdS BUIT, EL TI\u00d3 S\u2019HA INSTAL\u00b7LAT ENTRE LES JOGUINES!\u00a0ARA\u2026 JA SABEM QU\u00c8 HEM DE FER !!!POSAR-LI BON MENJAR\u00a0 DURANT UNS DIES PERQU\u00c8 ENS CAGUI COSES BEN BONES !!!<\/p>\n<p style=\"text-align: center;\"><tt>Caga ti\u00f3,<br \/>\nl'avellana i el piny\u00f3.<br \/>\nNo caguis arengades,<br \/>\nque s\u00f3n massa salades.<br \/>\nCaga torrons,<br \/>\nque s\u00f3n m\u00e9s bons.<br \/>\nCaga, caga, caga ti\u00f3<br \/>\no et donar\u00e9 un cop de bast\u00f3!<\/tt><\/p>\n<p>I tamb\u00e9 ja li hem fet cagar!!!<\/p>\n<p><iframe loading=\"lazy\" src=\"\/\/www.youtube.com\/embed\/WfU6W4VWhFA?feature=youtu\" width=\"560\" height=\"314\" data-mce-fragment=\"1\"><\/iframe><\/p>\n<h3><\/h3>\n<p>Tamb\u00e9 fem el concert intern perqu\u00e8 aix\u00ed tots els i les alumnes de l&#8217;escola poguessin gaudir de les can\u00e7ons que havien estat preparant durant el primer trimestre del curs.<\/p>\n<p>Ho van fer s\u00faper b\u00e9!!!<\/p>\n<p><iframe loading=\"lazy\" src=\"\/\/www.youtube.com\/embed\/lw-ktjaoxf4\" width=\"560\" height=\"314\" data-mce-fragment=\"1\"><\/iframe><\/p>\n<p>&nbsp;<\/p>\n<p>&nbsp;<\/p>\n","protected":false},"excerpt":{"rendered":"<p>2025<\/p>\n<p>A continuaci\u00f3 trobareu els v\u00eddeos del concert que vam fer el passat 15 de desembre al T.M.C.<br \/>\n-1r torn: 1r, 2n, 3r i 4t (cliqueu\u00a0<a href=\"https:\/\/drive.google.com\/file\/d\/11caR5Nq7QTzAdblOOyAcd87859mbc_8h\/view?usp=sharing\">aqu\u00ed<\/a>)<br \/>\n-2n torn: I3, I4, I5, 5\u00e8 i 6\u00e8 (cliqueu\u00a0<a href=\"https:\/\/drive.google.com\/file\/d\/1V9kBmRiWKAFO_I6VCFITQA4HLuSfbEZg\/view?usp=sharing\">aqu\u00ed<\/a>)<br \/>\nEsperem que torneu a gaudir d\u2019aquest meravell\u00f3s espectacle.<br \/>\nMoltes gr\u00e0cies per assistir-hi!!<\/p>\n<p>Us fem&hellip;  <a href=\"https:\/\/agora.xtec.cat\/escolapablopicasso\/festes\/nadal\/\" title=\"Read Picasso en concert\">Llegeix m\u00e9s\u00bb<\/a><\/p>\n","protected":false},"author":1,"featured_media":0,"parent":1802,"menu_order":0,"comment_status":"closed","ping_status":"closed","template":"page-templates\/side-menu.php","meta":{"_bbp_topic_count":0,"_bbp_reply_count":0,"_bbp_total_topic_count":0,"_bbp_total_reply_count":0,"_bbp_voice_count":0,"_bbp_anonymous_reply_count":0,"_bbp_topic_count_hidden":0,"_bbp_reply_count_hidden":0,"_bbp_forum_subforum_count":0,"footnotes":""},"class_list":["post-1747","page","type-page","status-publish","hentry"],"post_mailing_queue_ids":[],"_links":{"self":[{"href":"https:\/\/agora.xtec.cat\/escolapablopicasso\/wp-json\/wp\/v2\/pages\/1747","targetHints":{"allow":["GET"]}}],"collection":[{"href":"https:\/\/agora.xtec.cat\/escolapablopicasso\/wp-json\/wp\/v2\/pages"}],"about":[{"href":"https:\/\/agora.xtec.cat\/escolapablopicasso\/wp-json\/wp\/v2\/types\/page"}],"author":[{"embeddable":true,"href":"https:\/\/agora.xtec.cat\/escolapablopicasso\/wp-json\/wp\/v2\/users\/1"}],"replies":[{"embeddable":true,"href":"https:\/\/agora.xtec.cat\/escolapablopicasso\/wp-json\/wp\/v2\/comments?post=1747"}],"version-history":[{"count":7,"href":"https:\/\/agora.xtec.cat\/escolapablopicasso\/wp-json\/wp\/v2\/pages\/1747\/revisions"}],"predecessor-version":[{"id":8660,"href":"https:\/\/agora.xtec.cat\/escolapablopicasso\/wp-json\/wp\/v2\/pages\/1747\/revisions\/8660"}],"up":[{"embeddable":true,"href":"https:\/\/agora.xtec.cat\/escolapablopicasso\/wp-json\/wp\/v2\/pages\/1802"}],"wp:attachment":[{"href":"https:\/\/agora.xtec.cat\/escolapablopicasso\/wp-json\/wp\/v2\/media?parent=1747"}],"curies":[{"name":"wp","href":"https:\/\/api.w.org\/{rel}","templated":true}]}}