{"id":1745,"date":"2015-04-05T01:46:25","date_gmt":"2015-04-05T00:46:25","guid":{"rendered":"http:\/\/agora.xtec.cat\/escolapablopicasso\/?page_id=1745"},"modified":"2025-11-06T13:29:49","modified_gmt":"2025-11-06T12:29:49","slug":"castanyada-halloween","status":"publish","type":"page","link":"https:\/\/agora.xtec.cat\/escolapablopicasso\/festes\/castanyada-halloween\/","title":{"rendered":"Tardor Castanyada \/ Halloween"},"content":{"rendered":"<h3>TARDOR 2025<\/h3>\n<p>Ja ha arribat la tardor i al Picasso ho vivim molt intensament.<\/p>\n<p>A continuaci\u00f3 trobareu un tastet de l\u2019exposici\u00f3.<\/p>\n<p>Molt\u00edssimes gr\u00e0cies per la vostra visita i la vostra col\u00b7laboraci\u00f3.<\/p>\n<p>(cliqueu la imatge per accedir al video)<\/p>\n<p><a href=\"https:\/\/drive.google.com\/file\/d\/1NeDQWWaXaWKZVBudM1bqes9ghCt9Auw-\/view?usp=sharing\"><img loading=\"lazy\" decoding=\"async\" class=\"aligncenter wp-image-8540 size-full\" src=\"https:\/\/agora.xtec.cat\/escolapablopicasso\/wp-content\/uploads\/usu295\/2025\/10\/Exposicio-de-tardor.png\" sizes=\"auto, (max-width: 1269px) 100vw, 1269px\" srcset=\"https:\/\/agora.xtec.cat\/escolapablopicasso\/wp-content\/uploads\/usu295\/2025\/10\/Exposicio-de-tardor.png 1269w, https:\/\/agora.xtec.cat\/escolapablopicasso\/wp-content\/uploads\/usu295\/2025\/10\/Exposicio-de-tardor-300x169.png 300w, https:\/\/agora.xtec.cat\/escolapablopicasso\/wp-content\/uploads\/usu295\/2025\/10\/Exposicio-de-tardor-1024x575.png 1024w, https:\/\/agora.xtec.cat\/escolapablopicasso\/wp-content\/uploads\/usu295\/2025\/10\/Exposicio-de-tardor-768x432.png 768w\" alt=\"\" width=\"1269\" height=\"713\" \/><\/a><\/p>\n<p>&nbsp;<\/p>\n<p>Boo!!!! Quina por!!! Ja ha arribat Halloween al Picasso!!!<\/p>\n<p>Aquest curs hem tingut \u201cspiders\u201d, \u201cmonsters\u201d, \u201cpumpkins\u201d, \u201cFrankensteins\u201d, \u201cghosts\u201d, \u201cskeletons\u201d, \u201clanterns\u201d i \u201chaunted houses\u201d.<\/p>\n<p>Us volem agrair tamb\u00e9 la vostra participaci\u00f3 a l\u2019exposici\u00f3 de \u201cpumpkins\u201d. Thank You!!!!<\/p>\n<p>Si no vau poder visitar l\u2019exposici\u00f3, a continuaci\u00f3 podeu trobar un video resum (cliqueu la imatge):<\/p>\n<p><a href=\"https:\/\/drive.google.com\/file\/d\/1CcW3TNDAK15Ahb5Z20b-SxxybvMRmh7f\/view?usp=sharing\"><img loading=\"lazy\" decoding=\"async\" class=\"aligncenter size-full wp-image-8543\" src=\"https:\/\/agora.xtec.cat\/escolapablopicasso\/wp-content\/uploads\/usu295\/2025\/10\/Expo-Halloween.png\" sizes=\"auto, (max-width: 674px) 100vw, 674px\" srcset=\"https:\/\/agora.xtec.cat\/escolapablopicasso\/wp-content\/uploads\/usu295\/2025\/10\/Expo-Halloween.png 674w, https:\/\/agora.xtec.cat\/escolapablopicasso\/wp-content\/uploads\/usu295\/2025\/10\/Expo-Halloween-300x166.png 300w\" alt=\"\" width=\"674\" height=\"372\" \/><\/a><\/p>\n<h3><\/h3>\n<h3>TARDOR 2024<\/h3>\n<p>Ja ha arribat la tardor i al Picasso ho vivim molt intensament.<\/p>\n<p>A continuaci\u00f3 trobareu un resum de l\u2019exposici\u00f3 i els seus diferents escenaris (Land Art a Educaci\u00f3 Infantil, la tardor m\u00e9s tradicional a Cicle Inicial i Cicle Mitj\u00e0, la tardor a altres pa\u00efsos a Cicle Superior, Halloween al menjador\u2026)<\/p>\n<p>Molt\u00edssimes gr\u00e0cies per la vostra visita i la vostra col\u00b7laboraci\u00f3.<\/p>\n<p>(cliqueu la imatge per accedir al video)<\/p>\n<p><a href=\"https:\/\/drive.google.com\/file\/d\/1sobSV0QRK7gPGEyCRX0jPfgO1dItzqJg\/view?usp=sharing\"><img loading=\"lazy\" decoding=\"async\" class=\"aligncenter size-full wp-image-8115\" src=\"https:\/\/agora.xtec.cat\/escolapablopicasso\/wp-content\/uploads\/usu295\/2024\/11\/Exposicio-de-tardor-2024.png\" sizes=\"auto, (max-width: 763px) 100vw, 763px\" srcset=\"https:\/\/agora.xtec.cat\/escolapablopicasso\/wp-content\/uploads\/usu295\/2024\/11\/Exposicio-de-tardor-2024.png 763w, https:\/\/agora.xtec.cat\/escolapablopicasso\/wp-content\/uploads\/usu295\/2024\/11\/Exposicio-de-tardor-2024-300x166.png 300w\" alt=\"\" width=\"763\" height=\"422\" \/><\/a><\/p>\n<p>El passat dimecres 30 i dijous 31 d\u2019octubre vam tenir l\u2019exposici\u00f3 de Halloween del Picasso.<\/p>\n<p>Aquest curs hem tingut \u201cspiders\u201d, \u201cbats\u201d, \u201cpumpkins\u201d, \u201cmagic potions\u201d, \u201cscary names\u201d i \u201cspooky portraits\u201d.<\/p>\n<p>Us volem agrair tamb\u00e9 la vostra participaci\u00f3 a l\u2019exposici\u00f3 de \u201cpumpkins\u201d, i la posterior venda de carbasses per aconseguir diners per anar de col\u00f2nies. Thank You!!!!<\/p>\n<p><a href=\"https:\/\/agora.xtec.cat\/escolapablopicasso\/wp-content\/uploads\/usu295\/2024\/11\/1730461462970.png\"><img loading=\"lazy\" decoding=\"async\" class=\"aligncenter size-full wp-image-8108\" src=\"https:\/\/agora.xtec.cat\/escolapablopicasso\/wp-content\/uploads\/usu295\/2024\/11\/1730461462970.png\" sizes=\"auto, (max-width: 1000px) 100vw, 1000px\" srcset=\"https:\/\/agora.xtec.cat\/escolapablopicasso\/wp-content\/uploads\/usu295\/2024\/11\/1730461462970.png 1000w, https:\/\/agora.xtec.cat\/escolapablopicasso\/wp-content\/uploads\/usu295\/2024\/11\/1730461462970-300x169.png 300w, https:\/\/agora.xtec.cat\/escolapablopicasso\/wp-content\/uploads\/usu295\/2024\/11\/1730461462970-768x432.png 768w\" alt=\"\" width=\"1000\" height=\"563\" \/><\/a><\/p>\n<p>Si no vau poder visitar l\u2019exposici\u00f3, a continuaci\u00f3 podeu trobar un tastet (cliqueu la imatge):<\/p>\n<p><a href=\"https:\/\/drive.google.com\/file\/d\/1Pj1nBJh_dS5husqIVSxsM1sGIO2Nby6V\/view?usp=sharing\"><img loading=\"lazy\" decoding=\"async\" class=\"aligncenter wp-image-8109 size-full\" src=\"https:\/\/agora.xtec.cat\/escolapablopicasso\/wp-content\/uploads\/usu295\/2024\/11\/Halloween-al-Picasso.png\" sizes=\"auto, (max-width: 951px) 100vw, 951px\" srcset=\"https:\/\/agora.xtec.cat\/escolapablopicasso\/wp-content\/uploads\/usu295\/2024\/11\/Halloween-al-Picasso.png 951w, https:\/\/agora.xtec.cat\/escolapablopicasso\/wp-content\/uploads\/usu295\/2024\/11\/Halloween-al-Picasso-300x166.png 300w, https:\/\/agora.xtec.cat\/escolapablopicasso\/wp-content\/uploads\/usu295\/2024\/11\/Halloween-al-Picasso-768x426.png 768w\" alt=\"\" width=\"951\" height=\"527\" \/><\/a><\/p>\n<h3><\/h3>\n<h3>TARDOR 2023<\/h3>\n<p>Com cada any, la nostra escola es vesteix amb colors de tardor.\u00a0Fulles, carbasses, pomes, nous i castanyes omplen els nostres passadissos.<\/p>\n<p>Molt\u00edssimes gr\u00e0cies per la vostra participaci\u00f3 i col\u00b7laboraci\u00f3.\u00a0Si us la vau perdre o, simplement la voleu tornar a veure, aqu\u00ed teniu un v\u00eddeo resum:<\/p>\n<p>(cliqueu la imatge si voleu accedir al v\u00eddeo de l\u2019Exposici\u00f3 de Tardor)<\/p>\n<p><a href=\"https:\/\/drive.google.com\/file\/d\/1KmLqCqUs7A49R-LHhNdUuV4m7RwlSdQ4\/view?usp=drive_link\"><img loading=\"lazy\" decoding=\"async\" class=\"aligncenter size-full wp-image-7605\" src=\"https:\/\/agora.xtec.cat\/escolapablopicasso\/wp-content\/uploads\/usu295\/2023\/10\/Expo-Tardor.png\" sizes=\"auto, (max-width: 953px) 100vw, 953px\" srcset=\"https:\/\/agora.xtec.cat\/escolapablopicasso\/wp-content\/uploads\/usu295\/2023\/10\/Expo-Tardor.png 953w, https:\/\/agora.xtec.cat\/escolapablopicasso\/wp-content\/uploads\/usu295\/2023\/10\/Expo-Tardor-300x221.png 300w, https:\/\/agora.xtec.cat\/escolapablopicasso\/wp-content\/uploads\/usu295\/2023\/10\/Expo-Tardor-768x567.png 768w\" alt=\"\" width=\"953\" height=\"703\" \/><\/a><\/p>\n<p>&nbsp;<\/p>\n<p>(cliqueu la imatge si voleu accedir al v\u00eddeo de l\u2019Exposici\u00f3 de Halloween)<\/p>\n<p><a href=\"https:\/\/drive.google.com\/file\/d\/1y49Qkl1Sx9_k0D6JK0iFEUZJADXXJa_y\/view?usp=drive_link\"><img loading=\"lazy\" decoding=\"async\" class=\"aligncenter size-full wp-image-7603\" src=\"https:\/\/agora.xtec.cat\/escolapablopicasso\/wp-content\/uploads\/usu295\/2023\/10\/Expo-Halloween.png\" sizes=\"auto, (max-width: 1097px) 100vw, 1097px\" srcset=\"https:\/\/agora.xtec.cat\/escolapablopicasso\/wp-content\/uploads\/usu295\/2023\/10\/Expo-Halloween.png 1097w, https:\/\/agora.xtec.cat\/escolapablopicasso\/wp-content\/uploads\/usu295\/2023\/10\/Expo-Halloween-300x165.png 300w, https:\/\/agora.xtec.cat\/escolapablopicasso\/wp-content\/uploads\/usu295\/2023\/10\/Expo-Halloween-1024x565.png 1024w, https:\/\/agora.xtec.cat\/escolapablopicasso\/wp-content\/uploads\/usu295\/2023\/10\/Expo-Halloween-768x424.png 768w\" alt=\"\" width=\"1097\" height=\"605\" \/><\/a><\/p>\n<p>&nbsp;<\/p>\n<p>I si us atreviu, podeu tornar a reviure el Room Tour de Halloween\u00a0<a href=\"https:\/\/agora.xtec.cat\/escolapablopicasso\/general\/halloween-2023\/\">aqu\u00ed<\/a>.<\/p>\n<h3><\/h3>\n<p>&nbsp;<\/p>\n<h3>TARDOR 2022<\/h3>\n<p>Quin goig veure l\u2019escola tan maca!!!<\/p>\n<p>Gr\u00e0cies a totes les fam\u00edlies que heu col\u00b7laborat i que heu visitat durant aquests dos dies \u201cl\u2019Exposici\u00f3 de Tardor\u201d<\/p>\n<p>Si us la vau perdre o, simplement la voleu tornar a veure, aqu\u00ed teniu un v\u00eddeo resum:<\/p>\n<p><iframe loading=\"lazy\" src=\"https:\/\/www.youtube.com\/embed\/c1v9FgTv-WA\" width=\"560\" height=\"314\" allowfullscreen=\"allowfullscreen\" data-mce-fragment=\"1\"><\/iframe><\/p>\n<p><iframe loading=\"lazy\" src=\"https:\/\/www.youtube.com\/embed\/gwPYvv8Hm_k\" width=\"560\" height=\"314\" allowfullscreen=\"allowfullscreen\" data-mce-fragment=\"1\"><\/iframe><\/p>\n<p>&nbsp;<\/p>\n<h3>TARDOR 2021<\/h3>\n<p>Tot i que continuem celebrant les festes adaptades a la situaci\u00f3 actual (activitats a l&#8217;exterior, grups bombolla, mascareta..) us volem fer part\u00edcips d&#8217;all\u00f2 que s&#8217;ha fet a l&#8217;escola durant aquestes setmanes i en especial, aquest divendres com la visita a l&#8217;exposici\u00f3, danses, tallers de cuina, bingo de tardor, berenar de tardor, jocs de taula, contes, cinema i gimcanes. Aquestes activitats les trobareu al bloc dels diferents grups.<\/p>\n<p>La Castanyada \u00e9s una festa de tardor i aquesta estaci\u00f3 de l&#8217;any \u00e9s molt rica en canvis a la natura, alimentaci\u00f3, tradicions&#8230; i per aix\u00f2 continuarem treballant la tardor durant la resta del trimestre.<\/p>\n<p>Aqu\u00ed teniu un v\u00eddeo amb el recull de fotos de l&#8217;exposici\u00f3:<iframe loading=\"lazy\" src=\"\/\/www.youtube.com\/embed\/Tnv7jYgZ2gM\" width=\"560\" height=\"314\" allowfullscreen=\"allowfullscreen\" data-mce-fragment=\"1\"><\/iframe><\/p>\n<h3>HALLOWEEN 2021<\/h3>\n<p>Happy Halloween!!!!<\/p>\n<p>Is it scary???? Al passad\u00eds d&#8217;Angl\u00e8s us trobareu amb Spiders, Wizards, Witches, Pumpkins, Lanterns, Surprise Big Mouth, Owls i Pennants. I tot relacionat amb la saga liter\u00e0ria de &#8220;Harry Potter&#8221;.<\/p>\n<p><iframe loading=\"lazy\" src=\"\/\/www.youtube.com\/embed\/vWcCa3EuRDI\" width=\"560\" height=\"314\" allowfullscreen=\"allowfullscreen\" data-mce-fragment=\"1\"><\/iframe><\/p>\n<p>Us ha agradat??? Pr\u00f2ximament, el nostre passad\u00eds es convertir\u00e0 en l&#8217;estaci\u00f3 on agafarem el Hogwarts Express. Molt atents!!!<\/p>\n<p>&nbsp;<\/p>\n<h3>TARDOR 2020<\/h3>\n<p><span style=\"font-weight: 400;\">Torna la tardor, torna la CASTANYADA&#8230;\u00a0 i torna la nostra exposici\u00f3.<\/span><\/p>\n<p><span style=\"font-weight: 400;\">Hola fam\u00edlies, ja us hauran explicat els vostres fills i filles que la setmana passada vam estar decorant l\u2019escola amb motius de tardor i que el divendres vam celebrar la CASTANYADA.<\/span><\/p>\n<p><span style=\"font-weight: 400;\">\u00c9s cert que no ho hem pogut fer com els altres anys&#8230;.<\/span><\/p>\n<p><span style=\"font-weight: 400;\">\u00c9s cert que tampoc hem pogut compartir berenar i activitats amb companys i companyes d&#8217;altres grups&#8230;<\/span><\/p>\n<p><span style=\"font-weight: 400;\">Tamb\u00e9 \u00e9s cert que les fam\u00edlies no heu pogut entrar a l&#8217;escola per veure les nostres feines i compartir una estona amb altres fam\u00edlies i mestres en uns moments relaxats i de gaudi&#8230;<\/span><\/p>\n<p><span style=\"font-weight: 400;\">Per\u00f2, a continuaci\u00f3, us presentem el v\u00eddeo que recull una mostra de tot el que hem anat fent per treballar la tardor.<\/span><\/p>\n<p style=\"text-align: center;\"><iframe loading=\"lazy\" src=\"\/\/www.youtube.com\/embed\/NJjgi38gBS0\" width=\"560\" height=\"314\" data-mce-fragment=\"1\"><\/iframe><\/p>\n<p><span style=\"font-weight: 400;\">Aquest ser\u00e0 el primer de molts v\u00eddeos que anirem penjant a la web de l\u2019escola. Els temps que estem vivint ens obliguen a prendre mesures alternatives. La vida al centre continua respectant, el m\u00e0xim possible, les tradicions habituals tot i que hem de fer-ho de manera diferent. Sort de les noves tecnologies! que ens permeten mantenir viu aquest contacte per poder continuar la relaci\u00f3 fam\u00edlia-escola que \u00e9s tan important.<\/span><\/p>\n<p><span style=\"font-weight: 400;\">Esperem que gaudiu del v\u00eddeo i que els vostres infants aprofitin per explicar tot all\u00f2 que han fet.\u00a0<\/span><\/p>\n<p><span style=\"font-weight: 400;\">No us perdeu les noves entregues d\u2019aquesta s\u00e8rie de petites mostres de la nostra vida al PICASSO.\u00a0<\/span><\/p>\n<p>&nbsp;<\/p>\n<h3>TARDOR 2019<\/h3>\n<p>Aqu\u00ed teniu les fotos de la festa de l\u2019exposici\u00f3 de la Castanyada que els\/les nostres alumnes han estat preparant aquests dies!<\/p>\n<p>Mireu qu\u00e8 b\u00e9 ho han fet!<\/p>\n<p>Moltes gr\u00e0cies per la vostra participaci\u00f3 i tamb\u00e9 gr\u00e0cies per venir a veure els nostres tastets de tardor!!<\/p>\n<p><iframe loading=\"lazy\" src=\"\/\/www.youtube.com\/embed\/M3ap-Z2LacU\" width=\"560\" height=\"314\" data-mce-fragment=\"1\"><\/iframe><\/p>\n<p>&nbsp;<\/p>\n<h3>HALLOWEEN 2019<img loading=\"lazy\" decoding=\"async\" class=\"alignright\" src=\"http:\/\/blocs.xtec.cat\/escolapablopicasso\/files\/2014\/11\/feliz-halloween-300x179.gif\" alt=\"\" width=\"300\" height=\"179\" \/><\/h3>\n<p>Com cada any, els\/les nostres alumnes han fet unes manualitats xul\u00edssimes que decoren l\u2019aula d\u2019angl\u00e8s.<\/p>\n<p>A m\u00e9s, s\u2019han superat un any m\u00e9s, fent unes carbasses s\u00faperoriginals! S\u00f3n uns\/es artistes!!! Moltes gr\u00e0cies a tots\/es!!!!!!!!!<\/p>\n<p>Tamb\u00e9 podreu veure a les fam\u00edlies visitant l\u2019exposici\u00f3! Gr\u00e0cies per venir!<\/p>\n<p>Witches and wizards, skeletons, rats, mummies, Frankensteins, monsters, cats and ghosts. I aix\u00ed va quedar l&#8217;exposici\u00f3 de Halloween&#8230;<\/p>\n<p><iframe loading=\"lazy\" src=\"\/\/www.youtube.com\/embed\/WSig7mDmpoc\" width=\"560\" height=\"314\"><\/iframe><\/p>\n<p>&nbsp;<\/p>\n","protected":false},"excerpt":{"rendered":"<p>TARDOR 2025<br \/>\nJa ha arribat la tardor i al Picasso ho vivim molt intensament.<br \/>\nA continuaci\u00f3 trobareu un tastet de l\u2019exposici\u00f3.<br \/>\nMolt\u00edssimes gr\u00e0cies per la vostra visita i la vostra col\u00b7laboraci\u00f3.<br \/>\n(cliqueu la imatge per accedir al video)<br \/>\n<a href=\"https:\/\/drive.google.com\/file\/d\/1NeDQWWaXaWKZVBudM1bqes9ghCt9Auw-\/view?usp=sharing\"><\/a><br \/>\n&nbsp;<br \/>\nBoo!!!! Quina por!!! Ja ha arribat Halloween al Picasso!!!<br \/>\nAquest curs hem&hellip;  <a href=\"https:\/\/agora.xtec.cat\/escolapablopicasso\/festes\/castanyada-halloween\/\" title=\"Read Tardor Castanyada \/ Halloween\">Llegeix m\u00e9s\u00bb<\/a><\/p>\n","protected":false},"author":1,"featured_media":0,"parent":1802,"menu_order":0,"comment_status":"closed","ping_status":"closed","template":"page-templates\/side-menu.php","meta":{"_bbp_topic_count":0,"_bbp_reply_count":0,"_bbp_total_topic_count":0,"_bbp_total_reply_count":0,"_bbp_voice_count":0,"_bbp_anonymous_reply_count":0,"_bbp_topic_count_hidden":0,"_bbp_reply_count_hidden":0,"_bbp_forum_subforum_count":0,"footnotes":""},"class_list":["post-1745","page","type-page","status-publish","hentry"],"post_mailing_queue_ids":[],"_links":{"self":[{"href":"https:\/\/agora.xtec.cat\/escolapablopicasso\/wp-json\/wp\/v2\/pages\/1745","targetHints":{"allow":["GET"]}}],"collection":[{"href":"https:\/\/agora.xtec.cat\/escolapablopicasso\/wp-json\/wp\/v2\/pages"}],"about":[{"href":"https:\/\/agora.xtec.cat\/escolapablopicasso\/wp-json\/wp\/v2\/types\/page"}],"author":[{"embeddable":true,"href":"https:\/\/agora.xtec.cat\/escolapablopicasso\/wp-json\/wp\/v2\/users\/1"}],"replies":[{"embeddable":true,"href":"https:\/\/agora.xtec.cat\/escolapablopicasso\/wp-json\/wp\/v2\/comments?post=1745"}],"version-history":[{"count":6,"href":"https:\/\/agora.xtec.cat\/escolapablopicasso\/wp-json\/wp\/v2\/pages\/1745\/revisions"}],"predecessor-version":[{"id":8555,"href":"https:\/\/agora.xtec.cat\/escolapablopicasso\/wp-json\/wp\/v2\/pages\/1745\/revisions\/8555"}],"up":[{"embeddable":true,"href":"https:\/\/agora.xtec.cat\/escolapablopicasso\/wp-json\/wp\/v2\/pages\/1802"}],"wp:attachment":[{"href":"https:\/\/agora.xtec.cat\/escolapablopicasso\/wp-json\/wp\/v2\/media?parent=1745"}],"curies":[{"name":"wp","href":"https:\/\/api.w.org\/{rel}","templated":true}]}}