{"id":4138,"date":"2025-01-03T14:36:26","date_gmt":"2025-01-03T13:36:26","guid":{"rendered":"https:\/\/agora.xtec.cat\/escolamontserratsola\/?page_id=4138"},"modified":"2025-01-04T13:48:52","modified_gmt":"2025-01-04T12:48:52","slug":"projecte-re-natura-mataro","status":"publish","type":"page","link":"https:\/\/agora.xtec.cat\/escolamontserratsola\/transformem-el-nostre-pati\/projecte-re-natura-mataro\/","title":{"rendered":"Projecte Re-Natura Matar\u00f3"},"content":{"rendered":"<p>El 2022, el projecte d\u2019Adaptaci\u00f3 de les escoles al canvi clim\u00e0tic va ser seleccionat en la votaci\u00f3 dels Pressupostos participatius de l\u2019Ajuntament de Matar\u00f3. Aquest projecte est\u00e0 emmarcat en el projecte <strong>Re-Natura Matar\u00f3<\/strong> que t\u00e9 com a objectiu la renaturalitzaci\u00f3 i resili\u00e8ncia dels espais periurbans i urbans de Matar\u00f3, entre els quals es troben els patis de les escoles de la ciutat.<\/p>\n<p>A finals del curs 2023-2024 v\u00e0rem respondre una enquesta per donar a con\u00e8ixer les necessitats del nostre pati i v\u00e0rem aprofitar per enviar <span style=\"text-decoration: underline;\"><a href=\"https:\/\/agora.xtec.cat\/escolamontserratsola\/transformem-el-nostre-pati\/fase-2-disseny\/el-projecte-de-transformacio-del-nostre-pati\/\">el nostre projecte escrit de transformaci\u00f3 del pati<\/a><\/span>. Al novembre del 2023 ens varen convocar a una reuni\u00f3, juntament amb totes les escoles p\u00fabliques de la ciutat per explicar-nos el projecte. De la nostra escola hi van assistir dues representants de l\u2019equip de direcci\u00f3, representants de l\u2019AFA i del comit\u00e8 ambiental.<\/p>\n<p>El dia 28 de novembre de 2024, l\u2019equip redactor del projecte Re-Natura Matar\u00f3 <strong>\u201cAdaptaci\u00f3 dels patis escolars com a refugis clim\u00e0tics i espais educatius de <\/strong><strong>biodiversitat\u201d<\/strong> va fer una visita a la nostra escola per corroborar l&#8217;estat actual del pati, detectar les instal\u00b7lacions existents i decidir la intervenci\u00f3 a fer. Durant la visita, l&#8217;equip va plantejar una primera proposta.<\/p>\n<p>Dies m\u00e9s tard, el 9 de desembre, la Direcci\u00f3 d\u2019Equipaments i Espais P\u00fablics del Servei Educatiu de l\u2019Ajuntament de Matar\u00f3 ens va convocar a una trobada per fer-nos un retorn de l\u2019avantprojecte i con\u00e8ixer les intervencions concretes a desenvolupar. A la trobada hi van assistir representants de tots els sectors de la nostra comunitat educativa: les alumnes Alba i Anna, com a Consellera del Consell Municipal d\u2019Infants i representant de l\u2019alumnat respectivament, la Isa com a representant de l\u2019equip de direcci\u00f3, la Laia com a representant de les fam\u00edlies, l\u2019Ada com a representant de l&#8217;equip de mestres i la Ros\u00f3 com a representant de l&#8217;equip de monitoratge de l&#8217;espai de migdia i activitats de lleure educatiu.<\/p>\n<p><a href=\"https:\/\/agora.xtec.cat\/escolamontserratsola\/wp-content\/uploads\/usu1322\/2025\/01\/Fotos-trans-pati-1.jpeg\"><img loading=\"lazy\" decoding=\"async\" class=\"alignnone size-medium wp-image-4126\" src=\"https:\/\/agora.xtec.cat\/escolamontserratsola\/wp-content\/uploads\/usu1322\/2025\/01\/Fotos-trans-pati-1-225x300.jpeg\" alt=\"\" width=\"225\" height=\"300\" srcset=\"https:\/\/agora.xtec.cat\/escolamontserratsola\/wp-content\/uploads\/usu1322\/2025\/01\/Fotos-trans-pati-1-225x300.jpeg 225w, https:\/\/agora.xtec.cat\/escolamontserratsola\/wp-content\/uploads\/usu1322\/2025\/01\/Fotos-trans-pati-1-768x1024.jpeg 768w, https:\/\/agora.xtec.cat\/escolamontserratsola\/wp-content\/uploads\/usu1322\/2025\/01\/Fotos-trans-pati-1.jpeg 1024w\" sizes=\"auto, (max-width: 225px) 100vw, 225px\" \/><\/a> <a href=\"https:\/\/agora.xtec.cat\/escolamontserratsola\/wp-content\/uploads\/usu1322\/2025\/01\/Fotos-trans-pati-11.jpeg\"><img loading=\"lazy\" decoding=\"async\" class=\"alignnone size-medium wp-image-4128\" src=\"https:\/\/agora.xtec.cat\/escolamontserratsola\/wp-content\/uploads\/usu1322\/2025\/01\/Fotos-trans-pati-11-225x300.jpeg\" alt=\"\" width=\"225\" height=\"300\" srcset=\"https:\/\/agora.xtec.cat\/escolamontserratsola\/wp-content\/uploads\/usu1322\/2025\/01\/Fotos-trans-pati-11-225x300.jpeg 225w, https:\/\/agora.xtec.cat\/escolamontserratsola\/wp-content\/uploads\/usu1322\/2025\/01\/Fotos-trans-pati-11-768x1024.jpeg 768w, https:\/\/agora.xtec.cat\/escolamontserratsola\/wp-content\/uploads\/usu1322\/2025\/01\/Fotos-trans-pati-11.jpeg 1024w\" sizes=\"auto, (max-width: 225px) 100vw, 225px\" \/><\/a><\/p>\n<p>L\u2019avantprojecte, elaborat per un equip expert en disseny, jardineria i arquitectura, inclou les seg\u00fcents propostes:<\/p>\n<h6>Talussos terrassats<\/h6>\n<p>Es planteja reduir la pista actual per crear una topografia verda i permeable amb materials diversos, dotant l\u2019espai, actualment pla, de formes org\u00e0niques. Aquestes permetran als infants seure, jugar, experimentar, imaginar, crear nous jocs i formes de socialitzaci\u00f3, fomentant tamb\u00e9 la psicomotricitat.<\/p>\n<p>La naturalitzaci\u00f3 del terreny aportar\u00e0:<\/p>\n<ul>\n<li>Floracions i coloracions variables de fulles.<\/li>\n<li>Diversitat de textures, formes i colors.<\/li>\n<li>Increment de la biodiversitat.<\/li>\n<\/ul>\n<p>A m\u00e9s a m\u00e9s, es proposa la creaci\u00f3 de zones d\u2019ombra amb noves plantacions, fet que permetr\u00e0 generar espais tranquils i aules exteriors, millorant el confort t\u00e8rmic i facilitant activitats amb un component pedag\u00f2gic i l\u00fadic.<\/p>\n<h6>Creaci\u00f3 d\u2019espais d\u2019ombra<\/h6>\n<p>Es preveu la plantaci\u00f3 d\u2019esp\u00e8cies arb\u00f2ries i arbustives per apropar la natura al pati escolar, oferint als infants l\u2019oportunitat de con\u00e8ixer el valor ambiental, est\u00e8tic i funcional de la vegetaci\u00f3. Aquests s\u00f3n els criteris per a la plantaci\u00f3:<\/p>\n<ul>\n<li>Preparar el terreny amb terra vegetal rica en nutrients i ben airejada.<\/li>\n<li>Assegurar un bon drenatge del s\u00f2l.<\/li>\n<\/ul>\n<p>L\u2019increment d\u2019ombra ajudar\u00e0 a regular la temperatura, beneficiant la salut dels infants i millorant la qualitat de les activitats a l\u2019aire lliure.<\/p>\n<h6>Vegetaci\u00f3 integrada en el mobiliari<\/h6>\n<p>Si el pressupost ho permet, es preveu instal\u00b7lar m\u00f2duls revestits de fusta que inclourien diferents tipus de vegetaci\u00f3. Aquest espai tindria un gran valor pedag\u00f2gic, ja que permetria als infants desenvolupar actituds responsables vers el medi ambient i a experimentar de manera vivencial amb la natura. Tamb\u00e9 els permetria estirar-s&#8217;hi, seure-hi&#8230; per llegir, jugar, conversar&#8230;<\/p>\n<p><a href=\"https:\/\/agora.xtec.cat\/escolamontserratsola\/wp-content\/uploads\/usu1322\/2025\/01\/Fotos-trans-pati-2.jpg\"><img loading=\"lazy\" decoding=\"async\" class=\"alignnone size-medium wp-image-4127\" src=\"https:\/\/agora.xtec.cat\/escolamontserratsola\/wp-content\/uploads\/usu1322\/2025\/01\/Fotos-trans-pati-2-300x212.jpg\" alt=\"\" width=\"300\" height=\"212\" srcset=\"https:\/\/agora.xtec.cat\/escolamontserratsola\/wp-content\/uploads\/usu1322\/2025\/01\/Fotos-trans-pati-2-300x212.jpg 300w, https:\/\/agora.xtec.cat\/escolamontserratsola\/wp-content\/uploads\/usu1322\/2025\/01\/Fotos-trans-pati-2-768x542.jpg 768w, https:\/\/agora.xtec.cat\/escolamontserratsola\/wp-content\/uploads\/usu1322\/2025\/01\/Fotos-trans-pati-2.jpg 1024w\" sizes=\"auto, (max-width: 300px) 100vw, 300px\" \/><\/a> <a href=\"https:\/\/agora.xtec.cat\/escolamontserratsola\/wp-content\/uploads\/usu1322\/2025\/01\/Fotos-trans-pati-1.jpg\"><img loading=\"lazy\" decoding=\"async\" class=\"alignnone size-medium wp-image-4125\" src=\"https:\/\/agora.xtec.cat\/escolamontserratsola\/wp-content\/uploads\/usu1322\/2025\/01\/Fotos-trans-pati-1-300x212.jpg\" alt=\"\" width=\"300\" height=\"212\" srcset=\"https:\/\/agora.xtec.cat\/escolamontserratsola\/wp-content\/uploads\/usu1322\/2025\/01\/Fotos-trans-pati-1-300x212.jpg 300w, https:\/\/agora.xtec.cat\/escolamontserratsola\/wp-content\/uploads\/usu1322\/2025\/01\/Fotos-trans-pati-1-768x542.jpg 768w, https:\/\/agora.xtec.cat\/escolamontserratsola\/wp-content\/uploads\/usu1322\/2025\/01\/Fotos-trans-pati-1.jpg 1024w\" sizes=\"auto, (max-width: 300px) 100vw, 300px\" \/><\/a><\/p>\n<p>El pressupost destinat a l\u2019adaptaci\u00f3 dels 31 patis escolars de Matar\u00f3 com a refugis clim\u00e0tics i espais educatius de biodiversitat \u00e9s de 550.000 \u20ac.<\/p>\n<p>Durant la reuni\u00f3, les persones assistents vam plantejar algunes observacions i propostes concretes, d\u2019acord amb el que s\u2019havia acordat pr\u00e8viament en la trobada amb l\u2019equip impulsor de patis:<\/p>\n<ul>\n<li>Respectar els dos camps d\u2019activitats esportives (handbol i b\u00e0squet) amb la mida necess\u00e0ria de 20&#215;13 metres per a cadascun d&#8217;ells.<\/li>\n<li>Reduir uns dos metres addicionals de la pista al costat del mur per dotar aquella zona en un futur, de vegetaci\u00f3 i estructures de joc integrades a la paret.<\/li>\n<\/ul>\n<p>Aquestes propostes seran estudiades pels arquitectes t\u00e8cnics i es valorar\u00e0 la seva viabilitat. Ens informaran del projecte final un cop estigui enllestit.<\/p>\n<p>L\u2019objectiu \u00e9s que les actuacions estiguin completades abans de finalitzar l\u2019any 2025.\u00a0Ens informaran amb suficient antelaci\u00f3 sobre els terminis i detalls concrets.<\/p>\n<p>El projecte <strong>Re-Natura Matar\u00f3<\/strong> compta amb el suport de la Fundaci\u00f3n Biodiversidad del Ministerio para la Transici\u00f3n Ecol\u00f3gica y el Reto Demogr\u00e1fico (MITECO) en el marc del Pla de Recuperaci\u00f3,\u00a0 Transformaci\u00f3 i Resili\u00e8ncia (PRTR), finan\u00e7at per la Uni\u00f3 Europea \u2013 NextGenerationEU.<\/p>\n","protected":false},"excerpt":{"rendered":"<p>El 2022, el projecte d\u2019Adaptaci\u00f3 de les escoles al canvi clim\u00e0tic va ser seleccionat en la votaci\u00f3 dels Pressupostos participatius de l\u2019Ajuntament de Matar\u00f3. Aquest projecte est\u00e0 emmarcat en el projecte Re-Natura Matar\u00f3 que t\u00e9 com a objectiu la renaturalitzaci\u00f3 i resili\u00e8ncia dels espais periurbans i urbans de Matar\u00f3, entre els quals es troben els [&hellip;]<\/p>\n","protected":false},"author":1,"featured_media":0,"parent":2440,"menu_order":5,"comment_status":"closed","ping_status":"closed","template":"page-templates\/side-menu.php","meta":{"_bbp_topic_count":0,"_bbp_reply_count":0,"_bbp_total_topic_count":0,"_bbp_total_reply_count":0,"_bbp_voice_count":0,"_bbp_anonymous_reply_count":0,"_bbp_topic_count_hidden":0,"_bbp_reply_count_hidden":0,"_bbp_forum_subforum_count":0,"site-sidebar-layout":"default","site-content-layout":"","ast-site-content-layout":"","site-content-style":"default","site-sidebar-style":"default","ast-global-header-display":"","ast-banner-title-visibility":"","ast-main-header-display":"","ast-hfb-above-header-display":"","ast-hfb-below-header-display":"","ast-hfb-mobile-header-display":"","site-post-title":"","ast-breadcrumbs-content":"","ast-featured-img":"","footer-sml-layout":"","theme-transparent-header-meta":"","adv-header-id-meta":"","stick-header-meta":"","header-above-stick-meta":"","header-main-stick-meta":"","header-below-stick-meta":"","astra-migrate-meta-layouts":"default","ast-page-background-enabled":"default","ast-page-background-meta":{"desktop":{"background-color":"var(--ast-global-color-4)","background-image":"","background-repeat":"repeat","background-position":"center center","background-size":"auto","background-attachment":"scroll","background-type":"","background-media":"","overlay-type":"","overlay-color":"","overlay-opacity":"","overlay-gradient":""},"tablet":{"background-color":"","background-image":"","background-repeat":"repeat","background-position":"center center","background-size":"auto","background-attachment":"scroll","background-type":"","background-media":"","overlay-type":"","overlay-color":"","overlay-opacity":"","overlay-gradient":""},"mobile":{"background-color":"","background-image":"","background-repeat":"repeat","background-position":"center center","background-size":"auto","background-attachment":"scroll","background-type":"","background-media":"","overlay-type":"","overlay-color":"","overlay-opacity":"","overlay-gradient":""}},"ast-content-background-meta":{"desktop":{"background-color":"var(--ast-global-color-5)","background-image":"","background-repeat":"repeat","background-position":"center center","background-size":"auto","background-attachment":"scroll","background-type":"","background-media":"","overlay-type":"","overlay-color":"","overlay-opacity":"","overlay-gradient":""},"tablet":{"background-color":"var(--ast-global-color-5)","background-image":"","background-repeat":"repeat","background-position":"center center","background-size":"auto","background-attachment":"scroll","background-type":"","background-media":"","overlay-type":"","overlay-color":"","overlay-opacity":"","overlay-gradient":""},"mobile":{"background-color":"var(--ast-global-color-5)","background-image":"","background-repeat":"repeat","background-position":"center center","background-size":"auto","background-attachment":"scroll","background-type":"","background-media":"","overlay-type":"","overlay-color":"","overlay-opacity":"","overlay-gradient":""}},"footnotes":""},"class_list":["post-4138","page","type-page","status-publish","hentry"],"post_mailing_queue_ids":[],"_links":{"self":[{"href":"https:\/\/agora.xtec.cat\/escolamontserratsola\/wp-json\/wp\/v2\/pages\/4138","targetHints":{"allow":["GET"]}}],"collection":[{"href":"https:\/\/agora.xtec.cat\/escolamontserratsola\/wp-json\/wp\/v2\/pages"}],"about":[{"href":"https:\/\/agora.xtec.cat\/escolamontserratsola\/wp-json\/wp\/v2\/types\/page"}],"author":[{"embeddable":true,"href":"https:\/\/agora.xtec.cat\/escolamontserratsola\/wp-json\/wp\/v2\/users\/1"}],"replies":[{"embeddable":true,"href":"https:\/\/agora.xtec.cat\/escolamontserratsola\/wp-json\/wp\/v2\/comments?post=4138"}],"version-history":[{"count":3,"href":"https:\/\/agora.xtec.cat\/escolamontserratsola\/wp-json\/wp\/v2\/pages\/4138\/revisions"}],"predecessor-version":[{"id":4188,"href":"https:\/\/agora.xtec.cat\/escolamontserratsola\/wp-json\/wp\/v2\/pages\/4138\/revisions\/4188"}],"up":[{"embeddable":true,"href":"https:\/\/agora.xtec.cat\/escolamontserratsola\/wp-json\/wp\/v2\/pages\/2440"}],"wp:attachment":[{"href":"https:\/\/agora.xtec.cat\/escolamontserratsola\/wp-json\/wp\/v2\/media?parent=4138"}],"curies":[{"name":"wp","href":"https:\/\/api.w.org\/{rel}","templated":true}]}}