{"id":2519,"date":"2021-03-07T17:00:26","date_gmt":"2021-03-07T16:00:26","guid":{"rendered":"https:\/\/agora.xtec.cat\/escolamontserratsola\/?page_id=2519"},"modified":"2026-03-08T08:10:47","modified_gmt":"2026-03-08T07:10:47","slug":"lliurament-de-sollicituds","status":"publish","type":"page","link":"https:\/\/agora.xtec.cat\/escolamontserratsola\/preinscripcio-i-matricula-2025-26\/lliurament-de-sollicituds\/","title":{"rendered":"Lliurament de sol\u00b7licituds"},"content":{"rendered":"<p><strong>La sol\u00b7licitud de preinscripci\u00f3 d&#8217;educaci\u00f3 infantil (3-6 anys) i prim\u00e0ria (6-12 anys), l&#8217;has de presentar del 4 al 18 de mar\u00e7 de 2026<\/strong>.<\/p>\n<p><strong>La sol\u00b7licitud l&#8217;has d&#8217;emplenar i presentar en l\u00ednia<\/strong>. Per fer-ho, necessites:<\/p>\n<ul>\n<li>Un ordinador, tauleta o m\u00f2bil amb connexi\u00f3 a Internet.<\/li>\n<li>Una eina d&#8217;Identificaci\u00f3 digital. Et recomanem que accedeixis a l&#8217;adre\u00e7a &gt; <a href=\"https:\/\/idcatmobil.seu.cat\/\" target=\"_blank\" rel=\"noopener noreferrer\">https:\/\/idcatmobil.seu.cat\/<\/a>. Hi trobar\u00e0s les instruccions pas a pas de com fer-ho. Tamb\u00e9 pots utilitzar qualsevol certificat digital i Cl<span class=\"\">@ve<\/span>.<\/li>\n<li>Tingues a m\u00e0 el n\u00famero d\u2019identificaci\u00f3 del teu infant per poder lligar la sol\u00b7licitud al seu expedient acad\u00e8mic i personal. Aquest codi, el pots consultar amb identificaci\u00f3 electr\u00f2nica des del portal de preinscripci\u00f3 del Departament d&#8217;Educaci\u00f3. Segueix el seg\u00fcent enlla\u00e7 &gt; <span style=\"text-decoration: underline;\"><a title=\"Consulta de l'identificador de l'alumne\" href=\"http:\/\/educacio.gencat.cat\/ca\/tramits\/tramits-temes\/identificador-alumne\" target=\"_blank\" rel=\"noopener\">Consulta l&#8217;identificador<\/a><\/span>. Verifica que tota la informaci\u00f3 que hi apareix \u00e9s correcta. En cas contrari, sol\u00b7licita una rectificaci\u00f3 de les dades, adjuntant la documentaci\u00f3 que correspongui.<\/li>\n<li>Tingues digitalitzada o escanejada la documentaci\u00f3 que necessites en el mateix dispositiu des d\u2019on far\u00e0s la sol\u00b7licitud (mitjan\u00e7ant esc\u00e0ner o fotografia). Pots consultar el que necessites en el seg\u00fcent enlla\u00e7 &gt; <span style=\"text-decoration: underline;\"><a href=\"https:\/\/preinscripcio.gencat.cat\/ca\/estudis\/infantil-3-6\/informat\/prepara-documentacio\/\">Prepara la documentaci\u00f3<\/a><\/span>.<\/li>\n<li>Si optes fer la preinscripci\u00f3 per a la nostra escola, el nostre codi \u00e9s el 08067430.<\/li>\n<li>Cenyeix-te al calendari establert. Lliurar la sol\u00b7licitud o la documentaci\u00f3 fora de termini et fa perdre tots els drets d\u2019adscripci\u00f3 amb el risc que aix\u00f2 comporta de quedar-se sense pla\u00e7a al centre.<\/li>\n<\/ul>\n<p>Has d&#8217;adjuntar-hi la documentaci\u00f3 d&#8217;identificaci\u00f3 o de criteris que correspongui. La documentaci\u00f3 que no hagis pogut adjuntar durant el per\u00edode de presentaci\u00f3 de sol\u00b7licituds, la pots presentar fins al 19 de mar\u00e7 de 2026.<\/p>\n<p>Si pitges en els seg\u00fcents enlla\u00e7os, podr\u00e0s <strong style=\"font-size: 16px;\">accedir al web del Departament d&#8217;Educaci\u00f3 per fer la sol\u00b7licitud electr\u00f2nica<\/strong><span style=\"font-size: 16px;\">:<\/span><\/p>\n<ul>\n<li><a href=\"https:\/\/educacio.gencat.cat\/ca\/tramits\/tramits-temes\/20483-obligatoris?category=&amp;moda=1\">Educaci\u00f3 Infantil 3-6 anys<\/a>.<\/li>\n<li><a href=\"https:\/\/educacio.gencat.cat\/ca\/tramits\/tramits-temes\/20483-obligatoris?moda=2\">Educaci\u00f3 Prim\u00e0ria 6-12 anys<\/a>.<\/li>\n<\/ul>\n<p>Si tens dubtes en el moment d&#8217;omplir la sol\u00b7licitud, pots posar-te en contacte telef\u00f2nic amb la nostra escola, si \u00e9s que l&#8217;esculls en primera opci\u00f3, i t&#8217;ajudarem a complimentar el proc\u00e9s:<\/p>\n<ul>\n<li>Tel\u00e8fon: 937909860<\/li>\n<li>Correu-e: escolamontserratsola<span class=\"\">@xtec.cat<\/span><\/li>\n<\/ul>\n","protected":false},"excerpt":{"rendered":"<p>La sol\u00b7licitud de preinscripci\u00f3 d&#8217;educaci\u00f3 infantil (3-6 anys) i prim\u00e0ria (6-12 anys), l&#8217;has de presentar del 4 al 18 de mar\u00e7 de 2026. La sol\u00b7licitud l&#8217;has d&#8217;emplenar i presentar en l\u00ednia. Per fer-ho, necessites: Un ordinador, tauleta o m\u00f2bil amb connexi\u00f3 a Internet. Una eina d&#8217;Identificaci\u00f3 digital. Et recomanem que accedeixis a l&#8217;adre\u00e7a &gt; https:\/\/idcatmobil.seu.cat\/. [&hellip;]<\/p>\n","protected":false},"author":1,"featured_media":0,"parent":2509,"menu_order":4,"comment_status":"closed","ping_status":"closed","template":"","meta":{"_bbp_topic_count":0,"_bbp_reply_count":0,"_bbp_total_topic_count":0,"_bbp_total_reply_count":0,"_bbp_voice_count":0,"_bbp_anonymous_reply_count":0,"_bbp_topic_count_hidden":0,"_bbp_reply_count_hidden":0,"_bbp_forum_subforum_count":0,"site-sidebar-layout":"default","site-content-layout":"","ast-site-content-layout":"default","site-content-style":"default","site-sidebar-style":"default","ast-global-header-display":"","ast-banner-title-visibility":"","ast-main-header-display":"","ast-hfb-above-header-display":"","ast-hfb-below-header-display":"","ast-hfb-mobile-header-display":"","site-post-title":"","ast-breadcrumbs-content":"","ast-featured-img":"","footer-sml-layout":"","theme-transparent-header-meta":"default","adv-header-id-meta":"","stick-header-meta":"","header-above-stick-meta":"","header-main-stick-meta":"","header-below-stick-meta":"","astra-migrate-meta-layouts":"set","ast-page-background-enabled":"default","ast-page-background-meta":{"desktop":{"background-color":"var(--ast-global-color-4)","background-image":"","background-repeat":"repeat","background-position":"center center","background-size":"auto","background-attachment":"scroll","background-type":"","background-media":"","overlay-type":"","overlay-color":"","overlay-opacity":"","overlay-gradient":""},"tablet":{"background-color":"","background-image":"","background-repeat":"repeat","background-position":"center center","background-size":"auto","background-attachment":"scroll","background-type":"","background-media":"","overlay-type":"","overlay-color":"","overlay-opacity":"","overlay-gradient":""},"mobile":{"background-color":"","background-image":"","background-repeat":"repeat","background-position":"center center","background-size":"auto","background-attachment":"scroll","background-type":"","background-media":"","overlay-type":"","overlay-color":"","overlay-opacity":"","overlay-gradient":""}},"ast-content-background-meta":{"desktop":{"background-color":"var(--ast-global-color-5)","background-image":"","background-repeat":"repeat","background-position":"center center","background-size":"auto","background-attachment":"scroll","background-type":"","background-media":"","overlay-type":"","overlay-color":"","overlay-opacity":"","overlay-gradient":""},"tablet":{"background-color":"var(--ast-global-color-5)","background-image":"","background-repeat":"repeat","background-position":"center center","background-size":"auto","background-attachment":"scroll","background-type":"","background-media":"","overlay-type":"","overlay-color":"","overlay-opacity":"","overlay-gradient":""},"mobile":{"background-color":"var(--ast-global-color-5)","background-image":"","background-repeat":"repeat","background-position":"center center","background-size":"auto","background-attachment":"scroll","background-type":"","background-media":"","overlay-type":"","overlay-color":"","overlay-opacity":"","overlay-gradient":""}},"footnotes":""},"class_list":["post-2519","page","type-page","status-publish","hentry"],"post_mailing_queue_ids":[],"_links":{"self":[{"href":"https:\/\/agora.xtec.cat\/escolamontserratsola\/wp-json\/wp\/v2\/pages\/2519","targetHints":{"allow":["GET"]}}],"collection":[{"href":"https:\/\/agora.xtec.cat\/escolamontserratsola\/wp-json\/wp\/v2\/pages"}],"about":[{"href":"https:\/\/agora.xtec.cat\/escolamontserratsola\/wp-json\/wp\/v2\/types\/page"}],"author":[{"embeddable":true,"href":"https:\/\/agora.xtec.cat\/escolamontserratsola\/wp-json\/wp\/v2\/users\/1"}],"replies":[{"embeddable":true,"href":"https:\/\/agora.xtec.cat\/escolamontserratsola\/wp-json\/wp\/v2\/comments?post=2519"}],"version-history":[{"count":6,"href":"https:\/\/agora.xtec.cat\/escolamontserratsola\/wp-json\/wp\/v2\/pages\/2519\/revisions"}],"predecessor-version":[{"id":4671,"href":"https:\/\/agora.xtec.cat\/escolamontserratsola\/wp-json\/wp\/v2\/pages\/2519\/revisions\/4671"}],"up":[{"embeddable":true,"href":"https:\/\/agora.xtec.cat\/escolamontserratsola\/wp-json\/wp\/v2\/pages\/2509"}],"wp:attachment":[{"href":"https:\/\/agora.xtec.cat\/escolamontserratsola\/wp-json\/wp\/v2\/media?parent=2519"}],"curies":[{"name":"wp","href":"https:\/\/api.w.org\/{rel}","templated":true}]}}