{"id":956,"date":"2020-03-09T15:32:27","date_gmt":"2020-03-09T14:32:27","guid":{"rendered":"https:\/\/agora.xtec.cat\/escolammanent\/?page_id=956"},"modified":"2025-10-01T10:47:06","modified_gmt":"2025-10-01T08:47:06","slug":"documents-de-centre","status":"publish","type":"page","link":"https:\/\/agora.xtec.cat\/escolammanent\/lescola\/documents-de-centre\/","title":{"rendered":"Documents de centre"},"content":{"rendered":"\n<p class=\"font_8\" style=\"font-style:normal;font-weight:400\">Aquests s\u00f3n alguns dels documents que millor defineixen qu\u00e8 fem a la nostra escola i que poden ser d&#8217;inter\u00e8s de les fam\u00edlies.<\/p>\n\n\n\n<p class=\"font_8\" style=\"font-style:normal;font-weight:400\">Entenem que s\u00f3n documents importants en el funcionament quotidi\u00e0 del centre i \u00e9s per aix\u00f2 que us els volem donar a con\u00e8ixer. Podeu accedir als documents clicant a sobre de la imatge corresponent.<\/p>\n\n\n\n<p class=\"font_8\">Informaci\u00f3 2023-24\u200b<\/p>\n\n\n\n<figure class=\"wp-block-table aligncenter is-style-stripes has-medium-font-size\"><table><tbody><tr><td><strong>Projecte Educatiu del Centre<\/strong><br><br><span style=\"font-family: arial, helvetica, sans-serif; font-size: 14pt;\">Aquest \u00e9s el document que inclou els trets d&#8217;identitat del centre, els principis pedag\u00f2gics i&nbsp;els principis organitzatius.<\/span><br><br><span style=\"font-family: arial, helvetica, sans-serif; font-size: 14pt;\">En aquest document s&#8217;especifiquen els valors, els objectius i les prioritats d&#8217;actuaci\u00f3 del centre, la concreci\u00f3 dels curr\u00edculums que s&#8217;imparteixen i el tractament transversal en les \u00e0rees, mat\u00e8ries o m\u00f2duls de l&#8217;educaci\u00f3 en valors i altres ensenyaments\u201d.\u200b<\/span><\/td><td class=\"has-text-align-center\" data-align=\"center\"><a href=\"https:\/\/drive.google.com\/file\/d\/1AduWDjZ131OjuaQyzYvWCbzvcxvAvGhl\/view\" target=\"_blank\" rel=\"noopener noreferrer\"><img loading=\"lazy\" decoding=\"async\" width=\"204\" height=\"165\" class=\"aligncenter wp-image-957\" src=\"https:\/\/agora.xtec.cat\/escolammanent\/wp-content\/uploads\/usu1443\/2020\/03\/PEC.jpg\" alt=\"\"><\/a><\/td><\/tr><tr><td><strong><span style=\"color: #000000;\"><span style=\"font-family: arial, helvetica, sans-serif;\">Normes d&#8217;organitzaci\u00f3 i funcionamen<\/span><\/span>t de centre<\/strong><br><br><span style=\"font-family: arial, helvetica, sans-serif; font-size: 14pt; color: #000000;\">Les NOFC \u00e9s el document en el que es recullen els elements relacionats amb l&#8217;estructura organitzativa del centre.<\/span><br><br><span style=\"font-family: arial, helvetica, sans-serif; font-size: 14pt; color: #000000;\">Dins d&#8217;aquests s&#8217;inclouen:<\/span><br><span style=\"font-family: arial, helvetica, sans-serif; font-size: 14pt; color: #000000;\">&#8211; Criteris organitzatius.<\/span><br><span style=\"font-family: arial, helvetica, sans-serif; font-size: 14pt; color: #000000;\">&#8211; Criteris pedag\u00f2gics.<\/span><br><span style=\"font-family: arial, helvetica, sans-serif; font-size: 14pt; color: #000000;\">&#8211; Procediments.<\/span><br><span style=\"font-family: arial, helvetica, sans-serif; font-size: 14pt; color: #000000;\">&#8211; Altres&nbsp;elements de l&#8217;organitzaci\u00f3 i el funcionament.<\/span><\/td><td class=\"has-text-align-center\" data-align=\"center\"><a href=\"https:\/\/drive.google.com\/file\/d\/1kzcKigSwkg1Zu4I2-d7Ma1pKu-bkgSqg\/view?usp=share_link\" target=\"_blank\" rel=\"noopener noreferrer\"><img loading=\"lazy\" decoding=\"async\" width=\"144\" height=\"114\" class=\"aligncenter wp-image-958\" src=\"https:\/\/agora.xtec.cat\/escolammanent\/wp-content\/uploads\/usu1443\/2020\/03\/NOFC.jpg\" alt=\"\"><\/a><\/td><\/tr><tr><td><span style=\"color: #000000;\"><strong><span style=\"font-family: arial, helvetica, sans-serif;\">Projecte Ling\u00fc\u00edstic<\/span><\/strong><\/span><br><br><span style=\"font-family: arial, helvetica, sans-serif;\">\u200b<span style=\"font-size: 14pt;\">El projecte ling\u00fc\u00edstic \u00e9s un document que forma part del Projecte Educatiu de Centre.<\/span><\/span><br><br><span style=\"font-family: arial, helvetica, sans-serif; font-size: 14pt;\">En el projecte ling\u00fc\u00edstic explicita: els usos ling\u00fc\u00edstics del centre, les decisions metodol\u00f2giques i did\u00e0ctiques i els aspectes organitzatius en refer\u00e8ncia a l&#8217;\u00fas de la llengua.<\/span><\/td><td class=\"has-text-align-center\" data-align=\"center\"><a href=\"https:\/\/drive.google.com\/file\/d\/1eMhc_dMMhvByvp2IKYZqh9RS5NTPsJRP\/view?usp=share_link\" target=\"_blank\" rel=\"noopener\"><img loading=\"lazy\" decoding=\"async\" width=\"147\" height=\"208\" class=\"aligncenter wp-image-6673\" src=\"https:\/\/agora.xtec.cat\/escolammanent\/wp-content\/uploads\/usu1443\/2022\/12\/Portada-PLC-724x1024.png\" alt=\"\" srcset=\"https:\/\/agora.xtec.cat\/escolammanent\/wp-content\/uploads\/usu1443\/2022\/12\/Portada-PLC-724x1024.png 724w, https:\/\/agora.xtec.cat\/escolammanent\/wp-content\/uploads\/usu1443\/2022\/12\/Portada-PLC-212x300.png 212w, https:\/\/agora.xtec.cat\/escolammanent\/wp-content\/uploads\/usu1443\/2022\/12\/Portada-PLC-768x1086.png 768w, https:\/\/agora.xtec.cat\/escolammanent\/wp-content\/uploads\/usu1443\/2022\/12\/Portada-PLC-1086x1536.png 1086w, https:\/\/agora.xtec.cat\/escolammanent\/wp-content\/uploads\/usu1443\/2022\/12\/Portada-PLC.png 1414w\" sizes=\"auto, (max-width: 147px) 100vw, 147px\" \/><\/a><\/td><\/tr><tr><td><span style=\"color: #000000;\"><strong><span style=\"font-family: arial, helvetica, sans-serif;\">Pla d&#8217;acollida de centre<\/span><\/strong><\/span><br><br><span style=\"font-family: arial, helvetica, sans-serif; font-size: 14pt;\">Aquest document recull les actuacions que es realitzen amb el nou alumnat que es matricula a l&#8217;escola.Les caracter\u00edstiques de cada cas i les diverses situacions i moments en el que inicien la seva estada en el centre poden ser diverses.<\/span><br><br><span style=\"font-family: arial, helvetica, sans-serif; font-size: 14pt;\">Cal donar respostes personalitzades a aquests casos amb intervencions concretes de diferents agents&nbsp;i tenir-les previstes per tal que aix\u00ed es portin a terme.<\/span><br><br><span style=\"font-family: arial, helvetica, sans-serif; font-size: 14pt;\">Per altra banda, el centre tamb\u00e9 acull a mestres que inicien una etapa professional m\u00e9s o menys llarga a la nostra instituci\u00f3. El document prova d&#8217;informar als mestres nouvinguts d&#8217;aquells aspectes b\u00e0sics de funcionament i organitzaci\u00f3&nbsp;que li ajudaran a una m\u00e9s r\u00e0pida i millor adaptaci\u00f3 a la nostra escola.<\/span><\/td><td class=\"has-text-align-center\" data-align=\"center\"><img loading=\"lazy\" decoding=\"async\" width=\"191\" height=\"273\" class=\"aligncenter wp-image-6262\" src=\"https:\/\/agora.xtec.cat\/escolammanent\/wp-content\/uploads\/usu1443\/2022\/10\/portada.pa_.png\" alt=\"EN REVISI\u00d3\" srcset=\"https:\/\/agora.xtec.cat\/escolammanent\/wp-content\/uploads\/usu1443\/2022\/10\/portada.pa_.png 388w, https:\/\/agora.xtec.cat\/escolammanent\/wp-content\/uploads\/usu1443\/2022\/10\/portada.pa_-209x300.png 209w\" sizes=\"auto, (max-width: 191px) 100vw, 191px\" \/><br>EN REVISI\u00d3<br><\/td><\/tr><tr><td><span style=\"color: #000000;\"><strong><span style=\"font-family: arial, helvetica, sans-serif; font-size: 18pt;\">Projecte de conviv\u00e8ncia<\/span><\/strong><\/span><br><br><span style=\"font-family: arial, helvetica, sans-serif; font-size: 14pt;\">El Projecte de conviv\u00e8ncia reflecteix les accions que el centre educatiu desenvolupa per capacitar tots els alumnes i la resta de la comunitat escolar per a la conviv\u00e8ncia i la gesti\u00f3 positiva dels conflictes.<\/span><\/td><td class=\"has-text-align-center\" data-align=\"center\"><a href=\"https:\/\/agora.xtec.cat\/escolammanent\/wp-content\/uploads\/usu1443\/2020\/03\/PROJECTE-DE-CONVIV\u00c8NCIA-2020-.pdf\" target=\"_blank\" rel=\"noopener noreferrer\"><img loading=\"lazy\" decoding=\"async\" width=\"960\" height=\"640\" class=\"alignnone wp-image-1026 size-full\" src=\"https:\/\/agora.xtec.cat\/escolammanent\/wp-content\/uploads\/usu1443\/2020\/03\/projecte_convivencia.png\" alt=\"\" srcset=\"https:\/\/agora.xtec.cat\/escolammanent\/wp-content\/uploads\/usu1443\/2020\/03\/projecte_convivencia.png 960w, https:\/\/agora.xtec.cat\/escolammanent\/wp-content\/uploads\/usu1443\/2020\/03\/projecte_convivencia-300x200.png 300w, https:\/\/agora.xtec.cat\/escolammanent\/wp-content\/uploads\/usu1443\/2020\/03\/projecte_convivencia-768x512.png 768w\" sizes=\"auto, (max-width: 960px) 100vw, 960px\" \/><\/a><\/td><\/tr><tr><td><span style=\"font-family: arial, helvetica, sans-serif; font-size: 18pt;\"><strong>Estrat\u00e8gia Digital de Centre<\/strong><\/span><br><br><span style=\"font-family: arial, helvetica, sans-serif; font-size: 14pt;\"><strong>L\u2019Estrat\u00e8gia Digital de Centre (EDC)<\/strong> \u00e9s el conjunt d\u2019actuacions d\u2019un centre que fan possible que docents, alumnat i centre assoleixin la compet\u00e8ncia digital. Amb aquesta finalitat, la <a href=\"https:\/\/agora.xtec.cat\/escolammanent\/estrategia-digital\/comissio-destrategia-digital-de-centre\/\"><strong>Comissi\u00f3 d\u2019EDC <\/strong><\/a>\u2013 amb la col\u00b7laboraci\u00f3 de tota la comunitat educativa \u2013 est\u00e0 elaborant un recull de les accions que es realitzen en el nostre centre per aconseguir una compet\u00e8ncia digital de qualitat a l\u2019<a href=\"https:\/\/agora.xtec.cat\/escolammanent\/\">Escola Mari\u00e0 Manent<\/a>, implementant el desplegament curricular d&#8217;\u00e0mbit digital a tots els cicles el curs 2025 &#8211; 2026, tal i com recull el Decret 175\/2022.<\/span><\/td><td class=\"has-text-align-center\" data-align=\"center\"><a href=\"https:\/\/youtu.be\/uS5UUZIYLPQ\" target=\"_blank\" rel=\"noopener\"><img loading=\"lazy\" decoding=\"async\" width=\"213\" height=\"300\" class=\"aligncenter wp-image-7435 size-medium\" src=\"https:\/\/agora.xtec.cat\/escolammanent\/wp-content\/uploads\/usu1443\/2023\/05\/imatge-EDC-213x300.jpg\" alt=\"\" srcset=\"https:\/\/agora.xtec.cat\/escolammanent\/wp-content\/uploads\/usu1443\/2023\/05\/imatge-EDC-213x300.jpg 213w, https:\/\/agora.xtec.cat\/escolammanent\/wp-content\/uploads\/usu1443\/2023\/05\/imatge-EDC.jpg 268w\" sizes=\"auto, (max-width: 213px) 100vw, 213px\" \/><\/a><\/td><\/tr><tr><td><span style=\"color: #000000;\"><strong><span style=\"font-family: arial, helvetica, sans-serif;\">Carta de comprom\u00eds educatiu<\/span><\/strong><\/span><br><br><span style=\"font-family: arial, helvetica, sans-serif; font-size: 14pt;\">La carta de comprom\u00eds educatiu \u00e9s una eina que, en aplicaci\u00f3 del projecte educatiu, facilita la cooperaci\u00f3 entre les fam\u00edlies i el centre educatiu, que ha d&#8217;expressar els compromisos d\u2019ambdues parts per garantir la cooperaci\u00f3 entre les accions educatives, d&#8217;acord amb l&#8217;article 20 de la Llei 12\/2009, del 10 de juliol, d&#8217;educaci\u00f3, i l\u2019article 7 del Decret 102\/2010, de 3 d&#8217;agost, d&#8217;autonomia dels centres educatius.<\/span><\/td><td class=\"has-text-align-center\" data-align=\"center\"><a href=\"https:\/\/drive.google.com\/file\/d\/1tkuBvqt8LZGTJCOfUMmatjf69TCjQMrA\/view\" target=\"_blank\" rel=\"noopener noreferrer\"><img loading=\"lazy\" decoding=\"async\" width=\"183\" height=\"95\" class=\"aligncenter wp-image-964 size-full\" src=\"https:\/\/agora.xtec.cat\/escolammanent\/wp-content\/uploads\/usu1443\/2020\/03\/compromiso.jpg\" alt=\"\"><\/a><\/td><\/tr><tr><td><span style=\"color: #000000;\"><strong><span style=\"font-family: arial, helvetica, sans-serif;\">Funcionament i organitzaci\u00f3 del SIEI<\/span><\/strong><\/span><br><br><span style=\"font-family: arial, helvetica, sans-serif; font-size: 14pt;\">El Suport Intensiu per l&#8217;Escolaritzaci\u00f3 Inclusiva&nbsp;s\u00f3n dotacions extraordin\u00e0ries de professionals que s&#8217;incorporen a les plantilles d&#8217;escoles, centres d&#8217;educaci\u00f3 secund\u00e0ria i instituts-escola, com a recursos intensius i conjunturals que se sumen als recursos d&#8217;atenci\u00f3 a la diversitat universals i addicionals que els centres ja disposen.<\/span><br><br><span style=\"font-size: 14pt;\"><span style=\"font-family: arial, helvetica, sans-serif;\"><span class=\"wixGuard\">\u200b<\/span>Amb aquest document hem volgut organitzar el funcionament d&#8217;aquest suport adaptant-lo a les necessitats del centre en el curs 2018-19, per\u00f2 entenem que aquestes poden canviar. Dins d&#8217;aquest document es troben les intervencions de l&#8217;equip d&#8217;atenci\u00f3 a la diversitat, els seus horaris d&#8217;atenci\u00f3, l&#8217;estructuraci\u00f3 i el funcionament de les diferents aules que dins del centre es poden utilitzar<\/span> p<\/span><span style=\"font-family: arial, helvetica, sans-serif; font-size: 14pt;\">er realitzar suports d&#8217;atenci\u00f3 educativa, els Plans de Suport Individualitzat.<\/span><\/td><td class=\"has-text-align-center\" data-align=\"center\"><a href=\"https:\/\/drive.google.com\/a\/escolamariamanent.cat\/file\/d\/1PzRnn7T8f0B1cB-lpl7NEsTrJn4JFdoa\/view?usp=drive_open\" target=\"_blank\" rel=\"noopener noreferrer\"><img loading=\"lazy\" decoding=\"async\" width=\"205\" height=\"125\" class=\"aligncenter wp-image-965 size-full\" src=\"https:\/\/agora.xtec.cat\/escolammanent\/wp-content\/uploads\/usu1443\/2020\/03\/SIEI.jpg\" alt=\"\"><\/a><\/td><\/tr><tr><td><span style=\"color: #000000;\"><strong><span style=\"font-family: arial, helvetica, sans-serif;\">Projecte Rodallibres<\/span><\/strong><\/span><br><br><span style=\"font-family: arial, helvetica, sans-serif; font-size: 14pt;\">Aquest \u00e9s el projecte de&nbsp;socialitzaci\u00f3 de llibres de la nostra escola. Amb ell fomentem la reutilitzaci\u00f3 d&#8217;aquest material escolar a la vegada que prioritzem una proposta col\u00b7laborativa entre els components de la comunitat educativa i de respecte pel material did\u00e0ctic.<\/span><\/td><td class=\"has-text-align-center\" data-align=\"center\"><a href=\"https:\/\/drive.google.com\/file\/d\/1J-JZwhXHyQQ2GPtfu7wbRkOYQ9xGN-y0\/view\" target=\"_blank\" rel=\"noopener noreferrer\"><img loading=\"lazy\" decoding=\"async\" width=\"131\" height=\"126\" class=\"aligncenter wp-image-968 size-full\" src=\"https:\/\/agora.xtec.cat\/escolammanent\/wp-content\/uploads\/usu1443\/2020\/03\/95c8b1_516f1006722244168b8516efdcaa0189.jpg\" alt=\"\"><\/a><\/td><\/tr><\/tbody><\/table><\/figure>\n\n\n\n<p>&nbsp;<\/p>\n","protected":false},"excerpt":{"rendered":"<p>Aquests s\u00f3n alguns dels documents que millor defineixen qu\u00e8 fem a la nostra escola i que poden ser d&#8217;inter\u00e8s de les fam\u00edlies. Entenem que s\u00f3n documents importants en el funcionament quotidi\u00e0 del centre i \u00e9s per aix\u00f2 que us els volem donar a con\u00e8ixer. Podeu accedir als documents clicant a sobre de la imatge corresponent. [&hellip;]<\/p>\n","protected":false},"author":1,"featured_media":0,"parent":22,"menu_order":20,"comment_status":"closed","ping_status":"closed","template":"page-templates\/side-menu.php","meta":{"_bbp_topic_count":0,"_bbp_reply_count":0,"_bbp_total_topic_count":0,"_bbp_total_reply_count":0,"_bbp_voice_count":0,"_bbp_anonymous_reply_count":0,"_bbp_topic_count_hidden":0,"_bbp_reply_count_hidden":0,"_bbp_forum_subforum_count":0,"site-sidebar-layout":"default","site-content-layout":"","ast-site-content-layout":"","site-content-style":"default","site-sidebar-style":"default","ast-global-header-display":"","ast-banner-title-visibility":"","ast-main-header-display":"","ast-hfb-above-header-display":"","ast-hfb-below-header-display":"","ast-hfb-mobile-header-display":"","site-post-title":"","ast-breadcrumbs-content":"","ast-featured-img":"","footer-sml-layout":"","theme-transparent-header-meta":"","adv-header-id-meta":"","stick-header-meta":"","header-above-stick-meta":"","header-main-stick-meta":"","header-below-stick-meta":"","astra-migrate-meta-layouts":"default","ast-page-background-enabled":"default","ast-page-background-meta":{"desktop":{"background-color":"var(--ast-global-color-4)","background-image":"","background-repeat":"repeat","background-position":"center center","background-size":"auto","background-attachment":"scroll","background-type":"","background-media":"","overlay-type":"","overlay-color":"","overlay-opacity":"","overlay-gradient":""},"tablet":{"background-color":"","background-image":"","background-repeat":"repeat","background-position":"center center","background-size":"auto","background-attachment":"scroll","background-type":"","background-media":"","overlay-type":"","overlay-color":"","overlay-opacity":"","overlay-gradient":""},"mobile":{"background-color":"","background-image":"","background-repeat":"repeat","background-position":"center center","background-size":"auto","background-attachment":"scroll","background-type":"","background-media":"","overlay-type":"","overlay-color":"","overlay-opacity":"","overlay-gradient":""}},"ast-content-background-meta":{"desktop":{"background-color":"var(--ast-global-color-5)","background-image":"","background-repeat":"repeat","background-position":"center center","background-size":"auto","background-attachment":"scroll","background-type":"","background-media":"","overlay-type":"","overlay-color":"","overlay-opacity":"","overlay-gradient":""},"tablet":{"background-color":"var(--ast-global-color-5)","background-image":"","background-repeat":"repeat","background-position":"center center","background-size":"auto","background-attachment":"scroll","background-type":"","background-media":"","overlay-type":"","overlay-color":"","overlay-opacity":"","overlay-gradient":""},"mobile":{"background-color":"var(--ast-global-color-5)","background-image":"","background-repeat":"repeat","background-position":"center center","background-size":"auto","background-attachment":"scroll","background-type":"","background-media":"","overlay-type":"","overlay-color":"","overlay-opacity":"","overlay-gradient":""}},"footnotes":""},"class_list":["post-956","page","type-page","status-publish","hentry"],"post_mailing_queue_ids":[],"_links":{"self":[{"href":"https:\/\/agora.xtec.cat\/escolammanent\/wp-json\/wp\/v2\/pages\/956","targetHints":{"allow":["GET"]}}],"collection":[{"href":"https:\/\/agora.xtec.cat\/escolammanent\/wp-json\/wp\/v2\/pages"}],"about":[{"href":"https:\/\/agora.xtec.cat\/escolammanent\/wp-json\/wp\/v2\/types\/page"}],"author":[{"embeddable":true,"href":"https:\/\/agora.xtec.cat\/escolammanent\/wp-json\/wp\/v2\/users\/1"}],"replies":[{"embeddable":true,"href":"https:\/\/agora.xtec.cat\/escolammanent\/wp-json\/wp\/v2\/comments?post=956"}],"version-history":[{"count":6,"href":"https:\/\/agora.xtec.cat\/escolammanent\/wp-json\/wp\/v2\/pages\/956\/revisions"}],"predecessor-version":[{"id":11986,"href":"https:\/\/agora.xtec.cat\/escolammanent\/wp-json\/wp\/v2\/pages\/956\/revisions\/11986"}],"up":[{"embeddable":true,"href":"https:\/\/agora.xtec.cat\/escolammanent\/wp-json\/wp\/v2\/pages\/22"}],"wp:attachment":[{"href":"https:\/\/agora.xtec.cat\/escolammanent\/wp-json\/wp\/v2\/media?parent=956"}],"curies":[{"name":"wp","href":"https:\/\/api.w.org\/{rel}","templated":true}]}}