{"id":38,"date":"2014-09-18T12:34:08","date_gmt":"2014-09-18T11:34:08","guid":{"rendered":"http:\/\/agora.xtec.cat\/escolamestralvilanova\/?page_id=38"},"modified":"2025-09-23T17:54:45","modified_gmt":"2025-09-23T15:54:45","slug":"salut","status":"publish","type":"page","link":"https:\/\/agora.xtec.cat\/escolamestralvilanova\/lescola\/salut\/","title":{"rendered":"Qui som?"},"content":{"rendered":"<p>El claustre de mestres per al <strong>curs 2025-2026<\/strong>, est\u00e0 conformat pels seg\u00fcents professionals:<\/p>\n<table style=\"height: 433px; width: 122.85100000000001%;\">\n<tbody>\n<tr style=\"height: 32px;\">\n<td style=\"width: 23.0355%; text-align: left; height: 32px;\">N\u00faria Cornad\u00f3<\/td>\n<td style=\"width: 20.205311517761032%; text-align: left; height: 32px;\"><em>Tutora Infantil 3<\/em><\/td>\n<td style=\"width: 11.816288482238967%; text-align: center; height: 32px;\"><\/td>\n<td style=\"width: 43.5435%; text-align: left; height: 32px;\"><a href=\"mailto:nuriacornado@mestralvilanova.cat\">nuriacornado@mestralvilanova.cat<\/a><\/td>\n<\/tr>\n<tr style=\"height: 33px;\">\n<td style=\"height: 32px; width: 23.0355%; text-align: left;\">Cristina Giralt<\/td>\n<td style=\"height: 32px; width: 20.205311517761032%; text-align: left;\"><em>Tutora Infantil 4 i 5<\/em><\/td>\n<td style=\"height: 32px; width: 11.816288482238967%; text-align: center;\"><\/td>\n<td style=\"width: 43.5435%; height: 32px; text-align: left;\"><a href=\"mailto:cristinagiralt@mestralvilanova.cat\">cristinagiralt<span class=\"\">@mestralvilanova.cat<\/span><\/a><\/td>\n<\/tr>\n<tr style=\"height: 33px;\">\n<td style=\"height: 33px; width: 23.0355%; text-align: left;\">Meritxell Manuel<\/td>\n<td style=\"height: 33px; width: 20.205311517761032%; text-align: left;\"><em>Tutora Cicle Inicial<\/em><\/td>\n<td style=\"height: 33px; width: 11.816288482238967%; text-align: center;\"><\/td>\n<td style=\"width: 43.5435%; height: 33px; text-align: left;\"><a href=\"mailto:meritxellmanuel@mestralvilanova.cat\">meritxellmanuel@mestralvilanova.cat<\/a><\/td>\n<\/tr>\n<tr>\n<td style=\"width: 23.0355%; text-align: left;\">Pau Grau<\/td>\n<td style=\"width: 20.205311517761032%; text-align: left;\"><em>Tutora Cicle Mitj\u00e0 \/ Angl\u00e8s<\/em><\/td>\n<td style=\"width: 11.816288482238967%; text-align: center;\"><\/td>\n<td style=\"width: 43.5435%; text-align: left;\"><a href=\"mailto:paugrau@mestralvilanova.cat\">paugrau@mestralvilanova.cat<\/a><\/td>\n<\/tr>\n<tr style=\"height: 33px;\">\n<td style=\"height: 33px; width: 23.0355%; text-align: left;\">Pablo de Miguel<\/td>\n<td style=\"height: 33px; width: 20.205311517761032%; text-align: left;\"><em>Tutor Cicle Superior<\/em><\/td>\n<td style=\"height: 33px; width: 11.816288482238967%; text-align: center;\"><em>Director<\/em><\/td>\n<td style=\"width: 43.5435%; height: 33px; text-align: left;\"><a href=\"mailto:pablodemiguel@mestralvilanova.cat\">pablodemiguel@mestralvilanova.cat<\/a><\/td>\n<\/tr>\n<tr style=\"height: 31px;\">\n<td style=\"height: 31px; width: 23.0355%; text-align: left;\">Anna Bosque<\/td>\n<td style=\"height: 31px; width: 20.205311517761032%; text-align: left;\"><em>Educaci\u00f3 Infantil<\/em><\/td>\n<td style=\"height: 31px; width: 11.816288482238967%; text-align: center;\"><\/td>\n<td style=\"width: 43.5435%; height: 31px; text-align: left;\"><a href=\"mailto:annabosque@mestralvilanova.cat\">annabosque@mestralvilanova.cat<\/a><\/td>\n<\/tr>\n<tr style=\"height: 32px;\">\n<td style=\"width: 23.0355%; text-align: left; height: 32px;\">Jordina Sam\u00e0<\/td>\n<td style=\"width: 20.205311517761032%; text-align: left; height: 32px;\"><em>Educaci\u00f3 Prim\u00e0ria<\/em><\/td>\n<td style=\"width: 11.816288482238967%; text-align: center; height: 32px;\"><em>\u00a0<\/em><\/td>\n<td style=\"width: 43.5435%; text-align: left; height: 32px;\"><a href=\"mailto:jordinasama@mestralvilanova.cat\">jordinasama@mestralvilanova.cat<\/a><\/td>\n<\/tr>\n<tr style=\"height: 33px;\">\n<td style=\"height: 33px; width: 23.0355%; text-align: left;\">Sandra Estruel<\/td>\n<td style=\"height: 33px; width: 20.205311517761032%; text-align: left;\"><em>Educaci\u00f3 Prim\u00e0ria<\/em><\/td>\n<td style=\"height: 33px; width: 11.816288482238967%; text-align: center;\"><em>Secret\u00e0ria<\/em><\/td>\n<td style=\"width: 43.5435%; height: 33px; text-align: left;\"><a href=\"mailto:sandraestruel@mestralvilanova.cat\">sandraestruel@mestralvilanova.cat<\/a><\/td>\n<\/tr>\n<tr style=\"height: 33px;\">\n<td style=\"height: 33px; width: 23.0355%; text-align: left;\">Nat\u00e0lia Margalef<\/td>\n<td style=\"height: 33px; width: 20.205311517761032%; text-align: left;\"><em>Llengua estrangera Angl\u00e8s<\/em><\/td>\n<td style=\"height: 33px; width: 11.816288482238967%; text-align: center;\"><\/td>\n<td style=\"width: 43.5435%; height: 33px; text-align: left;\"><a href=\"mailto:conxitamayoral@mestralvilanova.cat\">nataliamargalef@mestralvilanova.cat<\/a><\/td>\n<\/tr>\n<tr style=\"height: 33px;\">\n<td style=\"height: 33px; width: 23.0355%; text-align: left;\">Gemma Esteve<\/td>\n<td style=\"height: 33px; width: 20.205311517761032%; text-align: left;\"><em>Educaci\u00f3 F\u00edsica<\/em><\/td>\n<td style=\"height: 33px; width: 11.816288482238967%; text-align: center;\"><\/td>\n<td style=\"width: 43.5435%; height: 33px; text-align: left;\"><a href=\"mailto:gemmaesteve@mestralvilanova.cat\">gemmaesteve@mestralvilanova.cat<\/a><\/td>\n<\/tr>\n<tr style=\"height: 33px;\">\n<td style=\"height: 29px; width: 23.0355%; text-align: left;\">Toni Castell<\/td>\n<td style=\"height: 29px; width: 20.205311517761032%; text-align: left;\"><em>Educaci\u00f3 Musical<\/em><\/td>\n<td style=\"height: 29px; width: 11.816288482238967%; text-align: center;\"><em>Coord. Riscos Laborals<\/em><\/td>\n<td style=\"width: 43.5435%; height: 29px; text-align: left;\"><a href=\"mailto:tonicastell@mestralvilanova.cat\">tonicastell@mestralvilanova.cat<\/a><\/td>\n<\/tr>\n<tr style=\"height: 32px;\">\n<td style=\"width: 23.0355%; text-align: left; height: 32px;\">Yolanda Garc\u00e9s<\/td>\n<td style=\"width: 20.205311517761032%; text-align: left; height: 32px;\"><em>Pedagogia Terap\u00e8utica<\/em><\/td>\n<td style=\"width: 11.816288482238967%; text-align: center; height: 32px;\"><\/td>\n<td style=\"width: 43.5435%; text-align: left; height: 32px;\"><a href=\"mailto:yolandagrces@mestralvilanova.cat\">yolandagrces@mestralvilanova.cat<\/a><\/td>\n<\/tr>\n<tr style=\"height: 33px;\">\n<td style=\"height: 33px; width: 23.0355%; text-align: left;\">Mireia Cava<\/td>\n<td style=\"height: 33px; width: 20.205311517761032%; text-align: left;\"><em>Religi\u00f3<\/em><\/td>\n<td style=\"height: 33px; width: 11.816288482238967%; text-align: center;\"><\/td>\n<td style=\"width: 43.5435%; height: 33px; text-align: left;\"><a href=\"mailto:mireiacava@mestralvilanova.cat\">mireiacava@mestralvilanova.cat<\/a><\/td>\n<\/tr>\n<\/tbody>\n<\/table>\n<ul>\n<li><a href=\"https:\/\/agora.xtec.cat\/escolamestralvilanova\/wp-content\/uploads\/usu729\/2025\/09\/20250901_Informacions-Inici-de-curs.pdf\">INFORMACI\u00d3 INICI DE CURS 25-26<\/a><\/li>\n<li><a href=\"https:\/\/agora.xtec.cat\/escolamestralvilanova\/wp-content\/uploads\/usu729\/2025\/07\/INFOGRAFIA-Curs-2025-2026.pdf\">INFOGRAFIA INICI DE CURS 25-26<\/a><\/li>\n<li><a href=\"https:\/\/agora.xtec.cat\/escolamestralvilanova\/wp-content\/uploads\/usu729\/2025\/09\/DIPTIC-REUNIO-FAMILIES-2526-2_compressed.pdf\">D\u00cdPTIC REUNI\u00d3 FAM\u00cdLIES<\/a><\/li>\n<li><a href=\"https:\/\/agora.xtec.cat\/escolamestralvilanova\/wp-content\/uploads\/usu729\/2025\/09\/CRITERIS-SANITARIS-ASSISTENCIA-ESCOLA-2_compressed.pdf\">INFOGRAFIA CRITERIS SANITARIS D&#8217;ASSIST\u00c8NCIA AL CENTRE<\/a><\/li>\n<\/ul>\n","protected":false},"excerpt":{"rendered":"<p>El claustre de mestres per al curs 2025-2026, est\u00e0 conformat pels seg\u00fcents professionals:<\/p>\n<p>N\u00faria Cornad\u00f3<br \/>\nTutora Infantil 3<\/p>\n<p><a href=\"mailto:nuriacornado@mestralvilanova.cat\">nuriacornado@mestralvilanova.cat<\/a><\/p>\n<p>Cristina Giralt<br \/>\nTutora Infantil 4 i 5<\/p>\n<p><a href=\"mailto:cristinagiralt@mestralvilanova.cat\">cristinagiralt@mestralvilanova.cat<\/a><\/p>\n<p>Meritxell Manuel<br \/>\nTutora Cicle Inicial<\/p>\n<p><a href=\"mailto:meritxellmanuel@mestralvilanova.cat\">meritxellmanuel@mestralvilanova.cat<\/a><\/p>\n<p>Pau Grau<br \/>\nTutora Cicle Mitj\u00e0 \/ Angl\u00e8s<\/p>\n<p><a href=\"mailto:paugrau@mestralvilanova.cat\">paugrau@mestralvilanova.cat<\/a><\/p>\n<p>Pablo de Miguel<br \/>\nTutor Cicle Superior<br \/>\nDirector<br \/>\n<a href=\"mailto:pablodemiguel@mestralvilanova.cat\">pablodemiguel@mestralvilanova.cat<\/a><\/p>\n<p>Anna Bosque<br \/>\nEducaci\u00f3 Infantil<\/p>\n<p><a href=\"mailto:annabosque@mestralvilanova.cat\">annabosque@mestralvilanova.cat<\/a><\/p>\n<p>Jordina Sam\u00e0<br \/>\nEducaci\u00f3 Prim\u00e0ria<br \/>\n\u00a0<br \/>\n<a href=\"mailto:jordinasama@mestralvilanova.cat\">jordinasama@mestralvilanova.cat<\/a><\/p>\n<p>Sandra Estruel<br \/>\nEducaci\u00f3&hellip;  <a href=\"https:\/\/agora.xtec.cat\/escolamestralvilanova\/lescola\/salut\/\" title=\"Read Qui som?\">Llegeix m\u00e9s\u00bb<\/a><\/p>\n","protected":false},"author":1,"featured_media":0,"parent":22,"menu_order":2,"comment_status":"closed","ping_status":"closed","template":"page-templates\/side-menu.php","meta":{"_bbp_topic_count":0,"_bbp_reply_count":0,"_bbp_total_topic_count":0,"_bbp_total_reply_count":0,"_bbp_voice_count":0,"_bbp_anonymous_reply_count":0,"_bbp_topic_count_hidden":0,"_bbp_reply_count_hidden":0,"_bbp_forum_subforum_count":0,"footnotes":""},"class_list":["post-38","page","type-page","status-publish","hentry"],"post_mailing_queue_ids":[],"_links":{"self":[{"href":"https:\/\/agora.xtec.cat\/escolamestralvilanova\/wp-json\/wp\/v2\/pages\/38","targetHints":{"allow":["GET"]}}],"collection":[{"href":"https:\/\/agora.xtec.cat\/escolamestralvilanova\/wp-json\/wp\/v2\/pages"}],"about":[{"href":"https:\/\/agora.xtec.cat\/escolamestralvilanova\/wp-json\/wp\/v2\/types\/page"}],"author":[{"embeddable":true,"href":"https:\/\/agora.xtec.cat\/escolamestralvilanova\/wp-json\/wp\/v2\/users\/1"}],"replies":[{"embeddable":true,"href":"https:\/\/agora.xtec.cat\/escolamestralvilanova\/wp-json\/wp\/v2\/comments?post=38"}],"version-history":[{"count":6,"href":"https:\/\/agora.xtec.cat\/escolamestralvilanova\/wp-json\/wp\/v2\/pages\/38\/revisions"}],"predecessor-version":[{"id":9968,"href":"https:\/\/agora.xtec.cat\/escolamestralvilanova\/wp-json\/wp\/v2\/pages\/38\/revisions\/9968"}],"up":[{"embeddable":true,"href":"https:\/\/agora.xtec.cat\/escolamestralvilanova\/wp-json\/wp\/v2\/pages\/22"}],"wp:attachment":[{"href":"https:\/\/agora.xtec.cat\/escolamestralvilanova\/wp-json\/wp\/v2\/media?parent=38"}],"curies":[{"name":"wp","href":"https:\/\/api.w.org\/{rel}","templated":true}]}}