{"id":2963,"date":"2020-05-08T12:55:48","date_gmt":"2020-05-08T10:55:48","guid":{"rendered":"http:\/\/agora.xtec.cat\/escolamestralvilanova\/?page_id=2963"},"modified":"2026-02-27T16:15:00","modified_gmt":"2026-02-27T15:15:00","slug":"informacio","status":"publish","type":"page","link":"https:\/\/agora.xtec.cat\/escolamestralvilanova\/lescola\/preinscripcio-2020-2021\/informacio\/","title":{"rendered":"Informaci\u00f3"},"content":{"rendered":"<blockquote><p><em>Darrera actualitzaci\u00f3, 27 de febrer de 2026<\/em><\/p><\/blockquote>\n<p style=\"text-align: justify;\">En aquest espai, s&#8217;anir\u00e0 actualitzant la informaci\u00f3 referent al proc\u00e9s de preinscripci\u00f3 i matr\u00edcula.<\/p>\n<p style=\"text-align: justify;\"><strong>Del 4 al 18 de mar\u00e7<\/strong>\u00a0es podr\u00e0 fer la preinscripci\u00f3 escolar per als ensenyaments del primer i segon cicle d\u2019educaci\u00f3 Infantil, d&#8217;educaci\u00f3 Prim\u00e0ria i d&#8217;educaci\u00f3 Secund\u00e0ria obligat\u00f2ria.<\/p>\n<p style=\"text-align: right;\"><span style=\"color: #ff0000;\"><strong>NOTA: Estigueu pendents de les actualitzacions!<\/strong><\/span><\/p>\n<h3>CALENDARI<\/h3>\n<ul>\n<li>Oferta inicial de places escolars: 3 de mar\u00e7 de 2026<\/li>\n<li><strong>\u200bEducaci\u00f3 infantil de segon cicle i educaci\u00f3 prim\u00e0ria<\/strong>: del 4 al 18 de mar\u00e7 de 2026<\/li>\n<li>Presentaci\u00f3 de documentaci\u00f3: fins al 19 de mar\u00e7 2026<\/li>\n<li>Llista de sol\u00b7licituds amb la puntuaci\u00f3 provisional: 15 d\u2019abril de 2026<\/li>\n<li>Presentaci\u00f3 de reclamacions: del 15 al 20 d\u2019abril de 2026<\/li>\n<li>Llista de sol\u00b7licituds amb la puntuaci\u00f3 un cop resoltes les reclamacions: 23 d&#8217;abril de 2026<\/li>\n<li>Sorteig del n\u00famero de desempat: 28 d&#8217;abril de 2026<\/li>\n<li>Llista ordenada: 29 d&#8217;abril de 2026<\/li>\n<li>Ampliaci\u00f3 de petici\u00f3 de centres per a les sol\u00b7licituds que no han obtingut cap assignaci\u00f3 (assignaci\u00f3 d\u2019ofici): de l&#8217;1 al 3 de juny de 2026<\/li>\n<li>Oferta final de places escolars:10 de juny de 2026<\/li>\n<li>Llista d\u2019alumnes admesos i llista d\u2019espera: 10 de juny de 2026<\/li>\n<li>Matriculaci\u00f3: del 10 al 20 de juny de 2026<\/li>\n<\/ul>\n<h3>PREINCRIPCI\u00d3 TELEM\u00c0TICA<\/h3>\n<p style=\"font-weight: 400;\">Des del Departament d\u2019Educaci\u00f3 es promou la\u00a0<strong>preinscripci\u00f3\u00a0telem\u00e0tica:<\/strong><\/p>\n<ul>\n<li style=\"font-weight: 400;\">El tr\u00e0mit es realitza de forma online a trav\u00e9s del portal\u00a0<a href=\"https:\/\/educacio.gencat.cat\/ca\/tramits\/tramits-temes\/20483-obligatoris?moda=1\">preinscripcio.gencat.cat<\/a><\/li>\n<li style=\"font-weight: 400;\">Complimentar el formulari telem\u00e0tic i adjuntar tots els documents demanats.<\/li>\n<\/ul>\n<p style=\"font-weight: 400;\">Com que aquest any tots els tr\u00e0mits es fan de manera telem\u00e0tica,\u00a0<strong>cal escanejar o fotografiar<\/strong>\u00a0tots els documents demanats per ambdues cares i tenir-los disponibles en el dispositiu que utilitzareu per emplenar el\u00a0formulari de preinscripci\u00f3, ja sigui un ordinador, una\u00a0tauleta\u00a0o tel\u00e8fon per<strong>\u00a0poder-los adjuntar.<\/strong><\/p>\n<p><a href=\"http:\/\/ensenyament.gencat.cat\/ca\/tramits\/tramits-temes\/20483_preinscripcio_escolar\"><img loading=\"lazy\" decoding=\"async\" class=\"alignnone wp-image-3021\" src=\"https:\/\/agora.xtec.cat\/escolamestralvilanova\/wp-content\/uploads\/usu729\/2020\/05\/ACC\u00c9S-TELEM\u00c0TIC-e1589129003865-300x82.png\" alt=\"\" width=\"282\" height=\"77\" srcset=\"https:\/\/agora.xtec.cat\/escolamestralvilanova\/wp-content\/uploads\/usu729\/2020\/05\/ACC\u00c9S-TELEM\u00c0TIC-e1589129003865-300x82.png 300w, https:\/\/agora.xtec.cat\/escolamestralvilanova\/wp-content\/uploads\/usu729\/2020\/05\/ACC\u00c9S-TELEM\u00c0TIC-e1589129003865.png 570w\" sizes=\"auto, (max-width: 282px) 100vw, 282px\" \/><\/a><\/p>\n<p><span style=\"font-size: 1.6875em; font-weight: bold;\">DOCUMENTACI\u00d3 IDENTIFICATIVA<\/span><\/p>\n<p style=\"text-align: justify;\">El formulari de sol\u00b7licitud s&#8217;ha de presentar, <strong>en tots els casos<\/strong>, acompanyat dels <strong>documents <\/strong>seg\u00fcents:<\/p>\n<ul>\n<li><strong>Original i fotoc\u00f2pia del\u00a0llibre de fam\u00edlia o altres documents relatius a la filiaci\u00f3.<\/strong> Si l&#8217;alumne o alumna est\u00e0 en situaci\u00f3 d&#8217;acolliment, la resoluci\u00f3 d&#8217;acolliment del Departament de Treball, Afers Socials i Fam\u00edlies.<\/li>\n<li><strong>Original i fotoc\u00f2pia del DNI del pare, mare, tutor\/a de l&#8217;alumne\/a.\u00a0<\/strong>Si el sol\u00b7licitant \u00e9s estranger, necessitar\u00e0 la targeta de resid\u00e8ncia on consta el NIE o el passaport i si es tracta d&#8217;estrangers comunitaris, document d&#8217;identitat del pa\u00eds d&#8217;origen.<\/li>\n<li>Original i fotoc\u00f2pia del DNI de l&#8217;alumne o alumna major de 14 anys o si t\u00e9 DNI tot i ser menor de 14 anys.<\/li>\n<li>Qualsevol altra documentaci\u00f3 que pugui acreditar altres m\u00e8rits (fam\u00edlia nombrosa, monoparental, etc.).<\/li>\n<\/ul>\n","protected":false},"excerpt":{"rendered":"<p>Darrera actualitzaci\u00f3, 27 de febrer de 2026<br \/>\nEn aquest espai, s&#8217;anir\u00e0 actualitzant la informaci\u00f3 referent al proc\u00e9s de preinscripci\u00f3 i matr\u00edcula.<br \/>\nDel 4 al 18 de mar\u00e7\u00a0es podr\u00e0 fer la preinscripci\u00f3 escolar per als ensenyaments del primer i segon cicle d\u2019educaci\u00f3 Infantil, d&#8217;educaci\u00f3 Prim\u00e0ria i d&#8217;educaci\u00f3 Secund\u00e0ria&hellip;  <a href=\"https:\/\/agora.xtec.cat\/escolamestralvilanova\/lescola\/preinscripcio-2020-2021\/informacio\/\" title=\"Read Informaci\u00f3\">Llegeix m\u00e9s\u00bb<\/a><\/p>\n","protected":false},"author":1,"featured_media":0,"parent":2277,"menu_order":0,"comment_status":"closed","ping_status":"closed","template":"page-templates\/side-menu.php","meta":{"_bbp_topic_count":0,"_bbp_reply_count":0,"_bbp_total_topic_count":0,"_bbp_total_reply_count":0,"_bbp_voice_count":0,"_bbp_anonymous_reply_count":0,"_bbp_topic_count_hidden":0,"_bbp_reply_count_hidden":0,"_bbp_forum_subforum_count":0,"footnotes":""},"class_list":["post-2963","page","type-page","status-publish","hentry"],"post_mailing_queue_ids":[],"_links":{"self":[{"href":"https:\/\/agora.xtec.cat\/escolamestralvilanova\/wp-json\/wp\/v2\/pages\/2963","targetHints":{"allow":["GET"]}}],"collection":[{"href":"https:\/\/agora.xtec.cat\/escolamestralvilanova\/wp-json\/wp\/v2\/pages"}],"about":[{"href":"https:\/\/agora.xtec.cat\/escolamestralvilanova\/wp-json\/wp\/v2\/types\/page"}],"author":[{"embeddable":true,"href":"https:\/\/agora.xtec.cat\/escolamestralvilanova\/wp-json\/wp\/v2\/users\/1"}],"replies":[{"embeddable":true,"href":"https:\/\/agora.xtec.cat\/escolamestralvilanova\/wp-json\/wp\/v2\/comments?post=2963"}],"version-history":[{"count":7,"href":"https:\/\/agora.xtec.cat\/escolamestralvilanova\/wp-json\/wp\/v2\/pages\/2963\/revisions"}],"predecessor-version":[{"id":10406,"href":"https:\/\/agora.xtec.cat\/escolamestralvilanova\/wp-json\/wp\/v2\/pages\/2963\/revisions\/10406"}],"up":[{"embeddable":true,"href":"https:\/\/agora.xtec.cat\/escolamestralvilanova\/wp-json\/wp\/v2\/pages\/2277"}],"wp:attachment":[{"href":"https:\/\/agora.xtec.cat\/escolamestralvilanova\/wp-json\/wp\/v2\/media?parent=2963"}],"curies":[{"name":"wp","href":"https:\/\/api.w.org\/{rel}","templated":true}]}}