{"id":2277,"date":"2020-03-18T16:51:05","date_gmt":"2020-03-18T15:51:05","guid":{"rendered":"http:\/\/agora.xtec.cat\/escolamestralvilanova\/?page_id=2277"},"modified":"2026-02-27T16:16:05","modified_gmt":"2026-02-27T15:16:05","slug":"preinscripcio-2020-2021","status":"publish","type":"page","link":"https:\/\/agora.xtec.cat\/escolamestralvilanova\/lescola\/preinscripcio-2020-2021\/","title":{"rendered":"Preinscripci\u00f3 i Matr\u00edcula 26-27"},"content":{"rendered":"<div class=\"gmail_default\">\n<div class=\"gmail_default\">\n<div class=\"gmail_default\">\n<h1 style=\"text-align: right;\">PREINSCRIPCI\u00d3 A L&#8217;ESCOLA<\/h1>\n<\/div>\n<h3 style=\"text-align: right;\"><span style=\"color: #000000;\">PER\u00cdODE DE PREINSCRIPCI\u00d3, del 4 al 18 de mar\u00e7 de 2026<\/span><\/h3>\n<blockquote><p><em>Darrera actualitzaci\u00f3, 27 de febrer de 2026<\/em><\/p><\/blockquote>\n<p style=\"text-align: justify;\"><a href=\"https:\/\/agora.xtec.cat\/escolamestralvilanova\/wp-content\/uploads\/usu729\/2026\/02\/cartell2627.png\"><img loading=\"lazy\" decoding=\"async\" class=\"size-medium wp-image-10403 alignleft\" src=\"https:\/\/agora.xtec.cat\/escolamestralvilanova\/wp-content\/uploads\/usu729\/2026\/02\/cartell2627-300x173.png\" alt=\"\" width=\"300\" height=\"173\" srcset=\"https:\/\/agora.xtec.cat\/escolamestralvilanova\/wp-content\/uploads\/usu729\/2026\/02\/cartell2627-300x173.png 300w, https:\/\/agora.xtec.cat\/escolamestralvilanova\/wp-content\/uploads\/usu729\/2026\/02\/cartell2627-1024x592.png 1024w, https:\/\/agora.xtec.cat\/escolamestralvilanova\/wp-content\/uploads\/usu729\/2026\/02\/cartell2627-768x444.png 768w, https:\/\/agora.xtec.cat\/escolamestralvilanova\/wp-content\/uploads\/usu729\/2026\/02\/cartell2627.png 1495w\" sizes=\"auto, (max-width: 300px) 100vw, 300px\" \/><\/a><\/p>\n<p style=\"text-align: justify;\"><i>El dimecres 4 de mar\u00e7 s&#8217;inicia el per\u00edode de preinscripci\u00f3 a l&#8217;escola per al curs 2026-2027 i des de l\u2019equip de mestres ens agradaria que les fam\u00edlies conegueu el nostre projecte educatiu. Considerem que la millor manera de fer-ho \u00e9s entrant a la nostra escola per poder con\u00e8ixer de primera m\u00e0 qu\u00e8 fem i com ho fem, tamb\u00e9 podeu consultar la nostra <a href=\"https:\/\/agora.xtec.cat\/escolamestralvilanova\/\" target=\"_blank\" rel=\"noopener\" data-saferedirecturl=\"https:\/\/www.google.com\/url?q=https:\/\/agora.xtec.cat\/escolamestralvilanova\/&amp;source=gmail&amp;ust=1741426855128000&amp;usg=AOvVaw39fcdMT00TjDwgmri8E4FB\">p\u00e0gina web<\/a>.<br \/>\n<\/i><\/p>\n<p style=\"text-align: justify;\"><i>D&#8217;aquesta manera, estem oberts a rebre la vostra visita. Us facilitem el nostre\u00a0<b>tel\u00e8fon 973 19 11 77<\/b>\u00a0i el correu electr\u00f2nic\u00a0<a href=\"mailto:c5005090@xtec.cat\" target=\"_blank\" rel=\"noopener\">c5005090@xtec.cat<\/a>\u00a0<wbr \/>per trobar la millor data.<\/i><\/p>\n<p>Us hi esperem!<\/p>\n<p><span style=\"font-family: inherit; font-size: 1em;\">A la web <\/span><a style=\"font-family: inherit; font-size: 1em;\" href=\"http:\/\/queestudiar.gencat.cat\/ca\/preinscripcio\/estudis\/obligatoris\/\" target=\"_blank\" rel=\"noopener noreferrer\" data-saferedirecturl=\"https:\/\/www.google.com\/url?q=http:\/\/queestudiar.gencat.cat\/ca\/preinscripcio\/estudis\/obligatoris\/&amp;source=gmail&amp;ust=1614427322761000&amp;usg=AFQjCNGsJl7eKBvri8AKU2LBPpf2m6cHXg\">del Departament d\u2019Educaci\u00f3 <\/a><span style=\"font-family: inherit; font-size: 1em;\">trobareu<\/span><span style=\"font-family: inherit; font-size: 1em;\">\u00a0informaci\u00f3 general referent a la <\/span><span class=\"il\" style=\"font-family: inherit; font-size: 1em;\">preinscripci\u00f3<\/span><span style=\"font-family: inherit; font-size: 1em;\"> per al curs 2026-2027.<\/span><\/p>\n<div class=\"gmail_default\">\n<p style=\"text-align: justify;\"><strong>Tota la informaci\u00f3 referent a la Preinscripci\u00f3 del curs 2026-2027 la trobareu en aquest espai. L&#8217;anirem actualitzant a mesura que avanci el proc\u00e9s.<\/strong><\/p>\n<p><a style=\"color: #2795b6;\" href=\"https:\/\/preinscripcio.gencat.cat\/web\/.content\/ajuda\/guia-preinscripcio.pdf\">\u00a0 \u00a0 \u00a0 \u00a0 <\/a><a style=\"color: #2795b6;\" href=\"https:\/\/preinscripcio.gencat.cat\/web\/.content\/ajuda\/guia-preinscripcio.pdf\">\u00a0 <\/a><a href=\"https:\/\/agora.xtec.cat\/escolamestralvilanova\/wp-content\/uploads\/usu729\/2025\/03\/Triptic-Mestral-2025.pdf\"><img loading=\"lazy\" decoding=\"async\" class=\"alignnone wp-image-9698\" src=\"https:\/\/agora.xtec.cat\/escolamestralvilanova\/wp-content\/uploads\/usu729\/2025\/03\/info-TRIPTIC-25-1-146x300.png\" alt=\"\" width=\"79\" height=\"162\" srcset=\"https:\/\/agora.xtec.cat\/escolamestralvilanova\/wp-content\/uploads\/usu729\/2025\/03\/info-TRIPTIC-25-1-146x300.png 146w, https:\/\/agora.xtec.cat\/escolamestralvilanova\/wp-content\/uploads\/usu729\/2025\/03\/info-TRIPTIC-25-1.png 355w\" sizes=\"auto, (max-width: 79px) 100vw, 79px\" \/><\/a><a style=\"color: #2795b6;\" href=\"https:\/\/preinscripcio.gencat.cat\/web\/.content\/ajuda\/guia-preinscripcio.pdf\">\u00a0 \u00a0 \u00a0 \u00a0 \u00a0 \u00a0 \u00a0 \u00a0 \u00a0 \u00a0 \u00a0<\/a><a href=\"https:\/\/agora.xtec.cat\/escolamestralvilanova\/wp-content\/uploads\/usu729\/2025\/03\/Cartell-preinscripcio-25-26-scaled-1.jpg\"><img loading=\"lazy\" decoding=\"async\" class=\"alignnone wp-image-9701\" src=\"https:\/\/agora.xtec.cat\/escolamestralvilanova\/wp-content\/uploads\/usu729\/2025\/03\/Cartell-preinscripcio-25-26-scaled-1-212x300.jpg\" alt=\"\" width=\"113\" height=\"160\" srcset=\"https:\/\/agora.xtec.cat\/escolamestralvilanova\/wp-content\/uploads\/usu729\/2025\/03\/Cartell-preinscripcio-25-26-scaled-1-212x300.jpg 212w, https:\/\/agora.xtec.cat\/escolamestralvilanova\/wp-content\/uploads\/usu729\/2025\/03\/Cartell-preinscripcio-25-26-scaled-1-724x1024.jpg 724w, https:\/\/agora.xtec.cat\/escolamestralvilanova\/wp-content\/uploads\/usu729\/2025\/03\/Cartell-preinscripcio-25-26-scaled-1-768x1086.jpg 768w, https:\/\/agora.xtec.cat\/escolamestralvilanova\/wp-content\/uploads\/usu729\/2025\/03\/Cartell-preinscripcio-25-26-scaled-1-1086x1536.jpg 1086w, https:\/\/agora.xtec.cat\/escolamestralvilanova\/wp-content\/uploads\/usu729\/2025\/03\/Cartell-preinscripcio-25-26-scaled-1-1448x2048.jpg 1448w, https:\/\/agora.xtec.cat\/escolamestralvilanova\/wp-content\/uploads\/usu729\/2025\/03\/Cartell-preinscripcio-25-26-scaled-1.jpg 1810w\" sizes=\"auto, (max-width: 113px) 100vw, 113px\" \/><\/a><a href=\"http:\/\/ensenyament.gencat.cat\/ca\/actualitat\/coronavirus\/\">\u00a0\u00a0<\/a>\u00a0 \u00a0 \u00a0 \u00a0 \u00a0 \u00a0 \u00a0 \u00a0 <a href=\"http:\/\/educacio.gencat.cat\/ca\/tramits\/tramits-temes\/20483-obligatoris?moda=1\"><img loading=\"lazy\" decoding=\"async\" class=\"alignnone wp-image-4929\" src=\"https:\/\/agora.xtec.cat\/escolamestralvilanova\/wp-content\/uploads\/usu729\/2021\/03\/Captura-de-Pantalla-2021-03-12-a-les-19.47.48.png\" alt=\"\" width=\"169\" height=\"162\" \/><\/a>\u00a0 \u00a0 \u00a0 \u00a0 \u00a0 \u00a0 \u00a0 <a href=\"https:\/\/agora.xtec.cat\/escolamestralvilanova\/lescola\/preinscripcio-2020-2021\/informacio\/\" target=\"_blank\" rel=\"noopener noreferrer\">\u00a0<img loading=\"lazy\" decoding=\"async\" class=\"alignnone wp-image-4936\" src=\"https:\/\/agora.xtec.cat\/escolamestralvilanova\/wp-content\/uploads\/usu729\/2021\/03\/Captura-de-Pantalla-2021-03-12-a-les-19.56.09-194x300.png\" alt=\"\" width=\"105\" height=\"162\" srcset=\"https:\/\/agora.xtec.cat\/escolamestralvilanova\/wp-content\/uploads\/usu729\/2021\/03\/Captura-de-Pantalla-2021-03-12-a-les-19.56.09-194x300.png 194w, https:\/\/agora.xtec.cat\/escolamestralvilanova\/wp-content\/uploads\/usu729\/2021\/03\/Captura-de-Pantalla-2021-03-12-a-les-19.56.09.png 662w\" sizes=\"auto, (max-width: 105px) 100vw, 105px\" \/><\/a><\/p>\n<table style=\"height: 62px; border-style: hidden; width: 788px;\" width=\"752\">\n<tbody>\n<tr style=\"height: 62px;\">\n<td style=\"width: 150.375px; text-align: center; height: 62px;\"><a href=\"https:\/\/agora.xtec.cat\/escolamestralvilanova\/wp-content\/uploads\/usu729\/2025\/03\/Triptic-Mestral-2025.pdf\">TR\u00cdPTIC ESCOLA<\/a><\/td>\n<td style=\"width: 212.15625px; text-align: center; height: 62px;\"><a href=\"https:\/\/preinscripcio.gencat.cat\/ca\/inici\/\">GUIA PREINSCRIPCI\u00d3<\/a><\/td>\n<td style=\"width: 208.5625px; text-align: center;\"><a href=\"https:\/\/educacio.gencat.cat\/ca\/tramits\/tramits-temes\/20483-obligatoris?moda=1\">ACC\u00c9S TELEM\u00c0TIC<\/a><\/td>\n<td style=\"width: 206.953125px; text-align: center;\"><a href=\"https:\/\/agora.xtec.cat\/escolamestralvilanova\/lescola\/preinscripcio-2020-2021\/informacio\/\">INFORMACI\u00d3<\/a><\/td>\n<\/tr>\n<\/tbody>\n<\/table>\n<\/div>\n<h6 style=\"text-align: right;\"><\/h6>\n<h6 style=\"text-align: right;\"><strong style=\"color: #ff0000; font-family: inherit; font-size: 1em;\">NOTA: Estigueu pendents de les actualitzacions<\/strong><\/h6>\n<\/div>\n<\/div>\n<div class=\"gmail_default\">\n<hr \/>\n<h1 style=\"text-align: right;\"><span style=\"color: #993300;\">PREINSCRIPCI\u00d3 A L&#8217;ESCOLETA<\/span><\/h1>\n<h3 style=\"text-align: left;\"><em><span style=\"color: #000000;\">mar\u00e7 de 2023<\/span><\/em><\/h3>\n<blockquote><p><em>Darrera actualitzaci\u00f3, 27 de mar\u00e7 de 2023<\/em><\/p><\/blockquote>\n<p style=\"text-align: justify;\">S&#8217;inicia el per\u00edode de preinscripci\u00f3 a la Llar d&#8217;Infants municipal &#8220;L&#8217;ESCOLETA&#8221;.<\/p>\n<p style=\"text-align: justify;\">Si hi esteu interessats contacteu amb les oficines de l&#8217;Ajuntament al tel\u00e8fon 973190005 o b\u00e9 correu electr\u00f2nic a <a href=\"mailto:secretaria1@vilanovabarca.cat\">secretaria1@vilanovabarca.cat<\/a> o <a href=\"mailto:secretaria2@vilanovabarca.cat\">secretaria2@vilanovabarca.cat<\/a><\/p>\n<p style=\"text-align: justify;\">Us adjuntem <a href=\"https:\/\/drive.google.com\/file\/d\/1iH3Vg-NHyJg9lSsoNu3yeA3kEDXcOFAX\/view?usp=sharing\">L&#8217;IDEARI DE L\u2019ESCOLETA<\/a> que recull la informaci\u00f3 m\u00e9s rellevant sobre la seva l\u00ednia pedag\u00f2gica, aix\u00ed com el cartell de la <a href=\"https:\/\/agora.xtec.cat\/escolamestralvilanova\/wp-content\/uploads\/usu729\/2022\/05\/SOL\u00b7LICITUD-PREINSCRIPCIO-ESCOLETA.pdf\">SOL\u00b7LICITUD DE PREINSCRIPCI\u00d3.<\/a><\/p>\n<p>Us esperem!<\/p>\n<p><a href=\"https:\/\/agora.xtec.cat\/escolamestralvilanova\/wp-content\/uploads\/usu729\/2023\/03\/preinscripcio-ESCOLETA-23-24.jpg\"><img loading=\"lazy\" decoding=\"async\" class=\"alignnone wp-image-8227 size-medium\" src=\"https:\/\/agora.xtec.cat\/escolamestralvilanova\/wp-content\/uploads\/usu729\/2023\/03\/preinscripcio-ESCOLETA-23-24-300x181.jpg\" alt=\"\" width=\"300\" height=\"181\" srcset=\"https:\/\/agora.xtec.cat\/escolamestralvilanova\/wp-content\/uploads\/usu729\/2023\/03\/preinscripcio-ESCOLETA-23-24-300x181.jpg 300w, https:\/\/agora.xtec.cat\/escolamestralvilanova\/wp-content\/uploads\/usu729\/2023\/03\/preinscripcio-ESCOLETA-23-24-1024x617.jpg 1024w, https:\/\/agora.xtec.cat\/escolamestralvilanova\/wp-content\/uploads\/usu729\/2023\/03\/preinscripcio-ESCOLETA-23-24-768x462.jpg 768w, https:\/\/agora.xtec.cat\/escolamestralvilanova\/wp-content\/uploads\/usu729\/2023\/03\/preinscripcio-ESCOLETA-23-24-1536x925.jpg 1536w, https:\/\/agora.xtec.cat\/escolamestralvilanova\/wp-content\/uploads\/usu729\/2023\/03\/preinscripcio-ESCOLETA-23-24.jpg 2008w\" sizes=\"auto, (max-width: 300px) 100vw, 300px\" \/><\/a><\/p>\n<div style=\"text-align: right;\"><\/div>\n<\/div>\n","protected":false},"excerpt":{"rendered":"<p>PREINSCRIPCI\u00d3 A L&#8217;ESCOLA<\/p>\n<p>PER\u00cdODE DE PREINSCRIPCI\u00d3, del 4 al 18 de mar\u00e7 de 2026<br \/>\nDarrera actualitzaci\u00f3, 27 de febrer de 2026<br \/>\n<a href=\"https:\/\/agora.xtec.cat\/escolamestralvilanova\/wp-content\/uploads\/usu729\/2026\/02\/cartell2627.png\"><\/a><br \/>\nEl dimecres 4 de mar\u00e7 s&#8217;inicia el per\u00edode de preinscripci\u00f3 a l&#8217;escola per al curs 2026-2027 i des de l\u2019equip de mestres ens agradaria que les&hellip;  <a href=\"https:\/\/agora.xtec.cat\/escolamestralvilanova\/lescola\/preinscripcio-2020-2021\/\" title=\"Read Preinscripci\u00f3 i Matr\u00edcula 26-27\">Llegeix m\u00e9s\u00bb<\/a><\/p>\n","protected":false},"author":1,"featured_media":0,"parent":22,"menu_order":10,"comment_status":"closed","ping_status":"closed","template":"page-templates\/side-menu.php","meta":{"_bbp_topic_count":0,"_bbp_reply_count":0,"_bbp_total_topic_count":0,"_bbp_total_reply_count":0,"_bbp_voice_count":0,"_bbp_anonymous_reply_count":0,"_bbp_topic_count_hidden":0,"_bbp_reply_count_hidden":0,"_bbp_forum_subforum_count":0,"footnotes":""},"class_list":["post-2277","page","type-page","status-publish","hentry"],"post_mailing_queue_ids":[],"_links":{"self":[{"href":"https:\/\/agora.xtec.cat\/escolamestralvilanova\/wp-json\/wp\/v2\/pages\/2277","targetHints":{"allow":["GET"]}}],"collection":[{"href":"https:\/\/agora.xtec.cat\/escolamestralvilanova\/wp-json\/wp\/v2\/pages"}],"about":[{"href":"https:\/\/agora.xtec.cat\/escolamestralvilanova\/wp-json\/wp\/v2\/types\/page"}],"author":[{"embeddable":true,"href":"https:\/\/agora.xtec.cat\/escolamestralvilanova\/wp-json\/wp\/v2\/users\/1"}],"replies":[{"embeddable":true,"href":"https:\/\/agora.xtec.cat\/escolamestralvilanova\/wp-json\/wp\/v2\/comments?post=2277"}],"version-history":[{"count":7,"href":"https:\/\/agora.xtec.cat\/escolamestralvilanova\/wp-json\/wp\/v2\/pages\/2277\/revisions"}],"predecessor-version":[{"id":10407,"href":"https:\/\/agora.xtec.cat\/escolamestralvilanova\/wp-json\/wp\/v2\/pages\/2277\/revisions\/10407"}],"up":[{"embeddable":true,"href":"https:\/\/agora.xtec.cat\/escolamestralvilanova\/wp-json\/wp\/v2\/pages\/22"}],"wp:attachment":[{"href":"https:\/\/agora.xtec.cat\/escolamestralvilanova\/wp-json\/wp\/v2\/media?parent=2277"}],"curies":[{"name":"wp","href":"https:\/\/api.w.org\/{rel}","templated":true}]}}