{"id":4650,"date":"2023-01-25T13:35:52","date_gmt":"2023-01-25T12:35:52","guid":{"rendered":"https:\/\/agora.xtec.cat\/escolamestralvila-seca\/?page_id=4650"},"modified":"2023-02-16T17:03:53","modified_gmt":"2023-02-16T16:03:53","slug":"programa-de-salut-integral","status":"publish","type":"page","link":"https:\/\/agora.xtec.cat\/escolamestralvila-seca\/projectes-i-plans-de-centre\/programa-de-salut-integral\/","title":{"rendered":"Programa de Salut Integral"},"content":{"rendered":"<p>Les malalties cardiovasculars s\u00f3n la primera causa de mortalitat al m\u00f3n. Diversos estudis posen de manifest que els principals factors de risc d\u2019aquestes patologies s\u00f3n l\u2019obesitat i els factors associats a ella (la diabetis i la hipertensi\u00f3 arterial), fruit d\u2019una alimentaci\u00f3 incorrecta i de la manca d\u2019activitat f\u00edsica.<\/p>\n<p>Tenint en compte que els h\u00e0bits apresos durant la inf\u00e0ncia es mantenen en l\u2019edat adulta, el Departament d\u2019Educaci\u00f3 i la\u00a0<a title=\"Fundaci\u00f3 SHE\" href=\"http:\/\/fundacionshe.org\/\" target=\"_blank\" rel=\"noopener noreferrer\">Fundaci\u00f3 SHE<\/a>, liderada pel Dr. Valent\u00ed Fuster<span lang=\"ca-ES\">, impulsen el Programa SI!, dirigit a escolars de 3 a 16 anys i a les seves fam\u00edlies. Si en voleu saber m\u00e9s cliqueu el seg\u00fcent enlla\u00e7: <a href=\"https:\/\/xtec.gencat.cat\/ca\/comunitat\/salutescola\/programa-salut-integral\/\">Programa Si!<\/a><\/span><\/p>\n<p>La nostra escola participa de manera activa en aquest programa treballant amb els nens i nenes els h\u00e0bits saludables tant d&#8217;alimentaci\u00f3, emocional, activitat f\u00edsica,&#8230;\u00a0 Al mes de maig celebrem les Jornades de la Salut. Durant aquesta setmana fem tallers relacionats amb la salut i rebem la visita del nostre amic Cardio que ens anima a continuar amb la bona feina que estem fent!<\/p>\n<p><img loading=\"lazy\" decoding=\"async\" class=\"wp-image-4952 size-full\" src=\"https:\/\/agora.xtec.cat\/escolamestralvila-seca\/wp-content\/uploads\/usu1138\/2023\/02\/Cardio.jpg\" alt=\"\" width=\"1024\" height=\"768\" srcset=\"https:\/\/agora.xtec.cat\/escolamestralvila-seca\/wp-content\/uploads\/usu1138\/2023\/02\/Cardio.jpg 1024w, https:\/\/agora.xtec.cat\/escolamestralvila-seca\/wp-content\/uploads\/usu1138\/2023\/02\/Cardio-300x225.jpg 300w, https:\/\/agora.xtec.cat\/escolamestralvila-seca\/wp-content\/uploads\/usu1138\/2023\/02\/Cardio-768x576.jpg 768w, https:\/\/agora.xtec.cat\/escolamestralvila-seca\/wp-content\/uploads\/usu1138\/2023\/02\/Cardio-200x150.jpg 200w\" sizes=\"auto, (max-width: 1024px) 100vw, 1024px\" \/><\/p>\n<p>&nbsp;<\/p>\n","protected":false},"excerpt":{"rendered":"<p>Les malalties cardiovasculars s\u00f3n la primera causa de mortalitat al m\u00f3n. Diversos estudis posen de manifest que els principals factors de risc d\u2019aquestes patologies s\u00f3n l\u2019obesitat i els factors associats a ella (la diabetis i la hipertensi\u00f3 arterial), fruit d\u2019una alimentaci\u00f3 incorrecta i de la&hellip;  <a href=\"https:\/\/agora.xtec.cat\/escolamestralvila-seca\/projectes-i-plans-de-centre\/programa-de-salut-integral\/\" title=\"Read Programa de Salut Integral\">Llegeix m\u00e9s\u00bb<\/a><\/p>\n","protected":false},"author":3,"featured_media":0,"parent":4592,"menu_order":30,"comment_status":"closed","ping_status":"closed","template":"page-templates\/side-menu.php","meta":{"_bbp_topic_count":0,"_bbp_reply_count":0,"_bbp_total_topic_count":0,"_bbp_total_reply_count":0,"_bbp_voice_count":0,"_bbp_anonymous_reply_count":0,"_bbp_topic_count_hidden":0,"_bbp_reply_count_hidden":0,"_bbp_forum_subforum_count":0,"footnotes":""},"class_list":["post-4650","page","type-page","status-publish","hentry"],"post_mailing_queue_ids":[],"_links":{"self":[{"href":"https:\/\/agora.xtec.cat\/escolamestralvila-seca\/wp-json\/wp\/v2\/pages\/4650","targetHints":{"allow":["GET"]}}],"collection":[{"href":"https:\/\/agora.xtec.cat\/escolamestralvila-seca\/wp-json\/wp\/v2\/pages"}],"about":[{"href":"https:\/\/agora.xtec.cat\/escolamestralvila-seca\/wp-json\/wp\/v2\/types\/page"}],"author":[{"embeddable":true,"href":"https:\/\/agora.xtec.cat\/escolamestralvila-seca\/wp-json\/wp\/v2\/users\/3"}],"replies":[{"embeddable":true,"href":"https:\/\/agora.xtec.cat\/escolamestralvila-seca\/wp-json\/wp\/v2\/comments?post=4650"}],"version-history":[{"count":4,"href":"https:\/\/agora.xtec.cat\/escolamestralvila-seca\/wp-json\/wp\/v2\/pages\/4650\/revisions"}],"predecessor-version":[{"id":4955,"href":"https:\/\/agora.xtec.cat\/escolamestralvila-seca\/wp-json\/wp\/v2\/pages\/4650\/revisions\/4955"}],"up":[{"embeddable":true,"href":"https:\/\/agora.xtec.cat\/escolamestralvila-seca\/wp-json\/wp\/v2\/pages\/4592"}],"wp:attachment":[{"href":"https:\/\/agora.xtec.cat\/escolamestralvila-seca\/wp-json\/wp\/v2\/media?parent=4650"}],"curies":[{"name":"wp","href":"https:\/\/api.w.org\/{rel}","templated":true}]}}