{"id":30,"date":"2014-09-18T12:30:23","date_gmt":"2014-09-18T11:30:23","guid":{"rendered":"http:\/\/agora.xtec.cat\/escolamestralvila-seca\/?page_id=30"},"modified":"2023-02-01T16:12:12","modified_gmt":"2023-02-01T15:12:12","slug":"instal%c2%b7lacions","status":"publish","type":"page","link":"https:\/\/agora.xtec.cat\/escolamestralvila-seca\/lescola\/instal%c2%b7lacions\/","title":{"rendered":"Instal\u00b7lacions i recursos"},"content":{"rendered":"<p>El centre disposa de:<\/p>\n<ul>\n<li>13 aules ordin\u00e0ries (cadascuna dotada amb una Pissarra Digital).<\/li>\n<li>Espai cr\u00e8ixer (aula de psicomotricitat).<\/li>\n<li>Espai cos (gimn\u00e0s).<\/li>\n<li>Espai guinyol (aula de teatre).<\/li>\n<li>Espai ment (aula per treballar Ioga, m\u00e8todes de relaxaci\u00f3 i concentraci\u00f3,&#8230;).<\/li>\n<li>Laboratori.<\/li>\n<li>Biblioteca.<\/li>\n<li>English room (aula d&#8217;idiomes).<\/li>\n<li>Espai pentagrama (aula de m\u00fasica).<\/li>\n<li>Aula de religi\u00f3.<\/li>\n<li>Dues pistes poliesportives cimentades i espais de pati i sorrals.<\/li>\n<li>Punt de trobada (sala de mestres).<\/li>\n<li>Lavabos i dutxes.<\/li>\n<\/ul>\n<p>L&#8217;escola disposa d&#8217;una <strong>SIEI<\/strong> integrada a les aules ordin\u00e0ries (suport intensiu a l&#8217;escolaritzaci\u00f3 inclusiva).<\/p>\n<p>&nbsp;<\/p>\n","protected":false},"excerpt":{"rendered":"<p>El centre disposa de:<\/p>\n<ul>\n<li>13 aules ordin\u00e0ries (cadascuna dotada amb una Pissarra Digital).<\/li>\n<li>Espai cr\u00e8ixer (aula de psicomotricitat).<\/li>\n<li>Espai cos (gimn\u00e0s).<\/li>\n<li>Espai guinyol (aula de teatre).<\/li>\n<li>Espai ment (aula per treballar Ioga, m\u00e8todes de relaxaci\u00f3 i concentraci\u00f3,&#8230;).<\/li>\n<li>Laboratori.<\/li>\n<li>Biblioteca.<\/li>\n<li>English room (aula d&#8217;idiomes).<\/li>\n<li>Espai pentagrama (aula de m\u00fasica).<\/li>\n<li>Aula de religi\u00f3.<\/li>\n<li>Dues pistes poliesportives cimentades i&hellip;  <a href=\"https:\/\/agora.xtec.cat\/escolamestralvila-seca\/lescola\/instal%c2%b7lacions\/\" title=\"Read Instal\u00b7lacions i recursos\">Llegeix m\u00e9s\u00bb<\/a><br \/>\n","protected":false},"author":1,"featured_media":0,"parent":22,"menu_order":30,"comment_status":"closed","ping_status":"closed","template":"page-templates\/side-menu.php","meta":{"_bbp_topic_count":0,"_bbp_reply_count":0,"_bbp_total_topic_count":0,"_bbp_total_reply_count":0,"_bbp_voice_count":0,"_bbp_anonymous_reply_count":0,"_bbp_topic_count_hidden":0,"_bbp_reply_count_hidden":0,"_bbp_forum_subforum_count":0,"footnotes":""},"class_list":["post-30","page","type-page","status-publish","hentry"],"post_mailing_queue_ids":[],"_links":{"self":[{"href":"https:\/\/agora.xtec.cat\/escolamestralvila-seca\/wp-json\/wp\/v2\/pages\/30","targetHints":{"allow":["GET"]}}],"collection":[{"href":"https:\/\/agora.xtec.cat\/escolamestralvila-seca\/wp-json\/wp\/v2\/pages"}],"about":[{"href":"https:\/\/agora.xtec.cat\/escolamestralvila-seca\/wp-json\/wp\/v2\/types\/page"}],"author":[{"embeddable":true,"href":"https:\/\/agora.xtec.cat\/escolamestralvila-seca\/wp-json\/wp\/v2\/users\/1"}],"replies":[{"embeddable":true,"href":"https:\/\/agora.xtec.cat\/escolamestralvila-seca\/wp-json\/wp\/v2\/comments?post=30"}],"version-history":[{"count":3,"href":"https:\/\/agora.xtec.cat\/escolamestralvila-seca\/wp-json\/wp\/v2\/pages\/30\/revisions"}],"predecessor-version":[{"id":4581,"href":"https:\/\/agora.xtec.cat\/escolamestralvila-seca\/wp-json\/wp\/v2\/pages\/30\/revisions\/4581"}],"up":[{"embeddable":true,"href":"https:\/\/agora.xtec.cat\/escolamestralvila-seca\/wp-json\/wp\/v2\/pages\/22"}],"wp:attachment":[{"href":"https:\/\/agora.xtec.cat\/escolamestralvila-seca\/wp-json\/wp\/v2\/media?parent=30"}],"curies":[{"name":"wp","href":"https:\/\/api.w.org\/{rel}","templated":true}]}}