{"id":271,"date":"2016-02-12T16:03:14","date_gmt":"2016-02-12T15:03:14","guid":{"rendered":"http:\/\/agora.xtec.cat\/escolamercerodoredamartorell\/?page_id=271"},"modified":"2023-07-31T15:52:49","modified_gmt":"2023-07-31T13:52:49","slug":"linia-metodologica-del-centre","status":"publish","type":"page","link":"https:\/\/agora.xtec.cat\/escolamercerodoredamartorell\/projecte-educatiu\/linia-metodologica-del-centre\/","title":{"rendered":"L\u00ednia metodol\u00f2gica  del centre"},"content":{"rendered":"<h4><strong><a href=\"https:\/\/goo.gl\/photos\/Tzh8bQLnLYzN4wpV8\">L\u00ednia metodol\u00f2gica\u00a0 del centre<\/a><br \/>\n<\/strong><\/h4>\n<p>L&#8217;escola\u00a0 Merc\u00e8 Rodoreda\u00a0 ha nascut i crescut amb un model pedag\u00f2gic propi i es planteja reptes a nivell organitzatiu i pedag\u00f2gic. \u00c9s per aix\u00f2 que definim el projecte com <strong>&#8220;un apassionant viatge pedag\u00f2gic&#8221;<\/strong> amb l&#8217;objectiu clau de consolidar en els nostres alumnes una base s\u00f2lida d&#8217;aprenentatge per tal de ser competents per poder-se desenvolupar en el marc de la societat actual tant canviant.<\/p>\n<p>S&#8217;aposta per impulsar <strong>metodologies d&#8217;investigaci\u00f3 i experimentaci\u00f3<\/strong> centrant l&#8217;atenci\u00f3 en el coneixement i \u00fas de les lleng\u00fces, el treball per racons i projectes, \u00fas de les eines tecnol\u00f2giques, (ordinadors port\u00e0tils, tablets, pissarres digitals\u2026) Es \u00a0proposen activitats que desenvolupin la creativitat la iniciativa i l&#8217;esperit cr\u00edtic.<\/p>\n<p>Els principis del nostre projecte es sustenten en pr\u00e0ctiques educatives que tenen com a eix <strong>l&#8217;alumnat com a centre de l&#8217;aprenentatge.<\/strong> Els alumnes han de tenir una participaci\u00f3 activa en el proc\u00e9s per tal d&#8217;anar construint coneixement.<\/p>\n<p><strong>Les emocions s\u00f3n una part integral de l&#8217;aprenentatge<\/strong>: les experi\u00e8ncies educatives han de poder connectar amb els interessos i motivacions dels alumnes.<\/p>\n<p><strong>Psicomotricitat seguint la l\u00ednia\u00a0aucouturier<\/strong><i>\u00a0es<\/i> proposa una pr\u00e0ctica psicomotriu encaminada a qu\u00e8 l\u2019infant vagi adquirint autonomia i es converteixi en un nen\/a obert, capa\u00e7 de fer front a les pors. La psicomotricitat que proposa Aucouturier \u00e9s la viv\u00e8ncia en primera persona, cosa que els ajudar\u00e0 a con\u00e8ixer els seus l\u00edmits i possibilitats amb total llibertat d\u2019expressi\u00f3 dels seus desitjos. Tamb\u00e9 cal afegir que el reconeixement de les seves accions i actituds els donar\u00e0 una imatge positiva d\u2019ells mateixos que influir\u00e0 a positivament a l\u2019hora de desenvolupar la seva pr\u00f2pia identitat a nivell social, intel\u00b7lectual i emocional<\/p>\n<p><strong>Treball per <a href=\"https:\/\/drive.google.com\/file\/d\/1m8qm5Q5DumHxi4aJlvbbKPkUroeeOA_i\/view?usp=sharing\" target=\"_blank\" rel=\"noopener noreferrer\">racons<\/a> \u00a0i els <a href=\"https:\/\/drive.google.com\/file\/d\/1Op8iKFSxOARHFSNMzVBB_5sgnizOs86f\/view?usp=sharing\" target=\"_blank\" rel=\"noopener noreferrer\">ambients<\/a> a Educaci\u00f3 Infantil <\/strong>s\u00f3n estrat\u00e8gies<strong>\u00a0<\/strong>\u00a0que ens permeten organitzar el treball d&#8217;aula \u00a0de manera que els nens i nens aprenguin amb el joc, la manipulaci\u00f3, fent \u00a0hip\u00f2tesis, experimentant i explicant el qu\u00e8 han apr\u00e9s.<\/p>\n<p>L&#8217;aprenentatge \u00e9s un proc\u00e9s de naturalesa social: <strong>les activitats han de <a href=\"https:\/\/drive.google.com\/file\/d\/1IuX8HT9fImkun2oOufPX_Nk9-M_faTJk\/view?usp=sharing\" target=\"_blank\" rel=\"noopener noreferrer\">promoure la interacci\u00f3 entre iguals<\/a>.<\/strong> El treball grupal millora els resultats a nivell conductual i afectiu.<\/p>\n<p><strong>Treball per <a href=\"https:\/\/drive.google.com\/file\/d\/1A6SPJL4Xb7boKG7y-jXlDbqCQ4UAl1Wi\/view?usp=sharing\" target=\"_blank\" rel=\"noopener noreferrer\">projectes<\/a><\/strong>\u00a0metodologia que \u00a0afavoreix la investigaci\u00f3 a partir de la motivaci\u00f3 envers els \u00a0interessos \u00a0dels alumnes, afavoreix la seva autonomia i respecta els diferents\u00a0 ritmes d&#8217; aprenentatge. La societat evoluciona i cada vegada m\u00e9s hem de preparar els nostres alumnes per donar respostes innovadores en una societat canviant i en evoluci\u00f3 constant.<\/p>\n<p><strong>Projecte de creaci\u00f3 d&#8217; una cooperativa a 5\u00e8<\/strong>: programa <strong>CUEME<\/strong><\/p>\n<p><strong>Integraci\u00f3 de les TIC en les activitats d&#8217;aprenentatge :<\/strong> es fomenta una actitud positiva en l&#8217; \u00fas de les noves tecnologies i s&#8217;incorporar\u00e0 el coneixement i l&#8217;\u00fas de les noves tecnologies en el curr\u00edculum.<\/p>\n<p>Promovem la <strong>implicaci\u00f3 de les fam\u00edlies<\/strong> mitjan\u00e7ant la Carta comprom\u00eds educatiu.<\/p>\n<p>Al llarg del curs s&#8217;ofereix a les fam\u00edlies la possibilitat d&#8217;aportar experi\u00e8ncies personals a l&#8217;aula: aficions, oficis, coneixements d&#8217;altres cultures etc. amb el doble objectiu de d&#8217;enriquir el grup i alhora\u00a0 poden estar en contacte amb\u00a0 la classe. Proposem la participaci\u00f3 en diverses activitats d&#8217;escola com &#8220;Les fam\u00edlies v\u00e9nen a l&#8217;aula&#8221;, festes escolars i sortides dins la localitat. En les &#8220;Jornades de portes obertes&#8221;, que s&#8217;organitzen al llarg del curs, es convida a les fam\u00edlies a veure les diferents activitats que es desenvolupen a l\u2019 aula dels seus fills.<\/p>\n<p><strong>Som &#8220;Escola verda&#8221;.<\/strong> L&#8217;escola es va construir aplicant criteris de sostenibilitat. El centre est\u00e0 orientat al Sud per l&#8217; aprofitament de la llum i del sol, disposa de plaques solars i fotovoltaiques . En la construcci\u00f3 s&#8217; ha fet servir fusta procedent de boscos gestionats amb criteris ambientals i grava procedent de runa reciclada.La comunitat educativa treballa cada dia per la <strong>sensibilitzaci\u00f3 en la cura del medi ambient<\/strong> aplicant propostes com el projecte de reutilitzaci\u00f3 de llibres de text, l\u2019\u00fas de material socialitzat, la recollida selectiva de residus, l&#8217;activitat de l\u2019 hort a l&#8217;escola, el compostatge i moltes altres que es detallen en la planificaci\u00f3 anual del centre.<\/p>\n<p>L&#8217;escola <strong>col\u00b7labora amb entitats i associacions<\/strong> que fomentin l&#8217;arrelament dels nens i nenes amb el seu entorn.<\/p>\n<p>&nbsp;<\/p>\n","protected":false},"excerpt":{"rendered":"<p><a href=\"https:\/\/goo.gl\/photos\/Tzh8bQLnLYzN4wpV8\">L\u00ednia metodol\u00f2gica\u00a0 del centre<\/a><\/p>\n<p>L&#8217;escola\u00a0 Merc\u00e8 Rodoreda\u00a0 ha nascut i crescut amb un model pedag\u00f2gic propi i es planteja reptes a nivell organitzatiu i pedag\u00f2gic. \u00c9s per aix\u00f2 que definim el projecte com &#8220;un apassionant viatge pedag\u00f2gic&#8221; amb l&#8217;objectiu clau de consolidar en els nostres&hellip;  <a href=\"https:\/\/agora.xtec.cat\/escolamercerodoredamartorell\/projecte-educatiu\/linia-metodologica-del-centre\/\" title=\"Read L\u00ednia metodol\u00f2gica  del centre\">Llegeix m\u00e9s\u00bb<\/a><\/p>\n","protected":false},"author":1,"featured_media":0,"parent":64,"menu_order":1,"comment_status":"closed","ping_status":"closed","template":"page-templates\/side-menu.php","meta":{"_bbp_topic_count":0,"_bbp_reply_count":0,"_bbp_total_topic_count":0,"_bbp_total_reply_count":0,"_bbp_voice_count":0,"_bbp_anonymous_reply_count":0,"_bbp_topic_count_hidden":0,"_bbp_reply_count_hidden":0,"_bbp_forum_subforum_count":0,"footnotes":""},"class_list":["post-271","page","type-page","status-publish","hentry"],"post_mailing_queue_ids":[],"_links":{"self":[{"href":"https:\/\/agora.xtec.cat\/escolamercerodoredamartorell\/wp-json\/wp\/v2\/pages\/271","targetHints":{"allow":["GET"]}}],"collection":[{"href":"https:\/\/agora.xtec.cat\/escolamercerodoredamartorell\/wp-json\/wp\/v2\/pages"}],"about":[{"href":"https:\/\/agora.xtec.cat\/escolamercerodoredamartorell\/wp-json\/wp\/v2\/types\/page"}],"author":[{"embeddable":true,"href":"https:\/\/agora.xtec.cat\/escolamercerodoredamartorell\/wp-json\/wp\/v2\/users\/1"}],"replies":[{"embeddable":true,"href":"https:\/\/agora.xtec.cat\/escolamercerodoredamartorell\/wp-json\/wp\/v2\/comments?post=271"}],"version-history":[{"count":3,"href":"https:\/\/agora.xtec.cat\/escolamercerodoredamartorell\/wp-json\/wp\/v2\/pages\/271\/revisions"}],"predecessor-version":[{"id":10547,"href":"https:\/\/agora.xtec.cat\/escolamercerodoredamartorell\/wp-json\/wp\/v2\/pages\/271\/revisions\/10547"}],"up":[{"embeddable":true,"href":"https:\/\/agora.xtec.cat\/escolamercerodoredamartorell\/wp-json\/wp\/v2\/pages\/64"}],"wp:attachment":[{"href":"https:\/\/agora.xtec.cat\/escolamercerodoredamartorell\/wp-json\/wp\/v2\/media?parent=271"}],"curies":[{"name":"wp","href":"https:\/\/api.w.org\/{rel}","templated":true}]}}