{"id":234,"date":"2016-02-03T21:34:41","date_gmt":"2016-02-03T20:34:41","guid":{"rendered":"http:\/\/agora.xtec.cat\/escolamercerodoredamartorell\/?page_id=234"},"modified":"2026-09-04T16:40:44","modified_gmt":"2026-09-04T14:40:44","slug":"professorat","status":"publish","type":"page","link":"https:\/\/agora.xtec.cat\/escolamercerodoredamartorell\/organitzacio\/professorat\/","title":{"rendered":"L&#8217;equip"},"content":{"rendered":"<p><strong>EQUIP DIRECTIU:\u00a0 \u00a0 \u00a0 \u00a0 \u00a0 \u00a0 \u00a0 \u00a0\u00a0\u00a0\u00a0\u00a0\u00a0\u00a0\u00a0\u00a0\u00a0\u00a0\u00a0\u00a0\u00a0\u00a0\u00a0\u00a0\u00a0\u00a0\u00a0\u00a0\u00a0\u00a0\u00a0\u00a0\u00a0\u00a0\u00a0\u00a0\u00a0\u00a0\u00a0\u00a0\u00a0\u00a0\u00a0\u00a0\u00a0\u00a0\u00a0\u00a0\u00a0\u00a0\u00a0\u00a0\u00a0\u00a0\u00a0\u00a0\u00a0\u00a0\u00a0\u00a0\u00a0\u00a0\u00a0\u00a0\u00a0\u00a0\u00a0\u00a0\u00a0\u00a0\u00a0\u00a0\u00a0\u00a0\u00a0\u00a0\u00a0\u00a0\u00a0\u00a0\u00a0\u00a0\u00a0\u00a0\u00a0\u00a0\u00a0\u00a0\u00a0\u00a0\u00a0\u00a0\u00a0\u00a0 <a href=\"https:\/\/docs.google.com\/presentation\/d\/1W_KCWYWqpWf4HSmEUV7ve3G8WMiLGxPZYFeoMrmLvZ0\/edit?usp=sharing\" target=\"_blank\" rel=\"noopener\">Orla\u00a0 Curs 26-27<\/a>\u00a0 \u00a0 \u00a0 \u00a0 \u00a0 \u00a0 \u00a0 \u00a0 \u00a0 \u00a0 \u00a0 \u00a0 \u00a0 \u00a0 \u00a0 \u00a0\u00a0<\/strong><\/p>\n<p><strong>Direcci\u00f3<\/strong>: Gemma Lajarin Adell<br \/>\n<strong>Cap d&#8217;estudis<\/strong>: Annabel Esteve Gonz\u00e1lez<br \/>\n<strong>Secret\u00e0ria<\/strong>: M\u00f2nica Vega<\/p>\n<p><strong><strong>Coordinadores<\/strong>:<\/strong><\/p>\n<p><em>Merc\u00e8 Mart\u00ednez (Petits)<\/em><\/p>\n<p><em>J\u00e8ssica Gonz\u00e1lez (Mitjans)<\/em><\/p>\n<p><em>Gemma Romero<\/em> <em>(Grans)<\/em><\/p>\n<p><strong>TUTORS\/ES:<\/strong><\/p>\n<p><strong>I3A\u00a0 <\/strong>S\u00f2nia Garc\u00eda\u00a0 \u00a0 \u00a0 \u00a0 \u00a0 \u00a0 \u00a0 \u00a0 \u00a0 \u00a0 I<strong>3B\u00a0 <\/strong>Fabiana Becerra<\/p>\n<p><strong>I4A\u00a0 <\/strong>S\u00edlvia Plaza\u00a0 \u00a0 \u00a0<strong>\u00a0 \u00a0 \u00a0 \u00a0 \u00a0 \u00a0 \u00a0 \u00a0 \u00a0 \u00a0 \u00a0I4B\u00a0<\/strong> Maite Rodriguez\u00a0 \u00a0 \u00a0 \u00a0 \u00a0 \u00a0 \u00a0 \u00a0 \u00a0 \u00a0 \u00a0 \u00a0 \u00a0<strong><br \/>\n<\/strong><\/p>\n<p><strong>I5A\u00a0<\/strong> Merc\u00e8 Mart\u00ednez\u00a0 \u00a0 \u00a0 \u00a0 \u00a0 \u00a0 \u00a0 \u00a0 <strong>\u00a0 I5B\u00a0 <\/strong>\u00a0Laura Fabian\u00a0 \u00a0 \u00a0 \u00a0 \u00a0 \u00a0 \u00a0 \u00a0 \u00a0 \u00a0 \u00a0 \u00a0 \u00a0 \u00a0<strong><br \/>\n<\/strong><\/p>\n<p><strong>1rA <\/strong>J\u00e8ssica Gonz\u00e1lez \u00a0 \u00a0 \u00a0 \u00a0 \u00a0 \u00a0 \u00a0 \u00a0 <strong>1rB\u00a0 <\/strong>Gema S\u00e1nchez\u00a0 \u00a0 \u00a0 \u00a0 \u00a0 \u00a0 \u00a0 \u00a0 \u00a0\u00a0<strong><br \/>\n<\/strong><\/p>\n<p><strong>2nA\u00a0 <\/strong>Irene Cumplido\u00a0 \u00a0 \u00a0 \u00a0 \u00a0 \u00a0 \u00a0 \u00a0 \u00a0 \u00a0<strong>2nB\u00a0<\/strong>\u00a0 Pili Trigo<\/p>\n<p><strong>3rA\u00a0<\/strong> Maria Drets\u00a0 \u00a0 \u00a0 \u00a0 \u00a0 \u00a0 \u00a0 \u00a0 \u00a0 \u00a0 \u00a0 \u00a0 \u00a0 \u00a0 <strong>3rB\u00a0<\/strong> Ana Garc\u00eda\u00a0 \u00a0 \u00a0 \u00a0 \u00a0 \u00a0 \u00a0 \u00a0 \u00a0 \u00a0 \u00a0 \u00a0<strong><br \/>\n<\/strong><\/p>\n<p><strong>4tA<\/strong> Estefania Macan\u00e1s\u00a0 \u00a0 \u00a0 \u00a0 \u00a0 \u00a0 \u00a0 \u00a0<strong>4tB <\/strong>Tere Parra\u00a0 \u00a0 \u00a0 \u00a0 \u00a0 \u00a0 \u00a0<strong><br \/>\n<\/strong><\/p>\n<p><strong>5\u00e8A<\/strong>\u00a0 Toni Carvajal\u00a0 \u00a0 \u00a0 \u00a0 \u00a0 \u00a0 \u00a0 \u00a0 \u00a0 \u00a0 \u00a0 \u00a0 \u00a0 <strong>5\u00e8B<\/strong>\u00a0 Axel Martin (Eva Cano)<\/p>\n<p><strong>6\u00e8A\u00a0 \u00a0<\/strong>Ana Bel\u00e9n Rubio\u00a0 \u00a0 \u00a0 \u00a0 \u00a0 \u00a0 \u00a0 \u00a0<strong>6\u00e8B\u00a0 <\/strong>Gemma Romero<\/p>\n<p><strong>Angl\u00e8s:<\/strong> M\u00f2nica Vega, Charo Mor\u00f3n, Lidia Morales<\/p>\n<p><strong>Educaci\u00f3 F\u00edsica:<\/strong> Fernando G\u00f3mez, Toni Carvajal<\/p>\n<p><strong>Educaci\u00f3 Especial:<\/strong> Raquel Cebri\u00e1n, Mireia Rodr\u00edguez, Vanessa Alonso, Thais P\u00e9rez<\/p>\n<p><strong>M\u00fasica<\/strong>: Meritxell Montserrat<\/p>\n<p><strong>Religi\u00f3: <\/strong>Carla Bolt\u00e0<strong><br \/>\n<\/strong><\/p>\n<p><strong>Suport Infantil: <\/strong>\u00a0Helena Santiago, S\u00edlvia Berg\u00e9<\/p>\n<p><strong>Suport Prim\u00e0ria: <\/strong>Annabel Esteve, Anna M\u00aa Martin, Montse G\u00f3mez, Gemma Lajarin,\u00a0 Carla Bolt\u00e0<\/p>\n<p><strong>EAP: <\/strong>Ariadna Escrib\u00e0<\/p>\n<p><strong>Logopeda<\/strong>: Jara Llobet<\/p>\n<p><strong>Vetlladors:\u00a0<\/strong> Laura Rodr\u00edguez, Maribel Fern\u00e1ndez.<\/p>\n<p><strong>Educadora d\u2019Educaci\u00f3 Especial:\u00a0 <\/strong>Paula Carrera<\/p>\n<p><strong>T\u00e8cnica d&#8217;educaci\u00f3 infantil:\u00a0 <\/strong>M\u00aa Jes\u00fas Laguna<\/p>\n<p><strong>T\u00e8cnica d&#8217;integraci\u00f3 social:<\/strong> Laura Serrats<\/p>\n<p><strong>Consergeria:\u00a0 <\/strong><\/p>\n<p><strong>Auxiliar administrativa:\u00a0 <\/strong><\/p>\n","protected":false},"excerpt":{"rendered":"<p>EQUIP DIRECTIU:\u00a0 \u00a0 \u00a0 \u00a0 \u00a0 \u00a0 \u00a0 \u00a0\u00a0\u00a0\u00a0\u00a0\u00a0\u00a0\u00a0\u00a0\u00a0\u00a0\u00a0\u00a0\u00a0\u00a0\u00a0\u00a0\u00a0\u00a0\u00a0\u00a0\u00a0\u00a0\u00a0\u00a0\u00a0\u00a0\u00a0\u00a0\u00a0\u00a0\u00a0\u00a0\u00a0\u00a0\u00a0\u00a0\u00a0\u00a0\u00a0\u00a0\u00a0\u00a0\u00a0\u00a0\u00a0\u00a0\u00a0\u00a0\u00a0\u00a0\u00a0\u00a0\u00a0\u00a0\u00a0\u00a0\u00a0\u00a0\u00a0\u00a0\u00a0\u00a0\u00a0\u00a0\u00a0\u00a0\u00a0\u00a0\u00a0\u00a0\u00a0\u00a0\u00a0\u00a0\u00a0\u00a0\u00a0\u00a0\u00a0\u00a0\u00a0\u00a0\u00a0\u00a0\u00a0\u00a0 Orla\u00a0 Curs 26-27\u00a0 \u00a0 \u00a0 \u00a0 \u00a0 \u00a0 \u00a0 \u00a0 \u00a0 \u00a0 \u00a0 \u00a0 \u00a0 \u00a0 \u00a0 \u00a0\u00a0 Direcci\u00f3: Gemma Lajarin Adell Cap d&#8217;estudis: Annabel Esteve Gonz\u00e1lez Secret\u00e0ria: M\u00f2nica Vega Coordinadores: Merc\u00e8 Mart\u00ednez (Petits) J\u00e8ssica Gonz\u00e1lez (Mitjans) Gemma Romero (Grans) TUTORS\/ES: I3A\u00a0 S\u00f2nia Garc\u00eda\u00a0 \u00a0 \u00a0 [&hellip;]<\/p>\n","protected":false},"author":3,"featured_media":0,"parent":12023,"menu_order":0,"comment_status":"closed","ping_status":"closed","template":"","meta":{"_bbp_topic_count":0,"_bbp_reply_count":0,"_bbp_total_topic_count":0,"_bbp_total_reply_count":0,"_bbp_voice_count":0,"_bbp_anonymous_reply_count":0,"_bbp_topic_count_hidden":0,"_bbp_reply_count_hidden":0,"_bbp_forum_subforum_count":0,"site-sidebar-layout":"default","site-content-layout":"","ast-site-content-layout":"default","site-content-style":"default","site-sidebar-style":"default","ast-global-header-display":"","ast-banner-title-visibility":"","ast-main-header-display":"","ast-hfb-above-header-display":"","ast-hfb-below-header-display":"","ast-hfb-mobile-header-display":"","site-post-title":"","ast-breadcrumbs-content":"","ast-featured-img":"","footer-sml-layout":"","theme-transparent-header-meta":"","adv-header-id-meta":"","stick-header-meta":"","header-above-stick-meta":"","header-main-stick-meta":"","header-below-stick-meta":"","astra-migrate-meta-layouts":"set","ast-page-background-enabled":"default","ast-page-background-meta":{"desktop":{"background-color":"var(--ast-global-color-4)","background-image":"","background-repeat":"repeat","background-position":"center center","background-size":"auto","background-attachment":"scroll","background-type":"","background-media":"","overlay-type":"","overlay-color":"","overlay-opacity":"","overlay-gradient":""},"tablet":{"background-color":"","background-image":"","background-repeat":"repeat","background-position":"center center","background-size":"auto","background-attachment":"scroll","background-type":"","background-media":"","overlay-type":"","overlay-color":"","overlay-opacity":"","overlay-gradient":""},"mobile":{"background-color":"","background-image":"","background-repeat":"repeat","background-position":"center center","background-size":"auto","background-attachment":"scroll","background-type":"","background-media":"","overlay-type":"","overlay-color":"","overlay-opacity":"","overlay-gradient":""}},"ast-content-background-meta":{"desktop":{"background-color":"var(--ast-global-color-5)","background-image":"","background-repeat":"repeat","background-position":"center center","background-size":"auto","background-attachment":"scroll","background-type":"","background-media":"","overlay-type":"","overlay-color":"","overlay-opacity":"","overlay-gradient":""},"tablet":{"background-color":"var(--ast-global-color-5)","background-image":"","background-repeat":"repeat","background-position":"center center","background-size":"auto","background-attachment":"scroll","background-type":"","background-media":"","overlay-type":"","overlay-color":"","overlay-opacity":"","overlay-gradient":""},"mobile":{"background-color":"var(--ast-global-color-5)","background-image":"","background-repeat":"repeat","background-position":"center center","background-size":"auto","background-attachment":"scroll","background-type":"","background-media":"","overlay-type":"","overlay-color":"","overlay-opacity":"","overlay-gradient":""}},"footnotes":""},"class_list":["post-234","page","type-page","status-publish","hentry"],"post_mailing_queue_ids":[],"_links":{"self":[{"href":"https:\/\/agora.xtec.cat\/escolamercerodoredamartorell\/wp-json\/wp\/v2\/pages\/234","targetHints":{"allow":["GET"]}}],"collection":[{"href":"https:\/\/agora.xtec.cat\/escolamercerodoredamartorell\/wp-json\/wp\/v2\/pages"}],"about":[{"href":"https:\/\/agora.xtec.cat\/escolamercerodoredamartorell\/wp-json\/wp\/v2\/types\/page"}],"author":[{"embeddable":true,"href":"https:\/\/agora.xtec.cat\/escolamercerodoredamartorell\/wp-json\/wp\/v2\/users\/3"}],"replies":[{"embeddable":true,"href":"https:\/\/agora.xtec.cat\/escolamercerodoredamartorell\/wp-json\/wp\/v2\/comments?post=234"}],"version-history":[{"count":6,"href":"https:\/\/agora.xtec.cat\/escolamercerodoredamartorell\/wp-json\/wp\/v2\/pages\/234\/revisions"}],"predecessor-version":[{"id":12143,"href":"https:\/\/agora.xtec.cat\/escolamercerodoredamartorell\/wp-json\/wp\/v2\/pages\/234\/revisions\/12143"}],"up":[{"embeddable":true,"href":"https:\/\/agora.xtec.cat\/escolamercerodoredamartorell\/wp-json\/wp\/v2\/pages\/12023"}],"wp:attachment":[{"href":"https:\/\/agora.xtec.cat\/escolamercerodoredamartorell\/wp-json\/wp\/v2\/media?parent=234"}],"curies":[{"name":"wp","href":"https:\/\/api.w.org\/{rel}","templated":true}]}}