{"id":22,"date":"2014-09-18T12:19:57","date_gmt":"2014-09-18T12:19:57","guid":{"rendered":"http:\/\/agora.xtec.cat\/escolamediterrania\/?page_id=22"},"modified":"2023-06-19T23:46:31","modified_gmt":"2023-06-19T21:46:31","slug":"lescola","status":"publish","type":"page","link":"https:\/\/agora.xtec.cat\/escolamediterrania\/lescola\/","title":{"rendered":"&#8220;LES CASETES DE COLORS&#8221;"},"content":{"rendered":"<p>L&#8217;Escola Mediterr\u00e0nia \u00e9s un centre nascut a la poblaci\u00f3 de Viladecans l&#8217;any 2008, per donar resposta a l&#8217;augment progressiu de la poblaci\u00f3 de la zona de Can Preci\u00f3s- Torreroja. Som una escola petita i familiar que s&#8217;est\u00e0 convertint en una l\u00ednia amb un nou projecte educatiu: ESCOLA VIVA I ACTIVA I EL TREBALL PER AMBIENTS, vine a coneixe&#8217;ns!<\/p>\n<p><em><strong>INSTAL\u00b7LACIONS:<\/strong><\/em><\/p>\n<p>L&#8217;escola compte amb diferents m\u00f2duls prefabricats pintats alegrement de colorins, m\u00e9s coneguts per les families com les casetes de colors. La distribuci\u00f3 dels m\u00f2duls \u00e9s variada, per\u00f2 intentem vetllar el benestar dels infants. Tenim espais comuns i compartits com la sala de mestres, menjador, sala d&#8217;inform\u00e0tica, sala de m\u00fasica, espai de psicomotricitat, hort,\u00a0 placeta&#8230;.l les propies aules dotades de tot el necessari (calefacci\u00f3, aire acondicionat), projectors, pissarres digitals, tauletes.<\/p>\n<p>Aquest mes de gener hem estrenat un nou espai que fem servir perqu\u00e8 els m\u00e9s petitons de centre dinin al MENJADOR PETIT i est\u00e0 sent tot un \u00e8xit.<\/p>\n<p>&nbsp;<\/p>\n<p><a href=\"http:\/\/agora.xtec.cat\/escolamediterrania\/lescola\/attachment\/menjador-petit\/\" rel=\"attachment wp-att-3292\"><img loading=\"lazy\" decoding=\"async\" class=\"size-full wp-image-3292 aligncenter\" src=\"http:\/\/agora.xtec.cat\/escolamediterrania\/wp-content\/uploads\/usu424\/2014\/09\/menjador-petit.jpg\" alt=\"\" width=\"367\" height=\"275\" srcset=\"https:\/\/agora.xtec.cat\/escolamediterrania\/wp-content\/uploads\/usu424\/2014\/09\/menjador-petit.jpg 367w, https:\/\/agora.xtec.cat\/escolamediterrania\/wp-content\/uploads\/usu424\/2014\/09\/menjador-petit-300x225.jpg 300w, https:\/\/agora.xtec.cat\/escolamediterrania\/wp-content\/uploads\/usu424\/2014\/09\/menjador-petit-200x150.jpg 200w\" sizes=\"auto, (max-width: 367px) 100vw, 367px\" \/><\/a><\/p>\n<p>L&#8217;escola tamb\u00e9 disposa de dos patis, un per Educaci\u00f3 Infantil amb sorral i elements de la natura, com per exemple troncs i discos de fusta, a on la canalla podr\u00e0 deixar volar la seva imaginaci\u00f3 &#8230; tamb\u00e9 tenim una super cuineta feta amb pales de fusta pels papis i mamis del centre.<\/p>\n<p>&nbsp;<\/p>\n<p><a href=\"http:\/\/agora.xtec.cat\/escolamediterrania\/lescola\/attachment\/pati-inf\/\" rel=\"attachment wp-att-3293\"><img loading=\"lazy\" decoding=\"async\" class=\"size-full wp-image-3293 aligncenter\" src=\"http:\/\/agora.xtec.cat\/escolamediterrania\/wp-content\/uploads\/usu424\/2014\/09\/pati-inf.jpg\" alt=\"\" width=\"437\" height=\"328\" srcset=\"https:\/\/agora.xtec.cat\/escolamediterrania\/wp-content\/uploads\/usu424\/2014\/09\/pati-inf.jpg 437w, https:\/\/agora.xtec.cat\/escolamediterrania\/wp-content\/uploads\/usu424\/2014\/09\/pati-inf-300x225.jpg 300w, https:\/\/agora.xtec.cat\/escolamediterrania\/wp-content\/uploads\/usu424\/2014\/09\/pati-inf-200x150.jpg 200w\" sizes=\"auto, (max-width: 437px) 100vw, 437px\" \/><\/a><\/p>\n<p>El pati de Prim\u00e0ria t\u00e9 una pista amb porteries i cistelles, tendall amb taules de picnic, taula de ping-pong&#8230;estructures del nostre gran castell per continuar descobrint i creant noves viv\u00e8ncies,<\/p>\n<p>Aquest curs com a objectiu de l&#8217;escola, hem apostat per posar un gran tendall que faci ombra per quan la canalla faci educaci\u00f3 f\u00edsica. Despr\u00e9s de setmana santa el podrem veure en acci\u00f3!<\/p>\n<p>&nbsp;<\/p>\n","protected":false},"excerpt":{"rendered":"<p>L&#8217;Escola Mediterr\u00e0nia \u00e9s un centre nascut a la poblaci\u00f3 de Viladecans l&#8217;any 2008, per donar resposta a l&#8217;augment progressiu de la poblaci\u00f3 de la zona de Can Preci\u00f3s- Torreroja. Som una escola petita i familiar que s&#8217;est\u00e0 convertint en una l\u00ednia amb un nou projecte&hellip;  <a href=\"https:\/\/agora.xtec.cat\/escolamediterrania\/lescola\/\" title=\"Read &#8220;LES CASETES DE COLORS&#8221;\">Llegeix m\u00e9s\u00bb<\/a><\/p>\n","protected":false},"author":2,"featured_media":0,"parent":0,"menu_order":0,"comment_status":"closed","ping_status":"closed","template":"page-templates\/side-menu.php","meta":{"_bbp_topic_count":0,"_bbp_reply_count":0,"_bbp_total_topic_count":0,"_bbp_total_reply_count":0,"_bbp_voice_count":0,"_bbp_anonymous_reply_count":0,"_bbp_topic_count_hidden":0,"_bbp_reply_count_hidden":0,"_bbp_forum_subforum_count":0,"footnotes":""},"class_list":["post-22","page","type-page","status-publish","hentry"],"post_mailing_queue_ids":[],"_links":{"self":[{"href":"https:\/\/agora.xtec.cat\/escolamediterrania\/wp-json\/wp\/v2\/pages\/22","targetHints":{"allow":["GET"]}}],"collection":[{"href":"https:\/\/agora.xtec.cat\/escolamediterrania\/wp-json\/wp\/v2\/pages"}],"about":[{"href":"https:\/\/agora.xtec.cat\/escolamediterrania\/wp-json\/wp\/v2\/types\/page"}],"author":[{"embeddable":true,"href":"https:\/\/agora.xtec.cat\/escolamediterrania\/wp-json\/wp\/v2\/users\/2"}],"replies":[{"embeddable":true,"href":"https:\/\/agora.xtec.cat\/escolamediterrania\/wp-json\/wp\/v2\/comments?post=22"}],"version-history":[{"count":4,"href":"https:\/\/agora.xtec.cat\/escolamediterrania\/wp-json\/wp\/v2\/pages\/22\/revisions"}],"predecessor-version":[{"id":7459,"href":"https:\/\/agora.xtec.cat\/escolamediterrania\/wp-json\/wp\/v2\/pages\/22\/revisions\/7459"}],"wp:attachment":[{"href":"https:\/\/agora.xtec.cat\/escolamediterrania\/wp-json\/wp\/v2\/media?parent=22"}],"curies":[{"name":"wp","href":"https:\/\/api.w.org\/{rel}","templated":true}]}}