{"id":5049,"date":"2025-02-03T20:31:04","date_gmt":"2025-02-03T19:31:04","guid":{"rendered":"https:\/\/agora.xtec.cat\/escolamatagalls\/?page_id=5049"},"modified":"2025-04-25T15:43:46","modified_gmt":"2025-04-25T13:43:46","slug":"preinscripcio-i-matricula-curs-2025-2026","status":"publish","type":"page","link":"https:\/\/agora.xtec.cat\/escolamatagalls\/preinscripcio-i-matricula-curs-2025-2026\/","title":{"rendered":"Preinscripci\u00f3 i matr\u00edcula curs 2025 &#8211; 2026"},"content":{"rendered":"<h3><a href=\"https:\/\/preinscripcio.gencat.cat\/ca\/estudis\/primaria\/inici\/index.html\"><img loading=\"lazy\" decoding=\"async\" class=\"alignleft size-large wp-image-5340\" src=\"https:\/\/agora.xtec.cat\/escolamatagalls\/wp-content\/uploads\/usu965\/2025\/03\/Captura-de-pantalla-2025-03-14-a-las-15.12.21-1024x426.png\" alt=\"\" width=\"1024\" height=\"426\" srcset=\"https:\/\/agora.xtec.cat\/escolamatagalls\/wp-content\/uploads\/usu965\/2025\/03\/Captura-de-pantalla-2025-03-14-a-las-15.12.21-1024x426.png 1024w, https:\/\/agora.xtec.cat\/escolamatagalls\/wp-content\/uploads\/usu965\/2025\/03\/Captura-de-pantalla-2025-03-14-a-las-15.12.21-300x125.png 300w, https:\/\/agora.xtec.cat\/escolamatagalls\/wp-content\/uploads\/usu965\/2025\/03\/Captura-de-pantalla-2025-03-14-a-las-15.12.21-768x319.png 768w, https:\/\/agora.xtec.cat\/escolamatagalls\/wp-content\/uploads\/usu965\/2025\/03\/Captura-de-pantalla-2025-03-14-a-las-15.12.21-1536x638.png 1536w, https:\/\/agora.xtec.cat\/escolamatagalls\/wp-content\/uploads\/usu965\/2025\/03\/Captura-de-pantalla-2025-03-14-a-las-15.12.21-2048x851.png 2048w\" sizes=\"auto, (max-width: 1024px) 100vw, 1024px\" \/><\/a><\/h3>\n<div class=\"ast-oembed-container \" style=\"height: 100%;\"><iframe loading=\"lazy\" title=\"Com has de presentar la sol\u00b7licitud de preinscripcio\u0301 escolar? Curs 2025 2026\" width=\"500\" height=\"281\" src=\"https:\/\/www.youtube.com\/embed\/Omp-kUD35O4?feature=oembed\" frameborder=\"0\" allow=\"accelerometer; autoplay; clipboard-write; encrypted-media; gyroscope; picture-in-picture; web-share\" referrerpolicy=\"strict-origin-when-cross-origin\" allowfullscreen><\/iframe><\/div>\n<h3><\/h3>\n<h3 class=\"entry-summary\" style=\"text-align: center;\"><span style=\"color: #003300;\"><strong>PREINSCRIPCI\u00d3 I MATR\u00cdCULA CURS 2025-2026<\/strong><\/span><\/h3>\n<p><span style=\"font-family: inherit; font-size: 1em;\">A l\u2019escola Matagalls , volem que conegueu de primera m\u00e0 el nostre projecte educatiu, els nostres espais i el nostre equip docent. Per aix\u00f2, us convidem a la <\/span><b style=\"font-family: inherit; font-size: 1em;\">Jornada de Portes Obertes<\/b><span style=\"font-family: inherit; font-size: 1em;\">, on podreu descobrir com aprenem, convivim i creixem junts i juntes.<\/span><\/p>\n<div class=\"entry-summary\" style=\"text-align: center;\">\n<p>Veniu a veure l\u2019escola en acci\u00f3 i resolgueu tots els vostres dubtes.<\/p>\n<p>L\u2019educaci\u00f3 \u00e9s el primer pas cap al futur, i us volem acompanyar en aquest cam\u00ed!<\/p>\n<p>El codi de la nostra escola, dada necess\u00e0ria per formalitzar la Preinscripci\u00f3, \u00e9s: <strong>08062811<\/strong><\/p>\n<p class=\"wp-block-heading has-custom-weight has-custom-lineheight has-custom-letterspacing\">Les zones d\u2019influ\u00e8ncia (Zona Educativa) del centre s\u00f3n: el nucli urb\u00e0, Font Martina, Remei, barri de la Serra, Pla de Can Sala, els Bruguers, Can Pag\u00e0 i Can Bosch<\/p>\n<\/div>\n<p><img loading=\"lazy\" decoding=\"async\" class=\"alignleft size-large wp-image-5268\" src=\"https:\/\/agora.xtec.cat\/escolamatagalls\/wp-content\/uploads\/usu965\/2025\/02\/Infografia-Listado-de-Actividades-Escolares-3D-Doodle-Multicolor-410x1024.jpg\" alt=\"\" width=\"410\" height=\"1024\" srcset=\"https:\/\/agora.xtec.cat\/escolamatagalls\/wp-content\/uploads\/usu965\/2025\/02\/Infografia-Listado-de-Actividades-Escolares-3D-Doodle-Multicolor-410x1024.jpg 410w, https:\/\/agora.xtec.cat\/escolamatagalls\/wp-content\/uploads\/usu965\/2025\/02\/Infografia-Listado-de-Actividades-Escolares-3D-Doodle-Multicolor-120x300.jpg 120w, https:\/\/agora.xtec.cat\/escolamatagalls\/wp-content\/uploads\/usu965\/2025\/02\/Infografia-Listado-de-Actividades-Escolares-3D-Doodle-Multicolor-768x1920.jpg 768w, https:\/\/agora.xtec.cat\/escolamatagalls\/wp-content\/uploads\/usu965\/2025\/02\/Infografia-Listado-de-Actividades-Escolares-3D-Doodle-Multicolor.jpg 800w\" sizes=\"auto, (max-width: 410px) 100vw, 410px\" \/><\/p>\n<p>&nbsp;<\/p>\n","protected":false},"excerpt":{"rendered":"<p>PREINSCRIPCI\u00d3 I MATR\u00cdCULA CURS 2025-2026 A l\u2019escola Matagalls , volem que conegueu de primera m\u00e0 el nostre projecte educatiu, els [&hellip;]<\/p>\n","protected":false},"author":1,"featured_media":0,"parent":0,"menu_order":0,"comment_status":"closed","ping_status":"closed","template":"","meta":{"_bbp_topic_count":0,"_bbp_reply_count":0,"_bbp_total_topic_count":0,"_bbp_total_reply_count":0,"_bbp_voice_count":0,"_bbp_anonymous_reply_count":0,"_bbp_topic_count_hidden":0,"_bbp_reply_count_hidden":0,"_bbp_forum_subforum_count":0,"site-sidebar-layout":"default","site-content-layout":"","ast-site-content-layout":"default","site-content-style":"default","site-sidebar-style":"default","ast-global-header-display":"","ast-banner-title-visibility":"","ast-main-header-display":"","ast-hfb-above-header-display":"","ast-hfb-below-header-display":"","ast-hfb-mobile-header-display":"","site-post-title":"","ast-breadcrumbs-content":"","ast-featured-img":"","footer-sml-layout":"","theme-transparent-header-meta":"default","adv-header-id-meta":"","stick-header-meta":"","header-above-stick-meta":"","header-main-stick-meta":"","header-below-stick-meta":"","astra-migrate-meta-layouts":"set","ast-page-background-enabled":"default","ast-page-background-meta":{"desktop":{"background-color":"var(--ast-global-color-4)","background-image":"","background-repeat":"repeat","background-position":"center center","background-size":"auto","background-attachment":"scroll","background-type":"","background-media":"","overlay-type":"","overlay-color":"","overlay-opacity":"","overlay-gradient":""},"tablet":{"background-color":"","background-image":"","background-repeat":"repeat","background-position":"center center","background-size":"auto","background-attachment":"scroll","background-type":"","background-media":"","overlay-type":"","overlay-color":"","overlay-opacity":"","overlay-gradient":""},"mobile":{"background-color":"","background-image":"","background-repeat":"repeat","background-position":"center center","background-size":"auto","background-attachment":"scroll","background-type":"","background-media":"","overlay-type":"","overlay-color":"","overlay-opacity":"","overlay-gradient":""}},"ast-content-background-meta":{"desktop":{"background-color":"var(--ast-global-color-5)","background-image":"","background-repeat":"repeat","background-position":"center center","background-size":"auto","background-attachment":"scroll","background-type":"","background-media":"","overlay-type":"","overlay-color":"","overlay-opacity":"","overlay-gradient":""},"tablet":{"background-color":"var(--ast-global-color-5)","background-image":"","background-repeat":"repeat","background-position":"center center","background-size":"auto","background-attachment":"scroll","background-type":"","background-media":"","overlay-type":"","overlay-color":"","overlay-opacity":"","overlay-gradient":""},"mobile":{"background-color":"var(--ast-global-color-5)","background-image":"","background-repeat":"repeat","background-position":"center center","background-size":"auto","background-attachment":"scroll","background-type":"","background-media":"","overlay-type":"","overlay-color":"","overlay-opacity":"","overlay-gradient":""}},"footnotes":""},"class_list":["post-5049","page","type-page","status-publish","hentry"],"post_mailing_queue_ids":[],"_links":{"self":[{"href":"https:\/\/agora.xtec.cat\/escolamatagalls\/wp-json\/wp\/v2\/pages\/5049","targetHints":{"allow":["GET"]}}],"collection":[{"href":"https:\/\/agora.xtec.cat\/escolamatagalls\/wp-json\/wp\/v2\/pages"}],"about":[{"href":"https:\/\/agora.xtec.cat\/escolamatagalls\/wp-json\/wp\/v2\/types\/page"}],"author":[{"embeddable":true,"href":"https:\/\/agora.xtec.cat\/escolamatagalls\/wp-json\/wp\/v2\/users\/1"}],"replies":[{"embeddable":true,"href":"https:\/\/agora.xtec.cat\/escolamatagalls\/wp-json\/wp\/v2\/comments?post=5049"}],"version-history":[{"count":6,"href":"https:\/\/agora.xtec.cat\/escolamatagalls\/wp-json\/wp\/v2\/pages\/5049\/revisions"}],"predecessor-version":[{"id":5494,"href":"https:\/\/agora.xtec.cat\/escolamatagalls\/wp-json\/wp\/v2\/pages\/5049\/revisions\/5494"}],"wp:attachment":[{"href":"https:\/\/agora.xtec.cat\/escolamatagalls\/wp-json\/wp\/v2\/media?parent=5049"}],"curies":[{"name":"wp","href":"https:\/\/api.w.org\/{rel}","templated":true}]}}