{"id":984,"date":"2019-09-25T17:52:19","date_gmt":"2019-09-25T15:52:19","guid":{"rendered":"http:\/\/agora.xtec.cat\/escolamansuet\/?page_id=984"},"modified":"2025-05-07T12:37:07","modified_gmt":"2025-05-07T10:37:07","slug":"ampa-mansuet","status":"publish","type":"page","link":"https:\/\/agora.xtec.cat\/escolamansuet\/ampa-mansuet\/","title":{"rendered":"CASAL ESTIU &#8211; AFA MANSUET"},"content":{"rendered":"<p><a href=\"https:\/\/afamansuet.com\/?lang=ca\"><img loading=\"lazy\" decoding=\"async\" class=\"aligncenter size-full wp-image-1924\" src=\"https:\/\/agora.xtec.cat\/escolamansuet\/wp-content\/uploads\/usu1881\/2023\/05\/2_5.jpg\" alt=\"\" width=\"2480\" height=\"520\" srcset=\"https:\/\/agora.xtec.cat\/escolamansuet\/wp-content\/uploads\/usu1881\/2023\/05\/2_5.jpg 2480w, https:\/\/agora.xtec.cat\/escolamansuet\/wp-content\/uploads\/usu1881\/2023\/05\/2_5-300x63.jpg 300w, https:\/\/agora.xtec.cat\/escolamansuet\/wp-content\/uploads\/usu1881\/2023\/05\/2_5-1024x215.jpg 1024w, https:\/\/agora.xtec.cat\/escolamansuet\/wp-content\/uploads\/usu1881\/2023\/05\/2_5-768x161.jpg 768w, https:\/\/agora.xtec.cat\/escolamansuet\/wp-content\/uploads\/usu1881\/2023\/05\/2_5-1536x322.jpg 1536w, https:\/\/agora.xtec.cat\/escolamansuet\/wp-content\/uploads\/usu1881\/2023\/05\/2_5-2048x429.jpg 2048w\" sizes=\"auto, (max-width: 2480px) 100vw, 2480px\" \/><\/a><\/p>\n<p style=\"text-align: center;\"><span style=\"font-size: large;\">Un any m\u00e9s, per\u00f2 amb m\u00e9s il\u00b7lusi\u00f3 que mai, anunciem l&#8217;arribada del\u00a0<\/span><span style=\"font-size: large;\"><b>s\u00faper casal d&#8217;estiu<span class=\"gmail_default\"> del Mansuet: <\/span><\/b><span style=\"color: #9900ff; font-size: large;\"><b><u>5 SENSES<\/u><\/b><\/span><\/span><\/p>\n<p><span style=\"font-size: large;\"> <img loading=\"lazy\" decoding=\"async\" class=\"aligncenter wp-image-2207\" src=\"https:\/\/agora.xtec.cat\/escolamansuet\/wp-content\/uploads\/usu1881\/2025\/05\/LOGO-CASAL25.jpg\" alt=\"\" width=\"474\" height=\"474\" srcset=\"https:\/\/agora.xtec.cat\/escolamansuet\/wp-content\/uploads\/usu1881\/2025\/05\/LOGO-CASAL25.jpg 500w, https:\/\/agora.xtec.cat\/escolamansuet\/wp-content\/uploads\/usu1881\/2025\/05\/LOGO-CASAL25-300x300.jpg 300w, https:\/\/agora.xtec.cat\/escolamansuet\/wp-content\/uploads\/usu1881\/2025\/05\/LOGO-CASAL25-150x150.jpg 150w\" sizes=\"auto, (max-width: 474px) 100vw, 474px\" \/><\/span><span style=\"font-size: large;\">Benvingudes fam\u00edlies al casal d&#8217;estiu de I&#8217;AFA Mansuet, on viurem noves i meravelloses experi\u00e8ncies amb molta diversi\u00f3 i activitats sorprenents. Aquest estiu ens endinsarem en el m\u00f3n dels 5 sentits, on els infants de 3 a 12 anys, podran gaudir d&#8217;un equip de monitoratge inigualable, ple de ganes i entusiasme per fer d&#8217;aquest, un estiu molt especial.<br \/>\nUn casal amb 1&#8217;30 h di\u00e0ria d&#8217;angl\u00e8s, piscina, jocs, sortides i diversi\u00f3 a dojo.<\/span><img loading=\"lazy\" decoding=\"async\" class=\"aligncenter size-large wp-image-2208\" src=\"https:\/\/agora.xtec.cat\/escolamansuet\/wp-content\/uploads\/usu1881\/2025\/05\/PREUS25-724x1024.png\" alt=\"\" width=\"724\" height=\"1024\" srcset=\"https:\/\/agora.xtec.cat\/escolamansuet\/wp-content\/uploads\/usu1881\/2025\/05\/PREUS25-724x1024.png 724w, https:\/\/agora.xtec.cat\/escolamansuet\/wp-content\/uploads\/usu1881\/2025\/05\/PREUS25-212x300.png 212w, https:\/\/agora.xtec.cat\/escolamansuet\/wp-content\/uploads\/usu1881\/2025\/05\/PREUS25-768x1086.png 768w, https:\/\/agora.xtec.cat\/escolamansuet\/wp-content\/uploads\/usu1881\/2025\/05\/PREUS25-1086x1536.png 1086w, https:\/\/agora.xtec.cat\/escolamansuet\/wp-content\/uploads\/usu1881\/2025\/05\/PREUS25.png 1414w\" sizes=\"auto, (max-width: 724px) 100vw, 724px\" \/><\/p>\n<p>&nbsp;<\/p>\n<p style=\"text-align: center;\"><span style=\"color: #000000; font-size: large;\"><span class=\"gmail_default\">Per rebre m\u00e9s informaci\u00f3 o resoldre inquietuds, u<\/span>s podeu dirigir a nosaltres\u00a0<span class=\"gmail_default\">mitjan\u00e7ant el nostre correu web:\u00a0<\/span>\u00a0<b><a href=\"mailto:casal.afamansuet@gmail.com\" target=\"_blank\" rel=\"noopener\">casal.afamansuet@gmail.<wbr \/>com<\/a><\/b>\u00a0o al tel\u00e8fon\u00a0<b>621 049 588<span class=\"gmail_default\">.<\/span><\/b><\/span><\/p>\n<p style=\"text-align: center;\"><span style=\"color: #000000; font-size: large;\">Que no us ho expliquin!\u00a0<\/span><\/p>\n<p style=\"text-align: center;\"><span style=\"color: #000000; font-size: large;\">Obrim inscripcions\u00a0<span class=\"gmail_default\">avui<\/span> mateix fins al dia <b>30 de mai<span class=\"gmail_default\">g!!!<\/span><\/b><\/span><\/p>\n<p style=\"text-align: center;\"><span style=\"color: #000000; font-size: large;\"><span class=\"gmail_default\">Us hi esperem<\/span>!!\u00a0<\/span><\/p>\n<p><a href=\"https:\/\/agora.xtec.cat\/escolamansuet\/wp-content\/uploads\/usu1881\/2025\/05\/FULL-DINSCRIPCIO.pdf\"><img loading=\"lazy\" decoding=\"async\" class=\"aligncenter wp-image-1880 size-full\" src=\"https:\/\/agora.xtec.cat\/escolamansuet\/wp-content\/uploads\/usu1881\/2023\/04\/web-etiquetes-e1714724390640.png\" alt=\"\" width=\"1723\" height=\"200\" srcset=\"https:\/\/agora.xtec.cat\/escolamansuet\/wp-content\/uploads\/usu1881\/2023\/04\/web-etiquetes-e1714724390640.png 1723w, https:\/\/agora.xtec.cat\/escolamansuet\/wp-content\/uploads\/usu1881\/2023\/04\/web-etiquetes-e1714724390640-300x35.png 300w, https:\/\/agora.xtec.cat\/escolamansuet\/wp-content\/uploads\/usu1881\/2023\/04\/web-etiquetes-e1714724390640-1024x119.png 1024w, https:\/\/agora.xtec.cat\/escolamansuet\/wp-content\/uploads\/usu1881\/2023\/04\/web-etiquetes-e1714724390640-768x89.png 768w, https:\/\/agora.xtec.cat\/escolamansuet\/wp-content\/uploads\/usu1881\/2023\/04\/web-etiquetes-e1714724390640-1536x178.png 1536w\" sizes=\"auto, (max-width: 1723px) 100vw, 1723px\" \/><\/a><\/p>\n<p>Altres documents importants:<\/p>\n<table style=\"height: 77px; width: 100%; border-collapse: collapse;\">\n<tbody>\n<tr style=\"height: 45px;\">\n<td style=\"width: 50%; height: 45px;\"><a href=\"https:\/\/agora.xtec.cat\/escolamansuet\/wp-content\/uploads\/usu1881\/2025\/05\/FITXA-DE-LINFANT.pdf\"><img loading=\"lazy\" decoding=\"async\" class=\"aligncenter size-full wp-image-1868\" src=\"https:\/\/agora.xtec.cat\/escolamansuet\/wp-content\/uploads\/usu1881\/2023\/04\/16.png\" alt=\"\" width=\"2000\" height=\"200\" srcset=\"https:\/\/agora.xtec.cat\/escolamansuet\/wp-content\/uploads\/usu1881\/2023\/04\/16.png 2000w, https:\/\/agora.xtec.cat\/escolamansuet\/wp-content\/uploads\/usu1881\/2023\/04\/16-300x30.png 300w, https:\/\/agora.xtec.cat\/escolamansuet\/wp-content\/uploads\/usu1881\/2023\/04\/16-1024x102.png 1024w, https:\/\/agora.xtec.cat\/escolamansuet\/wp-content\/uploads\/usu1881\/2023\/04\/16-768x77.png 768w, https:\/\/agora.xtec.cat\/escolamansuet\/wp-content\/uploads\/usu1881\/2023\/04\/16-1536x154.png 1536w\" sizes=\"auto, (max-width: 2000px) 100vw, 2000px\" \/><\/a><\/td>\n<td style=\"width: 50%; height: 45px;\"><a href=\"https:\/\/agora.xtec.cat\/escolamansuet\/wp-content\/uploads\/usu1881\/2025\/05\/AUTORITZACIONS.pdf\"><img loading=\"lazy\" decoding=\"async\" class=\"aligncenter size-full wp-image-1867\" src=\"https:\/\/agora.xtec.cat\/escolamansuet\/wp-content\/uploads\/usu1881\/2023\/04\/15.png\" alt=\"\" width=\"2000\" height=\"200\" srcset=\"https:\/\/agora.xtec.cat\/escolamansuet\/wp-content\/uploads\/usu1881\/2023\/04\/15.png 2000w, https:\/\/agora.xtec.cat\/escolamansuet\/wp-content\/uploads\/usu1881\/2023\/04\/15-300x30.png 300w, https:\/\/agora.xtec.cat\/escolamansuet\/wp-content\/uploads\/usu1881\/2023\/04\/15-1024x102.png 1024w, https:\/\/agora.xtec.cat\/escolamansuet\/wp-content\/uploads\/usu1881\/2023\/04\/15-768x77.png 768w, https:\/\/agora.xtec.cat\/escolamansuet\/wp-content\/uploads\/usu1881\/2023\/04\/15-1536x154.png 1536w\" sizes=\"auto, (max-width: 2000px) 100vw, 2000px\" \/><\/a><\/td>\n<\/tr>\n<tr style=\"height: 32px;\">\n<td style=\"width: 50%; height: 32px;\"><a href=\"https:\/\/agora.xtec.cat\/escolamansuet\/wp-content\/uploads\/usu1881\/2025\/05\/FULL-DE-SALUT.pdf\"><img loading=\"lazy\" decoding=\"async\" class=\"aligncenter size-full wp-image-1870\" src=\"https:\/\/agora.xtec.cat\/escolamansuet\/wp-content\/uploads\/usu1881\/2023\/04\/13.png\" alt=\"\" width=\"2000\" height=\"200\" srcset=\"https:\/\/agora.xtec.cat\/escolamansuet\/wp-content\/uploads\/usu1881\/2023\/04\/13.png 2000w, https:\/\/agora.xtec.cat\/escolamansuet\/wp-content\/uploads\/usu1881\/2023\/04\/13-300x30.png 300w, https:\/\/agora.xtec.cat\/escolamansuet\/wp-content\/uploads\/usu1881\/2023\/04\/13-1024x102.png 1024w, https:\/\/agora.xtec.cat\/escolamansuet\/wp-content\/uploads\/usu1881\/2023\/04\/13-768x77.png 768w, https:\/\/agora.xtec.cat\/escolamansuet\/wp-content\/uploads\/usu1881\/2023\/04\/13-1536x154.png 1536w\" sizes=\"auto, (max-width: 2000px) 100vw, 2000px\" \/><\/a><\/td>\n<td style=\"width: 50%; height: 32px;\"><a href=\"https:\/\/agora.xtec.cat\/escolamansuet\/wp-content\/uploads\/usu1881\/2025\/05\/ADMINISTRACIO-DE-MEDICAMENTS.pdf\"><img loading=\"lazy\" decoding=\"async\" class=\"aligncenter size-full wp-image-1866\" src=\"https:\/\/agora.xtec.cat\/escolamansuet\/wp-content\/uploads\/usu1881\/2023\/04\/14.png\" alt=\"\" width=\"2000\" height=\"200\" srcset=\"https:\/\/agora.xtec.cat\/escolamansuet\/wp-content\/uploads\/usu1881\/2023\/04\/14.png 2000w, https:\/\/agora.xtec.cat\/escolamansuet\/wp-content\/uploads\/usu1881\/2023\/04\/14-300x30.png 300w, https:\/\/agora.xtec.cat\/escolamansuet\/wp-content\/uploads\/usu1881\/2023\/04\/14-1024x102.png 1024w, https:\/\/agora.xtec.cat\/escolamansuet\/wp-content\/uploads\/usu1881\/2023\/04\/14-768x77.png 768w, https:\/\/agora.xtec.cat\/escolamansuet\/wp-content\/uploads\/usu1881\/2023\/04\/14-1536x154.png 1536w\" sizes=\"auto, (max-width: 2000px) 100vw, 2000px\" \/><\/a><\/td>\n<\/tr>\n<\/tbody>\n<\/table>\n<p>&nbsp;<\/p>\n","protected":false},"excerpt":{"rendered":"<p>Un any m\u00e9s, per\u00f2 amb m\u00e9s il\u00b7lusi\u00f3 que mai, anunciem l&#8217;arribada del\u00a0s\u00faper casal d&#8217;estiu del Mansuet: 5 SENSES Benvingudes fam\u00edlies al casal d&#8217;estiu de I&#8217;AFA Mansuet, on viurem noves i meravelloses experi\u00e8ncies amb molta diversi\u00f3 i activitats sorprenents. Aquest estiu ens endinsarem en el m\u00f3n dels 5 sentits, on els infants de 3 a 12 [&hellip;]<\/p>\n","protected":false},"author":1,"featured_media":0,"parent":0,"menu_order":0,"comment_status":"closed","ping_status":"closed","template":"","meta":{"_bbp_topic_count":0,"_bbp_reply_count":0,"_bbp_total_topic_count":0,"_bbp_total_reply_count":0,"_bbp_voice_count":0,"_bbp_anonymous_reply_count":0,"_bbp_topic_count_hidden":0,"_bbp_reply_count_hidden":0,"_bbp_forum_subforum_count":0,"site-sidebar-layout":"default","site-content-layout":"","ast-site-content-layout":"","site-content-style":"default","site-sidebar-style":"default","ast-global-header-display":"","ast-banner-title-visibility":"","ast-main-header-display":"","ast-hfb-above-header-display":"","ast-hfb-below-header-display":"","ast-hfb-mobile-header-display":"","site-post-title":"","ast-breadcrumbs-content":"","ast-featured-img":"","footer-sml-layout":"","theme-transparent-header-meta":"","adv-header-id-meta":"","stick-header-meta":"","header-above-stick-meta":"","header-main-stick-meta":"","header-below-stick-meta":"","astra-migrate-meta-layouts":"default","ast-page-background-enabled":"default","ast-page-background-meta":{"desktop":{"background-color":"var(--ast-global-color-4)","background-image":"","background-repeat":"repeat","background-position":"center center","background-size":"auto","background-attachment":"scroll","background-type":"","background-media":"","overlay-type":"","overlay-color":"","overlay-opacity":"","overlay-gradient":""},"tablet":{"background-color":"","background-image":"","background-repeat":"repeat","background-position":"center center","background-size":"auto","background-attachment":"scroll","background-type":"","background-media":"","overlay-type":"","overlay-color":"","overlay-opacity":"","overlay-gradient":""},"mobile":{"background-color":"","background-image":"","background-repeat":"repeat","background-position":"center center","background-size":"auto","background-attachment":"scroll","background-type":"","background-media":"","overlay-type":"","overlay-color":"","overlay-opacity":"","overlay-gradient":""}},"ast-content-background-meta":{"desktop":{"background-color":"var(--ast-global-color-5)","background-image":"","background-repeat":"repeat","background-position":"center center","background-size":"auto","background-attachment":"scroll","background-type":"","background-media":"","overlay-type":"","overlay-color":"","overlay-opacity":"","overlay-gradient":""},"tablet":{"background-color":"var(--ast-global-color-5)","background-image":"","background-repeat":"repeat","background-position":"center center","background-size":"auto","background-attachment":"scroll","background-type":"","background-media":"","overlay-type":"","overlay-color":"","overlay-opacity":"","overlay-gradient":""},"mobile":{"background-color":"var(--ast-global-color-5)","background-image":"","background-repeat":"repeat","background-position":"center center","background-size":"auto","background-attachment":"scroll","background-type":"","background-media":"","overlay-type":"","overlay-color":"","overlay-opacity":"","overlay-gradient":""}},"footnotes":""},"class_list":["post-984","page","type-page","status-publish","hentry"],"post_mailing_queue_ids":[],"_links":{"self":[{"href":"https:\/\/agora.xtec.cat\/escolamansuet\/wp-json\/wp\/v2\/pages\/984","targetHints":{"allow":["GET"]}}],"collection":[{"href":"https:\/\/agora.xtec.cat\/escolamansuet\/wp-json\/wp\/v2\/pages"}],"about":[{"href":"https:\/\/agora.xtec.cat\/escolamansuet\/wp-json\/wp\/v2\/types\/page"}],"author":[{"embeddable":true,"href":"https:\/\/agora.xtec.cat\/escolamansuet\/wp-json\/wp\/v2\/users\/1"}],"replies":[{"embeddable":true,"href":"https:\/\/agora.xtec.cat\/escolamansuet\/wp-json\/wp\/v2\/comments?post=984"}],"version-history":[{"count":6,"href":"https:\/\/agora.xtec.cat\/escolamansuet\/wp-json\/wp\/v2\/pages\/984\/revisions"}],"predecessor-version":[{"id":2216,"href":"https:\/\/agora.xtec.cat\/escolamansuet\/wp-json\/wp\/v2\/pages\/984\/revisions\/2216"}],"wp:attachment":[{"href":"https:\/\/agora.xtec.cat\/escolamansuet\/wp-json\/wp\/v2\/media?parent=984"}],"curies":[{"name":"wp","href":"https:\/\/api.w.org\/{rel}","templated":true}]}}