{"id":22,"date":"2014-09-18T12:19:57","date_gmt":"2014-09-18T11:19:57","guid":{"rendered":"http:\/\/agora.xtec.cat\/escolamansuet\/?page_id=22"},"modified":"2021-03-08T12:07:54","modified_gmt":"2021-03-08T11:07:54","slug":"lescola","status":"publish","type":"page","link":"https:\/\/agora.xtec.cat\/escolamansuet\/lescola\/","title":{"rendered":"L&#8217;escola"},"content":{"rendered":"<p style=\"text-align: justify;\">L\u2019Escola Mansuet va obrir les seves portes el 12 de setembre de 2007. \u00c9s un centre d\u2019una sola l\u00ednia, tot i que algun curs est\u00e0 desdoblat. Es troba ubicada a Collbat\u00f3, just davant de la falda de Montserrat.<\/p>\n<p style=\"text-align: justify;\">L\u2019Escola Mansuet ent\u00e9n l\u2019educaci\u00f3 com un proc\u00e9s integral que t\u00e9 com a principal objectiu el desenvolupament f\u00edsic, intel\u00b7lectual, afectiu, emocional i social dels infants, perqu\u00e8 esdevinguin persones amb una <strong>bona formaci\u00f3 humana i acad\u00e8mica <\/strong>i amb uns criteris de valors ben fonamentats. Basem, doncs, l\u2019educaci\u00f3 en el respecte, la solidaritat, la llibertat \u2013lligada amb la responsabilitat\u2013, la toler\u00e0ncia i el di\u00e0leg, amb l\u2019objectiu d\u2019ajudar als nostres alumnes a assolir, de manera gradual, un bon nivell d\u2019autonomia i maduresa personal.<\/p>\n<p style=\"text-align: justify;\">Volem acompanyar l\u2019alumnat en la interpretaci\u00f3 de la realitat que l\u2019envolta, a participar-hi activament, a <strong>cr\u00e9ixer feli\u00e7 <\/strong>i preparat pel m\u00f3n present.<\/p>\n<p style=\"text-align: justify;\">Fomentarem una <strong>educaci\u00f3 vertical, <\/strong>amb l\u2019objectiu de fer que l&#8217;infant visqui en un ambient semblant al familiar, on els m\u00e9s petits tinguin com a refer\u00e8ncia als m\u00e9s grans i els m\u00e9s grans respectin i es responsabilitzin dels petits. Per aconseguir-ho, realitzarem algunes activitats amb agrupaments des de P3 fins a 6\u00e8 (elaboraci\u00f3 de panellets, monogr\u00e0fics, teatres, sortides, col\u00f2nies&#8230;) i altres activitats amb agrupaments per comunitats (tallers, sortides&#8230;) D\u2019aquesta manera s\u2019afavoreix una bona socialitzaci\u00f3 entre iguals.<\/p>\n<p style=\"text-align: justify;\">Les <strong>noves tecnologies<\/strong> i els mitjans de comunicaci\u00f3 audiovisual s\u00f3n uns dels mitjans m\u00e9s influents en l\u2019educaci\u00f3 de les noves generacions. Per aquest fet, la nostra escola incorpora les TAC en la seva pr\u00e0ctica educativa com un recurs m\u00e9s d\u2019aprenentatge i prepara l&#8217;alumnat per analitzar cr\u00edticament la informaci\u00f3.<\/p>\n<p style=\"text-align: justify;\">Fem especial \u00e8mfasi en el desenvolupament <strong>art\u00edstic i creatiu<\/strong>, ja sigui musical, teatral o pl\u00e0stic, considerant l\u2019art com una font d\u2019expressi\u00f3 de l\u2019\u00e9sser hum\u00e0.<\/p>\n<p style=\"text-align: justify;\">Proporcionem un ambient on els alumnes se sentin acollits i amb expectatives d\u2019aprenentatge. Un ambient favorable a les necessitats f\u00edsiques, emocionals i ps\u00edquiques naturals dels infants.<\/p>\n<p style=\"text-align: justify;\">Afavorim la cooperaci\u00f3 i la <strong>relaci\u00f3 entre escola i fam\u00edlia<\/strong>, fent-los coneixedors i c\u00f2mplices de la nostra metodologia i del nostre dia a dia. Treballem per aconseguir que totes les fam\u00edlies del centre sentin que fam\u00edlia i escola tenim un objectiu com\u00fa i, \u00e9s per aix\u00f2 que cal establir una relaci\u00f3 basada en <strong>el respecte i la confian\u00e7a.<\/strong><\/p>\n<p><img loading=\"lazy\" decoding=\"async\" class=\"aligncenter size-large wp-image-1318\" src=\"https:\/\/agora.xtec.cat\/escolamansuet\/wp-content\/uploads\/usu1881\/2021\/03\/2-724x1024.jpg\" alt=\"\" width=\"724\" height=\"1024\" srcset=\"https:\/\/agora.xtec.cat\/escolamansuet\/wp-content\/uploads\/usu1881\/2021\/03\/2-724x1024.jpg 724w, https:\/\/agora.xtec.cat\/escolamansuet\/wp-content\/uploads\/usu1881\/2021\/03\/2-212x300.jpg 212w, https:\/\/agora.xtec.cat\/escolamansuet\/wp-content\/uploads\/usu1881\/2021\/03\/2-768x1086.jpg 768w, https:\/\/agora.xtec.cat\/escolamansuet\/wp-content\/uploads\/usu1881\/2021\/03\/2.jpg 1414w\" sizes=\"auto, (max-width: 724px) 100vw, 724px\" \/><\/p>\n","protected":false},"excerpt":{"rendered":"<p>L\u2019Escola Mansuet va obrir les seves portes el 12 de setembre de 2007. \u00c9s un centre d\u2019una sola l\u00ednia, tot i que algun curs est\u00e0 desdoblat. Es troba ubicada a Collbat\u00f3, just davant de la falda de Montserrat. L\u2019Escola Mansuet ent\u00e9n l\u2019educaci\u00f3 com un proc\u00e9s integral que t\u00e9 com a principal objectiu el desenvolupament f\u00edsic, [&hellip;]<\/p>\n","protected":false},"author":1,"featured_media":0,"parent":0,"menu_order":0,"comment_status":"closed","ping_status":"closed","template":"page-templates\/side-menu.php","meta":{"_bbp_topic_count":0,"_bbp_reply_count":0,"_bbp_total_topic_count":0,"_bbp_total_reply_count":0,"_bbp_voice_count":0,"_bbp_anonymous_reply_count":0,"_bbp_topic_count_hidden":0,"_bbp_reply_count_hidden":0,"_bbp_forum_subforum_count":0,"site-sidebar-layout":"default","site-content-layout":"","ast-site-content-layout":"","site-content-style":"default","site-sidebar-style":"default","ast-global-header-display":"","ast-banner-title-visibility":"","ast-main-header-display":"","ast-hfb-above-header-display":"","ast-hfb-below-header-display":"","ast-hfb-mobile-header-display":"","site-post-title":"","ast-breadcrumbs-content":"","ast-featured-img":"","footer-sml-layout":"","theme-transparent-header-meta":"","adv-header-id-meta":"","stick-header-meta":"","header-above-stick-meta":"","header-main-stick-meta":"","header-below-stick-meta":"","astra-migrate-meta-layouts":"default","ast-page-background-enabled":"default","ast-page-background-meta":{"desktop":{"background-color":"var(--ast-global-color-4)","background-image":"","background-repeat":"repeat","background-position":"center center","background-size":"auto","background-attachment":"scroll","background-type":"","background-media":"","overlay-type":"","overlay-color":"","overlay-opacity":"","overlay-gradient":""},"tablet":{"background-color":"","background-image":"","background-repeat":"repeat","background-position":"center center","background-size":"auto","background-attachment":"scroll","background-type":"","background-media":"","overlay-type":"","overlay-color":"","overlay-opacity":"","overlay-gradient":""},"mobile":{"background-color":"","background-image":"","background-repeat":"repeat","background-position":"center center","background-size":"auto","background-attachment":"scroll","background-type":"","background-media":"","overlay-type":"","overlay-color":"","overlay-opacity":"","overlay-gradient":""}},"ast-content-background-meta":{"desktop":{"background-color":"var(--ast-global-color-5)","background-image":"","background-repeat":"repeat","background-position":"center center","background-size":"auto","background-attachment":"scroll","background-type":"","background-media":"","overlay-type":"","overlay-color":"","overlay-opacity":"","overlay-gradient":""},"tablet":{"background-color":"var(--ast-global-color-5)","background-image":"","background-repeat":"repeat","background-position":"center center","background-size":"auto","background-attachment":"scroll","background-type":"","background-media":"","overlay-type":"","overlay-color":"","overlay-opacity":"","overlay-gradient":""},"mobile":{"background-color":"var(--ast-global-color-5)","background-image":"","background-repeat":"repeat","background-position":"center center","background-size":"auto","background-attachment":"scroll","background-type":"","background-media":"","overlay-type":"","overlay-color":"","overlay-opacity":"","overlay-gradient":""}},"footnotes":""},"class_list":["post-22","page","type-page","status-publish","hentry"],"post_mailing_queue_ids":[],"_links":{"self":[{"href":"https:\/\/agora.xtec.cat\/escolamansuet\/wp-json\/wp\/v2\/pages\/22","targetHints":{"allow":["GET"]}}],"collection":[{"href":"https:\/\/agora.xtec.cat\/escolamansuet\/wp-json\/wp\/v2\/pages"}],"about":[{"href":"https:\/\/agora.xtec.cat\/escolamansuet\/wp-json\/wp\/v2\/types\/page"}],"author":[{"embeddable":true,"href":"https:\/\/agora.xtec.cat\/escolamansuet\/wp-json\/wp\/v2\/users\/1"}],"replies":[{"embeddable":true,"href":"https:\/\/agora.xtec.cat\/escolamansuet\/wp-json\/wp\/v2\/comments?post=22"}],"version-history":[{"count":3,"href":"https:\/\/agora.xtec.cat\/escolamansuet\/wp-json\/wp\/v2\/pages\/22\/revisions"}],"predecessor-version":[{"id":1321,"href":"https:\/\/agora.xtec.cat\/escolamansuet\/wp-json\/wp\/v2\/pages\/22\/revisions\/1321"}],"wp:attachment":[{"href":"https:\/\/agora.xtec.cat\/escolamansuet\/wp-json\/wp\/v2\/media?parent=22"}],"curies":[{"name":"wp","href":"https:\/\/api.w.org\/{rel}","templated":true}]}}