{"id":559,"date":"2021-03-04T13:48:15","date_gmt":"2021-03-04T12:48:15","guid":{"rendered":"https:\/\/agora.xtec.cat\/escolalesplanes\/?page_id=559"},"modified":"2024-01-07T18:17:27","modified_gmt":"2024-01-07T17:17:27","slug":"escola-inclusiva","status":"publish","type":"page","link":"https:\/\/agora.xtec.cat\/escolalesplanes\/que-fem\/escola-inclusiva\/","title":{"rendered":"Escola inclusiva"},"content":{"rendered":"<p style=\"text-align: justify;\">\nA l\u2019Escola Les Planes, l\u2019atenci\u00f3 a la diversitat i el cam\u00ed cap a la inclusi\u00f3 s\u00f3n objectius prioritaris. Entenem que l\u2019atenci\u00f3 a la diversitat garanteix l\u2019equitat dels infants en el seu proc\u00e9s de construcci\u00f3 i creixement, com tamb\u00e9 en el seu desenvolupament personal i col\u00b7lectiu i en el proc\u00e9s i seguiment dels aprenentatges. Part del treball d\u2019inclusi\u00f3 al centre comporta focalitzar l\u2019atenci\u00f3 en reduir o eliminar barreres per a l\u2019aprenentatge i la participaci\u00f3 a l\u2019aula. L\u2019acci\u00f3 pedag\u00f2gica de l\u2019escola s\u2019enfoca sempre a partir de la realitat del nen\/a, de com \u00e9s i com est\u00e0 segons el seu cicle evolutiu. Cada infant \u00e9s diferent i, com a tal, l\u2019acceptem, l\u2019ajudem a progressar tenint cura del ritme d\u2019aprenentatge personal, vetllem per la seva autonomia i socialitzaci\u00f3 i li donem les eines necess\u00e0ries per assolir un bon i continu aprenentatge.<br \/>\nAl centre comptem amb la Comissi\u00f3 d\u2019Atenci\u00f3 d\u2019Educativa Inclusiva (CAEI). Aquesta Comissi\u00f3 coordina les accions i prioritats per a l\u2019atenci\u00f3 a la diversitat de l\u2019alumnat, concreta l\u2019organitzaci\u00f3, ajustament i seguiment dels recursos de qu\u00e8 disposa el centre i de les mesures adoptades, fa el seguiment de l\u2019evoluci\u00f3 de l\u2019alumnat amb necessitats educatives especials i espec\u00edfiques i proposa, juntament amb els tutors-es i les coordinadores d\u2019etapa, els plans de suport individualitzats (PSI), si s\u2019escau. Planteja formacions al Claustre i mant\u00e9 estreta relaci\u00f3 amb els professionals externs.<br \/>\nA l\u2019escola tamb\u00e9 comptem amb el Suport intensiu per a l\u2019escolaritzaci\u00f3 inclusiva (SIEI), aquesta \u00e9s una dotaci\u00f3 extraordin\u00e0ria de professionals format per una mestra d\u2019educaci\u00f3 especial i una educadora d\u2019educaci\u00f3 especial, que formen part de l\u2019equip docent de l\u2019escola com un recurs intensiu per atendre l\u2019alumnat amb necessitats educatives especials que ho necessitin. El SIEI \u00e9s un recurs pel centre que es suma als suports universals i addicionals per afavorir la inclusi\u00f3.<\/p>\n","protected":false},"excerpt":{"rendered":"<p>A l\u2019Escola Les Planes, l\u2019atenci\u00f3 a la diversitat i el cam\u00ed cap a la inclusi\u00f3 s\u00f3n objectius prioritaris. Entenem que l\u2019atenci\u00f3 a la diversitat garanteix l\u2019equitat dels infants en el seu proc\u00e9s de construcci\u00f3 i creixement, com tamb\u00e9 en el seu desenvolupament personal i col\u00b7lectiu i en el proc\u00e9s i seguiment dels aprenentatges. Part del [&hellip;]<\/p>\n","protected":false},"author":1,"featured_media":0,"parent":537,"menu_order":20,"comment_status":"closed","ping_status":"closed","template":"","meta":{"_bbp_topic_count":0,"_bbp_reply_count":0,"_bbp_total_topic_count":0,"_bbp_total_reply_count":0,"_bbp_voice_count":0,"_bbp_anonymous_reply_count":0,"_bbp_topic_count_hidden":0,"_bbp_reply_count_hidden":0,"_bbp_forum_subforum_count":0,"site-sidebar-layout":"default","site-content-layout":"","ast-site-content-layout":"","site-content-style":"default","site-sidebar-style":"default","ast-global-header-display":"","ast-banner-title-visibility":"","ast-main-header-display":"","ast-hfb-above-header-display":"","ast-hfb-below-header-display":"","ast-hfb-mobile-header-display":"","site-post-title":"","ast-breadcrumbs-content":"","ast-featured-img":"","footer-sml-layout":"","theme-transparent-header-meta":"","adv-header-id-meta":"","stick-header-meta":"","header-above-stick-meta":"","header-main-stick-meta":"","header-below-stick-meta":"","astra-migrate-meta-layouts":"default","ast-page-background-enabled":"default","ast-page-background-meta":{"desktop":{"background-color":"var(--ast-global-color-4)","background-image":"","background-repeat":"repeat","background-position":"center center","background-size":"auto","background-attachment":"scroll","background-type":"","background-media":"","overlay-type":"","overlay-color":"","overlay-opacity":"","overlay-gradient":""},"tablet":{"background-color":"","background-image":"","background-repeat":"repeat","background-position":"center center","background-size":"auto","background-attachment":"scroll","background-type":"","background-media":"","overlay-type":"","overlay-color":"","overlay-opacity":"","overlay-gradient":""},"mobile":{"background-color":"","background-image":"","background-repeat":"repeat","background-position":"center center","background-size":"auto","background-attachment":"scroll","background-type":"","background-media":"","overlay-type":"","overlay-color":"","overlay-opacity":"","overlay-gradient":""}},"ast-content-background-meta":{"desktop":{"background-color":"var(--ast-global-color-5)","background-image":"","background-repeat":"repeat","background-position":"center center","background-size":"auto","background-attachment":"scroll","background-type":"","background-media":"","overlay-type":"","overlay-color":"","overlay-opacity":"","overlay-gradient":""},"tablet":{"background-color":"var(--ast-global-color-5)","background-image":"","background-repeat":"repeat","background-position":"center center","background-size":"auto","background-attachment":"scroll","background-type":"","background-media":"","overlay-type":"","overlay-color":"","overlay-opacity":"","overlay-gradient":""},"mobile":{"background-color":"var(--ast-global-color-5)","background-image":"","background-repeat":"repeat","background-position":"center center","background-size":"auto","background-attachment":"scroll","background-type":"","background-media":"","overlay-type":"","overlay-color":"","overlay-opacity":"","overlay-gradient":""}},"footnotes":""},"class_list":["post-559","page","type-page","status-publish","hentry"],"post_mailing_queue_ids":[],"_links":{"self":[{"href":"https:\/\/agora.xtec.cat\/escolalesplanes\/wp-json\/wp\/v2\/pages\/559","targetHints":{"allow":["GET"]}}],"collection":[{"href":"https:\/\/agora.xtec.cat\/escolalesplanes\/wp-json\/wp\/v2\/pages"}],"about":[{"href":"https:\/\/agora.xtec.cat\/escolalesplanes\/wp-json\/wp\/v2\/types\/page"}],"author":[{"embeddable":true,"href":"https:\/\/agora.xtec.cat\/escolalesplanes\/wp-json\/wp\/v2\/users\/1"}],"replies":[{"embeddable":true,"href":"https:\/\/agora.xtec.cat\/escolalesplanes\/wp-json\/wp\/v2\/comments?post=559"}],"version-history":[{"count":4,"href":"https:\/\/agora.xtec.cat\/escolalesplanes\/wp-json\/wp\/v2\/pages\/559\/revisions"}],"predecessor-version":[{"id":2504,"href":"https:\/\/agora.xtec.cat\/escolalesplanes\/wp-json\/wp\/v2\/pages\/559\/revisions\/2504"}],"up":[{"embeddable":true,"href":"https:\/\/agora.xtec.cat\/escolalesplanes\/wp-json\/wp\/v2\/pages\/537"}],"wp:attachment":[{"href":"https:\/\/agora.xtec.cat\/escolalesplanes\/wp-json\/wp\/v2\/media?parent=559"}],"curies":[{"name":"wp","href":"https:\/\/api.w.org\/{rel}","templated":true}]}}