{"id":685,"date":"2019-11-29T17:36:08","date_gmt":"2019-11-29T16:36:08","guid":{"rendered":"https:\/\/agora.xtec.cat\/escolalesllisses\/?page_id=685"},"modified":"2025-03-11T16:19:35","modified_gmt":"2025-03-11T15:19:35","slug":"documents-de-centre","status":"publish","type":"page","link":"https:\/\/agora.xtec.cat\/escolalesllisses\/lescola\/documents-de-centre\/","title":{"rendered":"Documents de centre"},"content":{"rendered":"<p>En aquesta p\u00e0gina podeu accedir als diferents documents propis del nostre centre:<\/p>\n<ul>\n<li><strong>Projecte Educatiu de Centre (PEC)<a href=\"https:\/\/agora.xtec.cat\/escolalesllisses\/wp-content\/uploads\/usu2000\/2022\/06\/5-PEC-Actualitzat-22.06.15-definitiu.pdf\"><img loading=\"lazy\" decoding=\"async\" class=\"wp-image-3600 alignright\" src=\"https:\/\/agora.xtec.cat\/escolalesllisses\/wp-content\/uploads\/usu2000\/2022\/06\/PEC.png\" alt=\"\" width=\"258\" height=\"296\" srcset=\"https:\/\/agora.xtec.cat\/escolalesllisses\/wp-content\/uploads\/usu2000\/2022\/06\/PEC.png 599w, https:\/\/agora.xtec.cat\/escolalesllisses\/wp-content\/uploads\/usu2000\/2022\/06\/PEC-262x300.png 262w\" sizes=\"auto, (max-width: 258px) 100vw, 258px\" \/><\/a><\/strong><\/li>\n<\/ul>\n<p>El projecte educatiu de centre \u00e9s el document que defineix el funcionament del nostre centre educatiu. Inclou els principis que el defineixen, adaptant els objectius a la realitat de l\u2019entorn del nostre alumnat i d\u2019acord amb les conviccions pedag\u00f2giques del Claustre de mestres. Explicita les l\u00ednies d\u2019atenci\u00f3 a la diversitat i els objectius a treballar.<\/p>\n<p>Aquest document \u00e9s la base de les programacions dels professors\/es i de qualsevol actuaci\u00f3 singular que es vulgui dur a terme a la nostra escola, a m\u00e9s \u00e9s objecte d\u2019inspecci\u00f3 per part de l\u2019administraci\u00f3, per tal de garantir que s\u2019adeq\u00fci a les lleis vigents sobre educaci\u00f3.<\/p>\n<p><a href=\"https:\/\/agora.xtec.cat\/escolalesllisses\/wp-content\/uploads\/usu2000\/2022\/06\/5-PEC-Actualitzat-22.06.15-definitiu.pdf\">Projecte educatiu de centre<\/a><\/p>\n<p>&nbsp;<\/p>\n<ul>\n<li><strong>Projecte de Direcci\u00f3\u00a0<\/strong><\/li>\n<\/ul>\n<p>El\u00a0projecte de direcci\u00f3, que ha de\u00a0presentar cada candidat o candidata, ha d&#8217;ordenar el desplegament i l&#8217;aplicaci\u00f3\u00a0del projecte educatiu per al per\u00edode de mandat i explicitar la diagnosi actualitzada del centre, els objectius a assolir per la millora dels resultats educatius, les actuacions previstes, les concrecions organitzatives, els indicadors de progr\u00e9s del projecte i per a l&#8217;avaluaci\u00f3 de l&#8217;exercici de la direcci\u00f3, aix\u00ed com els mecanismes de rendici\u00f3 de comptes i de participaci\u00f3 de la comunitat en el centre.<\/p>\n<p>PROJECTE DE DIRECCI\u00d3<\/p>\n<p>&nbsp;<\/p>\n<p>&nbsp;<\/p>\n<ul>\n<li><strong>Projecte Ling\u00fc\u00edstic de Centre (PLC)<a href=\"https:\/\/agora.xtec.cat\/escolalesllisses\/wp-content\/uploads\/usu2000\/2022\/06\/4-PROJECTE-LINGUISTIC-REVISAT-i-actualitzat-22.06.15.pdf\"><img loading=\"lazy\" decoding=\"async\" class=\"wp-image-3601 alignright\" src=\"https:\/\/agora.xtec.cat\/escolalesllisses\/wp-content\/uploads\/usu2000\/2022\/06\/PLC.png\" alt=\"\" width=\"290\" height=\"320\" srcset=\"https:\/\/agora.xtec.cat\/escolalesllisses\/wp-content\/uploads\/usu2000\/2022\/06\/PLC.png 646w, https:\/\/agora.xtec.cat\/escolalesllisses\/wp-content\/uploads\/usu2000\/2022\/06\/PLC-272x300.png 272w\" sizes=\"auto, (max-width: 290px) 100vw, 290px\" \/><\/a><\/strong><\/li>\n<\/ul>\n<p>El Govern de Catalunya defineix el model ling\u00fc\u00edstic del sistema educatiu situant la llengua al centre de l\u2019aprenentatge: com a instrument fonamental per al desenvolupament personal, social, acad\u00e8mic i professional de tots els alumnes, i com a garantia d\u2019equitat i de cohesi\u00f3 social.<\/p>\n<p>Un dels elements m\u00e9s rellevants de la preparaci\u00f3 dels alumnes continua sent el domini del LLENGUATGE, l\u2019instrument que ens permet comprendre la realitat, expressar el pensament i les emocions, raonar, crear, transmetre el coneixement i una determinada manera de veure i entendre el m\u00f3n, i relacionar-nos amb els altres. El domini de la compet\u00e8ncia comunicativa i ling\u00fc\u00edstica, juntament amb les compet\u00e8ncies de tipus emocional i personal, \u00e9s fonamental per desenvolupar tasques amb un alt component cognitiu i per activar l\u2019esperit cr\u00edtic, argumentar, negociar i explicar el coneixement als altres i fer-ho en diferents lleng\u00fces.<\/p>\n<p><a href=\"https:\/\/agora.xtec.cat\/escolalesllisses\/wp-content\/uploads\/usu2000\/2022\/06\/4-PROJECTE-LINGUISTIC-REVISAT-i-actualitzat-22.06.15.pdf\">Projecte Ling\u00fc\u00edstic<\/a><\/p>\n<p>&nbsp;<\/p>\n<ul>\n<li><strong>Les NOFC (Normes d&#8217;Organitzaci\u00f3 i Funcionament del Centre)<a href=\"https:\/\/agora.xtec.cat\/escolalesllisses\/wp-content\/uploads\/usu2000\/2022\/06\/6-NOFC-actualitzat-2022-definitiu.pdf\"><img loading=\"lazy\" decoding=\"async\" class=\"wp-image-3602 alignright\" src=\"https:\/\/agora.xtec.cat\/escolalesllisses\/wp-content\/uploads\/usu2000\/2022\/06\/NOFC.png\" alt=\"\" width=\"256\" height=\"297\" srcset=\"https:\/\/agora.xtec.cat\/escolalesllisses\/wp-content\/uploads\/usu2000\/2022\/06\/NOFC.png 600w, https:\/\/agora.xtec.cat\/escolalesllisses\/wp-content\/uploads\/usu2000\/2022\/06\/NOFC-259x300.png 259w\" sizes=\"auto, (max-width: 256px) 100vw, 256px\" \/><\/a><\/strong><\/li>\n<\/ul>\n<p align=\"justify\">Les Normes d\u2019Organitzaci\u00f3 i Funcionament del Centre, que formen part del projecte educatiu, \u00e9s el document que recull de manera ordenada els preceptes que regeixen la nostra organitzaci\u00f3 i les interrelacions de la vida escolar: explicita l\u2019estructura; defineix els vincles; recull les funcions, els drets i els deures dels diferents sectors que formen l\u2019escola; fixa els procediments; adapta la normativa general a la nostra realitat i estableix l\u2019espec\u00edfica pel nostre centre educatiu.<\/p>\n<p align=\"justify\">Les normes d\u2019organitzaci\u00f3 i funcionament del centre \u00e9s un document viu amb constant renovaci\u00f3 a proposta de tots els sectors, per a la millora i compliment de la seva funci\u00f3 i s\u00f3n aprovades pel Claustre i presentades en Consell Escolar.<\/p>\n<p><a href=\"https:\/\/agora.xtec.cat\/escolalesllisses\/wp-content\/uploads\/usu2000\/2022\/06\/6-NOFC-actualitzat-2022-definitiu.pdf\">Les Normes d&#8217;Organitzaci\u00f3 i Funcionament de Centre<\/a><\/p>\n<p>&nbsp;<\/p>\n<ul>\n<li><strong>El Projecte de Conviv\u00e8ncia (en revisi\u00f3)<a href=\"https:\/\/agora.xtec.cat\/escolalesllisses\/wp-content\/uploads\/usu2000\/2021\/12\/PLA-CONVIVENCIA-Escola-LES-LLISSES-validad-i-signat-2.pdf\"><img loading=\"lazy\" decoding=\"async\" class=\"alignright wp-image-1902\" src=\"https:\/\/agora.xtec.cat\/escolalesllisses\/wp-content\/uploads\/usu2000\/2020\/11\/PdC.png\" alt=\"\" width=\"236\" height=\"287\" srcset=\"https:\/\/agora.xtec.cat\/escolalesllisses\/wp-content\/uploads\/usu2000\/2020\/11\/PdC.png 592w, https:\/\/agora.xtec.cat\/escolalesllisses\/wp-content\/uploads\/usu2000\/2020\/11\/PdC-247x300.png 247w\" sizes=\"auto, (max-width: 236px) 100vw, 236px\" \/><\/a><\/strong><\/li>\n<\/ul>\n<p>El Departament d&#8217;Educaci\u00f3 planteja l&#8217;elaboraci\u00f3 del Projecte de conviv\u00e8ncia com un instrument on es reflecteixen les accions que el centre docent desenvolupa per capacitar els alumnes i la resta de la comunitat educativa per a la conviv\u00e8ncia i la gesti\u00f3 positiva dels conflictes.<\/p>\n<p>Els centres educatius del Servei d\u2019Educaci\u00f3 de Catalunya han de tenir implementat el Projecte de conviv\u00e8ncia en el marc del seu Projecte educatiu, i ha de reflectir les accions que el centre educatiu desenvolupi per capacitar tots els alumnes i la resta de la comunitat escolar per a la conviv\u00e8ncia i la gesti\u00f3 positiva dels conflictes.<\/p>\n<p>Les accions que s\u2019hi proposen poden ser abordades des de\u00a0<strong>tres nivells diferents:<\/strong><\/p>\n<ul>\n<li><strong>Valors i actituds,<\/strong><\/li>\n<li><strong>Resoluci\u00f3 de conflictes<\/strong><\/li>\n<li><strong>El marc organitzatiu<\/strong>.<\/li>\n<\/ul>\n<p><a href=\"https:\/\/agora.xtec.cat\/escolalesllisses\/wp-content\/uploads\/usu2000\/2021\/12\/PLA-CONVIVENCIA-Escola-LES-LLISSES-validad-i-signat-2.pdf\">Projecte de Conviv\u00e8ncia i \u00c8xit Educatiu de l&#8217;Escola Les Llisses<\/a><\/p>\n<p><img loading=\"lazy\" decoding=\"async\" class=\"wp-image-1580 aligncenter\" src=\"https:\/\/agora.xtec.cat\/escolalesllisses\/wp-content\/uploads\/usu2000\/2020\/09\/831e2-convi1.jpg\" alt=\"\" width=\"279\" height=\"279\" srcset=\"https:\/\/agora.xtec.cat\/escolalesllisses\/wp-content\/uploads\/usu2000\/2020\/09\/831e2-convi1.jpg 600w, https:\/\/agora.xtec.cat\/escolalesllisses\/wp-content\/uploads\/usu2000\/2020\/09\/831e2-convi1-150x150.jpg 150w, https:\/\/agora.xtec.cat\/escolalesllisses\/wp-content\/uploads\/usu2000\/2020\/09\/831e2-convi1-300x300.jpg 300w\" sizes=\"auto, (max-width: 279px) 100vw, 279px\" \/><\/p>\n<p>&nbsp;<\/p>\n<ul>\n<li><strong>Carta de comprom\u00eds educatiu<\/strong><\/li>\n<\/ul>\n<p>La carta de comprom\u00eds educatiu \u00e9s un document que t\u00e9 com a finalitat potenciar la comunicaci\u00f3, la participaci\u00f3, la implicaci\u00f3, el comprom\u00eds i la corresponsabilitat entre els centres i les fam\u00edlies en l&#8217;educaci\u00f3 d&#8217;infants i joves.<\/p>\n<p>Per tant, la carta ha de contribuir, entre altres, als objectius seg\u00fcents:<\/p>\n<ul>\n<li>Compartir amb les fam\u00edlies els principis i els continguts del projecte educatiu del centre i, si escau, els projectes educatius de l&#8217;entorn.<\/li>\n<li>Millorar la informaci\u00f3 i la comunicaci\u00f3 entre el centre i les fam\u00edlies.<\/li>\n<li>Facilitar a les fam\u00edlies l&#8217;exercici dels seus drets i el compliment dels deures.<\/li>\n<li>Fomentar la conviv\u00e8ncia i el bon clima escolar.<\/li>\n<li>Corresponsabilitzar el centre i la fam\u00edlia en l&#8217;\u00e8xit acad\u00e8mic, personal i social dels alumnes i tamb\u00e9 en el comprom\u00eds c\u00edvic dels infants i joves.<\/li>\n<\/ul>\n<p>Cada centre elabora la seva carta de comprom\u00eds educatiu de manera participativa entre els diferents membres de la comunitat escolar, especialment els professionals de l&#8217;educaci\u00f3 i les fam\u00edlies, segons els principis, criteris i valors del seu projecte educatiu.<\/p>\n<p>Aquest document l&#8217;han de signar el pare, mare, tutor o tutora legal de l&#8217;alumne o alumna i la direcci\u00f3 del centre educatiu p\u00fablic o la persona titular del centre privat concertat en el moment de la matr\u00edcula.<\/p>\n<p><a href=\"https:\/\/agora.xtec.cat\/escolalesllisses\/wp-content\/uploads\/usu2000\/2025\/03\/24-25-CARTA-DE-COMPROMIS-EDUCATIU-DEFINITIU-encapcalament-nou.pdf\">\u00a0CARTA DE COMPROM\u00cdS EDUCATIU DEFINITIU<\/a><\/p>\n<ul>\n<li style=\"list-style-type: none;\">\n<ul>\n<li><img loading=\"lazy\" decoding=\"async\" class=\"wp-image-3076 alignleft\" src=\"https:\/\/agora.xtec.cat\/escolalesllisses\/wp-content\/uploads\/usu2000\/2021\/12\/pressupostos.jpg\" alt=\"\" width=\"274\" height=\"122\" srcset=\"https:\/\/agora.xtec.cat\/escolalesllisses\/wp-content\/uploads\/usu2000\/2021\/12\/pressupostos.jpg 650w, https:\/\/agora.xtec.cat\/escolalesllisses\/wp-content\/uploads\/usu2000\/2021\/12\/pressupostos-300x134.jpg 300w\" sizes=\"auto, (max-width: 274px) 100vw, 274px\" \/><a href=\"https:\/\/agora.xtec.cat\/escolalesllisses\/wp-content\/uploads\/usu2000\/2023\/02\/Dades-del-pressupost-4.pdf\">Pressupost 2023<\/a><\/li>\n<\/ul>\n<\/li>\n<\/ul>\n<p><a href=\"https:\/\/agora.xtec.cat\/escolalesllisses\/wp-content\/uploads\/usu2000\/2025\/03\/Dades-del-pressupost.pdf\">Pressupost 2024<\/a><\/p>\n<p><a href=\"https:\/\/agora.xtec.cat\/escolalesllisses\/wp-content\/uploads\/usu2000\/2025\/03\/Dades-del-pressupost-1.pdf\">Pressupost 2025<\/a><\/p>\n<p>Centre sostingut amb fons p\u00fablic.<\/p>\n","protected":false},"excerpt":{"rendered":"<p>En aquesta p\u00e0gina podeu accedir als diferents documents propis del nostre centre: Projecte Educatiu de Centre (PEC) El projecte educatiu de centre \u00e9s el document que defineix el funcionament del nostre centre educatiu. Inclou els principis que el defineixen, adaptant els objectius a la realitat de l\u2019entorn del nostre alumnat i d\u2019acord amb les conviccions [&hellip;]<\/p>\n","protected":false},"author":1,"featured_media":0,"parent":22,"menu_order":4,"comment_status":"closed","ping_status":"closed","template":"page-templates\/side-menu.php","meta":{"_bbp_topic_count":0,"_bbp_reply_count":0,"_bbp_total_topic_count":0,"_bbp_total_reply_count":0,"_bbp_voice_count":0,"_bbp_anonymous_reply_count":0,"_bbp_topic_count_hidden":0,"_bbp_reply_count_hidden":0,"_bbp_forum_subforum_count":0,"site-sidebar-layout":"default","site-content-layout":"","ast-site-content-layout":"","site-content-style":"default","site-sidebar-style":"default","ast-global-header-display":"","ast-banner-title-visibility":"","ast-main-header-display":"","ast-hfb-above-header-display":"","ast-hfb-below-header-display":"","ast-hfb-mobile-header-display":"","site-post-title":"","ast-breadcrumbs-content":"","ast-featured-img":"","footer-sml-layout":"","theme-transparent-header-meta":"","adv-header-id-meta":"","stick-header-meta":"","header-above-stick-meta":"","header-main-stick-meta":"","header-below-stick-meta":"","astra-migrate-meta-layouts":"default","ast-page-background-enabled":"default","ast-page-background-meta":{"desktop":{"background-color":"var(--ast-global-color-4)","background-image":"","background-repeat":"repeat","background-position":"center center","background-size":"auto","background-attachment":"scroll","background-type":"","background-media":"","overlay-type":"","overlay-color":"","overlay-opacity":"","overlay-gradient":""},"tablet":{"background-color":"","background-image":"","background-repeat":"repeat","background-position":"center center","background-size":"auto","background-attachment":"scroll","background-type":"","background-media":"","overlay-type":"","overlay-color":"","overlay-opacity":"","overlay-gradient":""},"mobile":{"background-color":"","background-image":"","background-repeat":"repeat","background-position":"center center","background-size":"auto","background-attachment":"scroll","background-type":"","background-media":"","overlay-type":"","overlay-color":"","overlay-opacity":"","overlay-gradient":""}},"ast-content-background-meta":{"desktop":{"background-color":"var(--ast-global-color-5)","background-image":"","background-repeat":"repeat","background-position":"center center","background-size":"auto","background-attachment":"scroll","background-type":"","background-media":"","overlay-type":"","overlay-color":"","overlay-opacity":"","overlay-gradient":""},"tablet":{"background-color":"var(--ast-global-color-5)","background-image":"","background-repeat":"repeat","background-position":"center center","background-size":"auto","background-attachment":"scroll","background-type":"","background-media":"","overlay-type":"","overlay-color":"","overlay-opacity":"","overlay-gradient":""},"mobile":{"background-color":"var(--ast-global-color-5)","background-image":"","background-repeat":"repeat","background-position":"center center","background-size":"auto","background-attachment":"scroll","background-type":"","background-media":"","overlay-type":"","overlay-color":"","overlay-opacity":"","overlay-gradient":""}},"footnotes":""},"class_list":["post-685","page","type-page","status-publish","hentry"],"post_mailing_queue_ids":[],"_links":{"self":[{"href":"https:\/\/agora.xtec.cat\/escolalesllisses\/wp-json\/wp\/v2\/pages\/685","targetHints":{"allow":["GET"]}}],"collection":[{"href":"https:\/\/agora.xtec.cat\/escolalesllisses\/wp-json\/wp\/v2\/pages"}],"about":[{"href":"https:\/\/agora.xtec.cat\/escolalesllisses\/wp-json\/wp\/v2\/types\/page"}],"author":[{"embeddable":true,"href":"https:\/\/agora.xtec.cat\/escolalesllisses\/wp-json\/wp\/v2\/users\/1"}],"replies":[{"embeddable":true,"href":"https:\/\/agora.xtec.cat\/escolalesllisses\/wp-json\/wp\/v2\/comments?post=685"}],"version-history":[{"count":6,"href":"https:\/\/agora.xtec.cat\/escolalesllisses\/wp-json\/wp\/v2\/pages\/685\/revisions"}],"predecessor-version":[{"id":4995,"href":"https:\/\/agora.xtec.cat\/escolalesllisses\/wp-json\/wp\/v2\/pages\/685\/revisions\/4995"}],"up":[{"embeddable":true,"href":"https:\/\/agora.xtec.cat\/escolalesllisses\/wp-json\/wp\/v2\/pages\/22"}],"wp:attachment":[{"href":"https:\/\/agora.xtec.cat\/escolalesllisses\/wp-json\/wp\/v2\/media?parent=685"}],"curies":[{"name":"wp","href":"https:\/\/api.w.org\/{rel}","templated":true}]}}