{"id":655,"date":"2019-09-23T23:32:27","date_gmt":"2019-09-23T21:32:27","guid":{"rendered":"https:\/\/agora.xtec.cat\/escolalesllisses\/?page_id=655"},"modified":"2025-09-02T08:51:24","modified_gmt":"2025-09-02T06:51:24","slug":"equip-docent","status":"publish","type":"page","link":"https:\/\/agora.xtec.cat\/escolalesllisses\/lescola\/equip-docent\/","title":{"rendered":"Equip Docent"},"content":{"rendered":"<p>El personal docent del centre, l&#8217;<strong>EQUIP DE LES LLISSES<\/strong>, aquest curs 2025-2026 el componen:<\/p>\n<p><span style=\"text-decoration: underline;\"><strong>Equip directiu:<a href=\"https:\/\/agora.xtec.cat\/escolalesllisses\/wp-content\/uploads\/usu2000\/2021\/12\/perfils-professionals-equip-directiu.pdf\"><img loading=\"lazy\" decoding=\"async\" class=\"alignright wp-image-2055\" src=\"https:\/\/agora.xtec.cat\/escolalesllisses\/wp-content\/uploads\/usu2000\/2020\/11\/Logos-cicles-1.png\" alt=\"\" width=\"206\" height=\"206\" srcset=\"https:\/\/agora.xtec.cat\/escolalesllisses\/wp-content\/uploads\/usu2000\/2020\/11\/Logos-cicles-1.png 500w, https:\/\/agora.xtec.cat\/escolalesllisses\/wp-content\/uploads\/usu2000\/2020\/11\/Logos-cicles-1-150x150.png 150w, https:\/\/agora.xtec.cat\/escolalesllisses\/wp-content\/uploads\/usu2000\/2020\/11\/Logos-cicles-1-300x300.png 300w\" sizes=\"auto, (max-width: 206px) 100vw, 206px\" \/><\/a><\/strong><\/span><\/p>\n<p style=\"text-align: left;\"><strong>Directora<\/strong>: M. Isabel Ruiz Agust\u00edn<\/p>\n<p><strong>Cap d&#8217;estudis:<\/strong> Espe Carbonell Casals<\/p>\n<p><strong>Secret\u00e0ria<\/strong>: Helen Cuartielles Herrero<\/p>\n<p><em><strong>Referent d\u2019igualtat de g\u00e8nere<\/strong><\/em>: S\u00edlvia Blasco<\/p>\n<p><span style=\"text-decoration: underline;\"><img loading=\"lazy\" decoding=\"async\" class=\"alignnone wp-image-4587\" src=\"https:\/\/agora.xtec.cat\/escolalesllisses\/wp-content\/uploads\/usu2000\/2024\/08\/2.png\" alt=\"\" width=\"117\" height=\"117\" srcset=\"https:\/\/agora.xtec.cat\/escolalesllisses\/wp-content\/uploads\/usu2000\/2024\/08\/2.png 500w, https:\/\/agora.xtec.cat\/escolalesllisses\/wp-content\/uploads\/usu2000\/2024\/08\/2-300x300.png 300w, https:\/\/agora.xtec.cat\/escolalesllisses\/wp-content\/uploads\/usu2000\/2024\/08\/2-150x150.png 150w\" sizes=\"auto, (max-width: 117px) 100vw, 117px\" \/><\/span><\/p>\n<p>Educaci\u00f3 Infantil 3 anys A: Susanna Oliva<\/p>\n<p>Educaci\u00f3 Infantil 4A anys B: Marl\u00e8ne Cruz<\/p>\n<p>Educaci\u00f3 Infantil 4B anys: Al\u00edcia Arroyo \/ Maria Font<\/p>\n<p>Educaci\u00f3 Infantil 5 anys: Cesc Mart\u00ednez<\/p>\n<p>Doc\u00e8ncia compartida a Ed. Infantil: Anna Careta<\/p>\n<p>TEEI: Montse Pe\u00f1arroya<\/p>\n<p>No tutor, Especialista d&#8217;Ed. Musical\u00a0<span style=\"font-family: inherit; font-size: 1em;\">i Coordinador digital: Diego Castro<\/span><\/p>\n<p><span style=\"text-decoration: underline;\"><img loading=\"lazy\" decoding=\"async\" class=\"alignnone wp-image-4588\" src=\"https:\/\/agora.xtec.cat\/escolalesllisses\/wp-content\/uploads\/usu2000\/2024\/08\/4.png\" alt=\"\" width=\"119\" height=\"119\" srcset=\"https:\/\/agora.xtec.cat\/escolalesllisses\/wp-content\/uploads\/usu2000\/2024\/08\/4.png 500w, https:\/\/agora.xtec.cat\/escolalesllisses\/wp-content\/uploads\/usu2000\/2024\/08\/4-300x300.png 300w, https:\/\/agora.xtec.cat\/escolalesllisses\/wp-content\/uploads\/usu2000\/2024\/08\/4-150x150.png 150w\" sizes=\"auto, (max-width: 119px) 100vw, 119px\" \/><\/span><\/p>\n<p>Primer Prim\u00e0ria: M\u00edriam Rico<\/p>\n<p>Segon Prim\u00e0ria:\u00a0 Merche Pacheco \/Eva G\u00e1lvez<\/p>\n<p>No tutora \/ doc\u00e8ncia compartida: Espe Carbonell<\/p>\n<p>Mestra d&#8217;aud<span style=\"font-family: inherit; font-size: 1em;\">ici\u00f3 i llenguatge: Eva G\u00e1lvez<\/span><\/p>\n<p><img loading=\"lazy\" decoding=\"async\" class=\"alignnone wp-image-4589\" src=\"https:\/\/agora.xtec.cat\/escolalesllisses\/wp-content\/uploads\/usu2000\/2024\/08\/7.png\" alt=\"\" width=\"124\" height=\"124\" srcset=\"https:\/\/agora.xtec.cat\/escolalesllisses\/wp-content\/uploads\/usu2000\/2024\/08\/7.png 500w, https:\/\/agora.xtec.cat\/escolalesllisses\/wp-content\/uploads\/usu2000\/2024\/08\/7-300x300.png 300w, https:\/\/agora.xtec.cat\/escolalesllisses\/wp-content\/uploads\/usu2000\/2024\/08\/7-150x150.png 150w\" sizes=\"auto, (max-width: 124px) 100vw, 124px\" \/><\/p>\n<p>Tercer: Ariadna Santamaria<\/p>\n<p>Quart A: Rosa Bail\u00f3n <span style=\"font-family: inherit; font-size: 1em;\">\u00a0<\/span><\/p>\n<p>Quart B: Aina Serra<\/p>\n<p>No tutora \/ doc\u00e8ncia compartida: Helen Cuartielles \/ M\u00edriam Rodr\u00edguez<\/p>\n<p>Mestra de pedagogia terap\u00e8utica: S\u00edlvia Blasco<\/p>\n<p><img loading=\"lazy\" decoding=\"async\" class=\"wp-image-4590 alignnone\" src=\"https:\/\/agora.xtec.cat\/escolalesllisses\/wp-content\/uploads\/usu2000\/2024\/08\/8.png\" alt=\"\" width=\"116\" height=\"116\" srcset=\"https:\/\/agora.xtec.cat\/escolalesllisses\/wp-content\/uploads\/usu2000\/2024\/08\/8.png 500w, https:\/\/agora.xtec.cat\/escolalesllisses\/wp-content\/uploads\/usu2000\/2024\/08\/8-300x300.png 300w, https:\/\/agora.xtec.cat\/escolalesllisses\/wp-content\/uploads\/usu2000\/2024\/08\/8-150x150.png 150w\" sizes=\"auto, (max-width: 116px) 100vw, 116px\" \/><\/p>\n<p>Cinqu\u00e8 A:\u00a0 Alejandro Villena<span style=\"font-family: inherit; font-size: 1em;\">\u00a0<\/span><\/p>\n<p>Cinqu\u00e8 B: Yolanda \u00c1lvarez<\/p>\n<p>Sis\u00e8 A: Mar Ba\u00f1eras<\/p>\n<p>Sis\u00e8 B: N\u00faria Pallar\u00e8s<\/p>\n<p>No tutora \/ doc\u00e8ncia compartida: Carme Panadero \/ Jennifer Gonz\u00e1lez<\/p>\n<p>Mestra de Religi\u00f3: Margarita Mir<\/p>\n<p>Mestra de pedagogia terap\u00e8utica: S\u00edlvia Blasco<\/p>\n<p><span style=\"text-decoration: underline;\"><strong>Altres<\/strong><\/span><\/p>\n<p><strong>Vetlladores<\/strong>: Yolanda A\u00f1ez i Consol Nadal<\/p>\n<p><strong>EAP<\/strong>: M\u00f2nica Perejil<\/p>\n<p><strong>Psicopedagoga municipal:<\/strong><\/p>\n<p><strong>CREDA<\/strong>: Laura Robado<\/p>\n<p><strong>Personal d&#8217;Administraci\u00f3 i Serveis:<\/strong> Marta S\u00e1nchez<\/p>\n","protected":false},"excerpt":{"rendered":"<p>El personal docent del centre, l&#8217;EQUIP DE LES LLISSES, aquest curs 2025-2026 el componen: Equip directiu: Directora: M. Isabel Ruiz Agust\u00edn Cap d&#8217;estudis: Espe Carbonell Casals Secret\u00e0ria: Helen Cuartielles Herrero Referent d\u2019igualtat de g\u00e8nere: S\u00edlvia Blasco Educaci\u00f3 Infantil 3 anys A: Susanna Oliva Educaci\u00f3 Infantil 4A anys B: Marl\u00e8ne Cruz Educaci\u00f3 Infantil 4B anys: Al\u00edcia [&hellip;]<\/p>\n","protected":false},"author":1,"featured_media":0,"parent":22,"menu_order":5,"comment_status":"closed","ping_status":"closed","template":"page-templates\/side-menu.php","meta":{"_bbp_topic_count":0,"_bbp_reply_count":0,"_bbp_total_topic_count":0,"_bbp_total_reply_count":0,"_bbp_voice_count":0,"_bbp_anonymous_reply_count":0,"_bbp_topic_count_hidden":0,"_bbp_reply_count_hidden":0,"_bbp_forum_subforum_count":0,"site-sidebar-layout":"default","site-content-layout":"","ast-site-content-layout":"","site-content-style":"default","site-sidebar-style":"default","ast-global-header-display":"","ast-banner-title-visibility":"","ast-main-header-display":"","ast-hfb-above-header-display":"","ast-hfb-below-header-display":"","ast-hfb-mobile-header-display":"","site-post-title":"","ast-breadcrumbs-content":"","ast-featured-img":"","footer-sml-layout":"","theme-transparent-header-meta":"","adv-header-id-meta":"","stick-header-meta":"","header-above-stick-meta":"","header-main-stick-meta":"","header-below-stick-meta":"","astra-migrate-meta-layouts":"default","ast-page-background-enabled":"default","ast-page-background-meta":{"desktop":{"background-color":"var(--ast-global-color-4)","background-image":"","background-repeat":"repeat","background-position":"center center","background-size":"auto","background-attachment":"scroll","background-type":"","background-media":"","overlay-type":"","overlay-color":"","overlay-opacity":"","overlay-gradient":""},"tablet":{"background-color":"","background-image":"","background-repeat":"repeat","background-position":"center center","background-size":"auto","background-attachment":"scroll","background-type":"","background-media":"","overlay-type":"","overlay-color":"","overlay-opacity":"","overlay-gradient":""},"mobile":{"background-color":"","background-image":"","background-repeat":"repeat","background-position":"center center","background-size":"auto","background-attachment":"scroll","background-type":"","background-media":"","overlay-type":"","overlay-color":"","overlay-opacity":"","overlay-gradient":""}},"ast-content-background-meta":{"desktop":{"background-color":"var(--ast-global-color-5)","background-image":"","background-repeat":"repeat","background-position":"center center","background-size":"auto","background-attachment":"scroll","background-type":"","background-media":"","overlay-type":"","overlay-color":"","overlay-opacity":"","overlay-gradient":""},"tablet":{"background-color":"var(--ast-global-color-5)","background-image":"","background-repeat":"repeat","background-position":"center center","background-size":"auto","background-attachment":"scroll","background-type":"","background-media":"","overlay-type":"","overlay-color":"","overlay-opacity":"","overlay-gradient":""},"mobile":{"background-color":"var(--ast-global-color-5)","background-image":"","background-repeat":"repeat","background-position":"center center","background-size":"auto","background-attachment":"scroll","background-type":"","background-media":"","overlay-type":"","overlay-color":"","overlay-opacity":"","overlay-gradient":""}},"footnotes":""},"class_list":["post-655","page","type-page","status-publish","hentry"],"post_mailing_queue_ids":[],"_links":{"self":[{"href":"https:\/\/agora.xtec.cat\/escolalesllisses\/wp-json\/wp\/v2\/pages\/655","targetHints":{"allow":["GET"]}}],"collection":[{"href":"https:\/\/agora.xtec.cat\/escolalesllisses\/wp-json\/wp\/v2\/pages"}],"about":[{"href":"https:\/\/agora.xtec.cat\/escolalesllisses\/wp-json\/wp\/v2\/types\/page"}],"author":[{"embeddable":true,"href":"https:\/\/agora.xtec.cat\/escolalesllisses\/wp-json\/wp\/v2\/users\/1"}],"replies":[{"embeddable":true,"href":"https:\/\/agora.xtec.cat\/escolalesllisses\/wp-json\/wp\/v2\/comments?post=655"}],"version-history":[{"count":6,"href":"https:\/\/agora.xtec.cat\/escolalesllisses\/wp-json\/wp\/v2\/pages\/655\/revisions"}],"predecessor-version":[{"id":5162,"href":"https:\/\/agora.xtec.cat\/escolalesllisses\/wp-json\/wp\/v2\/pages\/655\/revisions\/5162"}],"up":[{"embeddable":true,"href":"https:\/\/agora.xtec.cat\/escolalesllisses\/wp-json\/wp\/v2\/pages\/22"}],"wp:attachment":[{"href":"https:\/\/agora.xtec.cat\/escolalesllisses\/wp-json\/wp\/v2\/media?parent=655"}],"curies":[{"name":"wp","href":"https:\/\/api.w.org\/{rel}","templated":true}]}}