{"id":2317,"date":"2021-01-27T18:21:36","date_gmt":"2021-01-27T17:21:36","guid":{"rendered":"https:\/\/agora.xtec.cat\/escolalesllisses\/?page_id=2317"},"modified":"2026-02-04T13:45:36","modified_gmt":"2026-02-04T12:45:36","slug":"portes-obertes-2026","status":"publish","type":"page","link":"https:\/\/agora.xtec.cat\/escolalesllisses\/portes-obertes\/portes-obertes-2026\/","title":{"rendered":"Portes obertes 2026"},"content":{"rendered":"<p><img loading=\"lazy\" decoding=\"async\" class=\"wp-image-3265 alignleft\" src=\"https:\/\/agora.xtec.cat\/escolalesllisses\/wp-content\/uploads\/usu2000\/2022\/02\/logo-etiqueta-portes-obertes.jpg\" alt=\"\" width=\"232\" height=\"236\" srcset=\"https:\/\/agora.xtec.cat\/escolalesllisses\/wp-content\/uploads\/usu2000\/2022\/02\/logo-etiqueta-portes-obertes.jpg 393w, https:\/\/agora.xtec.cat\/escolalesllisses\/wp-content\/uploads\/usu2000\/2022\/02\/logo-etiqueta-portes-obertes-295x300.jpg 295w\" sizes=\"auto, (max-width: 232px) 100vw, 232px\" \/><\/p>\n<p><strong>Data<\/strong>: Dimarts 24 de febrer de 2026<\/p>\n<p><strong>Horari<\/strong>: de 15:15h a 19:00h<\/p>\n<p><strong>Funcionament<\/strong>:<\/p>\n<ul>\n<li>\u200b15:15h: Visita guiada per l&#8217;escola. Viu l&#8217;escola en acci\u00f3!<\/li>\n<li>17h: Xerrada informativa<\/li>\n<li>18h: Visita lliure per les instal\u00b7lacions.<\/li>\n<\/ul>\n<p><strong>Tel\u00e8fon<\/strong> de l&#8217;escola: 93 843 97 50<\/p>\n<p><strong>Correu electr\u00f2nic<\/strong> de l&#8217;escola: a8019824@xtec.cat<\/p>\n<h1><strong>Voleu con\u00e8ixer la nostra escola?<\/strong><\/h1>\n<p>A continuaci\u00f3 us deixem diferents continguts que creiem que us poden ajudar a con\u00e8ixer la nostra escola:<\/p>\n<p><a href=\"https:\/\/agora.xtec.cat\/escolalesllisses\/portes-obertes\/la-nostra-identitat\/\"><img loading=\"lazy\" decoding=\"async\" class=\"alignnone wp-image-2303 alignleft\" src=\"https:\/\/agora.xtec.cat\/escolalesllisses\/wp-content\/uploads\/usu2000\/2021\/01\/6.png\" alt=\"\" width=\"222\" height=\"222\" srcset=\"https:\/\/agora.xtec.cat\/escolalesllisses\/wp-content\/uploads\/usu2000\/2021\/01\/6.png 500w, https:\/\/agora.xtec.cat\/escolalesllisses\/wp-content\/uploads\/usu2000\/2021\/01\/6-150x150.png 150w, https:\/\/agora.xtec.cat\/escolalesllisses\/wp-content\/uploads\/usu2000\/2021\/01\/6-300x300.png 300w\" sizes=\"auto, (max-width: 222px) 100vw, 222px\" \/><\/a> <a href=\"https:\/\/agora.xtec.cat\/escolalesllisses\/lescola\/projectes-pedagogics\/\"><img loading=\"lazy\" decoding=\"async\" class=\"alignnone wp-image-2304\" src=\"https:\/\/agora.xtec.cat\/escolalesllisses\/wp-content\/uploads\/usu2000\/2021\/01\/7.png\" alt=\"\" width=\"227\" height=\"227\" srcset=\"https:\/\/agora.xtec.cat\/escolalesllisses\/wp-content\/uploads\/usu2000\/2021\/01\/7.png 500w, https:\/\/agora.xtec.cat\/escolalesllisses\/wp-content\/uploads\/usu2000\/2021\/01\/7-150x150.png 150w, https:\/\/agora.xtec.cat\/escolalesllisses\/wp-content\/uploads\/usu2000\/2021\/01\/7-300x300.png 300w\" sizes=\"auto, (max-width: 227px) 100vw, 227px\" \/><\/a> <a href=\"https:\/\/agora.xtec.cat\/escolalesllisses\/portes-obertes\/portes-obertes-2021\/els-nostres-espais\/\"><img loading=\"lazy\" decoding=\"async\" class=\"alignnone wp-image-2391 \" src=\"https:\/\/agora.xtec.cat\/escolalesllisses\/wp-content\/uploads\/usu2000\/2021\/01\/espais.png\" alt=\"\" width=\"237\" height=\"237\" srcset=\"https:\/\/agora.xtec.cat\/escolalesllisses\/wp-content\/uploads\/usu2000\/2021\/01\/espais.png 500w, https:\/\/agora.xtec.cat\/escolalesllisses\/wp-content\/uploads\/usu2000\/2021\/01\/espais-150x150.png 150w, https:\/\/agora.xtec.cat\/escolalesllisses\/wp-content\/uploads\/usu2000\/2021\/01\/espais-300x300.png 300w\" sizes=\"auto, (max-width: 237px) 100vw, 237px\" \/><\/a><a href=\"https:\/\/agora.xtec.cat\/escolalesllisses\/portes-obertes\/portes-obertes-2025\/un-dia-a-ed-infantil\/\"><img loading=\"lazy\" decoding=\"async\" class=\"alignnone wp-image-2386\" src=\"https:\/\/agora.xtec.cat\/escolalesllisses\/wp-content\/uploads\/usu2000\/2021\/01\/9-1.png\" alt=\"\" width=\"246\" height=\"246\" srcset=\"https:\/\/agora.xtec.cat\/escolalesllisses\/wp-content\/uploads\/usu2000\/2021\/01\/9-1.png 500w, https:\/\/agora.xtec.cat\/escolalesllisses\/wp-content\/uploads\/usu2000\/2021\/01\/9-1-150x150.png 150w, https:\/\/agora.xtec.cat\/escolalesllisses\/wp-content\/uploads\/usu2000\/2021\/01\/9-1-300x300.png 300w\" sizes=\"auto, (max-width: 246px) 100vw, 246px\" \/><\/a><img loading=\"lazy\" decoding=\"async\" class=\"alignnone wp-image-2308 alignleft\" src=\"https:\/\/agora.xtec.cat\/escolalesllisses\/wp-content\/uploads\/usu2000\/2021\/01\/9.png\" alt=\"\" width=\"228\" height=\"228\" srcset=\"https:\/\/agora.xtec.cat\/escolalesllisses\/wp-content\/uploads\/usu2000\/2021\/01\/9.png 500w, https:\/\/agora.xtec.cat\/escolalesllisses\/wp-content\/uploads\/usu2000\/2021\/01\/9-150x150.png 150w, https:\/\/agora.xtec.cat\/escolalesllisses\/wp-content\/uploads\/usu2000\/2021\/01\/9-300x300.png 300w\" sizes=\"auto, (max-width: 228px) 100vw, 228px\" \/><a href=\"https:\/\/agora.xtec.cat\/escolalesllisses\/portes-obertes\/portes-obertes-2023\/i-les-families-que-en-pensen\/\"><img loading=\"lazy\" decoding=\"async\" class=\"alignnone wp-image-3895 alignleft\" src=\"https:\/\/agora.xtec.cat\/escolalesllisses\/wp-content\/uploads\/usu2000\/2023\/02\/Logos-cicles.png\" alt=\"\" width=\"228\" height=\"228\" srcset=\"https:\/\/agora.xtec.cat\/escolalesllisses\/wp-content\/uploads\/usu2000\/2023\/02\/Logos-cicles.png 500w, https:\/\/agora.xtec.cat\/escolalesllisses\/wp-content\/uploads\/usu2000\/2023\/02\/Logos-cicles-300x300.png 300w, https:\/\/agora.xtec.cat\/escolalesllisses\/wp-content\/uploads\/usu2000\/2023\/02\/Logos-cicles-150x150.png 150w\" sizes=\"auto, (max-width: 228px) 100vw, 228px\" \/><\/a><\/p>\n","protected":false},"excerpt":{"rendered":"<p>Data: Dimarts 24 de febrer de 2026 Horari: de 15:15h a 19:00h Funcionament: \u200b15:15h: Visita guiada per l&#8217;escola. Viu l&#8217;escola en acci\u00f3! 17h: Xerrada informativa 18h: Visita lliure per les instal\u00b7lacions. Tel\u00e8fon de l&#8217;escola: 93 843 97 50 Correu electr\u00f2nic de l&#8217;escola: a8019824@xtec.cat Voleu con\u00e8ixer la nostra escola? A continuaci\u00f3 us deixem diferents continguts que [&hellip;]<\/p>\n","protected":false},"author":1,"featured_media":0,"parent":1808,"menu_order":1,"comment_status":"open","ping_status":"closed","template":"","meta":{"_bbp_topic_count":0,"_bbp_reply_count":0,"_bbp_total_topic_count":0,"_bbp_total_reply_count":0,"_bbp_voice_count":0,"_bbp_anonymous_reply_count":0,"_bbp_topic_count_hidden":0,"_bbp_reply_count_hidden":0,"_bbp_forum_subforum_count":0,"site-sidebar-layout":"default","site-content-layout":"","ast-site-content-layout":"default","site-content-style":"default","site-sidebar-style":"default","ast-global-header-display":"","ast-banner-title-visibility":"","ast-main-header-display":"","ast-hfb-above-header-display":"","ast-hfb-below-header-display":"","ast-hfb-mobile-header-display":"","site-post-title":"","ast-breadcrumbs-content":"","ast-featured-img":"","footer-sml-layout":"","theme-transparent-header-meta":"","adv-header-id-meta":"","stick-header-meta":"","header-above-stick-meta":"","header-main-stick-meta":"","header-below-stick-meta":"","astra-migrate-meta-layouts":"set","ast-page-background-enabled":"default","ast-page-background-meta":{"desktop":{"background-color":"var(--ast-global-color-4)","background-image":"","background-repeat":"repeat","background-position":"center center","background-size":"auto","background-attachment":"scroll","background-type":"","background-media":"","overlay-type":"","overlay-color":"","overlay-opacity":"","overlay-gradient":""},"tablet":{"background-color":"","background-image":"","background-repeat":"repeat","background-position":"center center","background-size":"auto","background-attachment":"scroll","background-type":"","background-media":"","overlay-type":"","overlay-color":"","overlay-opacity":"","overlay-gradient":""},"mobile":{"background-color":"","background-image":"","background-repeat":"repeat","background-position":"center center","background-size":"auto","background-attachment":"scroll","background-type":"","background-media":"","overlay-type":"","overlay-color":"","overlay-opacity":"","overlay-gradient":""}},"ast-content-background-meta":{"desktop":{"background-color":"var(--ast-global-color-5)","background-image":"","background-repeat":"repeat","background-position":"center center","background-size":"auto","background-attachment":"scroll","background-type":"","background-media":"","overlay-type":"","overlay-color":"","overlay-opacity":"","overlay-gradient":""},"tablet":{"background-color":"var(--ast-global-color-5)","background-image":"","background-repeat":"repeat","background-position":"center center","background-size":"auto","background-attachment":"scroll","background-type":"","background-media":"","overlay-type":"","overlay-color":"","overlay-opacity":"","overlay-gradient":""},"mobile":{"background-color":"var(--ast-global-color-5)","background-image":"","background-repeat":"repeat","background-position":"center center","background-size":"auto","background-attachment":"scroll","background-type":"","background-media":"","overlay-type":"","overlay-color":"","overlay-opacity":"","overlay-gradient":""}},"footnotes":""},"class_list":["post-2317","page","type-page","status-publish","hentry"],"post_mailing_queue_ids":[],"_links":{"self":[{"href":"https:\/\/agora.xtec.cat\/escolalesllisses\/wp-json\/wp\/v2\/pages\/2317","targetHints":{"allow":["GET"]}}],"collection":[{"href":"https:\/\/agora.xtec.cat\/escolalesllisses\/wp-json\/wp\/v2\/pages"}],"about":[{"href":"https:\/\/agora.xtec.cat\/escolalesllisses\/wp-json\/wp\/v2\/types\/page"}],"author":[{"embeddable":true,"href":"https:\/\/agora.xtec.cat\/escolalesllisses\/wp-json\/wp\/v2\/users\/1"}],"replies":[{"embeddable":true,"href":"https:\/\/agora.xtec.cat\/escolalesllisses\/wp-json\/wp\/v2\/comments?post=2317"}],"version-history":[{"count":6,"href":"https:\/\/agora.xtec.cat\/escolalesllisses\/wp-json\/wp\/v2\/pages\/2317\/revisions"}],"predecessor-version":[{"id":5462,"href":"https:\/\/agora.xtec.cat\/escolalesllisses\/wp-json\/wp\/v2\/pages\/2317\/revisions\/5462"}],"up":[{"embeddable":true,"href":"https:\/\/agora.xtec.cat\/escolalesllisses\/wp-json\/wp\/v2\/pages\/1808"}],"wp:attachment":[{"href":"https:\/\/agora.xtec.cat\/escolalesllisses\/wp-json\/wp\/v2\/media?parent=2317"}],"curies":[{"name":"wp","href":"https:\/\/api.w.org\/{rel}","templated":true}]}}