{"id":1871,"date":"2020-11-13T17:33:29","date_gmt":"2020-11-13T16:33:29","guid":{"rendered":"https:\/\/agora.xtec.cat\/escolalesllisses\/?page_id=1871"},"modified":"2025-05-09T12:27:41","modified_gmt":"2025-05-09T10:27:41","slug":"preinscripcio-i-matricula-2025-26","status":"publish","type":"page","link":"https:\/\/agora.xtec.cat\/escolalesllisses\/portes-obertes\/preinscripcio-i-matricula-2025-26\/","title":{"rendered":"Preinscripci\u00f3 i matr\u00edcula 2025-26"},"content":{"rendered":"<p><img loading=\"lazy\" decoding=\"async\" class=\"alignnone size-large wp-image-4857\" src=\"https:\/\/agora.xtec.cat\/escolalesllisses\/wp-content\/uploads\/usu2000\/2025\/02\/imatge-impacte-color-1024x201.png\" alt=\"\" width=\"1024\" height=\"201\" srcset=\"https:\/\/agora.xtec.cat\/escolalesllisses\/wp-content\/uploads\/usu2000\/2025\/02\/imatge-impacte-color-1024x201.png 1024w, https:\/\/agora.xtec.cat\/escolalesllisses\/wp-content\/uploads\/usu2000\/2025\/02\/imatge-impacte-color-300x59.png 300w, https:\/\/agora.xtec.cat\/escolalesllisses\/wp-content\/uploads\/usu2000\/2025\/02\/imatge-impacte-color-768x151.png 768w, https:\/\/agora.xtec.cat\/escolalesllisses\/wp-content\/uploads\/usu2000\/2025\/02\/imatge-impacte-color-1536x302.png 1536w, https:\/\/agora.xtec.cat\/escolalesllisses\/wp-content\/uploads\/usu2000\/2025\/02\/imatge-impacte-color.png 1900w\" sizes=\"auto, (max-width: 1024px) 100vw, 1024px\" \/><\/p>\n<p>Benvolgudes fam\u00edlies, us deixem les dates del proc\u00e9s de preinscripci\u00f3 i matr\u00edcula per al curs 2025-2026:<\/p>\n<p><img decoding=\"async\" src=\"https:\/\/preinscripcio.gencat.cat\/web\/.content\/icones\/calendari-on.png_2044584825.png\" \/>Consulta el calendari <strong><a href=\"https:\/\/preinscripcio.gencat.cat\/ca\/estudis\/infantil-3-6\/informat\/calendari\/\">AQU\u00cd<\/a>.\u00a0<\/strong><\/p>\n<p>(Cliqueu al damunt de cada apartat per a m\u00e9s informaci\u00f3)<\/p>\n<p><img decoding=\"async\" src=\"https:\/\/agora.xtec.cat\/escolalesllisses\/wp-content\/uploads\/usu2000\/2023\/02\/preinscripcio-dates-1.png\" \/><\/p>\n<ul>\n<li><strong><a href=\"https:\/\/agora.xtec.cat\/escolalesllisses\/portes-obertes\/preinscripcio-i-matricula-2023-24\/oferta-publica-inicial\/\"><img decoding=\"async\" src=\"https:\/\/preinscripcio.gencat.cat\/web\/.content\/icones\/cerca-off.png_2044584825.png\" \/><\/a>Oferta de places 2025-26<\/strong><\/li>\n<\/ul>\n<p>Es publicar\u00e0 l&#8217;11 de mar\u00e7 de 2025:<\/p>\n<p>25-26 oferta de places Escola Les Llisses<\/p>\n<p>&nbsp;<\/p>\n<p><a href=\"https:\/\/agora.xtec.cat\/escolalesllisses\/portes-obertes\/preinscripcio-i-matricula-2023-24\/oferta-publica-inicial\/\"><strong><img decoding=\"async\" src=\"https:\/\/preinscripcio.gencat.cat\/web\/.content\/icones\/cerca-off.png_2044584825.png\" \/><\/strong><\/a><a href=\"https:\/\/preinscripcio.gencat.cat\/ca\/estudis\/infantil-3-6\/informat\/criteris-assignacio\/\">Criteris d&#8217;admissi\u00f3<\/a><\/p>\n<p>Els\u00a0<strong>criteris prioritaris<\/strong>\u00a0s\u00f3n els seg\u00fcents:<\/p>\n<ol>\n<li>Si el fill o filla que opta a la pla\u00e7a t\u00e9\u00a0<strong>germans o germanes que ja estan estudiant al centre sol\u00b7licitat<\/strong>, s&#8217;obtenen\u00a0<strong>50 punts<\/strong>.<br \/>\nAquest \u00e9s el criteri que suma m\u00e9s puntuaci\u00f3. Si l&#8217;infant est\u00e0 en situaci\u00f3 d&#8217;acolliment familiar i els fills o les filles de la fam\u00edlia acollidora estan escolaritzats en el centre, tamb\u00e9 obt\u00e9 aquesta puntuaci\u00f3.<\/li>\n<li><strong>Proximitat geogr\u00e0fica del domicili habitual o del lloc de treball del pare o la mare a l&#8217;escola.<br \/>\n<\/strong>Cada centre t\u00e9 una zona educativa per poder establir el criteri de proximitat, i aix\u00f2 permet sumar puntuacions diferents segons les circumst\u00e0ncies:<\/p>\n<ul>\n<li>Quan el domicili habitual de la fam\u00edlia es troba dins la zona educativa del centre escolar que es demana en primer lloc, se sumen\u00a0<strong>30 punts<\/strong>.( Les llisses est\u00e0 dins de la zona educativa de les fam\u00edlies empadronades a Lli\u00e7\u00e0 de Vall).<\/li>\n<li>Quan la ubicaci\u00f3 del lloc de feina del pare, la mare, el tutor o la tutora est\u00e0 dins la zona educativa del centre triat en primer lloc, se sumen\u00a0<strong>20 punts<\/strong>.<\/li>\n<li>Cal tenir en compte que, dins del criteri de proximitat geogr\u00e0fica, les puntuacions no se sumen entre si. Aix\u00f2 vol dir que si el lloc de feina del pare o la mare est\u00e0 dins la zona educativa i el domicili habitual dins el mateix municipi, per\u00f2 no dins la zona educativa del centre, les dues puntuacions no es podran sumar.<\/li>\n<\/ul>\n<\/li>\n<li>Si el pare, la mare o tutor\/a legal percep la\u00a0<strong>renda garantida de ciutadania<\/strong>, se sumen\u00a0<strong>15 punts<\/strong>.<br \/>\nQuan un membre de la unitat familiar rep l&#8217;ajut de la renda garantida de ciutadania o l&#8217;ingr\u00e9s m\u00ednim vital.<\/li>\n<\/ol>\n<p>&nbsp;<\/p>\n<p>Els criteris complementaris, nom\u00e9s s&#8217;apliquen en cas d&#8217;empat, si se escau.<\/p>\n<ol>\n<li><strong>Criteri del pare, mare o el tutor o tutora legal treballant al centre educatiu<\/strong>. Quan el pare, la mare o el tutor o tutora legal treballen al centre en el moment en qu\u00e8 es presenta la sol\u00b7licitud de preinscripci\u00f3, se sumen\u00a0<strong>10 punts<\/strong>.<\/li>\n<li><strong>Fam\u00edlia nombrosa<\/strong>.\u202fQuan l&#8217;infant forma part d&#8217;una fam\u00edlia nombrosa, se sumen\u00a0<strong>10 punts<\/strong>.<\/li>\n<li><strong>Fam\u00edlia monoparental<\/strong>. Quan l&#8217;infant forma part d&#8217;una fam\u00edlia monoparental, se sumen\u00a0<strong>10 punts<\/strong>.<\/li>\n<li><strong>Ser bess\u00f3 o trigemin<\/strong>. Quan l&#8217;alumne o alumna hagi nascut en un part m\u00faltiple, se sumen\u00a0<strong>10 punts<\/strong>.<\/li>\n<li>Quan l&#8217;alumne o alumna es troba en\u00a0<strong>situaci\u00f3 d&#8217;acolliment familiar<\/strong>, se sumen\u00a0<strong>10 punts<\/strong>.<\/li>\n<li>Si algun membre de la fam\u00edlia t\u00e9 una\u202f<strong>discapacitat<\/strong>, se sumen\u202f<strong>15 punts<\/strong>. Quan el mateix infant, el pare o la mare, o b\u00e9 algun germ\u00e0 o germana t\u00e9 una discapacitat igual o superior al 33 %.<\/li>\n<li>Se sumen\u00a0<strong>10 punts<\/strong>\u00a0si s&#8217;acredita la\u00a0<strong>condici\u00f3 de v\u00edctima de viol\u00e8ncia de g\u00e8nere o de terrorisme<\/strong>.<\/li>\n<\/ol>\n<ul>\n<li><strong><a href=\"https:\/\/agora.xtec.cat\/escolalesllisses\/portes-obertes\/preinscripcio-i-matricula-2025-26\/preinscripcio-2025-26\/\"><img decoding=\"async\" src=\"https:\/\/preinscripcio.gencat.cat\/web\/.content\/icones\/sollicitud-off.png_2044584825.png\" \/>Presentaci\u00f3 de sol\u00b7licituds de preinscripci\u00f3<\/a> (educaci\u00f3 infantil de segon cicle i educaci\u00f3 prim\u00e0ria)<\/strong><\/li>\n<\/ul>\n<ul>\n<li style=\"list-style-type: none;\">\n<ul style=\"list-style-type: square;\">\n<li>Educaci\u00f3 infantil (3-6 anys) i educaci\u00f3 prim\u00e0ria:\u00a0<strong>del 12 al 26 de mar\u00e7 (a partir de les 9h).<\/strong><\/li>\n<\/ul>\n<\/li>\n<\/ul>\n<p>La\u00a0<strong>sol\u00b7licitud<\/strong>\u00a0l\u2019has\u00a0<strong>d\u2019emplenar i presentar en l\u00ednia<\/strong>.<\/p>\n<p>Pots fer-ho des de qualsevol ordinador, tauleta o m\u00f2bil amb connexi\u00f3 a Internet.<\/p>\n<p>Per fer la sol\u00b7licitud de preinscripci\u00f3 cal\u00a0<strong>presentar tota la documentaci\u00f3 necess\u00e0ria<\/strong>\u00a0per acreditar la identitat de les fam\u00edlies sol\u00b7licitants i l\u2019acompliment dels criteris de prioritat d\u2019assignaci\u00f3 de places.<\/p>\n<div class=\"list-item-wrapper\">\n<div class=\"col content-col\">\n<div class=\"bloc-mobil\">\n<div class=\"descripcio\">\n<p><strong><img decoding=\"async\" src=\"https:\/\/preinscripcio.gencat.cat\/web\/.content\/icones\/presentar-doc-off.png_2044584825.png\" \/>Presentaci\u00f3 de documentaci\u00f3 (fins el 28 de mar\u00e7):\u00a0<\/strong><\/p>\n<p><span style=\"font-family: inherit; font-size: 1em;\">Fins aquest dia pots presentar documentaci\u00f3 acreditativa que no hagis pogut adjuntar durant el per\u00edode de presentaci\u00f3 de sol\u00b7licituds.<\/span><\/p>\n<\/div>\n<p><img loading=\"lazy\" decoding=\"async\" class=\"aligncenter wp-image-4863\" src=\"https:\/\/agora.xtec.cat\/escolalesllisses\/wp-content\/uploads\/usu2000\/2025\/02\/Capcal-web-1-1-1024x256.png\" alt=\"\" width=\"488\" height=\"122\" srcset=\"https:\/\/agora.xtec.cat\/escolalesllisses\/wp-content\/uploads\/usu2000\/2025\/02\/Capcal-web-1-1-1024x256.png 1024w, https:\/\/agora.xtec.cat\/escolalesllisses\/wp-content\/uploads\/usu2000\/2025\/02\/Capcal-web-1-1-300x75.png 300w, https:\/\/agora.xtec.cat\/escolalesllisses\/wp-content\/uploads\/usu2000\/2025\/02\/Capcal-web-1-1-768x192.png 768w, https:\/\/agora.xtec.cat\/escolalesllisses\/wp-content\/uploads\/usu2000\/2025\/02\/Capcal-web-1-1-1536x384.png 1536w, https:\/\/agora.xtec.cat\/escolalesllisses\/wp-content\/uploads\/usu2000\/2025\/02\/Capcal-web-1-1.png 1920w\" sizes=\"auto, (max-width: 488px) 100vw, 488px\" \/><\/p>\n<\/div>\n<\/div>\n<p>&nbsp;<\/p>\n<\/div>\n<ul>\n<li><a href=\"https:\/\/agora.xtec.cat\/escolalesllisses\/portes-obertes\/preinscripcio-i-matricula-2025-26\/llista-puntuacio-provisional-2025-26\/\"><strong><img decoding=\"async\" src=\"https:\/\/preinscripcio.gencat.cat\/web\/.content\/icones\/consulta-revisa1-off.png_2044584825.png\" \/>Publicaci\u00f3 de les llistes amb la puntuaci\u00f3 provisional<\/strong><\/a><\/li>\n<\/ul>\n<p>24 d&#8217;abril de 2025<\/p>\n<p>Un cop acabat el per\u00edode de presentaci\u00f3 de sol\u00b7licituds, els centres educatius estudien cadascuna de les peticions que han rebut: n&#8217;analitzen les dades, els criteris de prioritat que les fam\u00edlies demanen que es tinguin en compte, i tamb\u00e9 els documents justificatius. Tot seguit, publiquen la llista de sol\u00b7licituds amb els barems provisionals. En aquesta llista hi ha les sol\u00b7licituds ordenades alfab\u00e8ticament amb la puntuaci\u00f3 que ha rebut cada sol\u00b7licitud en aplicar-hi el barem.<\/p>\n<p>&nbsp;<\/p>\n<p>&nbsp;<\/p>\n<ul>\n<li><strong><img decoding=\"async\" src=\"https:\/\/preinscripcio.gencat.cat\/web\/.content\/icones\/llapis-off.png_2044584825.png\" \/>Presentaci\u00f3 de reclamacions al barem provisional\u00a0<\/strong><\/li>\n<\/ul>\n<p>24 al 29 d&#8217;abril de 2025<\/p>\n<p><span style=\"font-family: inherit; font-size: 1em;\">Durant aquest per\u00edode, si detectes alguna errada o anomalia en el barem assignat, pots presentar una reclamaci\u00f3.<\/span><\/p>\n<p>&nbsp;<\/p>\n<p>&nbsp;<\/p>\n<ul>\n<li><strong>Resoluci\u00f3 reclamacions<\/strong><\/li>\n<\/ul>\n<p>&nbsp;<\/p>\n<p>&nbsp;<\/p>\n<ul>\n<li><a href=\"https:\/\/agora.xtec.cat\/escolalesllisses\/portes-obertes\/preinscripcio-i-matricula-2025-26\/llista-de-sollicitud-amb-la-puntuacio-provisional\/\"><strong><img decoding=\"async\" src=\"https:\/\/preinscripcio.gencat.cat\/web\/.content\/icones\/consulta-revisa1-off.png_2044584825.png\" \/>Publicaci\u00f3 de llistes amb el barem un cop resoltes les reclamacions\u00a0<\/strong><\/a><\/li>\n<\/ul>\n<p>5 de maig de 2025<\/p>\n<p>Un cop resoltes totes les reclamacions presentades, el centre publica la llista definitiva de sol\u00b7licituds amb la puntuaci\u00f3 i el n\u00famero de desempat corresponent.<\/p>\n<div class=\"list-item-wrapper\">\n<p>&nbsp;<\/p>\n<\/div>\n<ul>\n<li><strong><img decoding=\"async\" src=\"https:\/\/preinscripcio.gencat.cat\/web\/.content\/icones\/campaneta-off.png_2044584825.png\" \/>Sorteig a efectes de desempat<\/strong><\/li>\n<\/ul>\n<p>8 de maig de 2025<\/p>\n<p>El nombre de places a cada centre educatiu \u00e9s limitat. Si el nombre de peticions supera el d&#8217;alumnes que l&#8217;escola pot acollir, cal aplicar un sistema de desempat entre les sol\u00b7licituds que tenen la mateixa puntuaci\u00f3. Per fer-ho, s&#8217;obt\u00e9 un n\u00famero per sorteig a partir del qual s&#8217;ordenen totes les peticions empatades en punts, tenint en compte el n\u00famero de desempat que s&#8217;ha assignat a cada sol\u00b7licitud. El sorteig tindr\u00e0 lloc a les 11 hores, als serveis centrals del Departament d\u2019Educaci\u00f3 (Via Augusta, 202, Barcelona).<\/p>\n<h1 class=\"NG-menu__title\">76261<\/h1>\n<p><em> el n\u00famero de desempat per a la preinscripci\u00f3 escolar per al curs 2025-2026.<\/em><\/p>\n<p>&nbsp;<\/p>\n<p><a href=\"https:\/\/agora.xtec.cat\/escolalesllisses\/portes-obertes\/preinscripcio-i-matricula-2025-26\/llista-de-sollicitud-amb-la-puntuacio-provisional\/\"><strong><img decoding=\"async\" src=\"https:\/\/preinscripcio.gencat.cat\/web\/.content\/icones\/consulta-revisa1-off.png_2044584825.png\" \/><\/strong><\/a><a href=\"https:\/\/agora.xtec.cat\/escolalesllisses\/wp-content\/uploads\/usu2000\/2025\/05\/INFORME_BAREM_DEFINITIU_BAREM.pdf\">Publicaci\u00f3 de llistes ordenades definitives<\/a><\/p>\n<p>9 de maig de 2025<\/p>\n<p>Despr\u00e9s del sorteig, s&#8217;elabora la llista definitiva de sol\u00b7licituds per a l&#8217;assignaci\u00f3 de places. Per fer aquesta llista, en primer lloc es t\u00e9 en compte l&#8217;alumnat amb necessitats educatives espec\u00edfiques; despr\u00e9s, la resta d&#8217;alumnes, tenint en compte les puntuacions de cada sol\u00b7licitud, de m\u00e9s a menys.<\/p>\n<p>&nbsp;<\/p>\n<ul>\n<li><strong><img decoding=\"async\" src=\"https:\/\/preinscripcio.gencat.cat\/web\/.content\/icones\/consulta-revisa1-off.png_2044584825.png\" \/>Llistat d&#8217;alumnes admesos\u00a0<\/strong><\/li>\n<\/ul>\n<p>16 de juny de 2025<\/p>\n<p>Alumnes assignats al centre i llista d&#8217;espera<\/p>\n<p>&nbsp;<\/p>\n<ul>\n<li><a href=\"https:\/\/agora.xtec.cat\/escolalesllisses\/portes-obertes\/preinscripcio-i-matricula-2025-26\/proces-de-matriculacio-25-26\/\"><strong><img decoding=\"async\" src=\"https:\/\/preinscripcio.gencat.cat\/web\/.content\/icones\/matricula-off.png_2044584825.png\" \/>Per\u00edode de matr\u00edcula<\/strong><\/a><\/li>\n<\/ul>\n<p>Del 25 de juny al 3 de juliol de 2025<\/p>\n<p>Un cop s&#8217;ha publicat la llista final d&#8217;alumnes admesos en cada centre, comen\u00e7a el per\u00edode de matriculaci\u00f3 dels preinscrits amb pla\u00e7a assignada. Rebreu un correu amb les instruccions per formalitzar la matr\u00edcula<\/p>\n<p>&nbsp;<\/p>\n<ul>\n<li><b>Llista d&#8217;alumnes amb pla\u00e7a assignada<\/b><\/li>\n<\/ul>\n<p>16 de juny de 2025<\/p>\n<p>&nbsp;<\/p>\n<p>Si teniu qualsevol dubte, ens podeu enviar un correu electr\u00f2nic: <strong>a0819824<span class=\"\">@xtec.cat<\/span><\/strong><\/p>\n","protected":false},"excerpt":{"rendered":"<p>Benvolgudes fam\u00edlies, us deixem les dates del proc\u00e9s de preinscripci\u00f3 i matr\u00edcula per al curs 2025-2026: Consulta el calendari AQU\u00cd.\u00a0 (Cliqueu al damunt de cada apartat per a m\u00e9s informaci\u00f3) Oferta de places 2025-26 Es publicar\u00e0 l&#8217;11 de mar\u00e7 de 2025: 25-26 oferta de places Escola Les Llisses &nbsp; Criteris d&#8217;admissi\u00f3 Els\u00a0criteris prioritaris\u00a0s\u00f3n els seg\u00fcents: [&hellip;]<\/p>\n","protected":false},"author":1,"featured_media":0,"parent":1808,"menu_order":3,"comment_status":"closed","ping_status":"closed","template":"page-templates\/side-menu.php","meta":{"_bbp_topic_count":0,"_bbp_reply_count":0,"_bbp_total_topic_count":0,"_bbp_total_reply_count":0,"_bbp_voice_count":0,"_bbp_anonymous_reply_count":0,"_bbp_topic_count_hidden":0,"_bbp_reply_count_hidden":0,"_bbp_forum_subforum_count":0,"site-sidebar-layout":"default","site-content-layout":"","ast-site-content-layout":"","site-content-style":"default","site-sidebar-style":"default","ast-global-header-display":"","ast-banner-title-visibility":"","ast-main-header-display":"","ast-hfb-above-header-display":"","ast-hfb-below-header-display":"","ast-hfb-mobile-header-display":"","site-post-title":"","ast-breadcrumbs-content":"","ast-featured-img":"","footer-sml-layout":"","theme-transparent-header-meta":"","adv-header-id-meta":"","stick-header-meta":"","header-above-stick-meta":"","header-main-stick-meta":"","header-below-stick-meta":"","astra-migrate-meta-layouts":"default","ast-page-background-enabled":"default","ast-page-background-meta":{"desktop":{"background-color":"var(--ast-global-color-4)","background-image":"","background-repeat":"repeat","background-position":"center center","background-size":"auto","background-attachment":"scroll","background-type":"","background-media":"","overlay-type":"","overlay-color":"","overlay-opacity":"","overlay-gradient":""},"tablet":{"background-color":"","background-image":"","background-repeat":"repeat","background-position":"center center","background-size":"auto","background-attachment":"scroll","background-type":"","background-media":"","overlay-type":"","overlay-color":"","overlay-opacity":"","overlay-gradient":""},"mobile":{"background-color":"","background-image":"","background-repeat":"repeat","background-position":"center center","background-size":"auto","background-attachment":"scroll","background-type":"","background-media":"","overlay-type":"","overlay-color":"","overlay-opacity":"","overlay-gradient":""}},"ast-content-background-meta":{"desktop":{"background-color":"var(--ast-global-color-5)","background-image":"","background-repeat":"repeat","background-position":"center center","background-size":"auto","background-attachment":"scroll","background-type":"","background-media":"","overlay-type":"","overlay-color":"","overlay-opacity":"","overlay-gradient":""},"tablet":{"background-color":"var(--ast-global-color-5)","background-image":"","background-repeat":"repeat","background-position":"center center","background-size":"auto","background-attachment":"scroll","background-type":"","background-media":"","overlay-type":"","overlay-color":"","overlay-opacity":"","overlay-gradient":""},"mobile":{"background-color":"var(--ast-global-color-5)","background-image":"","background-repeat":"repeat","background-position":"center center","background-size":"auto","background-attachment":"scroll","background-type":"","background-media":"","overlay-type":"","overlay-color":"","overlay-opacity":"","overlay-gradient":""}},"footnotes":""},"class_list":["post-1871","page","type-page","status-publish","hentry"],"post_mailing_queue_ids":[],"_links":{"self":[{"href":"https:\/\/agora.xtec.cat\/escolalesllisses\/wp-json\/wp\/v2\/pages\/1871","targetHints":{"allow":["GET"]}}],"collection":[{"href":"https:\/\/agora.xtec.cat\/escolalesllisses\/wp-json\/wp\/v2\/pages"}],"about":[{"href":"https:\/\/agora.xtec.cat\/escolalesllisses\/wp-json\/wp\/v2\/types\/page"}],"author":[{"embeddable":true,"href":"https:\/\/agora.xtec.cat\/escolalesllisses\/wp-json\/wp\/v2\/users\/1"}],"replies":[{"embeddable":true,"href":"https:\/\/agora.xtec.cat\/escolalesllisses\/wp-json\/wp\/v2\/comments?post=1871"}],"version-history":[{"count":7,"href":"https:\/\/agora.xtec.cat\/escolalesllisses\/wp-json\/wp\/v2\/pages\/1871\/revisions"}],"predecessor-version":[{"id":5480,"href":"https:\/\/agora.xtec.cat\/escolalesllisses\/wp-json\/wp\/v2\/pages\/1871\/revisions\/5480"}],"up":[{"embeddable":true,"href":"https:\/\/agora.xtec.cat\/escolalesllisses\/wp-json\/wp\/v2\/pages\/1808"}],"wp:attachment":[{"href":"https:\/\/agora.xtec.cat\/escolalesllisses\/wp-json\/wp\/v2\/media?parent=1871"}],"curies":[{"name":"wp","href":"https:\/\/api.w.org\/{rel}","templated":true}]}}