{"id":1802,"date":"2020-11-13T14:28:45","date_gmt":"2020-11-13T13:28:45","guid":{"rendered":"https:\/\/agora.xtec.cat\/escolalesllisses\/?page_id=1802"},"modified":"2025-03-07T10:49:23","modified_gmt":"2025-03-07T09:49:23","slug":"sortides-2024-25","status":"publish","type":"page","link":"https:\/\/agora.xtec.cat\/escolalesllisses\/atencio-families\/sortides-2024-25\/","title":{"rendered":"Sortides i Activitats complement\u00e0ries 2024-25"},"content":{"rendered":"<h4>Cliqueu <strong>AQU\u00cd<\/strong> per veure el resum de sortides did\u00e0ctiques i activitats complement\u00e0ries d&#8217;aquest curs 2024\/25.<\/h4>\n<p>&nbsp;<\/p>\n<p><strong>Sortides programades per a aquest curs 2024-2025:<\/strong><\/p>\n<ul>\n<li>I3<\/li>\n<\/ul>\n<table style=\"width: 61.3808%;\">\n<tbody>\n<tr>\n<td style=\"text-align: center; width: 46.6602%;\"><strong>Sortida<\/strong><\/td>\n<td style=\"text-align: center; width: 29.0961%;\"><strong>Data<\/strong><\/td>\n<\/tr>\n<tr>\n<td style=\"width: 46.6602%; text-align: center;\">Ruta dels Sentits (Can Ribas)<\/td>\n<td style=\"width: 29.0961%; text-align: center;\"><span style=\"font-weight: 400;\">17\/02\/2025<\/span><\/td>\n<\/tr>\n<tr style=\"height: 49px;\">\n<td style=\"width: 46.6602%; text-align: center; height: 10px;\">El Xaragall (Llinars del Vall\u00e8s)<\/td>\n<td style=\"width: 29.0961%; text-align: center; height: 10px;\"><span style=\"font-weight: 400;\">05\/06\/2025<\/span><\/td>\n<\/tr>\n<tr>\n<td style=\"width: 46.6602%; text-align: center;\"><\/td>\n<td style=\"width: 29.0961%; text-align: center;\"><\/td>\n<\/tr>\n<\/tbody>\n<\/table>\n<ul>\n<li>I4<\/li>\n<\/ul>\n<table style=\"width: 61.2597%; height: 185px;\">\n<tbody>\n<tr style=\"height: 33px;\">\n<td style=\"text-align: center; width: 46.7862%; height: 33px;\"><strong>Sortida<\/strong><\/td>\n<td style=\"text-align: center; width: 30.0221%; height: 33px;\"><strong>Data<\/strong><\/td>\n<\/tr>\n<tr style=\"height: 33px;\">\n<td style=\"width: 46.7862%; text-align: center; height: 33px;\">L&#8217;Aquari (Barcelona)<\/td>\n<td style=\"width: 30.0221%; text-align: center; height: 33px;\"><span style=\"font-weight: 400;\">07\/11\/2024<\/span><\/td>\n<\/tr>\n<tr style=\"height: 33px;\">\n<td style=\"width: 46.7862%; text-align: center; height: 33px;\">Ruta dels Sentits (Can Ribas)<\/td>\n<td style=\"width: 30.0221%; text-align: center; height: 33px;\"><span style=\"font-weight: 400;\">17\/02\/2025<\/span><\/td>\n<\/tr>\n<tr style=\"height: 49px;\">\n<td style=\"width: 46.7862%; text-align: center; height: 10px;\">El Xaragall (Llinars del Vall\u00e8s)<\/td>\n<td style=\"width: 30.0221%; text-align: center; height: 10px;\"><span style=\"font-weight: 400;\">05\/06\/2025<\/span><\/td>\n<\/tr>\n<tr style=\"height: 20px;\">\n<td style=\"width: 46.7862%; text-align: center; height: 20px;\"><\/td>\n<td style=\"width: 30.0221%; text-align: center; height: 20px;\"><\/td>\n<\/tr>\n<tr style=\"height: 33px;\">\n<td style=\"width: 46.7862%; text-align: center; height: 33px;\"><\/td>\n<td style=\"width: 30.0221%; text-align: center; height: 33px;\"><\/td>\n<\/tr>\n<\/tbody>\n<\/table>\n<ul>\n<li>I5<\/li>\n<\/ul>\n<table style=\"width: 61.3809%; height: 75px;\">\n<tbody>\n<tr style=\"height: 33px;\">\n<td style=\"text-align: center; width: 46.0204%; height: 33px;\"><strong>Sortida<\/strong><\/td>\n<td style=\"text-align: center; width: 31.1598%; height: 33px;\"><strong>Data<\/strong><\/td>\n<\/tr>\n<tr style=\"height: 33px;\">\n<td style=\"width: 46.0204%; text-align: center; height: 10px;\">L&#8217;Aquari (Barcelona)<\/td>\n<td style=\"width: 31.1598%; text-align: center; height: 10px;\"><span style=\"font-weight: 400;\">07\/11\/2024<\/span><\/td>\n<\/tr>\n<tr style=\"height: 49px;\">\n<td style=\"width: 46.0204%; text-align: center; height: 12px;\">Descobrir l&#8217;obra de Gaud\u00ed (Parc G\u00fcell a Barcelona)<\/td>\n<td style=\"width: 31.1598%; text-align: center; height: 12px;\"><span style=\"font-weight: 400;\">06\/03\/2025<\/span><\/td>\n<\/tr>\n<tr style=\"height: 49px;\">\n<td style=\"width: 46.0204%; text-align: center; height: 10px;\">El Xaragall (Llinars del Vall\u00e8s)<\/td>\n<td style=\"width: 31.1598%; text-align: center; height: 10px;\"><span style=\"font-weight: 400;\">05\/06\/2025<\/span><\/td>\n<\/tr>\n<tr style=\"height: 33px;\">\n<td style=\"width: 46.0204%; text-align: center; height: 10px;\"><\/td>\n<td style=\"width: 31.1598%; text-align: center; height: 10px;\"><\/td>\n<\/tr>\n<\/tbody>\n<\/table>\n<ul>\n<li>1r<\/li>\n<\/ul>\n<table style=\"width: 62.1319%;\">\n<tbody>\n<tr style=\"height: 33px;\">\n<td style=\"text-align: center; width: 45.5531%; height: 33px;\"><strong>Sortida<\/strong><\/td>\n<td style=\"text-align: center; width: 30.8576%; height: 33px;\"><strong>Data<\/strong><\/td>\n<\/tr>\n<tr style=\"height: 10px;\">\n<td style=\"height: 10px; width: 45.5531%; text-align: center;\">Campus Arqueol\u00f2gic (Palau Solit\u00e0 i Plegamans)<\/td>\n<td style=\"height: 10px; width: 30.8576%; text-align: center;\"><span style=\"font-weight: 400;\">11\/2\/25<\/span><\/td>\n<\/tr>\n<tr style=\"height: 10px;\">\n<td style=\"height: 10px; width: 45.5531%; text-align: center;\">Can Parcala (Cabrera de Mar)<\/td>\n<td style=\"height: 10px; width: 30.8576%; text-align: center;\"><span style=\"font-weight: 400;\">30\/4\/25<\/span><\/td>\n<\/tr>\n<tr style=\"height: 10px;\">\n<td style=\"height: 10px; width: 45.5531%; text-align: center;\"><span style=\"font-weight: 400;\">Descoberta del bosc. Ermita de Sant Mart\u00ed de Riell<\/span><\/td>\n<td style=\"height: 10px; width: 30.8576%; text-align: center;\">20\/11\/24<\/td>\n<\/tr>\n<tr style=\"height: 10px;\">\n<td style=\"width: 45.5531%; text-align: center; height: 10px;\">C\u00f2lonies: Can Putxet (Sant Celoni)<\/td>\n<td style=\"width: 30.8576%; text-align: center; height: 10px;\"><span style=\"font-weight: 400;\">3 i 4 d\u2019abril de 2025<\/span><\/td>\n<\/tr>\n<\/tbody>\n<\/table>\n<ul>\n<li>2n<\/li>\n<\/ul>\n<table style=\"width: 61.3871%; height: 73px;\">\n<tbody>\n<tr style=\"height: 33px;\">\n<td style=\"text-align: center; width: 45.0877%; height: 33px;\"><strong>Sortida<\/strong><\/td>\n<td style=\"text-align: center; width: 34.9847%; height: 33px;\"><strong>Data<\/strong><\/td>\n<\/tr>\n<tr style=\"height: 10px;\">\n<td style=\"height: 10px; width: 45.0877%; text-align: center;\">Campus Arqueol\u00f2gic (Palau Solit\u00e0 i Plegamans)<\/td>\n<td style=\"height: 10px; width: 34.9847%; text-align: center;\"><span style=\"font-weight: 400;\">11\/2\/25<\/span><\/td>\n<\/tr>\n<tr style=\"height: 10px;\">\n<td style=\"height: 10px; width: 45.0877%; text-align: center;\">Can Parcala (Cabrera de Mar)<\/td>\n<td style=\"height: 10px; width: 34.9847%; text-align: center;\"><span style=\"font-weight: 400;\">30\/4\/25<\/span><\/td>\n<\/tr>\n<tr style=\"height: 10px;\">\n<td style=\"height: 10px; width: 45.0877%; text-align: center;\"><span style=\"font-weight: 400;\">Descoberta del bosc. Ermita de Sant Mart\u00ed de Riell<\/span><\/td>\n<td style=\"height: 10px; width: 34.9847%; text-align: center;\">20\/11\/24<\/td>\n<\/tr>\n<tr style=\"height: 10px;\">\n<td style=\"width: 45.0877%; text-align: center; height: 10px;\">C\u00f2lonies: Can Putxet (Sant Celoni)<\/td>\n<td style=\"width: 34.9847%; text-align: center; height: 10px;\"><span style=\"font-weight: 400;\">3 i 4 d\u2019abril de 2025<\/span><\/td>\n<\/tr>\n<\/tbody>\n<\/table>\n<ul>\n<li>3r<\/li>\n<\/ul>\n<table style=\"width: 60.6718%;\">\n<tbody>\n<tr>\n<td style=\"text-align: center; width: 44.1118%;\"><strong>Sortida<\/strong><\/td>\n<td style=\"text-align: center; width: 35.9281%;\"><strong>Data<\/strong><\/td>\n<\/tr>\n<tr>\n<td style=\"width: 44.1118%; text-align: center;\"><span style=\"font-weight: 400;\">Ruta tur\u00edstica Lli\u00e7\u00e0 de Vall<\/span><\/td>\n<td style=\"width: 35.9281%; text-align: center;\">7\/11\/24<\/td>\n<\/tr>\n<tr>\n<td style=\"width: 44.1118%; text-align: center;\"><span style=\"font-weight: 400;\">Palau de la M\u00fasica de Barcelona<\/span><\/td>\n<td style=\"width: 35.9281%; text-align: center;\"><span style=\"font-weight: 400;\">30\/10\/24<\/span><\/td>\n<\/tr>\n<tr>\n<td style=\"width: 44.1118%; text-align: center;\"><span style=\"font-weight: 400;\">Escalada &#8211; La panxa del bou (Sabadell)<\/span><\/td>\n<td style=\"width: 35.9281%; text-align: center;\">20\/02\/25<\/td>\n<\/tr>\n<tr>\n<td style=\"width: 44.1118%; text-align: center;\">Planetari Bombolla &#8211; Cosmocaixa (Barcelona)<\/td>\n<td style=\"width: 35.9281%; text-align: center;\">24\/04\/25<\/td>\n<\/tr>\n<tr>\n<td style=\"width: 44.1118%; text-align: center;\">Col\u00f2nies: Finca Tamarit (Tamarit)<\/td>\n<td style=\"width: 35.9281%; text-align: center;\">12 i 13 de maig de 2025<\/td>\n<\/tr>\n<\/tbody>\n<\/table>\n<ul>\n<li>4t<\/li>\n<\/ul>\n<table style=\"width: 61.2576%;\">\n<tbody>\n<tr>\n<td style=\"text-align: center; width: 45.1485%;\"><strong>Sortida<\/strong><\/td>\n<td style=\"text-align: center; width: 36.2377%;\"><strong>Data<\/strong><\/td>\n<\/tr>\n<tr>\n<td style=\"width: 45.1485%; text-align: center;\"><span style=\"font-weight: 400;\">Palau de la M\u00fasica de Barcelona<\/span><\/td>\n<td style=\"width: 36.2377%; text-align: center;\"><span style=\"font-weight: 400;\">30\/10\/24<\/span><\/td>\n<\/tr>\n<tr>\n<td style=\"width: 45.1485%; text-align: center;\"><span style=\"font-weight: 400;\">Estaci\u00f3 meteorol\u00f2gica &#8211; Museu de la ci\u00e8ncia de Granollers<\/span><\/td>\n<td style=\"width: 36.2377%; text-align: center;\"><span style=\"font-weight: 400;\">5\/12\/24<\/span><\/td>\n<\/tr>\n<tr>\n<td style=\"width: 45.1485%; text-align: center;\">Un passeig per la f\u00e0brica &#8211; <span style=\"font-weight: 400;\">MNACTEC (Terrassa)<\/span><\/td>\n<td style=\"width: 36.2377%; text-align: center;\"><span style=\"font-weight: 400;\">20\/03\/25<\/span><\/td>\n<\/tr>\n<tr>\n<td style=\"width: 45.1485%; text-align: center;\"><span style=\"font-weight: 400;\">Ruta tur\u00edstica per Granollers<\/span><\/td>\n<td style=\"width: 36.2377%; text-align: center;\">2\/06\/25<\/td>\n<\/tr>\n<tr>\n<td style=\"width: 45.1485%; text-align: center;\">Col\u00f2nies: Finca Tamarit (Tamarit)<\/td>\n<td style=\"width: 36.2377%; text-align: center;\">12 i 13 de maig de 2025<\/td>\n<\/tr>\n<\/tbody>\n<\/table>\n<ul>\n<li>5\u00e8<\/li>\n<\/ul>\n<table style=\"height: 75px; width: 71.6011%;\">\n<tbody>\n<tr style=\"height: 39px;\">\n<td style=\"height: 39px; width: 56.6322%; text-align: center;\"><strong>Sortida<\/strong><\/td>\n<td style=\"height: 39px; width: 38.3848%; text-align: center;\"><strong>Data<\/strong><\/td>\n<\/tr>\n<tr style=\"height: 95px;\">\n<td style=\"height: 10px; width: 56.6322%;\">Col\u00f2nies d&#8217;hist\u00f2ria (Olot)<\/td>\n<td style=\"height: 10px; width: 38.3848%;\"><span style=\"font-weight: 400;\">23,24 i 25 d\u2019octubre de 2024<\/span><\/td>\n<\/tr>\n<tr style=\"height: 39px;\">\n<td style=\"height: 16px; width: 56.6322%;\"><span style=\"font-weight: 400;\">Museu d\u2019Hist\u00f2ria de Catalunya (Barcelona)<\/span><\/td>\n<td style=\"height: 16px; width: 38.3848%;\"><span style=\"font-weight: 400;\">25\/03\/25<\/span><\/td>\n<\/tr>\n<tr style=\"height: 39px;\">\n<td style=\"height: 10px; width: 56.6322%;\">Visita a la f\u00e0brica Cola-Cao (Parets del Vall\u00e8s)<\/td>\n<td style=\"height: 10px; width: 38.3848%;\"><span style=\"font-weight: 400;\">30\/01\/25<\/span><\/td>\n<\/tr>\n<tr>\n<td style=\"width: 56.6322%;\"><span style=\"font-weight: 400;\">Musical Alan (Barcelona)<\/span><\/td>\n<td style=\"width: 38.3848%;\"><span style=\"font-weight: 400;\">7\/03\/25<\/span><\/td>\n<\/tr>\n<tr>\n<td style=\"width: 56.6322%;\"><span style=\"font-weight: 400;\">Col\u00f2nies angl\u00e8s (Cabrera de Mar)<\/span><\/td>\n<td style=\"width: 38.3848%;\"><span style=\"font-weight: 400;\">14, 15, 16 maig 25<\/span><\/td>\n<\/tr>\n<tr>\n<td style=\"width: 56.6322%;\"><span style=\"font-weight: 400;\">Visita\u00a0 a la deixalleria<\/span><\/td>\n<td style=\"width: 38.3848%;\"><span style=\"font-weight: 400;\">A concretar<\/span><\/td>\n<\/tr>\n<\/tbody>\n<\/table>\n<ul>\n<li>6\u00e8<\/li>\n<\/ul>\n<table style=\"width: 62.9551%; height: 138px;\">\n<tbody>\n<tr style=\"height: 32px;\">\n<td style=\"text-align: center; width: 44.978%; height: 32px;\"><strong>Sortida<\/strong><\/td>\n<td style=\"text-align: center; width: 34.8547%; height: 32px;\"><strong>Data<\/strong><\/td>\n<\/tr>\n<tr style=\"height: 10px;\">\n<td style=\"height: 10px; width: 44.978%;\">Col\u00f2nies d&#8217;hist\u00f2ria (Olot)<\/td>\n<td style=\"height: 10px; width: 34.8547%;\"><span style=\"font-weight: 400;\">23,24 i 25 d\u2019octubre de 2024<\/span><\/td>\n<\/tr>\n<tr style=\"height: 32px;\">\n<td style=\"width: 44.978%; height: 32px;\">Visita al Parlament (Barcelona)<\/td>\n<td style=\"width: 34.8547%; height: 32px;\"><span style=\"font-weight: 400;\">15\/11\/24<\/span><\/td>\n<\/tr>\n<tr style=\"height: 32px;\">\n<td style=\"width: 44.978%; height: 32px;\"><span style=\"font-weight: 400;\">Musical Alan (Barcelona)<\/span><\/td>\n<td style=\"width: 34.8547%; height: 32px;\"><span style=\"font-weight: 400;\">7\/03\/25<\/span><\/td>\n<\/tr>\n<tr style=\"height: 32px;\">\n<td style=\"width: 44.978%; height: 32px;\"><span style=\"font-weight: 400;\">Viatge de final de curs (a concretar)<\/span><\/td>\n<td style=\"width: 34.8547%; height: 32px;\"><span style=\"font-weight: 400;\">2 al 6 juny de 2025<\/span><\/td>\n<\/tr>\n<tr>\n<td style=\"width: 44.978%;\"><span style=\"font-weight: 400;\">English Day<\/span><\/td>\n<td style=\"width: 34.8547%;\"><span style=\"font-weight: 400;\">A concretar<\/span><\/td>\n<\/tr>\n<tr>\n<td style=\"width: 44.978%;\"><span style=\"font-weight: 400;\">Fira de Rob\u00f2tica (Bigues i Riells)<\/span><\/td>\n<td style=\"width: 34.8547%;\"><span style=\"font-weight: 400;\">A concretar<\/span><\/td>\n<\/tr>\n<\/tbody>\n<\/table>\n","protected":false},"excerpt":{"rendered":"<p>Cliqueu AQU\u00cd per veure el resum de sortides did\u00e0ctiques i activitats complement\u00e0ries d&#8217;aquest curs 2024\/25. &nbsp; Sortides programades per a aquest curs 2024-2025: I3 Sortida Data Ruta dels Sentits (Can Ribas) 17\/02\/2025 El Xaragall (Llinars del Vall\u00e8s) 05\/06\/2025 I4 Sortida Data L&#8217;Aquari (Barcelona) 07\/11\/2024 Ruta dels Sentits (Can Ribas) 17\/02\/2025 El Xaragall (Llinars del Vall\u00e8s) [&hellip;]<\/p>\n","protected":false},"author":1,"featured_media":0,"parent":1780,"menu_order":9,"comment_status":"closed","ping_status":"closed","template":"page-templates\/side-menu.php","meta":{"_bbp_topic_count":0,"_bbp_reply_count":0,"_bbp_total_topic_count":0,"_bbp_total_reply_count":0,"_bbp_voice_count":0,"_bbp_anonymous_reply_count":0,"_bbp_topic_count_hidden":0,"_bbp_reply_count_hidden":0,"_bbp_forum_subforum_count":0,"site-sidebar-layout":"default","site-content-layout":"","ast-site-content-layout":"","site-content-style":"default","site-sidebar-style":"default","ast-global-header-display":"","ast-banner-title-visibility":"","ast-main-header-display":"","ast-hfb-above-header-display":"","ast-hfb-below-header-display":"","ast-hfb-mobile-header-display":"","site-post-title":"","ast-breadcrumbs-content":"","ast-featured-img":"","footer-sml-layout":"","theme-transparent-header-meta":"","adv-header-id-meta":"","stick-header-meta":"","header-above-stick-meta":"","header-main-stick-meta":"","header-below-stick-meta":"","astra-migrate-meta-layouts":"default","ast-page-background-enabled":"default","ast-page-background-meta":{"desktop":{"background-color":"var(--ast-global-color-4)","background-image":"","background-repeat":"repeat","background-position":"center center","background-size":"auto","background-attachment":"scroll","background-type":"","background-media":"","overlay-type":"","overlay-color":"","overlay-opacity":"","overlay-gradient":""},"tablet":{"background-color":"","background-image":"","background-repeat":"repeat","background-position":"center center","background-size":"auto","background-attachment":"scroll","background-type":"","background-media":"","overlay-type":"","overlay-color":"","overlay-opacity":"","overlay-gradient":""},"mobile":{"background-color":"","background-image":"","background-repeat":"repeat","background-position":"center center","background-size":"auto","background-attachment":"scroll","background-type":"","background-media":"","overlay-type":"","overlay-color":"","overlay-opacity":"","overlay-gradient":""}},"ast-content-background-meta":{"desktop":{"background-color":"var(--ast-global-color-5)","background-image":"","background-repeat":"repeat","background-position":"center center","background-size":"auto","background-attachment":"scroll","background-type":"","background-media":"","overlay-type":"","overlay-color":"","overlay-opacity":"","overlay-gradient":""},"tablet":{"background-color":"var(--ast-global-color-5)","background-image":"","background-repeat":"repeat","background-position":"center center","background-size":"auto","background-attachment":"scroll","background-type":"","background-media":"","overlay-type":"","overlay-color":"","overlay-opacity":"","overlay-gradient":""},"mobile":{"background-color":"var(--ast-global-color-5)","background-image":"","background-repeat":"repeat","background-position":"center center","background-size":"auto","background-attachment":"scroll","background-type":"","background-media":"","overlay-type":"","overlay-color":"","overlay-opacity":"","overlay-gradient":""}},"footnotes":""},"class_list":["post-1802","page","type-page","status-publish","hentry"],"post_mailing_queue_ids":[],"_links":{"self":[{"href":"https:\/\/agora.xtec.cat\/escolalesllisses\/wp-json\/wp\/v2\/pages\/1802","targetHints":{"allow":["GET"]}}],"collection":[{"href":"https:\/\/agora.xtec.cat\/escolalesllisses\/wp-json\/wp\/v2\/pages"}],"about":[{"href":"https:\/\/agora.xtec.cat\/escolalesllisses\/wp-json\/wp\/v2\/types\/page"}],"author":[{"embeddable":true,"href":"https:\/\/agora.xtec.cat\/escolalesllisses\/wp-json\/wp\/v2\/users\/1"}],"replies":[{"embeddable":true,"href":"https:\/\/agora.xtec.cat\/escolalesllisses\/wp-json\/wp\/v2\/comments?post=1802"}],"version-history":[{"count":6,"href":"https:\/\/agora.xtec.cat\/escolalesllisses\/wp-json\/wp\/v2\/pages\/1802\/revisions"}],"predecessor-version":[{"id":4966,"href":"https:\/\/agora.xtec.cat\/escolalesllisses\/wp-json\/wp\/v2\/pages\/1802\/revisions\/4966"}],"up":[{"embeddable":true,"href":"https:\/\/agora.xtec.cat\/escolalesllisses\/wp-json\/wp\/v2\/pages\/1780"}],"wp:attachment":[{"href":"https:\/\/agora.xtec.cat\/escolalesllisses\/wp-json\/wp\/v2\/media?parent=1802"}],"curies":[{"name":"wp","href":"https:\/\/api.w.org\/{rel}","templated":true}]}}