{"id":1798,"date":"2020-11-13T14:28:19","date_gmt":"2020-11-13T13:28:19","guid":{"rendered":"https:\/\/agora.xtec.cat\/escolalesllisses\/?page_id=1798"},"modified":"2025-09-12T07:24:31","modified_gmt":"2025-09-12T05:24:31","slug":"quotes-curs-2020-21","status":"publish","type":"page","link":"https:\/\/agora.xtec.cat\/escolalesllisses\/atencio-families\/quotes-curs-2020-21\/","title":{"rendered":"Quotes curs 2025-26"},"content":{"rendered":"<p><strong>Quota did\u00e0ctica (material escolar i activitats did\u00e0ctiques complement\u00e0ries):<\/strong><\/p>\n<p>Per tal d\u2019assumir les despeses del material escolar que faran servir els vostres fills\/es a l\u2019escola durant tot el curs, aix\u00ed com les diferents activitats i sortides programades que realitzaran l&#8217;escola:<\/p>\n<table>\n<tbody>\n<tr>\n<td>Educaci\u00f3 Infantil<\/td>\n<td>180\u20ac<\/td>\n<\/tr>\n<tr>\n<td>Cicle Inicial<\/td>\n<td>180\u20ac<\/td>\n<\/tr>\n<tr>\n<td>Cicle Mitj\u00e0<\/td>\n<td>180\u20ac<\/td>\n<\/tr>\n<tr>\n<td>Cicle Superior<\/td>\n<td>180\u20ac<\/td>\n<\/tr>\n<\/tbody>\n<\/table>\n<p>La quota \u00e9s anual i correspon a cada alumne matriculat al centre.<\/p>\n<p>Els pagaments es realitzen en <strong>tres quotes<\/strong> mitjan\u00e7ant <strong>l&#8217;aplicaci\u00f3 TPV<\/strong> els mesos de setembre, octubre i novembre (els pagaments s&#8217;activen de l&#8217;1 al 5 de setembre, octubre i novembre. La data m\u00e0xima per efectuar el pagament \u00e9s el dia 30 del mes en curs).<\/p>\n<p>L&#8217;aportaci\u00f3 de material inclou tots els materials que l&#8217;alumnat requerir\u00e0 al llarg del curs:<\/p>\n<ul>\n<li><strong>Fotoc\u00f2pies<\/strong> (paper, t\u00f2ner i tinta de les impressions).<\/li>\n<li><strong>Material d&#8217;escriptura<\/strong> (llapis, bol\u00edgrafs, regle, llapis de colors, retoladors&#8230;).<\/li>\n<li><strong>Material d&#8217;educaci\u00f3 pl\u00e0stica<\/strong> (cartolines, pintures, papers de colors, papers especials, pasta de modelar&#8230;).<\/li>\n<li><strong>Material fungible<\/strong> d&#8217;aula (paper d&#8217;embalar, gomets, ceres, pintures, clips, tisores, coles, carpetes&#8230;) entre d&#8217;altres materials que durant el curs cal anar adquirint per a les diferents activitats d&#8217;aprenentatge que realitzaran els vostres fills i filles.<\/li>\n<\/ul>\n<p>L&#8217;aportaci\u00f3 d&#8217;activitats did\u00e0ctiques complement\u00e0ries inclou:<\/p>\n<ul>\n<li>Les <strong>sortides<\/strong> recollides en la programaci\u00f3 anual del centre i aprovades pel consell escolar.<\/li>\n<li>Els tallers i <strong>activitats<\/strong> realitzats dins l&#8217;horari lectiu al centre.<\/li>\n<li>Totes les <strong>activitats culturals<\/strong> (cinema, teatre i m\u00fasica).<\/li>\n<\/ul>\n<p>&nbsp;<\/p>\n<table style=\"height: 10px;\">\n<tbody>\n<tr style=\"height: 77px;\">\n<td style=\"height: 10px; width: 212px; border-style: none; border-color: #ffffff; background-color: #ffffff;\" rowspan=\"2\"><\/td>\n<td style=\"height: 10px; width: 1623px; border-style: none; border-color: #ffffff; background-color: #ffffff;\" rowspan=\"2\"><\/td>\n<\/tr>\n<\/tbody>\n<\/table>\n<p>&nbsp;<\/p>\n<p><strong>Llibres socialitzats:<\/strong><\/p>\n<p><img loading=\"lazy\" decoding=\"async\" class=\" wp-image-1856 alignright\" src=\"https:\/\/agora.xtec.cat\/escolalesllisses\/wp-content\/uploads\/usu2000\/2020\/11\/ninos-leyendo2.jpg\" alt=\"\" width=\"205\" height=\"154\" srcset=\"https:\/\/agora.xtec.cat\/escolalesllisses\/wp-content\/uploads\/usu2000\/2020\/11\/ninos-leyendo2.jpg 600w, https:\/\/agora.xtec.cat\/escolalesllisses\/wp-content\/uploads\/usu2000\/2020\/11\/ninos-leyendo2-300x225.jpg 300w, https:\/\/agora.xtec.cat\/escolalesllisses\/wp-content\/uploads\/usu2000\/2020\/11\/ninos-leyendo2-200x150.jpg 200w\" sizes=\"auto, (max-width: 205px) 100vw, 205px\" \/><\/p>\n<p>L\u2019escola i l\u2019AMPA promouen la socialitzaci\u00f3 i reutilitzaci\u00f3 dels llibres de text. Socialitzar un llibre significa compartir aquest material entre els alumnes, de manera que se n\u2019allarga la utilitat i se\u2019n fa un \u00fas comunitari en lloc de particular. L\u2019alumne utilitza els llibres i en t\u00e9 cura durant el curs, i en acabar els retorna a l\u2019escola perqu\u00e8 siguin reutilitzats el curs vinent per un altre infant.<\/p>\n<p>La quota de socialitzaci\u00f3 de llibres \u00e9s de\u00a0<strong>70\u20ac<\/strong>. AQUEST CURS, DONAT QUE<br \/>\nL\u00b4ESCOLA S\u00b4HA ADHERIT AL PROGRAMA D\u00b4AJUDES PER L\u00b4ADQUISICI\u00d3 DE LLIBRES DE TEXT, FUNGIBLES I LLIC\u00c8NCIES DIGITALS, ES GAUDIR\u00c0 D\u00b4UN DESCOMPTE DE 30\u20ac PER ALUMNE. AIX\u00cd<br \/>\nDONCS, AQUEST CURS NOM\u00c9S ES PAGARAN <strong>40\u20ac<\/strong> DE QUOTA DE SOCIALITZACI\u00d3.<\/p>\n<p>Podeu trobar m\u00e9s informaci\u00f3 <a href=\"https:\/\/agora.xtec.cat\/escolalesllisses\/ampa\/socialitzacio-de-llibres\/\">AQU\u00cd<\/a>.<\/p>\n<p>&nbsp;<\/p>\n<p><strong>Quota anual AMPA:<img loading=\"lazy\" decoding=\"async\" class=\"wp-image-1757 alignright\" src=\"https:\/\/agora.xtec.cat\/escolalesllisses\/wp-content\/uploads\/usu2000\/2020\/11\/LOGO-AMPA.png\" alt=\"\" width=\"381\" height=\"115\" srcset=\"https:\/\/agora.xtec.cat\/escolalesllisses\/wp-content\/uploads\/usu2000\/2020\/11\/LOGO-AMPA.png 798w, https:\/\/agora.xtec.cat\/escolalesllisses\/wp-content\/uploads\/usu2000\/2020\/11\/LOGO-AMPA-300x91.png 300w, https:\/\/agora.xtec.cat\/escolalesllisses\/wp-content\/uploads\/usu2000\/2020\/11\/LOGO-AMPA-768x232.png 768w\" sizes=\"auto, (max-width: 381px) 100vw, 381px\" \/><\/strong><\/p>\n<p>Quota anual de <strong>30\u20ac<\/strong> per fam\u00edlia.<\/p>\n<p>Podeu trobar m\u00e9s informaci\u00f3 de l&#8217;AMPA <a href=\"https:\/\/agora.xtec.cat\/escolalesllisses\/ampa\/qui-som\/\">AQU\u00cd<\/a>.<\/p>\n<div id=\"3E53FA2C_2733_E72F_D92E_BA2716F0EB47\"><\/div>\n<div id=\"3E53FA2C_2733_E72F_D92E_BA2716F0EB47\"><\/div>\n<div id=\"3E53FA2C_2733_E72F_D92E_BA2716F0EB47\"><\/div>\n","protected":false},"excerpt":{"rendered":"<p>Quota did\u00e0ctica (material escolar i activitats did\u00e0ctiques complement\u00e0ries): Per tal d\u2019assumir les despeses del material escolar que faran servir els vostres fills\/es a l\u2019escola durant tot el curs, aix\u00ed com les diferents activitats i sortides programades que realitzaran l&#8217;escola: Educaci\u00f3 Infantil 180\u20ac Cicle Inicial 180\u20ac Cicle Mitj\u00e0 180\u20ac Cicle Superior 180\u20ac La quota \u00e9s anual [&hellip;]<\/p>\n","protected":false},"author":1,"featured_media":0,"parent":1780,"menu_order":4,"comment_status":"closed","ping_status":"closed","template":"page-templates\/side-menu.php","meta":{"_bbp_topic_count":0,"_bbp_reply_count":0,"_bbp_total_topic_count":0,"_bbp_total_reply_count":0,"_bbp_voice_count":0,"_bbp_anonymous_reply_count":0,"_bbp_topic_count_hidden":0,"_bbp_reply_count_hidden":0,"_bbp_forum_subforum_count":0,"site-sidebar-layout":"default","site-content-layout":"","ast-site-content-layout":"","site-content-style":"default","site-sidebar-style":"default","ast-global-header-display":"","ast-banner-title-visibility":"","ast-main-header-display":"","ast-hfb-above-header-display":"","ast-hfb-below-header-display":"","ast-hfb-mobile-header-display":"","site-post-title":"","ast-breadcrumbs-content":"","ast-featured-img":"","footer-sml-layout":"","theme-transparent-header-meta":"","adv-header-id-meta":"","stick-header-meta":"","header-above-stick-meta":"","header-main-stick-meta":"","header-below-stick-meta":"","astra-migrate-meta-layouts":"default","ast-page-background-enabled":"default","ast-page-background-meta":{"desktop":{"background-color":"var(--ast-global-color-4)","background-image":"","background-repeat":"repeat","background-position":"center center","background-size":"auto","background-attachment":"scroll","background-type":"","background-media":"","overlay-type":"","overlay-color":"","overlay-opacity":"","overlay-gradient":""},"tablet":{"background-color":"","background-image":"","background-repeat":"repeat","background-position":"center center","background-size":"auto","background-attachment":"scroll","background-type":"","background-media":"","overlay-type":"","overlay-color":"","overlay-opacity":"","overlay-gradient":""},"mobile":{"background-color":"","background-image":"","background-repeat":"repeat","background-position":"center center","background-size":"auto","background-attachment":"scroll","background-type":"","background-media":"","overlay-type":"","overlay-color":"","overlay-opacity":"","overlay-gradient":""}},"ast-content-background-meta":{"desktop":{"background-color":"var(--ast-global-color-5)","background-image":"","background-repeat":"repeat","background-position":"center center","background-size":"auto","background-attachment":"scroll","background-type":"","background-media":"","overlay-type":"","overlay-color":"","overlay-opacity":"","overlay-gradient":""},"tablet":{"background-color":"var(--ast-global-color-5)","background-image":"","background-repeat":"repeat","background-position":"center center","background-size":"auto","background-attachment":"scroll","background-type":"","background-media":"","overlay-type":"","overlay-color":"","overlay-opacity":"","overlay-gradient":""},"mobile":{"background-color":"var(--ast-global-color-5)","background-image":"","background-repeat":"repeat","background-position":"center center","background-size":"auto","background-attachment":"scroll","background-type":"","background-media":"","overlay-type":"","overlay-color":"","overlay-opacity":"","overlay-gradient":""}},"footnotes":""},"class_list":["post-1798","page","type-page","status-publish","hentry"],"post_mailing_queue_ids":[],"_links":{"self":[{"href":"https:\/\/agora.xtec.cat\/escolalesllisses\/wp-json\/wp\/v2\/pages\/1798","targetHints":{"allow":["GET"]}}],"collection":[{"href":"https:\/\/agora.xtec.cat\/escolalesllisses\/wp-json\/wp\/v2\/pages"}],"about":[{"href":"https:\/\/agora.xtec.cat\/escolalesllisses\/wp-json\/wp\/v2\/types\/page"}],"author":[{"embeddable":true,"href":"https:\/\/agora.xtec.cat\/escolalesllisses\/wp-json\/wp\/v2\/users\/1"}],"replies":[{"embeddable":true,"href":"https:\/\/agora.xtec.cat\/escolalesllisses\/wp-json\/wp\/v2\/comments?post=1798"}],"version-history":[{"count":6,"href":"https:\/\/agora.xtec.cat\/escolalesllisses\/wp-json\/wp\/v2\/pages\/1798\/revisions"}],"predecessor-version":[{"id":5189,"href":"https:\/\/agora.xtec.cat\/escolalesllisses\/wp-json\/wp\/v2\/pages\/1798\/revisions\/5189"}],"up":[{"embeddable":true,"href":"https:\/\/agora.xtec.cat\/escolalesllisses\/wp-json\/wp\/v2\/pages\/1780"}],"wp:attachment":[{"href":"https:\/\/agora.xtec.cat\/escolalesllisses\/wp-json\/wp\/v2\/media?parent=1798"}],"curies":[{"name":"wp","href":"https:\/\/api.w.org\/{rel}","templated":true}]}}