{"id":38,"date":"2014-09-18T12:34:08","date_gmt":"2014-09-18T12:34:08","guid":{"rendered":"http:\/\/agora.xtec.cat\/escolalavilapalamos\/\/?page_id=38"},"modified":"2022-10-10T18:41:37","modified_gmt":"2022-10-10T16:41:37","slug":"salut","status":"publish","type":"page","link":"https:\/\/agora.xtec.cat\/escolalavilapalamos\/lescola\/salut\/","title":{"rendered":"Salut a l&#8217;escola"},"content":{"rendered":"<div id=\"pcnt74_6445955_74_6445954_6445954\">\n<h4>Administraci\u00f3 de medicaments als alumnes<\/h4>\n<div class=\"consultas452 acces-pav\"><\/div>\n<div class=\"intro\">\n<h5><a href=\"https:\/\/agora.xtec.cat\/escolalavilapalamos\/wp-content\/uploads\/usu897\/2019\/01\/medicaments.jpg\"><img loading=\"lazy\" decoding=\"async\" class=\"wp-image-4504 alignright\" src=\"https:\/\/agora.xtec.cat\/escolalavilapalamos\/wp-content\/uploads\/usu897\/2019\/01\/medicaments.jpg\" alt=\"\" width=\"217\" height=\"232\" srcset=\"https:\/\/agora.xtec.cat\/escolalavilapalamos\/wp-content\/uploads\/usu897\/2019\/01\/medicaments.jpg 644w, https:\/\/agora.xtec.cat\/escolalavilapalamos\/wp-content\/uploads\/usu897\/2019\/01\/medicaments-282x300.jpg 282w\" sizes=\"auto, (max-width: 217px) 100vw, 217px\" \/><\/a>Recomanacions per administrar paracetamol<\/h5>\n<p>Per administrar paracetamol als infants a les escoles, cal tenir l\u2019autoritzaci\u00f3 del pare, mare o tutor, que s\u2019ha de demanar en el moment de matriculaci\u00f3 de l\u2019alumnat. (<a href=\"https:\/\/drive.google.com\/file\/d\/0B0P6-dzfPaO5RFdfUldtVXNoaXc\/view?usp=sharing\">model d&#8217;autoritzaci\u00f3<\/a>)<\/p>\n<p>La febre \u00e9s un s\u00edmptoma caracteritzat per un augment de temperatura per sobre de 37 \u00baC que sovint s\u2019acompanya de malestar. \u00c9s molt freq\u00fcent en l\u2019infant. La febre \u00e9s en si mateixa un mecanisme de defensa de l\u2019organisme contra la malaltia i, per tant, no cal tractar-la de forma immediata amb medicaments. Podem utilitzar mesures f\u00edsiques per fer abaixar la temperatura i disminuir-ne les mol\u00e8sties: si t\u00e9 malestar, fred o esgarrifances es recomana no abrigar-lo i donar-li aigua a glopets.<\/p>\n<p>Davant d\u2019un infant amb febre de 38 \u00baC o m\u00e9s l\u2019escola ha de contactar amb el pare, mare o tutor i demanar-li que el reculli tan aviat com pugui.\u00a0 Mentrestant, si la febre \u00e9s igual o superior a 38 \u00baC es recomana administrar un antit\u00e8rmic\/analg\u00e8sic. El f\u00e0rmac de refer\u00e8ncia i m\u00e9s utilitzat arreu \u00e9s el paracetamol, per la seva bona toler\u00e0ncia i la relativa abs\u00e8ncia d\u2019efectes<br \/>\nsecundaris.<\/p>\n<p>Encara que no es tracti d\u2019una urg\u00e8ncia, un infant amb febre no ha de quedar-se a l\u2019escola fins que finalitzi la jornada escolar.<\/p>\n<p><strong> Recomanacions elaborades per la Societat Catalana de Pediatria i <\/strong><strong>pel Departament de Salut de la Generalitat de Catalunya <\/strong>(<a class=\"descargar\" title=\"Obre finestra nova (descarregar document)\" href=\"http:\/\/educacio.gencat.cat\/documents\/PC\/Seguretat\/recomanacions_paracetamol.pdf\" target=\"_blank\" rel=\"noopener\">document<\/a><strong>)<\/strong><\/p>\n<h4>Vacunacions<\/h4>\n<p><a href=\"https:\/\/agora.xtec.cat\/escolalavilapalamos\/wp-content\/uploads\/usu897\/2016\/11\/vacunacio.gif\"><img loading=\"lazy\" decoding=\"async\" class=\" wp-image-401 alignleft\" src=\"https:\/\/agora.xtec.cat\/escolalavilapalamos\/wp-content\/uploads\/usu897\/2016\/11\/vacunacio.gif\" alt=\"\" width=\"255\" height=\"238\" \/><\/a>Informaci\u00f3 del Departament de Salut relativa a <strong>l\u2019administraci\u00f3 de les vacunes als alumnes de 6\u00e8 <\/strong>de l&#8217;escola segons el calendari de vacunes vigent.<\/p>\n<p><strong>Les vacunes<\/strong> que s\u2019administren a 6\u00e8 curs de prim\u00e0ria s\u00f3n les seg\u00fcents:<\/p>\n<p>&#8211;<strong>La vacuna contra el papil\u00b7lomavirus (VPH)<\/strong>; s\u2019administra en dues dosis.<\/p>\n<p>&#8211;<strong>La vacuna contra l\u2019hepatitis A (VHA)<\/strong>; s\u2019administra en dues dosis.<\/p>\n<p>&#8211;<strong>La vacuna contra la varicel\u00b7la (V)<\/strong>; s\u2019administra en dues dosis als nois o noies que no hagin passat la malaltia ni hagin rebut la\u00a0 vacuna. En cas que el vostre fill o filla estigui vacunat amb una dosi se li\u2019n administrar\u00e0 la segona.<\/p>\n<p>&#8211;<strong>La vacuna antimeninoc\u00f2ccia C conjugada (MC);<\/strong> s\u2019administra una \u00fanica dosis.<\/p>\n<p>Per a m\u00e9s informaci\u00f3 podeu consultar el Canal Salut del Departament de Salut (<a href=\"http:\/\/www20.gencat.cat\/portal\/site\/canalsalut\">http:\/\/www20.gencat.cat\/portal\/site\/canalsalut<\/a>) o trucar al tel\u00e8fon 061 del CatSalut Respon.<\/p>\n<h4>Atenci\u00f3 dels infants amb al\u00b7l\u00e8rgies aliment\u00e0ries i\/o al l\u00e0tex en l\u2019\u00e0mbit escolar<\/h4>\n<div class=\"consultas452 acces-pav\">\u00a0<a href=\"https:\/\/agora.xtec.cat\/escolalavilapalamos\/wp-content\/uploads\/usu897\/2019\/01\/Alimentos-que-favorecen-la-salud-542122181.jpg\"><img loading=\"lazy\" decoding=\"async\" class=\"wp-image-4505 alignleft\" src=\"https:\/\/agora.xtec.cat\/escolalavilapalamos\/wp-content\/uploads\/usu897\/2019\/01\/Alimentos-que-favorecen-la-salud-542122181-1024x828.jpg\" alt=\"\" width=\"307\" height=\"248\" srcset=\"https:\/\/agora.xtec.cat\/escolalavilapalamos\/wp-content\/uploads\/usu897\/2019\/01\/Alimentos-que-favorecen-la-salud-542122181-1024x828.jpg 1024w, https:\/\/agora.xtec.cat\/escolalavilapalamos\/wp-content\/uploads\/usu897\/2019\/01\/Alimentos-que-favorecen-la-salud-542122181-300x243.jpg 300w, https:\/\/agora.xtec.cat\/escolalavilapalamos\/wp-content\/uploads\/usu897\/2019\/01\/Alimentos-que-favorecen-la-salud-542122181-768x621.jpg 768w, https:\/\/agora.xtec.cat\/escolalavilapalamos\/wp-content\/uploads\/usu897\/2019\/01\/Alimentos-que-favorecen-la-salud-542122181.jpg 1237w\" sizes=\"auto, (max-width: 307px) 100vw, 307px\" \/><\/a>La fam\u00edlia de l&#8217;alumne amb al\u00b7l\u00e8rgia aliment\u00e0ria i\/o al l\u00e0tex ha d&#8217;informar-ne els responsables del centre educatiu a l&#8217;inici de l&#8217;escolaritzaci\u00f3 o quan en tingui coneixement.<\/div>\n<div class=\"intro\">\n<p>Les actuacions que cal seguir en el centre quan es produeix aquesta situaci\u00f3 es detallen en el document\u00a0<a class=\"descargar\" title=\"Obre finestra nova (descarregar pdf)\" href=\"http:\/\/educacio.gencat.cat\/documents\/PC\/Seguretat\/Protocol_allergies.pdf\" target=\"_blank\" rel=\"noopener\"><strong>Model d\u2019atenci\u00f3 dels infants amb al\u00b7l\u00e8rgies aliment\u00e0ries i\/o al l\u00e0tex en l&#8217;\u00e0mbit escolar<\/strong><\/a>.<\/p>\n<p>D&#8217;acord amb aquest model, la fam\u00edlia ha d&#8217;aportar al centre la\u00a0<strong>documentaci\u00f3<\/strong>\u00a0seg\u00fcent:<\/p>\n<ul>\n<li><strong>Informe m\u00e8dic\u00a0<\/strong>signat per l&#8217;equip sanitari responsable, on han de constar totes les dades de la malaltia de l&#8217;infant, les actuacions que cal fer i els tel\u00e8fons dels referents sanitaris.<\/li>\n<li>Impr\u00e8s signat amb la\u00a0<strong>recollida d&#8217;informaci\u00f3<\/strong>\u00a0on es detalla el tipus d&#8217;al\u00b7l\u00e8rgia de l&#8217;alumne, les vies d&#8217;entrada i el tipus de reacci\u00f3 (<a class=\"descargar\" title=\"Obre finestra nova (descarregar document)\" href=\"http:\/\/educacio.gencat.cat\/documents\/FormularisModels\/SeguretatSalut\/A310.pdf\" target=\"_blank\" rel=\"noopener\">annex 1<\/a>).<\/li>\n<li>Impr\u00e8s de\u00a0<strong>sol\u00b7licitud<\/strong>\u00a0signat i autoritzaci\u00f3 d&#8217;administraci\u00f3 de la medicaci\u00f3 prescrita i l&#8217;atenci\u00f3 espec\u00edfica prescrita i pautada pel metge o metgessa (<a class=\"descargar\" title=\"Obre finestra nova (descarregar document)\" href=\"http:\/\/educacio.gencat.cat\/documents\/FormularisModels\/SeguretatSalut\/A311.pdf\" target=\"_blank\" rel=\"noopener\">annex 2<\/a>).<\/li>\n<\/ul>\n<p>El centre educatiu ha de comunicar al director o directora m\u00e8dic del centre d&#8217;atenci\u00f3 prim\u00e0ria m\u00e9s proper l&#8217;escolaritzaci\u00f3 d&#8217;un nen o nena amb al\u00b7l\u00e8rgia aliment\u00e0ria i\/o al l\u00e0tex (<a class=\"descargar\" title=\"Obre finestra nova (descarregar document)\" href=\"http:\/\/educacio.gencat.cat\/documents\/FormularisModels\/SeguretatSalut\/A312.pdf\" target=\"_blank\" rel=\"noopener\">annex 3<\/a>), emplenar el formulari &#8216;Pautes d&#8217;actuaci\u00f3 en cas de reacci\u00f3 al\u00b7l\u00e8rgica&#8217; (<a class=\"descargar\" title=\"Obre finestra nova (descarregar document)\" href=\"http:\/\/educacio.gencat.cat\/documents\/FormularisModels\/SeguretatSalut\/A313.pdf\" target=\"_blank\" rel=\"noopener\">annex 4<\/a>) i deixar-lo prop de la farmaciola, en un lloc visible i conegut per tots els professionals del centre.<\/p>\n<\/div>\n<\/div>\n<\/div>\n<h4>Atenci\u00f3 dels infants amb diabetis en l&#8217;\u00e0mbit escolar<\/h4>\n<div class=\"consultas452 acces-pav\"><\/div>\n<div class=\"intro\">\n<p><a href=\"https:\/\/agora.xtec.cat\/escolalavilapalamos\/wp-content\/uploads\/usu897\/2019\/01\/diabetes.jpg\"><img loading=\"lazy\" decoding=\"async\" class=\"size-full wp-image-4508 alignright\" src=\"https:\/\/agora.xtec.cat\/escolalavilapalamos\/wp-content\/uploads\/usu897\/2019\/01\/diabetes.jpg\" alt=\"\" width=\"290\" height=\"175\" \/><\/a>La fam\u00edlia de l&#8217;alumne amb diabetis ha d&#8217;informar els responsables del centre educatiu a l&#8217;nici de l&#8217;escolaritzaci\u00f3 o quan es tingui coneixement que l&#8217;alumne pateix la malaltia.<\/p>\n<p>Les actuacions que cal seguir en el centre quan es produeix aquesta situaci\u00f3 estan detallades en el document\u00a0<a class=\"descargar\" title=\"Obre finestra nova (descarregar pdf)\" href=\"http:\/\/educacio.gencat.cat\/documents\/PC\/Seguretat\/Protocol_diabetis.pdf\" target=\"_blank\" rel=\"noopener\"><strong>Model d\u2019atenci\u00f3 dels infants amb diabetis en l\u2019\u00e0mbit escolar<\/strong><\/a>.<\/p>\n<p>D&#8217;acord amb aquest model, la fam\u00edlia ha d\u2019aportar al centre la documentaci\u00f3 seg\u00fcent:<\/p>\n<ul>\n<li><strong>Informe m\u00e8dic<\/strong>\u00a0signat per l\u2019equip sanitari responsable, on han de constar totes les dades de la malaltia de l\u2019infant i els tel\u00e8fons dels referents sanitaris<\/li>\n<li>Impr\u00e8s signat de\u00a0<strong>sol\u00b7licitud<\/strong>\u00a0de control de glucosa als alumnes amb diabetis\u00a0 i autoritzaci\u00f3 de l\u2019administraci\u00f3 d\u2019insulina\u00a0 (<a class=\"descargar\" title=\"Obre finestra nova (descarregar document)\" href=\"http:\/\/educacio.gencat.cat\/documents\/FormularisModels\/SeguretatSalut\/A314.pdf\" target=\"_blank\" rel=\"noopener\">annex 1<\/a>)<\/li>\n<li>Impr\u00e8s signat de\u00a0<strong>sol\u00b7licitud i autoritzaci\u00f3<\/strong>\u00a0d\u2019administraci\u00f3 de glucag\u00f3 als alumnes amb diabetis (\u00a0<a class=\"descargar\" title=\"Obre finestra nova (descarregar document)\" href=\"http:\/\/educacio.gencat.cat\/documents\/FormularisModels\/SeguretatSalut\/A315.pdf\" target=\"_blank\" rel=\"noopener\">annex 2<\/a>)<\/li>\n<\/ul>\n<p>El centre educatiu ha de comunicar al centre d\u2019atenci\u00f3 prim\u00e0ria m\u00e9s proper l\u2019escolaritzaci\u00f3 d\u2019un alumne amb diabetis (\u00a0<a class=\"descargar\" title=\"Obre finestra nova (descarregar document)\" href=\"http:\/\/educacio.gencat.cat\/documents\/FormularisModels\/SeguretatSalut\/A316.pdf\" target=\"_blank\" rel=\"noopener\">annex 3<\/a>).<\/p>\n<\/div>\n<p>&nbsp;<\/p>\n<p>&nbsp;<\/p>\n<p>&nbsp;<\/p>\n<p>&nbsp;<\/p>\n","protected":false},"excerpt":{"rendered":"<p>Administraci\u00f3 de medicaments als alumnes<\/p>\n<p><a href=\"https:\/\/agora.xtec.cat\/escolalavilapalamos\/wp-content\/uploads\/usu897\/2019\/01\/medicaments.jpg\"><\/a>Recomanacions per administrar paracetamol<br \/>\nPer administrar paracetamol als infants a les escoles, cal tenir l\u2019autoritzaci\u00f3 del pare, mare o tutor, que s\u2019ha de demanar en el moment de matriculaci\u00f3 de l\u2019alumnat. (<a href=\"https:\/\/drive.google.com\/file\/d\/0B0P6-dzfPaO5RFdfUldtVXNoaXc\/view?usp=sharing\">model d&#8217;autoritzaci\u00f3<\/a>)<br \/>\nLa febre \u00e9s un s\u00edmptoma caracteritzat per un&hellip;  <a href=\"https:\/\/agora.xtec.cat\/escolalavilapalamos\/lescola\/salut\/\" title=\"Read Salut a l&#8217;escola\">Llegeix m\u00e9s\u00bb<\/a><\/p>\n","protected":false},"author":2,"featured_media":0,"parent":22,"menu_order":80,"comment_status":"closed","ping_status":"closed","template":"page-templates\/side-menu.php","meta":{"_bbp_topic_count":0,"_bbp_reply_count":0,"_bbp_total_topic_count":0,"_bbp_total_reply_count":0,"_bbp_voice_count":0,"_bbp_anonymous_reply_count":0,"_bbp_topic_count_hidden":0,"_bbp_reply_count_hidden":0,"_bbp_forum_subforum_count":0,"footnotes":""},"class_list":["post-38","page","type-page","status-publish","hentry"],"post_mailing_queue_ids":[],"_links":{"self":[{"href":"https:\/\/agora.xtec.cat\/escolalavilapalamos\/wp-json\/wp\/v2\/pages\/38","targetHints":{"allow":["GET"]}}],"collection":[{"href":"https:\/\/agora.xtec.cat\/escolalavilapalamos\/wp-json\/wp\/v2\/pages"}],"about":[{"href":"https:\/\/agora.xtec.cat\/escolalavilapalamos\/wp-json\/wp\/v2\/types\/page"}],"author":[{"embeddable":true,"href":"https:\/\/agora.xtec.cat\/escolalavilapalamos\/wp-json\/wp\/v2\/users\/2"}],"replies":[{"embeddable":true,"href":"https:\/\/agora.xtec.cat\/escolalavilapalamos\/wp-json\/wp\/v2\/comments?post=38"}],"version-history":[{"count":3,"href":"https:\/\/agora.xtec.cat\/escolalavilapalamos\/wp-json\/wp\/v2\/pages\/38\/revisions"}],"predecessor-version":[{"id":12235,"href":"https:\/\/agora.xtec.cat\/escolalavilapalamos\/wp-json\/wp\/v2\/pages\/38\/revisions\/12235"}],"up":[{"embeddable":true,"href":"https:\/\/agora.xtec.cat\/escolalavilapalamos\/wp-json\/wp\/v2\/pages\/22"}],"wp:attachment":[{"href":"https:\/\/agora.xtec.cat\/escolalavilapalamos\/wp-json\/wp\/v2\/media?parent=38"}],"curies":[{"name":"wp","href":"https:\/\/api.w.org\/{rel}","templated":true}]}}