{"id":353,"date":"2016-11-03T09:13:08","date_gmt":"2016-11-03T08:13:08","guid":{"rendered":"http:\/\/agora.xtec.cat\/escolalavilapalamos\/?page_id=353"},"modified":"2019-01-14T16:59:33","modified_gmt":"2019-01-14T15:59:33","slug":"projecte-linguistic","status":"publish","type":"page","link":"https:\/\/agora.xtec.cat\/escolalavilapalamos\/projecte-linguistic\/","title":{"rendered":"Projecte Ling\u00fc\u00edstic"},"content":{"rendered":"<p>Podeu llegir el Projecte ling\u00fc\u00edstic de l&#8217;escola <a href=\"https:\/\/drive.google.com\/file\/d\/14kEg_zXV8hkja_Y16kyKQwEziT7grZ9b\/view?usp=sharing\">aqu\u00ed<\/a><\/p>\n<p><a title=\"El model ling\u00fc\u00edstic del sistema educatiu de Catalunya\" href=\"http:\/\/ensenyament.gencat.cat\/web\/.content\/home\/departament\/publicacions\/monografies\/model-linguistic\/model-linguistic-Catalunya-CAT.pdf\">El model ling\u00fc\u00edstic del sistema educatiu de Catalunya\u00a0<\/a><a href=\"https:\/\/agora.xtec.cat\/escolalavilapalamos\/wp-content\/uploads\/usu897\/2019\/01\/projecte-linguistic.png\"><img loading=\"lazy\" decoding=\"async\" class=\" wp-image-4546 alignleft\" src=\"https:\/\/agora.xtec.cat\/escolalavilapalamos\/wp-content\/uploads\/usu897\/2019\/01\/projecte-linguistic.png\" alt=\"\" width=\"307\" height=\"288\" srcset=\"https:\/\/agora.xtec.cat\/escolalavilapalamos\/wp-content\/uploads\/usu897\/2019\/01\/projecte-linguistic.png 457w, https:\/\/agora.xtec.cat\/escolalavilapalamos\/wp-content\/uploads\/usu897\/2019\/01\/projecte-linguistic-300x282.png 300w\" sizes=\"auto, (max-width: 307px) 100vw, 307px\" \/><\/a><\/p>\n<p><strong>EL PROJECTE LING\u00dc\u00cdSTIC DE CENTRE<\/strong><\/p>\n<p>El PROJECTE LING\u00dc\u00cdSTIC DE CENTRE \u00e9s un document de centre i forma part del projecte educatiu. D\u2019acord amb la Llei 12\/2009, del 10 de juliol, d\u2019educaci\u00f3, el projecte ling\u00fc\u00edstic ha d\u2019emmarcar el tractament de les lleng\u00fces al centre i ha d\u2019incloure els aspectes relatius a l\u2019ensenyament i a l\u2019\u00fas de les lleng\u00fces, entre els quals hi ha d\u2019haver<\/p>\n<p>a) El tractament del catal\u00e0 com a llengua vehicular i d\u2019aprenentatge.<\/p>\n<p>b) El proc\u00e9s d\u2019ensenyament i d\u2019aprenentatge del castell\u00e0.<\/p>\n<p>c) Les diverses opcions amb relaci\u00f3 a les lleng\u00fces estrangeres.<\/p>\n<p>d) Els criteris generals per a les adequacions del proc\u00e9s d\u2019ensenyament de les lleng\u00fces, tant globalment com individualment, a la realitat socioling\u00fc\u00edstica del centre.<\/p>\n<p>e) La continu\u00eftat i la coher\u00e8ncia educatives, pel que fa als usos ling\u00fc\u00edstics, en els serveis escolars i en les activitats organitzades per les associacions de mares i pares d\u2019alumnes.<\/p>\n<p>Per tant, El PROJECTE LING\u00dc\u00cdSTIC DE CENTRE \u00e9s un document que parteix d\u2019una reflexi\u00f3 interna del centre, que recull les decisions preses a partir d\u2019aquesta an\u00e0lisi en relaci\u00f3 a l\u2019ensenyament i l\u2019aprenentatge de les lleng\u00fces i que t\u00e9 com a objectiu donar coher\u00e8ncia a la manera d\u2019adquirir-les. \u00c9s un document de reflexi\u00f3 i de presa de decisions que incideix en tots els contextos comunicatius dels centres: aula, centre i entorn.<\/p>\n<p><strong>Caracter\u00edstiques del PROJECTE LING\u00dc\u00cdSTIC DE CENTRE<\/strong><\/p>\n<p>El Projecte Ling\u00fc\u00edstic de Centre recull els acords presos tant pel que fa a l\u2019ensenyament i l\u2019aprenentatge de les lleng\u00fces, com en relaci\u00f3 amb els usos ling\u00fc\u00edstics previstos, i \u00e9s:<\/p>\n<p>\u2022 Ajustat a la normativa vigent<br \/>\n\u2022 Adequat a l\u2019entorn socioling\u00fc\u00edstic i a la realitat del centre<br \/>\n\u2022 Coherent amb els altres documents del centre<br \/>\n\u2022 Integral i vinculant<br \/>\n\u2022 Consensuat i compartit amb la comunitat educativa<br \/>\n\u2022 Estable per\u00f2 no est\u00e0tic<br \/>\n\u2022 Realista i transformador<\/p>\n","protected":false},"excerpt":{"rendered":"<p>Podeu llegir el Projecte ling\u00fc\u00edstic de l&#8217;escola <a href=\"https:\/\/drive.google.com\/file\/d\/14kEg_zXV8hkja_Y16kyKQwEziT7grZ9b\/view?usp=sharing\">aqu\u00ed<\/a><br \/>\n<a title=\"El model ling\u00fc\u00edstic del sistema educatiu de Catalunya\" href=\"http:\/\/ensenyament.gencat.cat\/web\/.content\/home\/departament\/publicacions\/monografies\/model-linguistic\/model-linguistic-Catalunya-CAT.pdf\">El model ling\u00fc\u00edstic del sistema educatiu de Catalunya\u00a0<\/a><a href=\"https:\/\/agora.xtec.cat\/escolalavilapalamos\/wp-content\/uploads\/usu897\/2019\/01\/projecte-linguistic.png\"><\/a><br \/>\nEL PROJECTE LING\u00dc\u00cdSTIC DE CENTRE<br \/>\nEl PROJECTE LING\u00dc\u00cdSTIC DE CENTRE \u00e9s un document de centre i forma part del projecte educatiu.&hellip;  <a href=\"https:\/\/agora.xtec.cat\/escolalavilapalamos\/projecte-linguistic\/\" title=\"Read Projecte Ling\u00fc\u00edstic\">Llegeix m\u00e9s\u00bb<\/a><\/p>\n","protected":false},"author":1,"featured_media":0,"parent":0,"menu_order":0,"comment_status":"closed","ping_status":"closed","template":"","meta":{"_bbp_topic_count":0,"_bbp_reply_count":0,"_bbp_total_topic_count":0,"_bbp_total_reply_count":0,"_bbp_voice_count":0,"_bbp_anonymous_reply_count":0,"_bbp_topic_count_hidden":0,"_bbp_reply_count_hidden":0,"_bbp_forum_subforum_count":0,"footnotes":""},"class_list":["post-353","page","type-page","status-publish","hentry"],"post_mailing_queue_ids":[],"_links":{"self":[{"href":"https:\/\/agora.xtec.cat\/escolalavilapalamos\/wp-json\/wp\/v2\/pages\/353","targetHints":{"allow":["GET"]}}],"collection":[{"href":"https:\/\/agora.xtec.cat\/escolalavilapalamos\/wp-json\/wp\/v2\/pages"}],"about":[{"href":"https:\/\/agora.xtec.cat\/escolalavilapalamos\/wp-json\/wp\/v2\/types\/page"}],"author":[{"embeddable":true,"href":"https:\/\/agora.xtec.cat\/escolalavilapalamos\/wp-json\/wp\/v2\/users\/1"}],"replies":[{"embeddable":true,"href":"https:\/\/agora.xtec.cat\/escolalavilapalamos\/wp-json\/wp\/v2\/comments?post=353"}],"version-history":[{"count":3,"href":"https:\/\/agora.xtec.cat\/escolalavilapalamos\/wp-json\/wp\/v2\/pages\/353\/revisions"}],"predecessor-version":[{"id":4547,"href":"https:\/\/agora.xtec.cat\/escolalavilapalamos\/wp-json\/wp\/v2\/pages\/353\/revisions\/4547"}],"wp:attachment":[{"href":"https:\/\/agora.xtec.cat\/escolalavilapalamos\/wp-json\/wp\/v2\/media?parent=353"}],"curies":[{"name":"wp","href":"https:\/\/api.w.org\/{rel}","templated":true}]}}