{"id":2992,"date":"2018-05-20T20:49:33","date_gmt":"2018-05-20T18:49:33","guid":{"rendered":"http:\/\/agora.xtec.cat\/escolalavilapalamos\/?page_id=2992"},"modified":"2019-03-21T12:21:24","modified_gmt":"2019-03-21T11:21:24","slug":"gep-generacio-plurilingue","status":"publish","type":"page","link":"https:\/\/agora.xtec.cat\/escolalavilapalamos\/projecte-educatiu\/gep-generacio-plurilingue\/","title":{"rendered":"GEP. Generaci\u00f3 Pluriling\u00fce"},"content":{"rendered":"<p>&nbsp;<\/p>\n<p>&nbsp;<\/p>\n<p><a href=\"http:\/\/agora.xtec.cat\/escolalavilapalamos\/wp-content\/uploads\/usu897\/2018\/05\/logo-GEP_ok.png\"><img loading=\"lazy\" decoding=\"async\" class=\"wp-image-2993 alignright\" src=\"http:\/\/agora.xtec.cat\/escolalavilapalamos\/wp-content\/uploads\/usu897\/2018\/05\/logo-GEP_ok.png\" alt=\"\" width=\"405\" height=\"249\" srcset=\"https:\/\/agora.xtec.cat\/escolalavilapalamos\/wp-content\/uploads\/usu897\/2018\/05\/logo-GEP_ok.png 982w, https:\/\/agora.xtec.cat\/escolalavilapalamos\/wp-content\/uploads\/usu897\/2018\/05\/logo-GEP_ok-300x185.png 300w, https:\/\/agora.xtec.cat\/escolalavilapalamos\/wp-content\/uploads\/usu897\/2018\/05\/logo-GEP_ok-768x473.png 768w\" sizes=\"auto, (max-width: 405px) 100vw, 405px\" \/><\/a>El curs 2017-2018 el Departament d&#8217;Ensenyament inicia el programa\u00a0d\u2019innovaci\u00f3 pedag\u00f2gica\u00a0<strong>Generaci\u00f3 Pluriling\u00fce (GEP)<\/strong>. La finalitat d\u2019aquest programa \u00e9s millorar la compet\u00e8ncia en lleng\u00fces estrangeres de l\u2019alumnat, afavorint el seu creixement acad\u00e8mic i posterior inserci\u00f3 laboral, i capacitant-lo per interactuar amb el m\u00f3n en diverses lleng\u00fces i de manera cr\u00edtica.<\/p>\n<p>Les accions del programa GEP s\u2019orienten, d\u2019una banda, a incrementar el temps d\u2019exposici\u00f3 de l\u2019alumnat a les lleng\u00fces estrangeres curriculars i, d\u2019una altra, a acompanyar els centres educatius en el proc\u00e9s de desplegament i consolidaci\u00f3 d\u2019un projecte ling\u00fc\u00edstic pluriling\u00fce propi.<\/p>\n<p>Nascut l\u2019any 2013 com a programa experimental, s\u2019adre\u00e7a als centres educatius que imparteixen ensenyaments d\u2019educaci\u00f3 prim\u00e0ria, d\u2019educaci\u00f3 secund\u00e0ria obligat\u00f2ria, batxillerat o formaci\u00f3 professional inicial, de titularitat del Departament d\u2019Ensenyament, de titularitat municipal i de titularitat privada en r\u00e8gim de concert. La selecci\u00f3 de centres es far\u00e0 anualment a proposta dels serveis territorials i amb la col\u00b7laboraci\u00f3 de la Inspecci\u00f3 d&#8217;Educaci\u00f3.<\/p>\n<p>La durada del programa \u00e9s de tres cursos escolars. Durant aquest temps, docents dels centres participants amb una acreditaci\u00f3 suficient de coneixements de llengua estrangera reben formaci\u00f3 sobre\u00a0<strong>enfocaments<\/strong>\u00a0CLIL i \u00c9MILE (aprenentatge integrat de contingut i llengua estrangera en angl\u00e8s i franc\u00e8s, respectivament). Els equips directius, al seu torn, reben orientacions per a la implementaci\u00f3 del programa en el centre, el disseny d\u2019un\u00a0<a href=\"http:\/\/portaldogc.gencat.cat\/utilsEADOP\/PDF\/7391\/1618227.pdf\" target=\"_blank\" rel=\"noopener noreferrer\">pla d\u2019acci\u00f3<\/a>\u00a0i l\u2019elaboraci\u00f3 d\u2019una\u00a0<a href=\"http:\/\/portaldogc.gencat.cat\/utilsEADOP\/PDF\/7391\/1618227.pdf\" target=\"_blank\" rel=\"noopener noreferrer\">mem\u00f2ria final<\/a>.<\/p>\n<p><a href=\"http:\/\/xtec.gencat.cat\/ca\/projectes\/plurilinguisme\/programes\/pluri\/gep\/\">http:\/\/xtec.gencat.cat\/ca\/projectes\/plurilinguisme\/programes\/pluri\/gep\/<\/a><\/p>\n<p><strong>COMUNITAT DE GRANS<\/strong><\/p>\n<p>Along this school year we planned:<\/p>\n<p>Three projects ( one per term) <strong>LET&#8217;S ACT!!<\/strong><\/p>\n<p>16-18 4th, 5th and 6th graded pupils prepare a performance. They give the idea and themselves prepare it cooperatively. They write the scripts, they decide the set, the costumes, all the rehearsals and finally they perform it.<\/p>\n<p>ICT: We use chromebooks and we work sharing documents. They also create the powerpoint we use as background, choose music and how to add it.<\/p>\n<p><a href=\"https:\/\/drive.google.com\/open?id=1VgB6lsUbORxJGqlbQyblyd7CEH7FxSEw\">You can watch the planning for this project here<\/a><\/p>\n<p>&nbsp;<\/p>\n<p>a) First term : <strong>The lion king<\/strong><\/p>\n<p><a href=\"http:\/\/agora.xtec.cat\/escolalavilapalamos\/wp-content\/uploads\/usu897\/2018\/05\/IMG_20171128_101532-Copy.jpg\"><img loading=\"lazy\" decoding=\"async\" class=\" wp-image-3061\" src=\"http:\/\/agora.xtec.cat\/escolalavilapalamos\/wp-content\/uploads\/usu897\/2018\/05\/IMG_20171128_101532-Copy-768x1024.jpg\" alt=\"\" width=\"131\" height=\"175\" srcset=\"https:\/\/agora.xtec.cat\/escolalavilapalamos\/wp-content\/uploads\/usu897\/2018\/05\/IMG_20171128_101532-Copy-768x1024.jpg 768w, https:\/\/agora.xtec.cat\/escolalavilapalamos\/wp-content\/uploads\/usu897\/2018\/05\/IMG_20171128_101532-Copy-225x300.jpg 225w, https:\/\/agora.xtec.cat\/escolalavilapalamos\/wp-content\/uploads\/usu897\/2018\/05\/IMG_20171128_101532-Copy.jpg 900w\" sizes=\"auto, (max-width: 131px) 100vw, 131px\" \/><\/a><\/p>\n<p>Plot: Five students travel to London and act in the &#8220;Lion King&#8221;musical. They learn about airports life, English culture, interesting places in London. It takes us six hours a week<\/p>\n<p><a href=\"https:\/\/drive.google.com\/drive\/folders\/13z3lLFJUgU23HeZocLGEypYJG6m1C7do?usp=sharing\">More pictures<\/a><\/p>\n<p>b) Second term: <strong>Around the world in 80 days<\/strong><\/p>\n<p><a href=\"http:\/\/agora.xtec.cat\/escolalavilapalamos\/wp-content\/uploads\/usu897\/2018\/05\/ae6-Desktop-Resolution.jpg\"><img loading=\"lazy\" decoding=\"async\" class=\" wp-image-3019\" src=\"http:\/\/agora.xtec.cat\/escolalavilapalamos\/wp-content\/uploads\/usu897\/2018\/05\/ae6-Desktop-Resolution.jpg\" alt=\"\" width=\"147\" height=\"196\" srcset=\"https:\/\/agora.xtec.cat\/escolalavilapalamos\/wp-content\/uploads\/usu897\/2018\/05\/ae6-Desktop-Resolution.jpg 576w, https:\/\/agora.xtec.cat\/escolalavilapalamos\/wp-content\/uploads\/usu897\/2018\/05\/ae6-Desktop-Resolution-225x300.jpg 225w\" sizes=\"auto, (max-width: 147px) 100vw, 147px\" \/><\/a><\/p>\n<p>Plot: We read the story by Jules Verne and we adapt\u00a0 it They learn about his literary work and also about some interesting places and\u00a0 countries Philias Fox visited.<\/p>\n<p>It takes us two hours a week.<\/p>\n<p><a href=\"https:\/\/drive.google.com\/drive\/folders\/1sD6JUHpMRFYfYiE3_xjMGKo7GRRmeR80\">Here you have some pictures<\/a><\/p>\n<p><a href=\"https:\/\/drive.google.com\/drive\/folders\/0B-qu3zb0rOeHOWNSUHZaSndSYUU\">Click here to watch the performance<\/a><\/p>\n<p>&nbsp;<\/p>\n<p>c) Third term: <strong>The jungle book<\/strong><\/p>\n<p>Plot: We read the story by Rudyard Kipling and we adapt\u00a0 it . They learn about animals, life in the jungle, animal hierarchies, endangered animals&#8230;<\/p>\n<p><a href=\"http:\/\/agora.xtec.cat\/escolalavilapalamos\/wp-content\/uploads\/usu897\/2018\/05\/IMG_20180509_160234-Copy.jpg\"><img loading=\"lazy\" decoding=\"async\" class=\" wp-image-3062\" src=\"http:\/\/agora.xtec.cat\/escolalavilapalamos\/wp-content\/uploads\/usu897\/2018\/05\/IMG_20180509_160234-Copy-768x1024.jpg\" alt=\"\" width=\"125\" height=\"167\" srcset=\"https:\/\/agora.xtec.cat\/escolalavilapalamos\/wp-content\/uploads\/usu897\/2018\/05\/IMG_20180509_160234-Copy-768x1024.jpg 768w, https:\/\/agora.xtec.cat\/escolalavilapalamos\/wp-content\/uploads\/usu897\/2018\/05\/IMG_20180509_160234-Copy-225x300.jpg 225w, https:\/\/agora.xtec.cat\/escolalavilapalamos\/wp-content\/uploads\/usu897\/2018\/05\/IMG_20180509_160234-Copy.jpg 900w\" sizes=\"auto, (max-width: 125px) 100vw, 125px\" \/><\/a><\/p>\n<p><a href=\"https:\/\/drive.google.com\/drive\/folders\/1mDR16_N0lQ8Xi-b9ry4q2JvaLhLUIMx8?usp=sharing\">More pictures<\/a><\/p>\n<p><strong>CLASS PROJECTS<\/strong><\/p>\n<p><strong>5th and 6th Graders:<\/strong><\/p>\n<p><strong>Both 5th and 6th graders<\/strong>: We exchanged <span style=\"text-decoration: underline;\">letters<\/span> by snail mail with a school in Polignano a Mare (Italy). They could talk about their routines, school life, our respective towns, hobbies, family. They also exchange postcards.<\/p>\n<p><a href=\"http:\/\/agora.xtec.cat\/escolalavilapalamos\/wp-content\/uploads\/usu897\/2018\/05\/IMG_20180531_090350-Copy.jpg\"><img loading=\"lazy\" decoding=\"async\" class=\" wp-image-3068\" src=\"http:\/\/agora.xtec.cat\/escolalavilapalamos\/wp-content\/uploads\/usu897\/2018\/05\/IMG_20180531_090350-Copy-1024x768.jpg\" alt=\"\" width=\"219\" height=\"165\" srcset=\"https:\/\/agora.xtec.cat\/escolalavilapalamos\/wp-content\/uploads\/usu897\/2018\/05\/IMG_20180531_090350-Copy-1024x768.jpg 1024w, https:\/\/agora.xtec.cat\/escolalavilapalamos\/wp-content\/uploads\/usu897\/2018\/05\/IMG_20180531_090350-Copy-300x225.jpg 300w, https:\/\/agora.xtec.cat\/escolalavilapalamos\/wp-content\/uploads\/usu897\/2018\/05\/IMG_20180531_090350-Copy-768x576.jpg 768w, https:\/\/agora.xtec.cat\/escolalavilapalamos\/wp-content\/uploads\/usu897\/2018\/05\/IMG_20180531_090350-Copy-200x150.jpg 200w, https:\/\/agora.xtec.cat\/escolalavilapalamos\/wp-content\/uploads\/usu897\/2018\/05\/IMG_20180531_090350-Copy.jpg 1600w\" sizes=\"auto, (max-width: 219px) 100vw, 219px\" \/><\/a><\/p>\n<p><a href=\"https:\/\/drive.google.com\/drive\/folders\/1V5s8P7z3t2pZJwBXMB5iIL4TxA5HynYb?usp=sharing\">More pictures<\/a><\/p>\n<p><strong>5th graders:<\/strong> They did a guided project about <span style=\"text-decoration: underline;\">endangered animals<\/span> in the Poles. They surfed the net, prepared a powerpoint and a Word document and finally they did the oral presentation. We also used books in Catalan, Spanish or English<\/p>\n<p>We also did some <span style=\"text-decoration: underline;\">chemistry experiments<\/span> guided by Bielefeld University and Einstein Gymnasium students from Germany<\/p>\n<p><a href=\"http:\/\/agora.xtec.cat\/escolalavilapalamos\/wp-content\/uploads\/usu897\/2018\/05\/IMG_20180529_112701-Copy.jpg\"><img loading=\"lazy\" decoding=\"async\" class=\" wp-image-3065\" src=\"http:\/\/agora.xtec.cat\/escolalavilapalamos\/wp-content\/uploads\/usu897\/2018\/05\/IMG_20180529_112701-Copy-768x1024.jpg\" alt=\"\" width=\"173\" height=\"230\" srcset=\"https:\/\/agora.xtec.cat\/escolalavilapalamos\/wp-content\/uploads\/usu897\/2018\/05\/IMG_20180529_112701-Copy-768x1024.jpg 768w, https:\/\/agora.xtec.cat\/escolalavilapalamos\/wp-content\/uploads\/usu897\/2018\/05\/IMG_20180529_112701-Copy-225x300.jpg 225w, https:\/\/agora.xtec.cat\/escolalavilapalamos\/wp-content\/uploads\/usu897\/2018\/05\/IMG_20180529_112701-Copy.jpg 900w\" sizes=\"auto, (max-width: 173px) 100vw, 173px\" \/><\/a><\/p>\n<p><a href=\"https:\/\/drive.google.com\/file\/d\/1O4N6vj62DEKsd9NDkGYLRFOXpxK-h7b4\/view?usp=sharing\">More pictures<\/a><\/p>\n<p><strong>6th graders<\/strong>: They learned about <span style=\"text-decoration: underline;\">Christmas traditions<\/span> in Great\u00a0 Britain and made a poster summarizing them.<\/p>\n<p><a href=\"http:\/\/agora.xtec.cat\/escolalavilapalamos\/wp-content\/uploads\/usu897\/2018\/05\/IMG_20171215_094511-Copy.jpg\"><img loading=\"lazy\" decoding=\"async\" class=\" wp-image-3067\" src=\"http:\/\/agora.xtec.cat\/escolalavilapalamos\/wp-content\/uploads\/usu897\/2018\/05\/IMG_20171215_094511-Copy-768x1024.jpg\" alt=\"\" width=\"153\" height=\"204\" srcset=\"https:\/\/agora.xtec.cat\/escolalavilapalamos\/wp-content\/uploads\/usu897\/2018\/05\/IMG_20171215_094511-Copy-768x1024.jpg 768w, https:\/\/agora.xtec.cat\/escolalavilapalamos\/wp-content\/uploads\/usu897\/2018\/05\/IMG_20171215_094511-Copy-225x300.jpg 225w, https:\/\/agora.xtec.cat\/escolalavilapalamos\/wp-content\/uploads\/usu897\/2018\/05\/IMG_20171215_094511-Copy.jpg 900w\" sizes=\"auto, (max-width: 153px) 100vw, 153px\" \/><\/a><\/p>\n<p>They also did a project about the <span style=\"text-decoration: underline;\">Earth Biomes<\/span>.They surfed the net, prepared a powerpoint and a Word document and finally they did the oral presentation. We also used books in Catalan, Spanish or English.<\/p>\n<p><a href=\"http:\/\/agora.xtec.cat\/escolalavilapalamos\/wp-content\/uploads\/usu897\/2018\/05\/Picture12.jpg\"><img loading=\"lazy\" decoding=\"async\" class=\"alignnone size-full wp-image-3080\" src=\"http:\/\/agora.xtec.cat\/escolalavilapalamos\/wp-content\/uploads\/usu897\/2018\/05\/Picture12.jpg\" alt=\"\" width=\"970\" height=\"383\" srcset=\"https:\/\/agora.xtec.cat\/escolalavilapalamos\/wp-content\/uploads\/usu897\/2018\/05\/Picture12.jpg 970w, https:\/\/agora.xtec.cat\/escolalavilapalamos\/wp-content\/uploads\/usu897\/2018\/05\/Picture12-300x118.jpg 300w, https:\/\/agora.xtec.cat\/escolalavilapalamos\/wp-content\/uploads\/usu897\/2018\/05\/Picture12-768x303.jpg 768w\" sizes=\"auto, (max-width: 970px) 100vw, 970px\" \/><\/a><\/p>\n<p><a href=\"https:\/\/drive.google.com\/drive\/folders\/11YABsOkp2zWllzskUGDmrmww7GJvIfHw?usp=sharing\">\u00a0Oral presentations samples<\/a><\/p>\n<p>They were introduced in William Shakespeare life and we did some activities<\/p>\n<p><a href=\"http:\/\/agora.xtec.cat\/escolalavilapalamos\/wp-content\/uploads\/usu897\/2018\/05\/IMG_20180316_102050-Copy.jpg\"><img loading=\"lazy\" decoding=\"async\" class=\" wp-image-3072\" src=\"http:\/\/agora.xtec.cat\/escolalavilapalamos\/wp-content\/uploads\/usu897\/2018\/05\/IMG_20180316_102050-Copy-768x1024.jpg\" alt=\"\" width=\"184\" height=\"246\" srcset=\"https:\/\/agora.xtec.cat\/escolalavilapalamos\/wp-content\/uploads\/usu897\/2018\/05\/IMG_20180316_102050-Copy-768x1024.jpg 768w, https:\/\/agora.xtec.cat\/escolalavilapalamos\/wp-content\/uploads\/usu897\/2018\/05\/IMG_20180316_102050-Copy-225x300.jpg 225w, https:\/\/agora.xtec.cat\/escolalavilapalamos\/wp-content\/uploads\/usu897\/2018\/05\/IMG_20180316_102050-Copy.jpg 900w\" sizes=\"auto, (max-width: 184px) 100vw, 184px\" \/><\/a><\/p>\n<p><strong><a href=\"https:\/\/drive.google.com\/file\/d\/1kMh3paHkSyVn0gsqTTYkbLcWYR6hsWbl\/view?usp=sharing\">Pupils interacting<\/a><\/strong><\/p>\n<p><strong>5th-6th graders<\/strong> Games and speaking activities<\/p>\n<p><a href=\"https:\/\/drive.google.com\/drive\/folders\/1DhE3jpFsOsEzSytGWDefNfKnSUqWFSDc?usp=sharing\"><img loading=\"lazy\" decoding=\"async\" class=\"alignnone wp-image-3108\" src=\"http:\/\/agora.xtec.cat\/escolalavilapalamos\/wp-content\/uploads\/usu897\/2018\/05\/IMG_0090-768x1024.jpg\" alt=\"\" width=\"146\" height=\"194\" srcset=\"https:\/\/agora.xtec.cat\/escolalavilapalamos\/wp-content\/uploads\/usu897\/2018\/05\/IMG_0090-768x1024.jpg 768w, https:\/\/agora.xtec.cat\/escolalavilapalamos\/wp-content\/uploads\/usu897\/2018\/05\/IMG_0090-225x300.jpg 225w\" sizes=\"auto, (max-width: 146px) 100vw, 146px\" \/><\/a><a href=\"https:\/\/drive.google.com\/drive\/folders\/1DhE3jpFsOsEzSytGWDefNfKnSUqWFSDc?usp=sharing\">Some pictures<\/a><\/p>\n<p>::::::::::::::::::::::::::::::::::::::::::::::::::::::::::::::::::::::::::::::::::::::::::::::::::::::::::::<\/p>\n<p><strong>Year 2018-19\u00a0 Comunitat de grans<br \/>\n<\/strong><\/p>\n<p><strong>First term<\/strong><\/p>\n<p><strong>6th graders .<\/strong>October 2018 <strong>Interviewing German basketball players<\/strong><\/p>\n<p><a href=\"https:\/\/agora.xtec.cat\/escolalavilapalamos\/wp-content\/uploads\/usu897\/2019\/03\/IMG_20181016_150853-Copy.jpg\"><img loading=\"lazy\" decoding=\"async\" class=\" wp-image-5417\" src=\"https:\/\/agora.xtec.cat\/escolalavilapalamos\/wp-content\/uploads\/usu897\/2019\/03\/IMG_20181016_150853-Copy-768x1024.jpg\" alt=\"\" width=\"114\" height=\"152\" srcset=\"https:\/\/agora.xtec.cat\/escolalavilapalamos\/wp-content\/uploads\/usu897\/2019\/03\/IMG_20181016_150853-Copy-768x1024.jpg 768w, https:\/\/agora.xtec.cat\/escolalavilapalamos\/wp-content\/uploads\/usu897\/2019\/03\/IMG_20181016_150853-Copy-225x300.jpg 225w, https:\/\/agora.xtec.cat\/escolalavilapalamos\/wp-content\/uploads\/usu897\/2019\/03\/IMG_20181016_150853-Copy.jpg 900w\" sizes=\"auto, (max-width: 114px) 100vw, 114px\" \/><\/a><\/p>\n<p><strong>\u00a0<\/strong><\/p>\n<p>A group of pupils from Rheda-Wiedenbr\u00fcck ( Germany) came to school. They talked in English with our 6th graders pupils.<\/p>\n<p><a href=\"https:\/\/drive.google.com\/open?id=1XulJTqSKT1SrhrB-lXY1TWZwg0Qw1iRs\">Click to see some pictures<\/a><\/p>\n<p>&nbsp;<\/p>\n<p><strong>Master chef (PBL)<a href=\"https:\/\/agora.xtec.cat\/escolalavilapalamos\/wp-content\/uploads\/usu897\/2018\/10\/IMG-20181002-WA0024.jpg\"><img loading=\"lazy\" decoding=\"async\" class=\"alignnone wp-image-3664\" src=\"https:\/\/agora.xtec.cat\/escolalavilapalamos\/wp-content\/uploads\/usu897\/2018\/10\/IMG-20181002-WA0024-768x1024.jpg\" alt=\"\" width=\"145\" height=\"194\" srcset=\"https:\/\/agora.xtec.cat\/escolalavilapalamos\/wp-content\/uploads\/usu897\/2018\/10\/IMG-20181002-WA0024-768x1024.jpg 768w, https:\/\/agora.xtec.cat\/escolalavilapalamos\/wp-content\/uploads\/usu897\/2018\/10\/IMG-20181002-WA0024-225x300.jpg 225w, https:\/\/agora.xtec.cat\/escolalavilapalamos\/wp-content\/uploads\/usu897\/2018\/10\/IMG-20181002-WA0024.jpg 1200w\" sizes=\"auto, (max-width: 145px) 100vw, 145px\" \/><\/a><br \/>\n<\/strong><\/p>\n<p>This project is done along the school year.We are a multi-age group of 15-16 pupils. They can choose the project they like, so first have a presentation about all projects they can choose and we give some information on what are they about. This is the only project in English. They are going to learn about healthy and unhealthy food, they must follow instructions, cook some recipes, discuss, agree and create an own recipe ( write the shopping list, calculate the price, taste the other groups recipes&#8230; and give personal opinion about their own recipes and other&#8217;s.<\/p>\n<p><a href=\"https:\/\/drive.google.com\/open?id=1gfsL8laNYJnE1-Z-0EGMmZw8beS5NCJnpLja7qNYxts\">Here you can read the project<\/a><\/p>\n<p><a href=\"https:\/\/drive.google.com\/open?id=1ldgn_8J-aRAi9FIA4Nfluf-FoJ5z185R\">Watch a video. How pupils interact<\/a><\/p>\n<p><a href=\"https:\/\/drive.google.com\/open?id=1arf7QJRufhOlLNLpKee_ug3O3Q9JPMLd\">More pictures<\/a><\/p>\n<p><a href=\"https:\/\/drive.google.com\/open?id=1dEa792L3Xw0JRP1WAeXV-g6kDuD5IwrL\">Pupils presentation 1<\/a><\/p>\n<p><a href=\"https:\/\/drive.google.com\/open?id=1aze0-fg_5fSGNn8w0P7XRmEMnSqoNf5j\">Pupils presentation 2<\/a><\/p>\n<p><strong>5th graders -Letters to and from Poland and Lethonia<\/strong><\/p>\n<p><a href=\"https:\/\/agora.xtec.cat\/escolalavilapalamos\/wp-content\/uploads\/usu897\/2019\/03\/IMG_20181026_084452-Copy.jpg\"><img loading=\"lazy\" decoding=\"async\" class=\" wp-image-5419\" src=\"https:\/\/agora.xtec.cat\/escolalavilapalamos\/wp-content\/uploads\/usu897\/2019\/03\/IMG_20181026_084452-Copy-768x1024.jpg\" alt=\"\" width=\"107\" height=\"142\" srcset=\"https:\/\/agora.xtec.cat\/escolalavilapalamos\/wp-content\/uploads\/usu897\/2019\/03\/IMG_20181026_084452-Copy-768x1024.jpg 768w, https:\/\/agora.xtec.cat\/escolalavilapalamos\/wp-content\/uploads\/usu897\/2019\/03\/IMG_20181026_084452-Copy-225x300.jpg 225w, https:\/\/agora.xtec.cat\/escolalavilapalamos\/wp-content\/uploads\/usu897\/2019\/03\/IMG_20181026_084452-Copy.jpg 900w\" sizes=\"auto, (max-width: 107px) 100vw, 107px\" \/><\/a><\/p>\n<p><strong>\u00a0<\/strong><\/p>\n<p>We echanged letters with a Lethonian and a Polish school. We talk about our culture, school and routines<\/p>\n<p><a href=\"https:\/\/drive.google.com\/open?id=1zhzU-sb2X2DciepUCLiaPItomqC_5K0Z\">Click to see some examples<\/a><\/p>\n<p><strong>6th graders- Games<\/strong><\/p>\n<p><a href=\"https:\/\/agora.xtec.cat\/escolalavilapalamos\/wp-content\/uploads\/usu897\/2019\/03\/IMG_20181123_154309-Copy.jpg\"><img loading=\"lazy\" decoding=\"async\" class=\" wp-image-5421\" src=\"https:\/\/agora.xtec.cat\/escolalavilapalamos\/wp-content\/uploads\/usu897\/2019\/03\/IMG_20181123_154309-Copy-768x1024.jpg\" alt=\"\" width=\"134\" height=\"179\" srcset=\"https:\/\/agora.xtec.cat\/escolalavilapalamos\/wp-content\/uploads\/usu897\/2019\/03\/IMG_20181123_154309-Copy-768x1024.jpg 768w, https:\/\/agora.xtec.cat\/escolalavilapalamos\/wp-content\/uploads\/usu897\/2019\/03\/IMG_20181123_154309-Copy-225x300.jpg 225w, https:\/\/agora.xtec.cat\/escolalavilapalamos\/wp-content\/uploads\/usu897\/2019\/03\/IMG_20181123_154309-Copy.jpg 900w\" sizes=\"auto, (max-width: 134px) 100vw, 134px\" \/><\/a><\/p>\n<p><strong><br \/>\n<\/strong><\/p>\n<p>We borrowed an educative box from &#8220;la Caixa &#8220;and we did some games. Later they prepared their own games<\/p>\n<p><a href=\"https:\/\/drive.google.com\/open?id=1EP-ut94I324-SoeGoa2rqJ1zaBoLd1_z\">Some pictures<\/a><\/p>\n<p><strong>Second term<\/strong><\/p>\n<p><strong>6th Graders . International women&#8217;s day<\/strong><\/p>\n<p><a href=\"https:\/\/agora.xtec.cat\/escolalavilapalamos\/wp-content\/uploads\/usu897\/2019\/03\/womens-day-Copy.jpg\"><img loading=\"lazy\" decoding=\"async\" class=\" wp-image-5472\" src=\"https:\/\/agora.xtec.cat\/escolalavilapalamos\/wp-content\/uploads\/usu897\/2019\/03\/womens-day-Copy-1024x768.jpg\" alt=\"\" width=\"184\" height=\"138\" srcset=\"https:\/\/agora.xtec.cat\/escolalavilapalamos\/wp-content\/uploads\/usu897\/2019\/03\/womens-day-Copy-1024x768.jpg 1024w, https:\/\/agora.xtec.cat\/escolalavilapalamos\/wp-content\/uploads\/usu897\/2019\/03\/womens-day-Copy-300x225.jpg 300w, https:\/\/agora.xtec.cat\/escolalavilapalamos\/wp-content\/uploads\/usu897\/2019\/03\/womens-day-Copy-768x576.jpg 768w, https:\/\/agora.xtec.cat\/escolalavilapalamos\/wp-content\/uploads\/usu897\/2019\/03\/womens-day-Copy-200x150.jpg 200w, https:\/\/agora.xtec.cat\/escolalavilapalamos\/wp-content\/uploads\/usu897\/2019\/03\/womens-day-Copy.jpg 1600w\" sizes=\"auto, (max-width: 184px) 100vw, 184px\" \/><\/a><\/p>\n<p>We talked about women&#8217;s rights, wrote and recorded\u00a0 some messages<\/p>\n<p><a href=\"https:\/\/drive.google.com\/open?id=1XPXiipdsO_hOCzo8JopkuRKyJY_Ih0pt\">Watch video 6th A1<\/a><\/p>\n<p><a href=\"https:\/\/drive.google.com\/open?id=1kWzRyE3y8lqwWaUC-FLrYc9AVQXgRrDf\">Watch video 6thA2<\/a><\/p>\n<p><a href=\"https:\/\/drive.google.com\/open?id=1Ip1a-6_Ivq1UvSc8TVq17V7YG11jklDB\">Watch video 6thB1<\/a><\/p>\n<p><a href=\"https:\/\/drive.google.com\/open?id=1D992yzFpUYDaOhBjWeD2zJbzDvpQKM_k\">Watch video 6thB2<\/a><\/p>\n<p><strong>Third term<\/strong><\/p>\n<p><strong>Escape games 6th graders <a href=\"https:\/\/agora.xtec.cat\/escolalavilapalamos\/wp-content\/uploads\/usu897\/2019\/03\/escape.jpg\"><img loading=\"lazy\" decoding=\"async\" class=\"alignnone wp-image-5470\" src=\"https:\/\/agora.xtec.cat\/escolalavilapalamos\/wp-content\/uploads\/usu897\/2019\/03\/escape.jpg\" alt=\"\" width=\"109\" height=\"109\" srcset=\"https:\/\/agora.xtec.cat\/escolalavilapalamos\/wp-content\/uploads\/usu897\/2019\/03\/escape.jpg 225w, https:\/\/agora.xtec.cat\/escolalavilapalamos\/wp-content\/uploads\/usu897\/2019\/03\/escape-150x150.jpg 150w\" sizes=\"auto, (max-width: 109px) 100vw, 109px\" \/><\/a><\/strong><\/p>\n<p>Pupils play some escape games about London and New York<\/p>\n<p>&#8212;&#8212;&#8212;&#8212;&#8212;&#8212;&#8212;&#8212;&#8212;&#8212;&#8212;&#8212;&#8212;&#8212;&#8212;&#8212;&#8212;&#8212;&#8212;&#8212;&#8212;&#8212;&#8212;&#8212;&#8212;&#8212;&#8212;&#8212;&#8212;&#8212;<\/p>\n<p><strong>COMUNITAT DE MITJANS\u00a0 <a href=\"https:\/\/agora.xtec.cat\/escolalavilapalamos\/wp-content\/uploads\/usu897\/2019\/03\/20190215_100344-Copy.jpg\"><img loading=\"lazy\" decoding=\"async\" class=\"alignnone wp-image-5473\" src=\"https:\/\/agora.xtec.cat\/escolalavilapalamos\/wp-content\/uploads\/usu897\/2019\/03\/20190215_100344-Copy-1024x576.jpg\" alt=\"\" width=\"201\" height=\"113\" srcset=\"https:\/\/agora.xtec.cat\/escolalavilapalamos\/wp-content\/uploads\/usu897\/2019\/03\/20190215_100344-Copy-1024x576.jpg 1024w, https:\/\/agora.xtec.cat\/escolalavilapalamos\/wp-content\/uploads\/usu897\/2019\/03\/20190215_100344-Copy-300x169.jpg 300w, https:\/\/agora.xtec.cat\/escolalavilapalamos\/wp-content\/uploads\/usu897\/2019\/03\/20190215_100344-Copy-768x432.jpg 768w, https:\/\/agora.xtec.cat\/escolalavilapalamos\/wp-content\/uploads\/usu897\/2019\/03\/20190215_100344-Copy.jpg 1600w\" sizes=\"auto, (max-width: 201px) 100vw, 201px\" \/><\/a><\/strong><\/p>\n<p>&nbsp;<\/p>\n<p>We use <a href=\"https:\/\/drive.google.com\/open?id=1JcCYALGysvRhjc0fe-UooOFlAcgMKhhc\">chromebooks<\/a> to review class contents and to play quizizz and Kahoots in order to learn new words<\/p>\n<p>&nbsp;<\/p>\n<p><strong>Roles<\/strong><\/p>\n<p>In class we work on oral expression through role situations in which students pretend to be a person and they have to ask questions due to discover who the other characters are.<\/p>\n<p><strong>Healthy and unhealthy food <a href=\"https:\/\/agora.xtec.cat\/escolalavilapalamos\/wp-content\/uploads\/usu897\/2019\/03\/IMG_2371.jpg\"><img loading=\"lazy\" decoding=\"async\" class=\"alignnone wp-image-5511\" src=\"https:\/\/agora.xtec.cat\/escolalavilapalamos\/wp-content\/uploads\/usu897\/2019\/03\/IMG_2371.jpg\" alt=\"\" width=\"132\" height=\"99\" srcset=\"https:\/\/agora.xtec.cat\/escolalavilapalamos\/wp-content\/uploads\/usu897\/2019\/03\/IMG_2371.jpg 640w, https:\/\/agora.xtec.cat\/escolalavilapalamos\/wp-content\/uploads\/usu897\/2019\/03\/IMG_2371-300x225.jpg 300w, https:\/\/agora.xtec.cat\/escolalavilapalamos\/wp-content\/uploads\/usu897\/2019\/03\/IMG_2371-200x150.jpg 200w\" sizes=\"auto, (max-width: 132px) 100vw, 132px\" \/><\/a><br \/>\n<\/strong><\/p>\n<p>Pupils can taste some food and guess what it is. They decide if it is healthy or unhealthy<\/p>\n<p><a href=\"https:\/\/drive.google.com\/open?id=1AvFDWgOisuO9GdMsjpsBscQRh6bZ7cMa\">Click for more pictures<\/a><\/p>\n<p><strong>Dinosaurs: <a href=\"https:\/\/agora.xtec.cat\/escolalavilapalamos\/wp-content\/uploads\/usu897\/2019\/03\/20181005_091506-Copy.jpg\"><img loading=\"lazy\" decoding=\"async\" class=\"alignnone wp-image-5465\" src=\"https:\/\/agora.xtec.cat\/escolalavilapalamos\/wp-content\/uploads\/usu897\/2019\/03\/20181005_091506-Copy-1024x576.jpg\" alt=\"\" width=\"180\" height=\"101\" srcset=\"https:\/\/agora.xtec.cat\/escolalavilapalamos\/wp-content\/uploads\/usu897\/2019\/03\/20181005_091506-Copy-1024x576.jpg 1024w, https:\/\/agora.xtec.cat\/escolalavilapalamos\/wp-content\/uploads\/usu897\/2019\/03\/20181005_091506-Copy-300x169.jpg 300w, https:\/\/agora.xtec.cat\/escolalavilapalamos\/wp-content\/uploads\/usu897\/2019\/03\/20181005_091506-Copy-768x432.jpg 768w, https:\/\/agora.xtec.cat\/escolalavilapalamos\/wp-content\/uploads\/usu897\/2019\/03\/20181005_091506-Copy.jpg 1600w\" sizes=\"auto, (max-width: 180px) 100vw, 180px\" \/><\/a><\/strong><\/p>\n<p>We carried out a model of dinosaur&#8217;s world in groups to learn vocabulary, working science and knowing the environment where they lived. Then we showed the model in front of the class.<\/p>\n<p><a href=\"https:\/\/drive.google.com\/open?id=1tEKX3OZd8Dj4wcywoAWTOrj6ToJI7bDT\">More pictures<\/a><\/p>\n<p><strong>Clothes.<\/strong><\/p>\n<p>In these <a href=\"https:\/\/drive.google.com\/open?id=1U_VQik--DDbT9lumhWPsCYacSYfz1giY\">videos<\/a> you can see the fashion show. The pupils enjoyed a lot and learned vocabulary and clothing structures<\/p>\n<p><strong>Planets and space\u00a0\u00a0\u00a0\u00a0\u00a0\u00a0\u00a0 <a href=\"https:\/\/agora.xtec.cat\/escolalavilapalamos\/wp-content\/uploads\/usu897\/2019\/03\/20190220_114108-Copy.jpg\"><img loading=\"lazy\" decoding=\"async\" class=\"alignnone wp-image-5466\" src=\"https:\/\/agora.xtec.cat\/escolalavilapalamos\/wp-content\/uploads\/usu897\/2019\/03\/20190220_114108-Copy-1024x576.jpg\" alt=\"\" width=\"201\" height=\"113\" srcset=\"https:\/\/agora.xtec.cat\/escolalavilapalamos\/wp-content\/uploads\/usu897\/2019\/03\/20190220_114108-Copy-1024x576.jpg 1024w, https:\/\/agora.xtec.cat\/escolalavilapalamos\/wp-content\/uploads\/usu897\/2019\/03\/20190220_114108-Copy-300x169.jpg 300w, https:\/\/agora.xtec.cat\/escolalavilapalamos\/wp-content\/uploads\/usu897\/2019\/03\/20190220_114108-Copy-768x432.jpg 768w, https:\/\/agora.xtec.cat\/escolalavilapalamos\/wp-content\/uploads\/usu897\/2019\/03\/20190220_114108-Copy.jpg 1600w\" sizes=\"auto, (max-width: 201px) 100vw, 201px\" \/><\/a><\/strong><\/p>\n<p>We designed a model of the solar system to realize how the Universe is. The students learned vocabulary, enjoyed and showed the models after the unit. They worked vocabulary of space, shapes,colours and distances.<\/p>\n<p><a href=\"https:\/\/drive.google.com\/open?id=1DtSJfryAK7PPJLylIUaSKBTdRxGDizal\">More pictures<\/a><\/p>\n<p><strong>We prepare a performance for&#8221; Mostra de teatre&#8221; in La Gorga Theatre in Palam\u00f3s<\/strong><\/p>\n<p>&#8212;&#8212;&#8212;&#8212;&#8212;&#8212;&#8212;&#8212;&#8212;&#8212;&#8212;&#8212;&#8212;&#8212;&#8212;&#8212;&#8212;&#8212;&#8212;&#8212;&#8212;&#8212;&#8212;&#8212;&#8212;&#8212;&#8212;&#8212;&#8212;&#8212;<\/p>\n<p><strong>COMUNITAT DE PETITS<a href=\"https:\/\/agora.xtec.cat\/escolalavilapalamos\/wp-content\/uploads\/usu897\/2019\/03\/IMG-20190320-WA0013.jpg\"><img loading=\"lazy\" decoding=\"async\" class=\"alignnone wp-image-5524\" src=\"https:\/\/agora.xtec.cat\/escolalavilapalamos\/wp-content\/uploads\/usu897\/2019\/03\/IMG-20190320-WA0013-768x1024.jpg\" alt=\"\" width=\"138\" height=\"184\" srcset=\"https:\/\/agora.xtec.cat\/escolalavilapalamos\/wp-content\/uploads\/usu897\/2019\/03\/IMG-20190320-WA0013-768x1024.jpg 768w, https:\/\/agora.xtec.cat\/escolalavilapalamos\/wp-content\/uploads\/usu897\/2019\/03\/IMG-20190320-WA0013-225x300.jpg 225w, https:\/\/agora.xtec.cat\/escolalavilapalamos\/wp-content\/uploads\/usu897\/2019\/03\/IMG-20190320-WA0013.jpg 1200w\" sizes=\"auto, (max-width: 138px) 100vw, 138px\" \/><\/a><\/strong><\/p>\n<p>They work in &#8220;ambients d&#8217;aprenentatge&#8221; and one is in English (ambient de l&#8217; espai)<\/p>\n<p><a href=\"https:\/\/drive.google.com\/open?id=1QveNPs4ezHYV1SDojKX2ANsBSCw_wj87\">Watch a video <\/a><\/p>\n<p><a href=\"https:\/\/drive.google.com\/open?id=1N861OC8nl1U4oZkZGSPLum_UVh_d8hQi\">More pictures<\/a><\/p>\n<p>&nbsp;<\/p>\n","protected":false},"excerpt":{"rendered":"<p>&nbsp;<br \/>\n&nbsp;<br \/>\n<a href=\"http:\/\/agora.xtec.cat\/escolalavilapalamos\/wp-content\/uploads\/usu897\/2018\/05\/logo-GEP_ok.png\"><\/a>El curs 2017-2018 el Departament d&#8217;Ensenyament inicia el programa\u00a0d\u2019innovaci\u00f3 pedag\u00f2gica\u00a0Generaci\u00f3 Pluriling\u00fce (GEP). La finalitat d\u2019aquest programa \u00e9s millorar la compet\u00e8ncia en lleng\u00fces estrangeres de l\u2019alumnat, afavorint el seu creixement acad\u00e8mic i posterior inserci\u00f3 laboral, i capacitant-lo per interactuar amb el m\u00f3n en diverses lleng\u00fces&hellip;  <a href=\"https:\/\/agora.xtec.cat\/escolalavilapalamos\/projecte-educatiu\/gep-generacio-plurilingue\/\" title=\"Read GEP. Generaci\u00f3 Pluriling\u00fce\">Llegeix m\u00e9s\u00bb<\/a><\/p>\n","protected":false},"author":1,"featured_media":0,"parent":64,"menu_order":0,"comment_status":"closed","ping_status":"closed","template":"","meta":{"_bbp_topic_count":0,"_bbp_reply_count":0,"_bbp_total_topic_count":0,"_bbp_total_reply_count":0,"_bbp_voice_count":0,"_bbp_anonymous_reply_count":0,"_bbp_topic_count_hidden":0,"_bbp_reply_count_hidden":0,"_bbp_forum_subforum_count":0,"footnotes":""},"class_list":["post-2992","page","type-page","status-publish","hentry"],"post_mailing_queue_ids":[],"_links":{"self":[{"href":"https:\/\/agora.xtec.cat\/escolalavilapalamos\/wp-json\/wp\/v2\/pages\/2992","targetHints":{"allow":["GET"]}}],"collection":[{"href":"https:\/\/agora.xtec.cat\/escolalavilapalamos\/wp-json\/wp\/v2\/pages"}],"about":[{"href":"https:\/\/agora.xtec.cat\/escolalavilapalamos\/wp-json\/wp\/v2\/types\/page"}],"author":[{"embeddable":true,"href":"https:\/\/agora.xtec.cat\/escolalavilapalamos\/wp-json\/wp\/v2\/users\/1"}],"replies":[{"embeddable":true,"href":"https:\/\/agora.xtec.cat\/escolalavilapalamos\/wp-json\/wp\/v2\/comments?post=2992"}],"version-history":[{"count":3,"href":"https:\/\/agora.xtec.cat\/escolalavilapalamos\/wp-json\/wp\/v2\/pages\/2992\/revisions"}],"predecessor-version":[{"id":5529,"href":"https:\/\/agora.xtec.cat\/escolalavilapalamos\/wp-json\/wp\/v2\/pages\/2992\/revisions\/5529"}],"up":[{"embeddable":true,"href":"https:\/\/agora.xtec.cat\/escolalavilapalamos\/wp-json\/wp\/v2\/pages\/64"}],"wp:attachment":[{"href":"https:\/\/agora.xtec.cat\/escolalavilapalamos\/wp-json\/wp\/v2\/media?parent=2992"}],"curies":[{"name":"wp","href":"https:\/\/api.w.org\/{rel}","templated":true}]}}