{"id":28,"date":"2014-09-18T12:29:35","date_gmt":"2014-09-18T12:29:35","guid":{"rendered":"http:\/\/agora.xtec.cat\/escolalavilapalamos\/\/?page_id=28"},"modified":"2024-08-13T19:38:23","modified_gmt":"2024-08-13T17:38:23","slug":"consell-escolar","status":"publish","type":"page","link":"https:\/\/agora.xtec.cat\/escolalavilapalamos\/lescola\/consell-escolar\/","title":{"rendered":"Consell escolar"},"content":{"rendered":"<div>\n<div>\n<div>\n<p><img loading=\"lazy\" decoding=\"async\" class=\"aligncenter wp-image-12153 size-full\" src=\"https:\/\/agora.xtec.cat\/escolalavilapalamos\/wp-content\/uploads\/usu897\/2022\/09\/consell.png\" alt=\"\" width=\"300\" height=\"180\" \/><\/p>\n<p>Les mares i els pares dels alumnes matriculats en un centre educatiu, per mitj\u00e0 dels representants escollits en les eleccions, formen part del <a href=\"http:\/\/familiaiescola.gencat.cat\/ca\/escolaritat\/participacio-compromis\/participacio-coresponsabilitzacio\/participacio-funcionament-centre\/consell-escolar\/\">consell escolar del centre<\/a>.<\/p>\n<\/div>\n<\/div>\n<\/div>\n<div><\/div>\n<div>\n<h5 id=\"FW_bloc_951ef9be-5613-11e4-9770-000c29cdf219_2\">Qu\u00e8 \u00e9s el consell escolar?<\/h5>\n<div>\n<p>El consell escolar \u00e9s l&#8217;\u00f2rgan de participaci\u00f3 dels diferents sectors de la comunitat educativa en el govern dels centres. La normativa de refer\u00e8ncia pel que fa al consell escolar \u00e9s:<\/p>\n<ul>\n<li class=\"FW_sInlineImagNoti FW_sInlineRelArticle\"><a class=\"FW_titBullet FW_sLinkNegreta\" title=\"Aquest enlla\u00e7 s'obre en una nova pestanya: Normativa de refer\u00e8ncia (Llei 12\/2009 d'educaci\u00f3, article 148 i article 152)\" href=\"http:\/\/ensenyament.gencat.cat\/web\/.content\/home\/departament\/normativa\/normativa-educacio\/lec_12_2009.pdf\" target=\"_blank\" rel=\"noopener\">Normativa de refer\u00e8ncia (Llei 12\/2009 d&#8217;educaci\u00f3, article 148 i article 152)<\/a><\/li>\n<li class=\"FW_sInlineImagNoti FW_sInlineRelArticle\"><a class=\"FW_titBullet FW_sLinkNegreta\" title=\"Aquest enlla\u00e7 s'obre en una nova pestanya: Normativa de refer\u00e8ncia (Decret 102\/2010, article 27.1)\" href=\"http:\/\/www20.gencat.cat\/portal\/site\/portaldogc\/menuitem.c973d2fc58aa0083e4492d92b0c0e1a0\/?vgnextoid=485946a6e5dfe210VgnVCM1000000b0c1e0aRCRD&amp;appInstanceName=default&amp;action=fitxa&amp;documentId=545262&amp;language=ca_ES\" target=\"_blank\" rel=\"noopener\">Normativa de refer\u00e8ncia (Decret 102\/2010, article 27.1)<\/a> <a class=\"FW_sNoUnderline\" title=\"Aquest enlla\u00e7 s'obre en una nova pestanya: Normativa de refer\u00e8ncia (Decret 102\/2010, article 27.1)\" href=\"http:\/\/www20.gencat.cat\/portal\/site\/portaldogc\/menuitem.c973d2fc58aa0083e4492d92b0c0e1a0\/?vgnextoid=485946a6e5dfe210VgnVCM1000000b0c1e0aRCRD&amp;appInstanceName=default&amp;action=fitxa&amp;documentId=545262&amp;language=ca_ES\" target=\"_blank\" rel=\"noopener\"><span class=\"FW_sPopup\">\u00a0<\/span><\/a><\/li>\n<\/ul>\n<h5 id=\"FW_bloc_951ef9be-5613-11e4-9770-000c29cdf219_3\" class=\"FW_ancora\">Qui forma el consell escolar?<\/h5>\n<div class=\"FW_sArticleFoto\">\n<div class=\"FW_sEditPro\">\n<p>El formen els representants de tota la comunitat educativa, \u00e9s a dir, direcci\u00f3, professors, alumnes, fam\u00edlies, personal d&#8217;administraci\u00f3 i serveis, representant de l&#8217;administraci\u00f3 local i altres persones que el mateix consell consideri necess\u00e0ries.<\/p>\n<h5 id=\"FW_bloc_951ef9be-5613-11e4-9770-000c29cdf219_4\" class=\"FW_ancora\">Quina \u00e9s la funci\u00f3 del consell escolar ?<\/h5>\n<p>Corresponen al consell escolar les funcions seg\u00fcents:<\/p>\n<ul>\n<li>Participar en l&#8217;aprovaci\u00f3 del projecte educatiu i les seves modificacions. El consell escolar ha de ser consultat pel director de manera preceptiva per valorar la proposta del projecte educatiu i manifestar el seu suport amb una majoria de les tres cinquenes parts dels membres.<\/li>\n<li>Participar en l&#8217;aprovaci\u00f3 de la programaci\u00f3 general anual, de les normes de funcionament i de la gesti\u00f3 econ\u00f2mica del centre. El consell escolar ha de ser consultat de manera preceptiva per valorar cada una de les propostes i manifestar el seu suport per majoria simple dels membres.<\/li>\n<li>Avaluar l&#8217;aplicaci\u00f3 del projecte educatiu i de les seves modificacions aix\u00ed com de la resta de documents de gesti\u00f3 del centre.<\/li>\n<li>Aprovar les propostes d&#8217;acords de coresponsabilitat, convenis i altres acords de col\u00b7laboraci\u00f3 del centre amb entitats i institucions.<\/li>\n<li>Intervenir en el procediment d&#8217;admissi\u00f3 d&#8217;alumnes.<\/li>\n<li>Participar en el procediment de selecci\u00f3 i en la proposta de cessament del director o directora.<\/li>\n<li>Intervenir en la resoluci\u00f3 dels conflictes i, si escau, revisar les sancions als alumnes.<\/li>\n<li>Aprovar les directrius per a la programaci\u00f3 d&#8217;activitats escolars complement\u00e0ries i d&#8217;activitats extraescolars, i avaluar-ne el desenvolupament.<\/li>\n<li>Participar en les an\u00e0lisis i les avaluacions del funcionament general del centre i con\u00e8ixer l&#8217;evoluci\u00f3 del rendiment escolar.<\/li>\n<li>Aprovar els criteris de col\u00b7laboraci\u00f3 amb altres centres i amb l&#8217;entorn.<\/li>\n<li>Qualsevol altre que li sigui atribu\u00efda per les normes legals o reglament\u00e0ries.<\/li>\n<\/ul>\n<div>\n<div>\n<h5>Quin \u00e9s el funcionament del consell escolar?<\/h5>\n<\/div>\n<div id=\"bloc5\">\n<div>\n<div>\n<p>El consell escolar ha d&#8217;aprovar les seves normes de funcionament. En all\u00f2 que no estigui previst s&#8217;han d&#8217;aplicar les normes reguladores dels \u00f2rgans col\u00b7legiats de l&#8217;Administraci\u00f3 de la Generalitat.<\/p>\n<p>El consell escolar del centre es reuneix preceptivament una vegada al trimestre i sempre que el convoca el director o directora del centre o ho sol\u00b7licita al menys un ter\u00e7 de les seves persones membres. A m\u00e9s, s&#8217;ha de fer una reuni\u00f3 a principi de curs i una altra a la seva finalitzaci\u00f3.<\/p>\n<p>El consell escolar actua normalment en ple. Es poden constituir comissions espec\u00edfiques d\u2019estudi i informaci\u00f3, a les quals, en tot cas, s\u2019hi ha d\u2019incorporar la direcci\u00f3 del centre, o en la seva representaci\u00f3, un altre \u00f2rgan\u00a0unipersonal de direcci\u00f3,\u00a0un professor o professora, i un alumne o alumna o un representant o una representant de les mares i els pares. Els centres de titularitat p\u00fablica, a m\u00e9s, hi ha d&#8217;haver preceptivament\u00a0una comissi\u00f3 econ\u00f2mica que supervisa la gesti\u00f3 econ\u00f2mica del centre.<\/p>\n<div>\n<div>\n<h5>Com es renoven els membres del consell escolar ?<\/h5>\n<\/div>\n<div id=\"bloc6\">\n<div>\n<div>\n<p>Les persones del consell escolar s\u00f3n elegides per un per\u00edode de quatre anys i es renoven per meitats cada dos anys.<\/p>\n<p>Les eleccions per a la constituci\u00f3 o renovaci\u00f3 de membres del consell escolar, les convoca el director o directora del centre p\u00fablic, amb quinze dies d&#8217;antelaci\u00f3, dintre del per\u00edode que fixa el Departament d&#8217;Ensenyament.<\/p>\n<p>Les vacants del consell escolar s&#8217;han d&#8217;ocupar pel procediment establert a les normes d&#8217;organitzaci\u00f3 i funcionament del centre; si aquestes no ho preveuen, les ha d&#8217;ocupar la seg\u00fcent candidatura m\u00e9s votada en les darreres eleccions. Si no hi ha m\u00e9s candidats o candidates per cobrir-les, romanen sense cobrir fins a la propera renovaci\u00f3 del consell escolar.<\/p>\n<p>La condici\u00f3 de membre del consell escolar es perd quan es deixa el c\u00e0rrec que comporta ser-ne membre, quan es deixa de complir algun dels requisits per ser elegible o quan l&#8217;\u00f2rgan que l&#8217;ha designat en revoca la designaci\u00f3.<\/p>\n<\/div>\n<\/div>\n<\/div>\n<\/div>\n<\/div>\n<\/div>\n<\/div>\n<\/div>\n<\/div>\n<\/div>\n<div>\n<h5>Consell Escolar. Desembre 2021<\/h5>\n<\/div>\n<div id=\"bloc6\">\n<p>Despr\u00e9s de les darreres eleccions al <em>Consell escolar<\/em> del novembre de 2021 el Consell Escolar de La Vila el formen en aquests moments:<\/p>\n<p><strong><u>Equip Directiu<\/u><\/strong><strong>:<\/strong><\/p>\n<p>Directora: Laura Soley<\/p>\n<p>Secret\u00e0ria: Montse Mart\u00ed<\/p>\n<p>Cap d\u2019estudis: Marta Carbonell<\/p>\n<p><strong><u>Sector Mestres:<\/u><\/strong><\/p>\n<p>Carlos Garcia, Eva R\u00edos,\u00a0 Carme Taberner, M\u00edriam Bouisson i Sergi P\u00e9rez<\/p>\n<p><strong><u>Sector Pares<\/u><\/strong><strong>:<\/strong><\/p>\n<p>Z\u00faria Aguilar, Maria M\u00e9ndez, Agata Adamek i Marta Taberner<\/p>\n<p><u>Representant AMPA<\/u>: Mariona Iribarren<\/p>\n<p><u>Representant Ajuntament<\/u>: Blanca Suquet<\/p>\n<p><u>Pers. Adm. i Serveis<\/u>: Yolanda Iba\u00f1ez<\/p>\n<h5>C<strong>omissions del Consell Escolar<br \/>\n<\/strong><\/h5>\n<p><span style=\"text-decoration: underline;\"><strong>Comissi\u00f3 Permanent<\/strong><\/span><\/p>\n<p>Equip directiu, Sergi P\u00e9rez\u00a0i Maria M\u00e9ndez<\/p>\n<p><span style=\"text-decoration: underline;\"><strong>Comissi\u00f3 Econ\u00f2mica<\/strong><\/span><\/p>\n<p>Equip directiu, Carlos Garcia i Marta Taberner<\/p>\n<p><span style=\"text-decoration: underline;\"><strong>Comissi\u00f3 de Conviv\u00e8ncia i Coeducaci\u00f3<\/strong><\/span><\/p>\n<p>Equip directiu, M\u00edriam Bouisson, Agata Adamek i Mariona Iribarren<\/p>\n<p><span style=\"text-decoration: underline;\"><strong>Comissi\u00f3 de menjador<\/strong><\/span><\/p>\n<p>Equip directiu, Zuria Aguilar i Agata Adamek<\/p>\n<p><span style=\"text-decoration: underline;\"><strong>Comissi\u00f3 escola verda<\/strong><\/span><\/p>\n<p>Equip directiu, Carme Taberner i Marta Taberner<\/p>\n<\/div>\n<\/div>\n<\/div>\n","protected":false},"excerpt":{"rendered":"<p>Les mares i els pares dels alumnes matriculats en un centre educatiu, per mitj\u00e0 dels representants escollits en les eleccions, formen part del <a href=\"http:\/\/familiaiescola.gencat.cat\/ca\/escolaritat\/participacio-compromis\/participacio-coresponsabilitzacio\/participacio-funcionament-centre\/consell-escolar\/\">consell escolar del centre<\/a>.<\/p>\n<p>Qu\u00e8 \u00e9s el consell escolar?<\/p>\n<p>El consell escolar \u00e9s l&#8217;\u00f2rgan de participaci\u00f3 dels diferents sectors de la comunitat educativa&hellip;  <a href=\"https:\/\/agora.xtec.cat\/escolalavilapalamos\/lescola\/consell-escolar\/\" title=\"Read Consell escolar\">Llegeix m\u00e9s\u00bb<\/a><\/p>\n","protected":false},"author":2,"featured_media":0,"parent":22,"menu_order":30,"comment_status":"closed","ping_status":"closed","template":"page-templates\/side-menu.php","meta":{"_bbp_topic_count":0,"_bbp_reply_count":0,"_bbp_total_topic_count":0,"_bbp_total_reply_count":0,"_bbp_voice_count":0,"_bbp_anonymous_reply_count":0,"_bbp_topic_count_hidden":0,"_bbp_reply_count_hidden":0,"_bbp_forum_subforum_count":0,"footnotes":""},"class_list":["post-28","page","type-page","status-publish","hentry"],"post_mailing_queue_ids":[],"_links":{"self":[{"href":"https:\/\/agora.xtec.cat\/escolalavilapalamos\/wp-json\/wp\/v2\/pages\/28","targetHints":{"allow":["GET"]}}],"collection":[{"href":"https:\/\/agora.xtec.cat\/escolalavilapalamos\/wp-json\/wp\/v2\/pages"}],"about":[{"href":"https:\/\/agora.xtec.cat\/escolalavilapalamos\/wp-json\/wp\/v2\/types\/page"}],"author":[{"embeddable":true,"href":"https:\/\/agora.xtec.cat\/escolalavilapalamos\/wp-json\/wp\/v2\/users\/2"}],"replies":[{"embeddable":true,"href":"https:\/\/agora.xtec.cat\/escolalavilapalamos\/wp-json\/wp\/v2\/comments?post=28"}],"version-history":[{"count":4,"href":"https:\/\/agora.xtec.cat\/escolalavilapalamos\/wp-json\/wp\/v2\/pages\/28\/revisions"}],"predecessor-version":[{"id":14802,"href":"https:\/\/agora.xtec.cat\/escolalavilapalamos\/wp-json\/wp\/v2\/pages\/28\/revisions\/14802"}],"up":[{"embeddable":true,"href":"https:\/\/agora.xtec.cat\/escolalavilapalamos\/wp-json\/wp\/v2\/pages\/22"}],"wp:attachment":[{"href":"https:\/\/agora.xtec.cat\/escolalavilapalamos\/wp-json\/wp\/v2\/media?parent=28"}],"curies":[{"name":"wp","href":"https:\/\/api.w.org\/{rel}","templated":true}]}}