{"id":12155,"date":"2022-09-29T11:04:40","date_gmt":"2022-09-29T09:04:40","guid":{"rendered":"https:\/\/agora.xtec.cat\/escolalavilapalamos\/?page_id=12155"},"modified":"2026-03-26T11:04:13","modified_gmt":"2026-03-26T10:04:13","slug":"actes-del-consell-escolar","status":"publish","type":"page","link":"https:\/\/agora.xtec.cat\/escolalavilapalamos\/lescola\/consell-escolar\/actes-del-consell-escolar\/","title":{"rendered":"Actes del consell escolar"},"content":{"rendered":"<h3><strong><img loading=\"lazy\" decoding=\"async\" class=\"wp-image-12165 alignright\" src=\"https:\/\/agora.xtec.cat\/escolalavilapalamos\/wp-content\/uploads\/usu897\/2022\/09\/logo-consell-escolarv.jpg\" alt=\"\" width=\"368\" height=\"342\" srcset=\"https:\/\/agora.xtec.cat\/escolalavilapalamos\/wp-content\/uploads\/usu897\/2022\/09\/logo-consell-escolarv.jpg 1051w, https:\/\/agora.xtec.cat\/escolalavilapalamos\/wp-content\/uploads\/usu897\/2022\/09\/logo-consell-escolarv-300x279.jpg 300w, https:\/\/agora.xtec.cat\/escolalavilapalamos\/wp-content\/uploads\/usu897\/2022\/09\/logo-consell-escolarv-1024x952.jpg 1024w, https:\/\/agora.xtec.cat\/escolalavilapalamos\/wp-content\/uploads\/usu897\/2022\/09\/logo-consell-escolarv-768x714.jpg 768w\" sizes=\"auto, (max-width: 368px) 100vw, 368px\" \/><\/strong><\/h3>\n<h3><strong>Actes del consell escolar Curs 2025-26<\/strong><\/h3>\n<p><a href=\"https:\/\/drive.google.com\/file\/d\/1lnVDPK3fZXeJqXh3kn3aEJtuvgbRdf7r\/view?usp=drive_link\">20250930_Consell Escolar_Acta 1.docx<\/a><\/p>\n<h3><strong>Actes del consell escolar Curs 2024-25<\/strong><\/h3>\n<p><a href=\"https:\/\/drive.google.com\/file\/d\/1T1xDDv-Jr04z7gJuqhOG3P-jnY0yvCk_\/view?usp=sharing\">20240705_Acta_1_Consell_Escolar<\/a><\/p>\n<p><a href=\"https:\/\/drive.google.com\/file\/d\/1sD8JCrTsKWiPLUC62JWs2S8A1AngOJne\/view?usp=sharing\">20240926_Acta_2_Consell_Escolar<\/a><\/p>\n<p><a href=\"https:\/\/drive.google.com\/file\/d\/13B4t044b2o_YJ3VmaAR-O9yfYYPef1XD\/view?usp=sharing\">20250129_Acta_3_Consell_Escolar<\/a><\/p>\n<p><a href=\"https:\/\/drive.google.com\/file\/d\/1_cCmmyDCdEyn_PygVMTNZmNi0Jz46WEg\/view?usp=sharing\">20250505_Acta_4_Consell_Escolar<\/a><\/p>\n<h3><strong>Actes del consell escolar Curs 2023-24<\/strong><\/h3>\n<p><a href=\"https:\/\/drive.google.com\/file\/d\/1ZrDM_IAsXpXspxkx08VZkBIR7cN_SZJG\/view?usp=drive_link\">Acta n\u00fam.1. 6 de juliol de 2023\u00a0<\/a><\/p>\n<p><a href=\"https:\/\/drive.google.com\/file\/d\/1ISYBc0_JoSMGzGBz7S2JoceQz2kmzkpt\/view?usp=drive_link\">Acta <\/a><a href=\"https:\/\/drive.google.com\/file\/d\/1ZrDM_IAsXpXspxkx08VZkBIR7cN_SZJG\/view?usp=drive_link\">n\u00fam.<\/a><a href=\"https:\/\/drive.google.com\/file\/d\/1ISYBc0_JoSMGzGBz7S2JoceQz2kmzkpt\/view?usp=drive_link\"> 2. 27 de setembre de 2023<\/a><\/p>\n<p><a href=\"https:\/\/drive.google.com\/file\/d\/1ycE40UIJbO7dpo8RetOTV_RtuFwbcc9_\/view?usp=drive_link\">Acta <\/a><a href=\"https:\/\/drive.google.com\/file\/d\/1ZrDM_IAsXpXspxkx08VZkBIR7cN_SZJG\/view?usp=drive_link\">n\u00fam.<\/a><a href=\"https:\/\/drive.google.com\/file\/d\/1ycE40UIJbO7dpo8RetOTV_RtuFwbcc9_\/view?usp=drive_link\">1 de la reuni\u00f3 de Comissi\u00f3 extraordin\u00e0ria del Consell Escolar de 17 de novembre de 2023<\/a><\/p>\n<p><a href=\"https:\/\/drive.google.com\/file\/d\/1cX3an27kVMY8mJyaqLqav2RwA_1RMrds\/view?usp=drive_link\">Acta <\/a><a href=\"https:\/\/drive.google.com\/file\/d\/1ZrDM_IAsXpXspxkx08VZkBIR7cN_SZJG\/view?usp=drive_link\">n\u00fam.<\/a><a href=\"https:\/\/drive.google.com\/file\/d\/1cX3an27kVMY8mJyaqLqav2RwA_1RMrds\/view?usp=drive_link\">2 de la reuni\u00f3 de Consell Escolar Extraordinari de 11 de desembre de 2023<\/a><\/p>\n<p><a href=\"https:\/\/drive.google.com\/file\/d\/1fSsrOfz_QzZJr0viMrkyE8pnZBunF_Ex\/view?usp=drive_link\">Acta <\/a><a href=\"https:\/\/drive.google.com\/file\/d\/1ZrDM_IAsXpXspxkx08VZkBIR7cN_SZJG\/view?usp=drive_link\">n\u00fam.<\/a><a href=\"https:\/\/drive.google.com\/file\/d\/1fSsrOfz_QzZJr0viMrkyE8pnZBunF_Ex\/view?usp=drive_link\">3. 31 de gener de 2024.<\/a><\/p>\n<p><a href=\"https:\/\/drive.google.com\/file\/d\/1bqVIR9qKVes5QI3EmtsTmunOXlapdpTT\/view?usp=drive_link\">Acta <\/a><a href=\"https:\/\/drive.google.com\/file\/d\/1ZrDM_IAsXpXspxkx08VZkBIR7cN_SZJG\/view?usp=drive_link\">n\u00fam.<\/a><a href=\"https:\/\/drive.google.com\/file\/d\/1bqVIR9qKVes5QI3EmtsTmunOXlapdpTT\/view?usp=drive_link\">4.\u00a0 6 de maig de 2024<\/a><\/p>\n<p><a href=\"https:\/\/drive.google.com\/file\/d\/1MxB4g_SbJYdoMtIRSpOsmuWhoINMMF_1\/view?usp=drive_link\">Acta <\/a><a href=\"https:\/\/drive.google.com\/file\/d\/1ZrDM_IAsXpXspxkx08VZkBIR7cN_SZJG\/view?usp=drive_link\">n\u00fam.<\/a><a href=\"https:\/\/drive.google.com\/file\/d\/1MxB4g_SbJYdoMtIRSpOsmuWhoINMMF_1\/view?usp=drive_link\">3 de la reuni\u00f3 de Consell Escolar Extraordinari de 18 de juny de 2024<\/a><\/p>\n<h3><strong>Actes del consell escolar Curs 2022-23<\/strong><\/h3>\n<p><a href=\"https:\/\/drive.google.com\/file\/d\/1zc3msFkeCi8LyTL5a7KAt_rsbajiJMG8\/view?usp=drive_link\">Acta <\/a><a href=\"https:\/\/drive.google.com\/file\/d\/1ZrDM_IAsXpXspxkx08VZkBIR7cN_SZJG\/view?usp=drive_link\">n\u00fam.<\/a><a href=\"https:\/\/drive.google.com\/file\/d\/1zc3msFkeCi8LyTL5a7KAt_rsbajiJMG8\/view?usp=drive_link\"> 1. 27 de setembre de 2022\u00a0<\/a><\/p>\n<p><a href=\"https:\/\/drive.google.com\/file\/d\/1hYOcUTiNzNISF0U9fHYKloiyuz3giktZ\/view?usp=drive_link\">Acta <\/a><a href=\"https:\/\/drive.google.com\/file\/d\/1ZrDM_IAsXpXspxkx08VZkBIR7cN_SZJG\/view?usp=drive_link\">n\u00fam.<\/a><a href=\"https:\/\/drive.google.com\/file\/d\/1hYOcUTiNzNISF0U9fHYKloiyuz3giktZ\/view?usp=drive_link\"> 2. 22 de novembre de 2022<\/a><\/p>\n<p><a href=\"https:\/\/drive.google.com\/file\/d\/1IYFpmWJCMpds3XQmbnfyuj0zsuFzAA2A\/view?usp=drive_link\">Acta <\/a><a href=\"https:\/\/drive.google.com\/file\/d\/1ZrDM_IAsXpXspxkx08VZkBIR7cN_SZJG\/view?usp=drive_link\">n\u00fam.<\/a><a href=\"https:\/\/drive.google.com\/file\/d\/1IYFpmWJCMpds3XQmbnfyuj0zsuFzAA2A\/view?usp=drive_link\">3. 7 de febrer de 2023<\/a><\/p>\n<p><a href=\"https:\/\/drive.google.com\/file\/d\/1HK2bC99iTsttl5mg2yZTfZ_NoG_-1goe\/view?usp=drive_link\">Acta <\/a><a href=\"https:\/\/drive.google.com\/file\/d\/1ZrDM_IAsXpXspxkx08VZkBIR7cN_SZJG\/view?usp=drive_link\">n\u00fam.<\/a><a href=\"https:\/\/drive.google.com\/file\/d\/1HK2bC99iTsttl5mg2yZTfZ_NoG_-1goe\/view?usp=drive_link\">4.\u00a0 30 de maig de 2023<\/a><\/p>\n<h3><strong>Actes del consell escolar Curs 2021-22<\/strong><\/h3>\n<p><a href=\"https:\/\/drive.google.com\/file\/d\/1fay4wAzsdPjM74W8K6_tQc0RXtDKlSyX\/view?usp=sharing\">Acta n\u00ba 1. 9 de setembre de 2021<\/a><\/p>\n<p><a href=\"https:\/\/drive.google.com\/file\/d\/1ZvQnBNtmrEdeJv0h1aFKPsO5gUJ3PdTu\/view?usp=sharing\">Acta n\u00ba 2. 29 de setembre de 2021<\/a><\/p>\n<p><a href=\"https:\/\/drive.google.com\/file\/d\/1DDLaOhUnUtY7CPxUnNXu-yRBtiUbx4fz\/view?usp=sharing\">Acta n\u00ba1 de la reuni\u00f3 de Consell Escolar Extraordinari. 2 desembre 2021<\/a><\/p>\n<p><a href=\"https:\/\/drive.google.com\/file\/d\/1cG86hPZW3bZXdXihG0GtHG9Xgo08zvLI\/view?usp=sharing\">Acta n\u00ba 3. 4 de novembre de 2021<\/a><\/p>\n<p><a href=\"https:\/\/drive.google.com\/file\/d\/1L1q6MggMKGqdrRe-Fc3SYKyhwv1JC5Uf\/view?usp=sharing\">Acta n\u00ba 4. 9 de mar\u00e7 de 2022<\/a><\/p>\n<p><a href=\"https:\/\/drive.google.com\/file\/d\/1t6XgBOg7aXgwwjxDI_pWQmSkKISdRc3V\/view?usp=sharing\">Acta n\u00ba 5. 28 d&#8217;abril de 2022<\/a><\/p>\n<p><a href=\"https:\/\/drive.google.com\/file\/d\/1pI5RaeVxeHEd8Kaf0GKgNk8BWZb2OF6z\/view?usp=sharing\">Acta n\u00ba 6. 30 de juny de 2022<\/a><\/p>\n<h3><strong>Actes del consell escolar Curs 2020-21<\/strong><\/h3>\n<p><a href=\"https:\/\/drive.google.com\/file\/d\/1YngTRv1_4WwS2XaavxML-piH6q4pAizR\/view?usp=sharing\">Acta n\u00ba 1. 10 de setembre de 2020<\/a><\/p>\n<p><a href=\"https:\/\/drive.google.com\/file\/d\/1YngTRv1_4WwS2XaavxML-piH6q4pAizR\/view?usp=sharing\">Acta n\u00ba 2. 1 d&#8217;octubre de 2020<\/a><\/p>\n<p><a href=\"https:\/\/drive.google.com\/file\/d\/1FpLWAEsg-Xaiv5ptFkUcrhAHR2sp-w-3\/view?usp=sharing\">Acta n\u00ba 3. 1 de desembre de 2020<\/a><\/p>\n<p><a href=\"https:\/\/drive.google.com\/file\/d\/1B47W4SLoGy3g6OZIe09S0J51i9wtAJ9_\/view?usp=sharing\">Acta n\u00ba 4. 9 de mar\u00e7 de 2021<\/a><\/p>\n<p><a href=\"https:\/\/drive.google.com\/file\/d\/1-k1N3gGzaK4Rbk0Tw4hDQhGxeQNJRwfL\/view?usp=sharing\">Acta n\u00ba 5. 5 de maig de 2021<\/a><\/p>\n<p><a href=\"https:\/\/drive.google.com\/file\/d\/1DDEmvKoQxDPmwsvpKa58bMBIeJYIoSE-\/view?usp=sharing\">Acta n\u00ba 6. 7 de juliol de 2021<\/a><\/p>\n<h3><strong>Actes del consell escolar Curs 2019-20<\/strong><\/h3>\n<p><a href=\"https:\/\/drive.google.com\/file\/d\/1RYF42S7xdxxQKdUWHEHApV7mNhbkPfaO\/view?usp=sharing\">Acta n\u00ba 1. 25 de setembre de 2019<\/a><\/p>\n<p><a href=\"https:\/\/drive.google.com\/file\/d\/1clVw9qdJ3hqVLgXWUte0L-BOJKjZYwb-\/view?usp=sharing\">Acta n\u00ba 2. 6 de novembre de 2019<\/a><\/p>\n<p><a href=\"https:\/\/drive.google.com\/file\/d\/1XTW_sryDMeBTlq4SrHmfq3UGPPVMHKDh\/view?usp=sharing\">Acta n\u00ba 3. 13 de febrer de 2020<\/a><\/p>\n<p><a href=\"https:\/\/drive.google.com\/file\/d\/1WrIAAuyiKTkW3WKg1-ovV-lAUVGEZGsQ\/view?usp=sharing\">Acta n\u00ba 4. 22 de juliol de 2020<\/a><\/p>\n<h3><strong>Actes del consell escolar Curs 2018-19<\/strong><\/h3>\n<p><a href=\"https:\/\/drive.google.com\/file\/d\/1V4KD6dFTibHZ_T7Hfz26YOV1xKC0_7pf\/view?usp=sharing\">Acta n\u00ba 1. 26 de setembre de 2018<\/a><\/p>\n<p><a href=\"https:\/\/drive.google.com\/file\/d\/1t75HLI8QjXZzN8HroNAyt4EwHS7_RCEp\/view?usp=sharing\">Acta n\u00ba 2. 7 de novembre de 2018<\/a><\/p>\n<p><a href=\"https:\/\/drive.google.com\/file\/d\/1LTgidnWcByEuvh2dOtcxPtTuD75owf-V\/view?usp=sharing\">Acta n\u00ba 3. 6 de febrer de 2019<\/a><\/p>\n<p><a href=\"https:\/\/drive.google.com\/file\/d\/1OV8R5g9utSFoF823Y6r9BYrCrMxISJjt\/view?usp=sharing\">Acta n\u00ba 4. 15 de maig de 2019<\/a><\/p>\n<p><a href=\"https:\/\/drive.google.com\/file\/d\/1_6fed7Fp8eTg41SSwTqM3tgYUP7WbA6D\/view?usp=sharing\">Acta n\u00ba 5. 3 de juliol de 2019<\/a><\/p>\n","protected":false},"excerpt":{"rendered":"<p>Actes del consell escolar Curs 2025-26<br \/>\n<a href=\"https:\/\/drive.google.com\/file\/d\/1lnVDPK3fZXeJqXh3kn3aEJtuvgbRdf7r\/view?usp=drive_link\">20250930_Consell Escolar_Acta 1.docx<\/a><br \/>\nActes del consell escolar Curs 2024-25<br \/>\n<a href=\"https:\/\/drive.google.com\/file\/d\/1T1xDDv-Jr04z7gJuqhOG3P-jnY0yvCk_\/view?usp=sharing\">20240705_Acta_1_Consell_Escolar<\/a><br \/>\n<a href=\"https:\/\/drive.google.com\/file\/d\/1sD8JCrTsKWiPLUC62JWs2S8A1AngOJne\/view?usp=sharing\">20240926_Acta_2_Consell_Escolar<\/a><br \/>\n<a href=\"https:\/\/drive.google.com\/file\/d\/13B4t044b2o_YJ3VmaAR-O9yfYYPef1XD\/view?usp=sharing\">20250129_Acta_3_Consell_Escolar<\/a><br \/>\n<a href=\"https:\/\/drive.google.com\/file\/d\/1_cCmmyDCdEyn_PygVMTNZmNi0Jz46WEg\/view?usp=sharing\">20250505_Acta_4_Consell_Escolar<\/a><br \/>\nActes del consell escolar Curs 2023-24<br \/>\n<a href=\"https:\/\/drive.google.com\/file\/d\/1ZrDM_IAsXpXspxkx08VZkBIR7cN_SZJG\/view?usp=drive_link\">Acta n\u00fam.1. 6 de juliol de 2023\u00a0<\/a><br \/>\n<a href=\"https:\/\/drive.google.com\/file\/d\/1ISYBc0_JoSMGzGBz7S2JoceQz2kmzkpt\/view?usp=drive_link\">Acta <\/a><a href=\"https:\/\/drive.google.com\/file\/d\/1ZrDM_IAsXpXspxkx08VZkBIR7cN_SZJG\/view?usp=drive_link\">n\u00fam.<\/a><a href=\"https:\/\/drive.google.com\/file\/d\/1ISYBc0_JoSMGzGBz7S2JoceQz2kmzkpt\/view?usp=drive_link\"> 2. 27 de setembre de 2023<\/a><br \/>\n<a href=\"https:\/\/drive.google.com\/file\/d\/1ycE40UIJbO7dpo8RetOTV_RtuFwbcc9_\/view?usp=drive_link\">Acta <\/a><a href=\"https:\/\/drive.google.com\/file\/d\/1ZrDM_IAsXpXspxkx08VZkBIR7cN_SZJG\/view?usp=drive_link\">n\u00fam.<\/a><a href=\"https:\/\/drive.google.com\/file\/d\/1ycE40UIJbO7dpo8RetOTV_RtuFwbcc9_\/view?usp=drive_link\">1 de&hellip;  <a href=\"https:\/\/agora.xtec.cat\/escolalavilapalamos\/lescola\/consell-escolar\/actes-del-consell-escolar\/\" title=\"Read Actes del consell escolar\">Llegeix m\u00e9s\u00bb<\/a><\/p>\n","protected":false},"author":1,"featured_media":0,"parent":28,"menu_order":0,"comment_status":"closed","ping_status":"closed","template":"","meta":{"_bbp_topic_count":0,"_bbp_reply_count":0,"_bbp_total_topic_count":0,"_bbp_total_reply_count":0,"_bbp_voice_count":0,"_bbp_anonymous_reply_count":0,"_bbp_topic_count_hidden":0,"_bbp_reply_count_hidden":0,"_bbp_forum_subforum_count":0,"footnotes":""},"class_list":["post-12155","page","type-page","status-publish","hentry"],"post_mailing_queue_ids":[],"_links":{"self":[{"href":"https:\/\/agora.xtec.cat\/escolalavilapalamos\/wp-json\/wp\/v2\/pages\/12155","targetHints":{"allow":["GET"]}}],"collection":[{"href":"https:\/\/agora.xtec.cat\/escolalavilapalamos\/wp-json\/wp\/v2\/pages"}],"about":[{"href":"https:\/\/agora.xtec.cat\/escolalavilapalamos\/wp-json\/wp\/v2\/types\/page"}],"author":[{"embeddable":true,"href":"https:\/\/agora.xtec.cat\/escolalavilapalamos\/wp-json\/wp\/v2\/users\/1"}],"replies":[{"embeddable":true,"href":"https:\/\/agora.xtec.cat\/escolalavilapalamos\/wp-json\/wp\/v2\/comments?post=12155"}],"version-history":[{"count":6,"href":"https:\/\/agora.xtec.cat\/escolalavilapalamos\/wp-json\/wp\/v2\/pages\/12155\/revisions"}],"predecessor-version":[{"id":16655,"href":"https:\/\/agora.xtec.cat\/escolalavilapalamos\/wp-json\/wp\/v2\/pages\/12155\/revisions\/16655"}],"up":[{"embeddable":true,"href":"https:\/\/agora.xtec.cat\/escolalavilapalamos\/wp-json\/wp\/v2\/pages\/28"}],"wp:attachment":[{"href":"https:\/\/agora.xtec.cat\/escolalavilapalamos\/wp-json\/wp\/v2\/media?parent=12155"}],"curies":[{"name":"wp","href":"https:\/\/api.w.org\/{rel}","templated":true}]}}