{"id":2956,"date":"2022-11-03T17:23:31","date_gmt":"2022-11-03T16:23:31","guid":{"rendered":"https:\/\/agora.xtec.cat\/escolalatrama\/?page_id=2956"},"modified":"2024-07-15T18:30:06","modified_gmt":"2024-07-15T16:30:06","slug":"pla-de-convivencia","status":"publish","type":"page","link":"https:\/\/agora.xtec.cat\/escolalatrama\/lescola\/pla-de-convivencia\/","title":{"rendered":"Projecte de conviv\u00e8ncia"},"content":{"rendered":"<p style=\"font-weight: 400;\">El <a href=\"https:\/\/drive.google.com\/file\/d\/1eB4Nlimh3wX1dqA0dlN5EIveFFd9_9EI\/view?usp=drive_link\" target=\"_blank\" rel=\"noopener\">Projecte de conviv\u00e8ncia<\/a> reflecteix les accions que el centre educatiu desenvolupa per capacitar tots els alumnes i la resta de la comunitat escolar per a la conviv\u00e8ncia i la gesti\u00f3 positiva dels conflictes.<\/p>\n<p style=\"font-weight: 400;\">Les accions que s\u2019hi proposen poden ser abordades des de\u00a0<strong>tres nivells diferents: valors i actituds, resoluci\u00f3 de conflictes i el marc organitzatiu<\/strong>. Aix\u00ed mateix, aquestes accions van adre\u00e7ades a la millora de la conviv\u00e8ncia en <strong>tres \u00e0mbits diferents, aula, centre i entorn<\/strong>, amb el benent\u00e8s que la permeabilitat entre aquests tres \u00e0mbits d&#8217;intervenci\u00f3 afavoreix la transfer\u00e8ncia d&#8217;aprenentatges, valors, actituds i h\u00e0bits relacionals. \u00daltima actualitzaci\u00f3, juliol 2022.<\/p>\n<p>&nbsp;<\/p>\n","protected":false},"excerpt":{"rendered":"<p>El <a href=\"https:\/\/drive.google.com\/file\/d\/1eB4Nlimh3wX1dqA0dlN5EIveFFd9_9EI\/view?usp=drive_link\" target=\"_blank\" rel=\"noopener\">Projecte de conviv\u00e8ncia<\/a> reflecteix les accions que el centre educatiu desenvolupa per capacitar tots els alumnes i la resta de la comunitat escolar per a la conviv\u00e8ncia i la gesti\u00f3 positiva dels conflictes.<br \/>\nLes accions que s\u2019hi proposen poden ser abordades des&hellip;  <a href=\"https:\/\/agora.xtec.cat\/escolalatrama\/lescola\/pla-de-convivencia\/\" title=\"Read Projecte de conviv\u00e8ncia\">Llegeix m\u00e9s\u00bb<\/a><\/p>\n","protected":false},"author":4,"featured_media":0,"parent":22,"menu_order":7,"comment_status":"closed","ping_status":"closed","template":"","meta":{"_bbp_topic_count":0,"_bbp_reply_count":0,"_bbp_total_topic_count":0,"_bbp_total_reply_count":0,"_bbp_voice_count":0,"_bbp_anonymous_reply_count":0,"_bbp_topic_count_hidden":0,"_bbp_reply_count_hidden":0,"_bbp_forum_subforum_count":0,"footnotes":""},"class_list":["post-2956","page","type-page","status-publish","hentry"],"post_mailing_queue_ids":[],"_links":{"self":[{"href":"https:\/\/agora.xtec.cat\/escolalatrama\/wp-json\/wp\/v2\/pages\/2956","targetHints":{"allow":["GET"]}}],"collection":[{"href":"https:\/\/agora.xtec.cat\/escolalatrama\/wp-json\/wp\/v2\/pages"}],"about":[{"href":"https:\/\/agora.xtec.cat\/escolalatrama\/wp-json\/wp\/v2\/types\/page"}],"author":[{"embeddable":true,"href":"https:\/\/agora.xtec.cat\/escolalatrama\/wp-json\/wp\/v2\/users\/4"}],"replies":[{"embeddable":true,"href":"https:\/\/agora.xtec.cat\/escolalatrama\/wp-json\/wp\/v2\/comments?post=2956"}],"version-history":[{"count":2,"href":"https:\/\/agora.xtec.cat\/escolalatrama\/wp-json\/wp\/v2\/pages\/2956\/revisions"}],"predecessor-version":[{"id":3805,"href":"https:\/\/agora.xtec.cat\/escolalatrama\/wp-json\/wp\/v2\/pages\/2956\/revisions\/3805"}],"up":[{"embeddable":true,"href":"https:\/\/agora.xtec.cat\/escolalatrama\/wp-json\/wp\/v2\/pages\/22"}],"wp:attachment":[{"href":"https:\/\/agora.xtec.cat\/escolalatrama\/wp-json\/wp\/v2\/media?parent=2956"}],"curies":[{"name":"wp","href":"https:\/\/api.w.org\/{rel}","templated":true}]}}