{"id":180,"date":"2015-11-06T15:51:03","date_gmt":"2015-11-06T14:51:03","guid":{"rendered":"http:\/\/agora.xtec.cat\/escolalatrama\/?page_id=180"},"modified":"2024-11-13T08:42:25","modified_gmt":"2024-11-13T07:42:25","slug":"espais","status":"publish","type":"page","link":"https:\/\/agora.xtec.cat\/escolalatrama\/projecte-pedagogic\/espais\/","title":{"rendered":"Espais"},"content":{"rendered":"<p><span style=\"font-weight: 400;\">Els Espais ocupen una franja dins de l\u2019horari lectiu en qu\u00e8 <\/span><b>es treballen diferents \u00e0mbits <\/b><span style=\"font-weight: 400;\">(ling\u00fc\u00edstic, cient\u00edfic, matem\u00e0tic, art\u00edstic, emocional, motriu\u2026), procediments i compet\u00e8ncies amb<\/span> <span style=\"font-weight: 400;\">una organitzaci\u00f3 i una agrupaci\u00f3 d\u2019alumnes diferents a les habituals. Els alumnes es barregen dins de les agrupacions en qu\u00e8 organitzem l\u2019escola: menuts, petits, mitjans i grans. Es fa un aprenentatge vivencial i significatiu. Permet refor\u00e7ar els sabers de cada \u00e0mbit i treballar aspectes que no sorgeixen en d\u2019altres moments.<\/span><\/p>\n<p><span style=\"font-weight: 400;\">Constitueix un moment en qu\u00e8 es respecten les prefer\u00e8ncies de cadasc\u00fa: l\u2019infant, que \u00e9s el protagonista del seu proc\u00e9s, pot triar l\u2019aspecte de l\u2019aprenentatge que m\u00e9s li agrada o en qu\u00e8 se sent m\u00e9s c\u00f2mode o segur. Hi ha la lliure elecci\u00f3 de l\u2019Espai, sempre que no se superi la r\u00e0tio, i de les activitats que s\u2019hi fan.\u00a0<\/span><\/p>\n<p><span style=\"font-weight: 400;\">En els Espais <\/span><b>es potencia la capacitat de decisi\u00f3 i responsabilitat<\/b><span style=\"font-weight: 400;\">, s\u2019<\/span><b>afavoreix l\u2019autonomia i la capacitat d\u2019aprendre a aprendre<\/b><span style=\"font-weight: 400;\"> a trav\u00e9s de la iniciativa personal i amb l\u2019acompanyament dels mestres.\u00a0<\/span><\/p>\n<p><span style=\"font-weight: 400;\">L\u2019infant es relaciona amb diferents companys i companyes, materials i propostes manipulant, imaginant, contraposant, pensant\u2026\u00a0<\/span><\/p>\n<p><span style=\"font-weight: 400;\">En les activitats que es proposen hi ha <\/span><b>pensament previ a trav\u00e9s de la reflexi\u00f3<\/b><span style=\"font-weight: 400;\"> i cooperaci\u00f3 i es poden <\/span><b>elaborar hip\u00f2tesis<\/b><span style=\"font-weight: 400;\"> que s\u2019han de validar o repensar. Cal trobar solucions a dubtes, crear&#8230; Aquest proc\u00e9s es fa amb la pres\u00e8ncia d\u2019un adult que observa, acompanya, fa reflexionar i fa anar m\u00e9s enll\u00e0.<\/span><\/p>\n\n\n<div class=\"wp-block-columns is-layout-flex wp-container-core-columns-is-layout-1 wp-block-columns-is-layout-flex\">\n<div class=\"wp-block-column is-layout-flow wp-block-column-is-layout-flow\">\n<figure class=\"wp-block-image size-full is-resized\"><a href=\"https:\/\/agora.xtec.cat\/escolalatrama\/agrupacions\/menuts\/\"><img loading=\"lazy\" decoding=\"async\" width=\"131\" height=\"131\" src=\"https:\/\/agora.xtec.cat\/escolalatrama\/wp-content\/uploads\/usu518\/2024\/11\/logo-escola-la-trama.png\" alt=\"\" class=\"wp-image-4388\" style=\"width:230px\"\/><\/a><\/figure>\n\n\n\n<p class=\"has-text-align-center has-text-color has-link-color has-large-font-size wp-elements-57029dbd4656c9c4ed85651602400c8d\" style=\"color:#b00707\"><strong>MENUTS<\/strong><\/p>\n<\/div>\n\n\n\n<div class=\"wp-block-column is-layout-flow wp-block-column-is-layout-flow\">\n<figure class=\"wp-block-image size-full is-resized\"><a href=\"https:\/\/agora.xtec.cat\/escolalatrama\/agrupacions\/petits\/\"><img loading=\"lazy\" decoding=\"async\" width=\"131\" height=\"131\" src=\"https:\/\/agora.xtec.cat\/escolalatrama\/wp-content\/uploads\/usu518\/2024\/11\/logo-escola-la-trama.png\" alt=\"\" class=\"wp-image-4388\" style=\"width:230px\"\/><\/a><\/figure>\n\n\n\n<p class=\"has-text-align-center has-text-color has-link-color has-large-font-size wp-elements-bcfaeaee1f31af25b0c0ab3c1c5a9058\" style=\"color:#b00707\"><strong>PETITS<\/strong><\/p>\n<\/div>\n\n\n\n<div class=\"wp-block-column is-layout-flow wp-block-column-is-layout-flow\">\n<figure class=\"wp-block-image size-full is-resized\"><a href=\"https:\/\/agora.xtec.cat\/escolalatrama\/agrupacions\/mitjans\/\"><img loading=\"lazy\" decoding=\"async\" width=\"131\" height=\"131\" src=\"https:\/\/agora.xtec.cat\/escolalatrama\/wp-content\/uploads\/usu518\/2024\/11\/logo-escola-la-trama.png\" alt=\"\" class=\"wp-image-4388\" style=\"width:230px\"\/><\/a><\/figure>\n\n\n\n<p class=\"has-text-align-center has-text-color has-link-color has-large-font-size wp-elements-fe8c392bbae60a9b185ec2644fc8caaa\" style=\"color:#b00707\"><strong>MITJANS<\/strong><\/p>\n<\/div>\n\n\n\n<div class=\"wp-block-column is-layout-flow wp-block-column-is-layout-flow\">\n<figure class=\"wp-block-image size-full is-resized\"><a href=\"https:\/\/agora.xtec.cat\/escolalatrama\/agrupacions\/grans\/\"><img loading=\"lazy\" decoding=\"async\" width=\"131\" height=\"131\" src=\"https:\/\/agora.xtec.cat\/escolalatrama\/wp-content\/uploads\/usu518\/2024\/11\/logo-escola-la-trama.png\" alt=\"\" class=\"wp-image-4388\" style=\"width:230px\"\/><\/a><\/figure>\n\n\n\n<p class=\"has-text-align-center has-text-color has-link-color has-large-font-size wp-elements-a722601f9423239a50eb4a79ab6e7506\" style=\"color:#b00707\"><strong>GRANS<\/strong><\/p>\n<\/div>\n<\/div>\n","protected":false},"excerpt":{"rendered":"<p>Els Espais ocupen una franja dins de l\u2019horari lectiu en qu\u00e8 es treballen diferents \u00e0mbits (ling\u00fc\u00edstic, cient\u00edfic, matem\u00e0tic, art\u00edstic, emocional, motriu\u2026), procediments i compet\u00e8ncies amb una organitzaci\u00f3 i una agrupaci\u00f3 d\u2019alumnes diferents a les habituals. Els alumnes es barregen dins de les agrupacions en qu\u00e8&hellip;  <a href=\"https:\/\/agora.xtec.cat\/escolalatrama\/projecte-pedagogic\/espais\/\" title=\"Read Espais\">Llegeix m\u00e9s\u00bb<\/a><\/p>\n","protected":false},"author":1,"featured_media":0,"parent":64,"menu_order":0,"comment_status":"closed","ping_status":"closed","template":"page-templates\/side-menu.php","meta":{"_bbp_topic_count":0,"_bbp_reply_count":0,"_bbp_total_topic_count":0,"_bbp_total_reply_count":0,"_bbp_voice_count":0,"_bbp_anonymous_reply_count":0,"_bbp_topic_count_hidden":0,"_bbp_reply_count_hidden":0,"_bbp_forum_subforum_count":0,"footnotes":""},"class_list":["post-180","page","type-page","status-publish","hentry"],"post_mailing_queue_ids":[],"_links":{"self":[{"href":"https:\/\/agora.xtec.cat\/escolalatrama\/wp-json\/wp\/v2\/pages\/180","targetHints":{"allow":["GET"]}}],"collection":[{"href":"https:\/\/agora.xtec.cat\/escolalatrama\/wp-json\/wp\/v2\/pages"}],"about":[{"href":"https:\/\/agora.xtec.cat\/escolalatrama\/wp-json\/wp\/v2\/types\/page"}],"author":[{"embeddable":true,"href":"https:\/\/agora.xtec.cat\/escolalatrama\/wp-json\/wp\/v2\/users\/1"}],"replies":[{"embeddable":true,"href":"https:\/\/agora.xtec.cat\/escolalatrama\/wp-json\/wp\/v2\/comments?post=180"}],"version-history":[{"count":6,"href":"https:\/\/agora.xtec.cat\/escolalatrama\/wp-json\/wp\/v2\/pages\/180\/revisions"}],"predecessor-version":[{"id":4412,"href":"https:\/\/agora.xtec.cat\/escolalatrama\/wp-json\/wp\/v2\/pages\/180\/revisions\/4412"}],"up":[{"embeddable":true,"href":"https:\/\/agora.xtec.cat\/escolalatrama\/wp-json\/wp\/v2\/pages\/64"}],"wp:attachment":[{"href":"https:\/\/agora.xtec.cat\/escolalatrama\/wp-json\/wp\/v2\/media?parent=180"}],"curies":[{"name":"wp","href":"https:\/\/api.w.org\/{rel}","templated":true}]}}