{"id":664,"date":"2021-02-10T13:04:00","date_gmt":"2021-02-10T12:04:00","guid":{"rendered":"https:\/\/agora.xtec.cat\/escolalanoguera\/?page_id=664"},"modified":"2025-02-20T12:51:28","modified_gmt":"2025-02-20T11:51:28","slug":"preinscripcio-2020-21-sollicitud-de-preincripcio","status":"publish","type":"page","link":"https:\/\/agora.xtec.cat\/escolalanoguera\/preinscripcio-curs-2025-2026\/preinscripcio-2020-21-sollicitud-de-preincripcio\/","title":{"rendered":"Informaci\u00f3 del proc\u00e9s de preinscripci\u00f3"},"content":{"rendered":"<p><strong>INFORMACI\u00d3 PREINSCRIPCI\u00d3 2025\/2026<\/strong><\/p>\n<p><iframe loading=\"lazy\" src=\"\/\/www.youtube.com\/embed\/xwo2A2U-g30\" width=\"560\" height=\"314\" allowfullscreen=\"allowfullscreen\"><\/iframe><\/p>\n<p><strong>Educaci\u00f3 infantil (3-6 anys), educaci\u00f3 prim\u00e0ria i educaci\u00f3 secund\u00e0ria obligat\u00f2ria<\/strong><\/p>\n<p><strong>Presentaci\u00f3 de sol\u00b7licituds:<\/strong><\/p>\n<ul>\n<li>Educaci\u00f3 infantil (3-6 anys) i educaci\u00f3 prim\u00e0ria:\u00a0<strong>del 12 al 26 de mar\u00e7<\/strong><\/li>\n<li>Educaci\u00f3 secund\u00e0ria obligat\u00f2ria:\u00a0<strong>del 14 al 26 de mar\u00e7<\/strong><\/li>\n<\/ul>\n<p><strong>Matr\u00edcula:<\/strong><\/p>\n<ul>\n<li>Educaci\u00f3 infantil i educaci\u00f3 prim\u00e0ria : <strong>del 25 de juny al 3 de juliol<\/strong><\/li>\n<\/ul>\n<p><strong>Sol\u00b7licitud:<\/strong> <a href=\"https:\/\/preinscripcio.gencat.cat\/ca\/inici\/\">https:\/\/preinscripcio.gencat.cat\/ca\/inici\/<\/a><\/p>\n<p><strong>Guia de la preinscripci\u00f3:\u00a0<\/strong><\/p>\n<p>&nbsp;<\/p>\n<p><strong>Novetats:<\/strong><br \/>\n\uf0b7 Des del curs 2021\/22, totes les sol\u00b7licituds s\u00f3n en format telem\u00e0tic, per tant, no hi ha la possibilitat de full de preinscripci\u00f3 en paper.<br \/>\n\uf0b7 No cal lliurar cap documentaci\u00f3 presencialment al centre educatiu que indiqueu en primera opci\u00f3.<br \/>\n\uf0b7 Hi ha dos tipus de sol\u00b7licitud:<\/p>\n<p>o <strong>Electr\u00f2nica<\/strong>: cal identificaci\u00f3 digital<br \/>\no <strong>Suport inform\u00e0tic:<\/strong> sense identificaci\u00f3 digital<\/p>\n<p><strong>Qu\u00e8 em cal per omplir la sol\u00b7licitud?<\/strong><\/p>\n<p>1. <strong>SOL\u00b7LICITUD ELECTR\u00d2NICA<\/strong>: Mitjan\u00e7ant certificat digital, com DNI electr\u00f2nic, Cl@ve, IdCat, etc. Si no es disposa de cap certificat, us en podeu generar un de forma f\u00e0cil, l\u2019idCat M\u00f3bil, us expliquem com:<\/p>\n<p>Cal complir els requisits seg\u00fcents:<br \/>\n\uf0b7 Ser major de 16 anys<br \/>\n\uf0b7 Disposar de DNI\/NIE\/Passaport\/Doc identificador d\u2019un pa\u00eds de la UE o targeta de resid\u00e8ncia comunit\u00e0ria<br \/>\n\uf0b7 Disposar d\u2019adre\u00e7a de correu electr\u00f2nic i un tel\u00e8fon m\u00f2bil a efectes d\u2019identificaci\u00f3 i contacte<br \/>\n\uf0b7 Targeta sanit\u00e0ria per la teva identificaci\u00f3<\/p>\n<p>Accediu a l\u2019adre\u00e7a https:\/\/idcatmobil.seu.cat\/ i trobareu les instruccions pas a pas de com fer-ho.<\/p>\n<p>Per utilitzar l\u2019idCAT M\u00f2bil nom\u00e9s cal introduir el n\u00famero de document d\u2019identitat i el n\u00famero de tel\u00e8fon m\u00f2bil en el web on calgui identificar-se electr\u00f2nicament per fer un tr\u00e0mit. Tot seguit es rep un missatge al tel\u00e8fon, que cont\u00e9 una clau d\u2019acc\u00e9s per introduir-la en el web. En aquest cas, al tr\u00e0mit de sol\u00b7licitud de preinscripci\u00f3.<br \/>\nUna vegada identificats, caldr\u00e0 entrar el n\u00famero d\u2019identificaci\u00f3 de l\u2019alumne\/a (IDALU) que us proporcionar\u00e0 l\u2019escola on est\u00e0 matriculat ( llar d\u2019infants si \u00e9s el cas o altres centres) per poder recuperar les seves dades personals i acad\u00e8miques, omplir les prefer\u00e8ncies i enviar la sol\u00b7licitud. En la majoria de casos no caldr\u00e0 fer res m\u00e9s ni adjuntar cap tipus de documentaci\u00f3, donat que s\u2019haur\u00e0 fet l\u2019intercanvi de validaci\u00f3 de les vostres dades amb totes les administracions implicades. Si no teniu IDALU, caldr\u00e0 adjuntar llibre de fam\u00edlia, juntament amb la documentaci\u00f3 que al\u00b7legueu a efectes de barems i que no s\u2019hagi pogut validar.<\/p>\n<p>&nbsp;<\/p>\n<p><strong>2. SOL\u00b7LICITUD EN SUPORT INFORM\u00c0TIC: <\/strong>No tenim cap certificat digital per identificar-nos ni podem generar-ne un.<\/p>\n<p>Caldr\u00e0 identificar l\u2019alumne\/a amb el seu n\u00fam. d\u2019Identificaci\u00f3 d\u2019alumne IDALU( si \u00e9s el cas) i omplir el formulari. A l\u2019enviar-ho es far\u00e0 l\u2019intercanvi de dades amb les administracions implicades i caldr\u00e0 adjuntar escanejada o fotografiada la documentaci\u00f3 d\u2019identificaci\u00f3 i filiaci\u00f3 (DNI, llibre de fam\u00edlia, etc), juntament amb la que al\u00b7legueu a efectes de barems i que no s\u2019hagi pogut validar.<\/p>\n<p><strong>INFORMACIONS :<\/strong><\/p>\n<p>Puc presentar dues sol\u00b7licituds a dos centres diferents per uns mateixos estudis? <strong>No, en cap cas.<\/strong> S\u2019ha de presentar una sola sol\u00b7licitud i indicar-hi per ordre de prefer\u00e8ncia els diferents centres als que us interessa inscriure la vostra filla o fill. Si tinc dubtes omplint la sol\u00b7licitud on em puc adre\u00e7ar? Podeu posar-vos en contacte telef\u00f2nic amb el centre que escolliu inscriure el vostre fill o filla en primera opci\u00f3, en horari d\u2019oficina, i us ajudaran a complimentar el proc\u00e9s.<br \/>\nCom puc saber els criteris pels barems i la seva puntuaci\u00f3? Trobareu tota la informaci\u00f3 sobre criteris, calendari i la resta d\u2019informaci\u00f3 respecte el proc\u00e9s de preinscripci\u00f3 a la p\u00e0gina web<a href=\"https:\/\/preinscripcio.gencat.cat\/ca\/inici\"> https:\/\/preinscripcio.gencat.cat\/ca\/inici<\/a><\/p>\n<p><strong>CONSIDERACIONS:<\/strong><br \/>\n\uf0b7 Nova incorporaci\u00f3 al sistema educatiu: nom\u00e9s afecta a alumnat provinent de fora de Catalunya o que hi porta menys de 2 anys. <strong>Per tant no caldr\u00e0 posar-ho a la <\/strong><strong>sol\u00b7licitud si no \u00e9s el cas.<\/strong><\/p>\n<p><strong>RECOMANACIONS:<\/strong><br \/>\n\uf0b7 Tenir fotografiada o escanejada la documentaci\u00f3 en el mateix dispositiu des d\u2019on es fa la sol\u00b7licitud.<br \/>\n\uf0b7 Demaneu al vostre centre actual el N\u00fam. d\u2019Identificaci\u00f3 de l\u2019alumne (IDALU) per poder lligar la sol\u00b7licitud al seu expedient acad\u00e8mic i personal. ( si \u00e9s el cas )<br \/>\n\uf0b7 Si voleu fer la sol\u00b7licitud en SUPORT INFORM\u00c0TIC i que us ajudi el centre que heu demanat en primer lloc, cal demanar cita pr\u00e8via per a fer la preinscripci\u00f3.<br \/>\n\uf0b7 Cenyiu-vos al calendari establert, enviar la sol\u00b7licitud o la documentaci\u00f3 fora de termini us fa perdre tots els drets d\u2019adscripci\u00f3 amb el risc que aix\u00f2 comporta de quedar-se sense pla\u00e7a al centre.<\/p>\n<p>&nbsp;<\/p>\n","protected":false},"excerpt":{"rendered":"<p>INFORMACI\u00d3 PREINSCRIPCI\u00d3 2025\/2026 Educaci\u00f3 infantil (3-6 anys), educaci\u00f3 prim\u00e0ria i educaci\u00f3 secund\u00e0ria obligat\u00f2ria Presentaci\u00f3 de sol\u00b7licituds: Educaci\u00f3 infantil (3-6 anys) i educaci\u00f3 prim\u00e0ria:\u00a0del 12 al 26 de mar\u00e7 Educaci\u00f3 secund\u00e0ria obligat\u00f2ria:\u00a0del 14 al 26 de mar\u00e7 Matr\u00edcula: Educaci\u00f3 infantil i educaci\u00f3 prim\u00e0ria : del 25 de juny al 3 de juliol Sol\u00b7licitud: https:\/\/preinscripcio.gencat.cat\/ca\/inici\/ Guia de [&hellip;]<\/p>\n","protected":false},"author":1,"featured_media":0,"parent":658,"menu_order":0,"comment_status":"closed","ping_status":"closed","template":"","meta":{"_bbp_topic_count":0,"_bbp_reply_count":0,"_bbp_total_topic_count":0,"_bbp_total_reply_count":0,"_bbp_voice_count":0,"_bbp_anonymous_reply_count":0,"_bbp_topic_count_hidden":0,"_bbp_reply_count_hidden":0,"_bbp_forum_subforum_count":0,"site-sidebar-layout":"default","site-content-layout":"","ast-site-content-layout":"","site-content-style":"default","site-sidebar-style":"default","ast-global-header-display":"","ast-banner-title-visibility":"","ast-main-header-display":"","ast-hfb-above-header-display":"","ast-hfb-below-header-display":"","ast-hfb-mobile-header-display":"","site-post-title":"","ast-breadcrumbs-content":"","ast-featured-img":"","footer-sml-layout":"","theme-transparent-header-meta":"","adv-header-id-meta":"","stick-header-meta":"","header-above-stick-meta":"","header-main-stick-meta":"","header-below-stick-meta":"","astra-migrate-meta-layouts":"default","ast-page-background-enabled":"default","ast-page-background-meta":{"desktop":{"background-color":"var(--ast-global-color-4)","background-image":"","background-repeat":"repeat","background-position":"center center","background-size":"auto","background-attachment":"scroll","background-type":"","background-media":"","overlay-type":"","overlay-color":"","overlay-opacity":"","overlay-gradient":""},"tablet":{"background-color":"","background-image":"","background-repeat":"repeat","background-position":"center center","background-size":"auto","background-attachment":"scroll","background-type":"","background-media":"","overlay-type":"","overlay-color":"","overlay-opacity":"","overlay-gradient":""},"mobile":{"background-color":"","background-image":"","background-repeat":"repeat","background-position":"center center","background-size":"auto","background-attachment":"scroll","background-type":"","background-media":"","overlay-type":"","overlay-color":"","overlay-opacity":"","overlay-gradient":""}},"ast-content-background-meta":{"desktop":{"background-color":"var(--ast-global-color-5)","background-image":"","background-repeat":"repeat","background-position":"center center","background-size":"auto","background-attachment":"scroll","background-type":"","background-media":"","overlay-type":"","overlay-color":"","overlay-opacity":"","overlay-gradient":""},"tablet":{"background-color":"var(--ast-global-color-5)","background-image":"","background-repeat":"repeat","background-position":"center center","background-size":"auto","background-attachment":"scroll","background-type":"","background-media":"","overlay-type":"","overlay-color":"","overlay-opacity":"","overlay-gradient":""},"mobile":{"background-color":"var(--ast-global-color-5)","background-image":"","background-repeat":"repeat","background-position":"center center","background-size":"auto","background-attachment":"scroll","background-type":"","background-media":"","overlay-type":"","overlay-color":"","overlay-opacity":"","overlay-gradient":""}},"footnotes":""},"class_list":["post-664","page","type-page","status-publish","hentry"],"post_mailing_queue_ids":[],"_links":{"self":[{"href":"https:\/\/agora.xtec.cat\/escolalanoguera\/wp-json\/wp\/v2\/pages\/664","targetHints":{"allow":["GET"]}}],"collection":[{"href":"https:\/\/agora.xtec.cat\/escolalanoguera\/wp-json\/wp\/v2\/pages"}],"about":[{"href":"https:\/\/agora.xtec.cat\/escolalanoguera\/wp-json\/wp\/v2\/types\/page"}],"author":[{"embeddable":true,"href":"https:\/\/agora.xtec.cat\/escolalanoguera\/wp-json\/wp\/v2\/users\/1"}],"replies":[{"embeddable":true,"href":"https:\/\/agora.xtec.cat\/escolalanoguera\/wp-json\/wp\/v2\/comments?post=664"}],"version-history":[{"count":6,"href":"https:\/\/agora.xtec.cat\/escolalanoguera\/wp-json\/wp\/v2\/pages\/664\/revisions"}],"predecessor-version":[{"id":2240,"href":"https:\/\/agora.xtec.cat\/escolalanoguera\/wp-json\/wp\/v2\/pages\/664\/revisions\/2240"}],"up":[{"embeddable":true,"href":"https:\/\/agora.xtec.cat\/escolalanoguera\/wp-json\/wp\/v2\/pages\/658"}],"wp:attachment":[{"href":"https:\/\/agora.xtec.cat\/escolalanoguera\/wp-json\/wp\/v2\/media?parent=664"}],"curies":[{"name":"wp","href":"https:\/\/api.w.org\/{rel}","templated":true}]}}