{"id":299,"date":"2015-12-09T19:09:03","date_gmt":"2015-12-09T18:09:03","guid":{"rendered":"http:\/\/agora.xtec.cat\/escolajverdaguer\/?page_id=299"},"modified":"2018-07-31T11:26:56","modified_gmt":"2018-07-31T09:26:56","slug":"experiencies-tecnologiques","status":"publish","type":"page","link":"https:\/\/agora.xtec.cat\/escolajverdaguer\/projecte-educatiu\/experiencies-tecnologiques\/","title":{"rendered":"Experi\u00e8ncies tecnol\u00f2giques"},"content":{"rendered":"<h3><a href=\"http:\/\/agora.xtec.cat\/escolajverdaguer\/portada\/escuela-jacint-verdaguer-asi-se-adapta-una-escuela-publica-a-ecoproyeccion\/\" target=\"_blank\" rel=\"noopener noreferrer\"><img loading=\"lazy\" decoding=\"async\" class=\"alignnone wp-image-9218\" src=\"http:\/\/agora.xtec.cat\/escolajverdaguer\/wp-content\/uploads\/usu585\/2015\/12\/Captura-de-pantalla-2017-10-21-a-les-22.13.33.png\" alt=\"\" width=\"546\" height=\"416\" srcset=\"https:\/\/agora.xtec.cat\/escolajverdaguer\/wp-content\/uploads\/usu585\/2015\/12\/Captura-de-pantalla-2017-10-21-a-les-22.13.33.png 998w, https:\/\/agora.xtec.cat\/escolajverdaguer\/wp-content\/uploads\/usu585\/2015\/12\/Captura-de-pantalla-2017-10-21-a-les-22.13.33-300x229.png 300w, https:\/\/agora.xtec.cat\/escolajverdaguer\/wp-content\/uploads\/usu585\/2015\/12\/Captura-de-pantalla-2017-10-21-a-les-22.13.33-768x586.png 768w\" sizes=\"auto, (max-width: 546px) 100vw, 546px\" \/><\/a><\/h3>\n<p><a href=\"http:\/\/agora.xtec.cat\/escolajverdaguer\/portada\/participacion-de-nuestro-centro-en-simo-educacion\/\" target=\"_blank\" rel=\"noopener noreferrer\"><img loading=\"lazy\" decoding=\"async\" class=\"alignnone size-full wp-image-9220\" src=\"http:\/\/agora.xtec.cat\/escolajverdaguer\/wp-content\/uploads\/usu585\/2015\/12\/Captura-de-pantalla-2017-10-21-a-les-22.15.31.png\" alt=\"\" width=\"467\" height=\"306\" srcset=\"https:\/\/agora.xtec.cat\/escolajverdaguer\/wp-content\/uploads\/usu585\/2015\/12\/Captura-de-pantalla-2017-10-21-a-les-22.15.31.png 467w, https:\/\/agora.xtec.cat\/escolajverdaguer\/wp-content\/uploads\/usu585\/2015\/12\/Captura-de-pantalla-2017-10-21-a-les-22.15.31-300x197.png 300w\" sizes=\"auto, (max-width: 467px) 100vw, 467px\" \/><\/a><\/p>\n<h3><\/h3>\n<h3><a href=\"http:\/\/mobilecomurv2.wix.com\/dispositiusmobilsedu\" target=\"_blank\" rel=\"noopener noreferrer\">Jornada educativa: difusi\u00f3 de la nostra escola<\/a><\/h3>\n<p>La nostra escola ha estat present a la taula rodona i de discussi\u00f3 sobre l&#8217;\u00fas dels m\u00f2bils a l&#8217;educacio. El mestre i expert en tecnologia educativa, Francesc Morilla, ha representat la veu de la nostra escola.<\/p>\n<h3><a href=\"http:\/\/www.jverdaguer.cat\/images\/school_jv\/articles\/CRIATURES_AMB_LA_TAULETA_SOTA_EL_BRAC.pdf\" target=\"_blank\" rel=\"noopener noreferrer\">Diari Ara: Amb la tauleta sobre el bra\u00e7<\/a><\/h3>\n<p><a href=\"http:\/\/www.jverdaguer.cat\/images\/school_jv\/articles\/CRIATURES_AMB_LA_TAULETA_SOTA_EL_BRAC.pdf\"><img loading=\"lazy\" decoding=\"async\" class=\"alignnone size-full wp-image-363\" src=\"http:\/\/agora.xtec.cat\/escolajverdaguer\/wp-content\/uploads\/usu585\/2015\/12\/Captura-de-pantalla-2015-12-18-a-les-1.43.21.png\" alt=\"Captura de pantalla 2015-12-18 a les 1.43.21\" width=\"321\" height=\"448\" srcset=\"https:\/\/agora.xtec.cat\/escolajverdaguer\/wp-content\/uploads\/usu585\/2015\/12\/Captura-de-pantalla-2015-12-18-a-les-1.43.21.png 321w, https:\/\/agora.xtec.cat\/escolajverdaguer\/wp-content\/uploads\/usu585\/2015\/12\/Captura-de-pantalla-2015-12-18-a-les-1.43.21-215x300.png 215w\" sizes=\"auto, (max-width: 321px) 100vw, 321px\" \/><\/a><\/p>\n<h2><a href=\"http:\/\/www.jverdaguer.cat\/ca\/experiencies\/568-la-nostra-escola-jornada-d-inclusio-digital\" target=\"_blank\" rel=\"noopener noreferrer\">La nostra escola: Jornada d&#8217;inclusi\u00f3 digital<\/a><\/h2>\n<p><a href=\"http:\/\/www.jverdaguer.cat\/ca\/experiencies\/568-la-nostra-escola-jornada-d-inclusio-digital\"><img loading=\"lazy\" decoding=\"async\" class=\"alignnone size-full wp-image-364\" src=\"http:\/\/agora.xtec.cat\/escolajverdaguer\/wp-content\/uploads\/usu585\/2015\/12\/Captura-de-pantalla-2015-12-18-a-les-1.45.40.png\" alt=\"Captura de pantalla 2015-12-18 a les 1.45.40\" width=\"459\" height=\"76\" srcset=\"https:\/\/agora.xtec.cat\/escolajverdaguer\/wp-content\/uploads\/usu585\/2015\/12\/Captura-de-pantalla-2015-12-18-a-les-1.45.40.png 459w, https:\/\/agora.xtec.cat\/escolajverdaguer\/wp-content\/uploads\/usu585\/2015\/12\/Captura-de-pantalla-2015-12-18-a-les-1.45.40-300x50.png 300w\" sizes=\"auto, (max-width: 459px) 100vw, 459px\" \/><\/a><\/p>\n<h3><a href=\"http:\/\/www.ccma.cat\/tv3\/super3\/infok\/tauletes-a-classe\/video\/4924252\/\" target=\"_blank\" rel=\"noopener noreferrer\">Les taules a l&#8217;aula: TV3<\/a><\/h3>\n<p><a href=\"http:\/\/www.super3.cat\/infok\/videos\/4924252\/Tauletes-a-classe\/\" target=\"_blank\" rel=\"noopener noreferrer\"><img loading=\"lazy\" decoding=\"async\" class=\"alignnone wp-image-366\" src=\"http:\/\/agora.xtec.cat\/escolajverdaguer\/wp-content\/uploads\/usu585\/2015\/12\/Captura-de-pantalla-2015-12-18-a-les-1.47.04.png\" alt=\"Captura de pantalla 2015-12-18 a les 1.47.04\" width=\"356\" height=\"266\" srcset=\"https:\/\/agora.xtec.cat\/escolajverdaguer\/wp-content\/uploads\/usu585\/2015\/12\/Captura-de-pantalla-2015-12-18-a-les-1.47.04.png 595w, https:\/\/agora.xtec.cat\/escolajverdaguer\/wp-content\/uploads\/usu585\/2015\/12\/Captura-de-pantalla-2015-12-18-a-les-1.47.04-300x224.png 300w, https:\/\/agora.xtec.cat\/escolajverdaguer\/wp-content\/uploads\/usu585\/2015\/12\/Captura-de-pantalla-2015-12-18-a-les-1.47.04-200x150.png 200w\" sizes=\"auto, (max-width: 356px) 100vw, 356px\" \/><\/a><\/p>\n<h3 class=\"titolNoticiaC1\"><span style=\"color: #0bb3b3;\">El Jacint Verdaguer, present en el sis\u00e8 congr\u00e9s ITWorldEdu sobre tecnologies educatives<\/span><\/h3>\n<div class=\"subtitolNoticia\">Els mestres de l&#8217;escola Jacint Verdaguer han participat en la trobada amb la seva exposici\u00f3 &#8220;La Tablet: eina d&#8217;aprenentatge&#8221;<\/div>\n<div class=\"caixaNoticiaCos\">\n<div class=\"blocColumna\">\n<div class=\"blocMarge\">\n<div class=\"textNoticia\">\n<p>L&#8217;Auditori Imagina de Media Pro de Barcelona va acollir els passats 20 i 21 de febrer la sisena edici\u00f3 del congr\u00e9s ITWorldEdu, el punt de trobada d&#8217;emprenedors i empreses del sector de les tecnologies educatives, amb l&#8217;objectiu d&#8217;abordar les novetats i les experi\u00e8ncies m\u00e9s innovadores.<\/p>\n<p>Aquesta edici\u00f3 portava per lema &#8216;Mobilising Schools&#8217; i\u00a0es va centrar\u00a0en l&#8217;impacte, l&#8217;avan\u00e7 i la utilitzaci\u00f3 de dispositius m\u00f2bils en l&#8217;educaci\u00f3, tant pels canvis que representen en el dia a dia de l&#8217;aula com per les oportunitats de generar nous productes. Per donar-ne compte, van participar\u00a0al congr\u00e9s <strong>Francesc Morillas <\/strong>i <strong>Montserrat P\u00e9rez <\/strong>de l&#8217;Escola Jacint Verdaguer de Castelldefels, pionera en l&#8217;aplicaci\u00f3 de les noves tecnologies per a fins pedag\u00f2gics i educatius. Els dos mestres de Castelldefels\u00a0van participar el passat\u00a021 de febrer amb la seva exposici\u00f3 <em>El Tablet: eina d&#8217;aprenentatge<\/em> en el marc de &#8220;Pr\u00e0ctiques d&#8217;innovaci\u00f3 tecnol\u00f2gica a l&#8217;escola&#8221;.<\/p>\n<p>El ITWorldEdu \u00e9s una iniciativa de la Generalitat, l&#8217;Ajuntament de Barcelona i el cl\u00faster Edutech, amb l&#8217;organitzaci\u00f3 del Cetei Fundaci\u00f3 Joan XXIII i en el marc de la Mobile World Capital (MWC).<\/p>\n<p>La utilitzaci\u00f3 de les tecnologies de la informaci\u00f3 i la comunicaci\u00f3 (TIC) s&#8217;ha est\u00e8s a tots els nivells de l&#8217;aprenentatge ia tots els \u00e0mbits dels centres docents, i la seva generalitzaci\u00f3 obre &#8220;un nou ventall de reptes i oportunitats&#8221;.<\/p>\n<p>Les aplicacions tenen el potencial d&#8217;esdevenir &#8220;aliats indispensables&#8221; davant els reptes educatius futurs, tot i que tamb\u00e9 planteja reptes i interrogants, com la possibilitat de controlar quin \u00fas es fa d&#8217;aquests dispositius o l&#8217;adaptaci\u00f3 dels mecanismes digitals a cada format concret.<\/p>\n<p><span id=\"result_box\">L&#8217;organitzaci\u00f3 creu que les solucions actuals no donen resposta a tots els interrogants, per\u00f2 aposta perqu\u00e8 el fet que Barcelona aculli la MWC ha de servir perqu\u00e8 les escoles de la ciutat dissenyi, desenvolupi i validi aquestes noves aplicacions. <\/span><\/p>\n<p><span id=\"result_box\">De fet, en el marc de la iniciativa mSchools i que tamb\u00e9 es presenta al congr\u00e9s, uns 6.000 alumnes catalans de Secund\u00e0ria han iniciat aquest trimestre la part pr\u00e0ctica de l&#8217;assignatura &#8216;Mobilitzem la inform\u00e0tica&#8217;, amb la qual desenvoluparan aplicacions per a dispositius m\u00f2bils.<\/span><\/p>\n<p><a href=\"http:\/\/www.jverdaguer.cat\/images\/school_jv\/articles\/TABLETAS.pdf\" target=\"_blank\" rel=\"noopener noreferrer\"><img loading=\"lazy\" decoding=\"async\" class=\"alignnone size-full wp-image-367\" src=\"http:\/\/agora.xtec.cat\/escolajverdaguer\/wp-content\/uploads\/usu585\/2015\/12\/Captura-de-pantalla-2015-12-18-a-les-1.51.30.png\" alt=\"Captura de pantalla 2015-12-18 a les 1.51.30\" width=\"259\" height=\"144\" \/><\/a><\/p>\n<p><a href=\"http:\/\/www.jverdaguer.cat\/images\/school_jv\/articles\/UnaTabletPerLlibreta.pdf\"><img loading=\"lazy\" decoding=\"async\" class=\"alignnone size-full wp-image-368\" src=\"http:\/\/agora.xtec.cat\/escolajverdaguer\/wp-content\/uploads\/usu585\/2015\/12\/Captura-de-pantalla-2015-12-18-a-les-1.52.28.png\" alt=\"Captura de pantalla 2015-12-18 a les 1.52.28\" width=\"465\" height=\"358\" srcset=\"https:\/\/agora.xtec.cat\/escolajverdaguer\/wp-content\/uploads\/usu585\/2015\/12\/Captura-de-pantalla-2015-12-18-a-les-1.52.28.png 465w, https:\/\/agora.xtec.cat\/escolajverdaguer\/wp-content\/uploads\/usu585\/2015\/12\/Captura-de-pantalla-2015-12-18-a-les-1.52.28-300x231.png 300w\" sizes=\"auto, (max-width: 465px) 100vw, 465px\" \/><\/a><\/p>\n<p><a href=\"http:\/\/www.jverdaguer.cat\/images\/school_jv\/articles\/portatiles_y_libros.pdf\" target=\"_blank\" rel=\"noopener noreferrer\"><img loading=\"lazy\" decoding=\"async\" class=\"alignnone size-full wp-image-369\" src=\"http:\/\/agora.xtec.cat\/escolajverdaguer\/wp-content\/uploads\/usu585\/2015\/12\/Captura-de-pantalla-2015-12-18-a-les-1.53.48.png\" alt=\"Captura de pantalla 2015-12-18 a les 1.53.48\" width=\"468\" height=\"80\" srcset=\"https:\/\/agora.xtec.cat\/escolajverdaguer\/wp-content\/uploads\/usu585\/2015\/12\/Captura-de-pantalla-2015-12-18-a-les-1.53.48.png 468w, https:\/\/agora.xtec.cat\/escolajverdaguer\/wp-content\/uploads\/usu585\/2015\/12\/Captura-de-pantalla-2015-12-18-a-les-1.53.48-300x51.png 300w\" sizes=\"auto, (max-width: 468px) 100vw, 468px\" \/><\/a><\/p>\n<p><a href=\"http:\/\/www.jverdaguer.cat\/images\/school_jv\/articles\/ampa.pdf\" target=\"_blank\" rel=\"noopener noreferrer\"><img loading=\"lazy\" decoding=\"async\" class=\"alignnone size-full wp-image-370\" src=\"http:\/\/agora.xtec.cat\/escolajverdaguer\/wp-content\/uploads\/usu585\/2015\/12\/Captura-de-pantalla-2015-12-18-a-les-1.54.53.png\" alt=\"Captura de pantalla 2015-12-18 a les 1.54.53\" width=\"658\" height=\"72\" srcset=\"https:\/\/agora.xtec.cat\/escolajverdaguer\/wp-content\/uploads\/usu585\/2015\/12\/Captura-de-pantalla-2015-12-18-a-les-1.54.53.png 658w, https:\/\/agora.xtec.cat\/escolajverdaguer\/wp-content\/uploads\/usu585\/2015\/12\/Captura-de-pantalla-2015-12-18-a-les-1.54.53-300x33.png 300w\" sizes=\"auto, (max-width: 658px) 100vw, 658px\" \/><\/a><\/p>\n<p><a href=\"http:\/\/www.jverdaguer.cat\/images\/school_jv\/articles\/emocions_i_tac.pdf\" target=\"_blank\" rel=\"noopener noreferrer\"><img loading=\"lazy\" decoding=\"async\" class=\"alignnone size-full wp-image-371\" src=\"http:\/\/agora.xtec.cat\/escolajverdaguer\/wp-content\/uploads\/usu585\/2015\/12\/Captura-de-pantalla-2015-12-18-a-les-1.56.11.png\" alt=\"Captura de pantalla 2015-12-18 a les 1.56.11\" width=\"574\" height=\"113\" srcset=\"https:\/\/agora.xtec.cat\/escolajverdaguer\/wp-content\/uploads\/usu585\/2015\/12\/Captura-de-pantalla-2015-12-18-a-les-1.56.11.png 574w, https:\/\/agora.xtec.cat\/escolajverdaguer\/wp-content\/uploads\/usu585\/2015\/12\/Captura-de-pantalla-2015-12-18-a-les-1.56.11-300x59.png 300w\" sizes=\"auto, (max-width: 574px) 100vw, 574px\" \/><\/a><\/p>\n<p><a href=\"http:\/\/agora.xtec.cat\/escolajverdaguer\/wp-content\/uploads\/usu585\/2015\/12\/Captura-de-pantalla-2015-12-18-a-les-1.56.52.png\"><img loading=\"lazy\" decoding=\"async\" class=\"alignnone size-full wp-image-372\" src=\"http:\/\/agora.xtec.cat\/escolajverdaguer\/wp-content\/uploads\/usu585\/2015\/12\/Captura-de-pantalla-2015-12-18-a-les-1.56.52.png\" alt=\"Captura de pantalla 2015-12-18 a les 1.56.52\" width=\"605\" height=\"63\" srcset=\"https:\/\/agora.xtec.cat\/escolajverdaguer\/wp-content\/uploads\/usu585\/2015\/12\/Captura-de-pantalla-2015-12-18-a-les-1.56.52.png 605w, https:\/\/agora.xtec.cat\/escolajverdaguer\/wp-content\/uploads\/usu585\/2015\/12\/Captura-de-pantalla-2015-12-18-a-les-1.56.52-300x31.png 300w\" sizes=\"auto, (max-width: 605px) 100vw, 605px\" \/><\/a><a href=\"http:\/\/www.jverdaguer.cat\/images\/school_jv\/articles\/la_digitalizacion.pdf\" target=\"_blank\" rel=\"noopener noreferrer\"><img loading=\"lazy\" decoding=\"async\" class=\"alignnone wp-image-373\" src=\"http:\/\/agora.xtec.cat\/escolajverdaguer\/wp-content\/uploads\/usu585\/2015\/12\/Captura-de-pantalla-2015-12-18-a-les-1.57.10.png\" alt=\"Captura de pantalla 2015-12-18 a les 1.57.10\" width=\"423\" height=\"259\" srcset=\"https:\/\/agora.xtec.cat\/escolajverdaguer\/wp-content\/uploads\/usu585\/2015\/12\/Captura-de-pantalla-2015-12-18-a-les-1.57.10.png 559w, https:\/\/agora.xtec.cat\/escolajverdaguer\/wp-content\/uploads\/usu585\/2015\/12\/Captura-de-pantalla-2015-12-18-a-les-1.57.10-300x184.png 300w\" sizes=\"auto, (max-width: 423px) 100vw, 423px\" \/><\/a><\/p>\n<p><a href=\"http:\/\/www.jverdaguer.cat\/images\/school_jv\/articles\/Captura_de_pantalla_2014-02-18_a_las_22.33.15.png\"><img loading=\"lazy\" decoding=\"async\" class=\"alignnone size-full wp-image-374\" src=\"http:\/\/agora.xtec.cat\/escolajverdaguer\/wp-content\/uploads\/usu585\/2015\/12\/Captura-de-pantalla-2015-12-18-a-les-1.58.36.png\" alt=\"Captura de pantalla 2015-12-18 a les 1.58.36\" width=\"730\" height=\"139\" srcset=\"https:\/\/agora.xtec.cat\/escolajverdaguer\/wp-content\/uploads\/usu585\/2015\/12\/Captura-de-pantalla-2015-12-18-a-les-1.58.36.png 730w, https:\/\/agora.xtec.cat\/escolajverdaguer\/wp-content\/uploads\/usu585\/2015\/12\/Captura-de-pantalla-2015-12-18-a-les-1.58.36-300x57.png 300w\" sizes=\"auto, (max-width: 730px) 100vw, 730px\" \/><\/a><\/p>\n<p><a href=\"http:\/\/www.jverdaguer.cat\/images\/school_jv\/articles\/el_futuro.pdf\" target=\"_blank\" rel=\"noopener noreferrer\"><img loading=\"lazy\" decoding=\"async\" class=\"alignnone wp-image-375\" src=\"http:\/\/agora.xtec.cat\/escolajverdaguer\/wp-content\/uploads\/usu585\/2015\/12\/Captura-de-pantalla-2015-12-18-a-les-1.59.58.png\" alt=\"Captura de pantalla 2015-12-18 a les 1.59.58\" width=\"597\" height=\"372\" srcset=\"https:\/\/agora.xtec.cat\/escolajverdaguer\/wp-content\/uploads\/usu585\/2015\/12\/Captura-de-pantalla-2015-12-18-a-les-1.59.58.png 867w, https:\/\/agora.xtec.cat\/escolajverdaguer\/wp-content\/uploads\/usu585\/2015\/12\/Captura-de-pantalla-2015-12-18-a-les-1.59.58-300x187.png 300w\" sizes=\"auto, (max-width: 597px) 100vw, 597px\" \/><\/a><\/p>\n<p><a href=\"http:\/\/www.jverdaguer.cat\/images\/school_jv\/articles\/Jacint_Verdaguer_lector_document.pdf\" target=\"_blank\" rel=\"noopener noreferrer\"><img loading=\"lazy\" decoding=\"async\" class=\"alignnone size-full wp-image-376\" src=\"http:\/\/agora.xtec.cat\/escolajverdaguer\/wp-content\/uploads\/usu585\/2015\/12\/Captura-de-pantalla-2015-12-18-a-les-2.01.19.png\" alt=\"Captura de pantalla 2015-12-18 a les 2.01.19\" width=\"445\" height=\"160\" srcset=\"https:\/\/agora.xtec.cat\/escolajverdaguer\/wp-content\/uploads\/usu585\/2015\/12\/Captura-de-pantalla-2015-12-18-a-les-2.01.19.png 445w, https:\/\/agora.xtec.cat\/escolajverdaguer\/wp-content\/uploads\/usu585\/2015\/12\/Captura-de-pantalla-2015-12-18-a-les-2.01.19-300x108.png 300w\" sizes=\"auto, (max-width: 445px) 100vw, 445px\" \/><\/a><\/p>\n<p><a href=\"http:\/\/www.jverdaguer.cat\/images\/school_jv\/articles\/PDI_a_les_aules.pdf\" target=\"_blank\" rel=\"noopener noreferrer\"><img loading=\"lazy\" decoding=\"async\" class=\"alignnone wp-image-377\" src=\"http:\/\/agora.xtec.cat\/escolajverdaguer\/wp-content\/uploads\/usu585\/2015\/12\/Captura-de-pantalla-2015-12-18-a-les-2.02.27.png\" alt=\"Captura de pantalla 2015-12-18 a les 2.02.27\" width=\"488\" height=\"305\" srcset=\"https:\/\/agora.xtec.cat\/escolajverdaguer\/wp-content\/uploads\/usu585\/2015\/12\/Captura-de-pantalla-2015-12-18-a-les-2.02.27.png 927w, https:\/\/agora.xtec.cat\/escolajverdaguer\/wp-content\/uploads\/usu585\/2015\/12\/Captura-de-pantalla-2015-12-18-a-les-2.02.27-300x188.png 300w\" sizes=\"auto, (max-width: 488px) 100vw, 488px\" \/><\/a><\/p>\n<p><a href=\"http:\/\/www.jverdaguer.cat\/images\/school_jv\/articles\/Captura_de_pantalla_2014-02-18_a_las_22.12.57.png\" target=\"_blank\" rel=\"noopener noreferrer\"><img loading=\"lazy\" decoding=\"async\" class=\"alignnone size-full wp-image-378\" src=\"http:\/\/agora.xtec.cat\/escolajverdaguer\/wp-content\/uploads\/usu585\/2015\/12\/Captura-de-pantalla-2015-12-18-a-les-2.03.47.png\" alt=\"Captura de pantalla 2015-12-18 a les 2.03.47\" width=\"465\" height=\"397\" srcset=\"https:\/\/agora.xtec.cat\/escolajverdaguer\/wp-content\/uploads\/usu585\/2015\/12\/Captura-de-pantalla-2015-12-18-a-les-2.03.47.png 465w, https:\/\/agora.xtec.cat\/escolajverdaguer\/wp-content\/uploads\/usu585\/2015\/12\/Captura-de-pantalla-2015-12-18-a-les-2.03.47-300x256.png 300w\" sizes=\"auto, (max-width: 465px) 100vw, 465px\" \/><\/a><\/p>\n<p><a href=\"http:\/\/www.jverdaguer.cat\/images\/school_jv\/articles\/Captura_de_pantalla_2014-02-18_a_las_22.30.53.png\" target=\"_blank\" rel=\"noopener noreferrer\"><img loading=\"lazy\" decoding=\"async\" class=\"alignnone size-full wp-image-379\" src=\"http:\/\/agora.xtec.cat\/escolajverdaguer\/wp-content\/uploads\/usu585\/2015\/12\/Captura-de-pantalla-2015-12-18-a-les-2.05.16.png\" alt=\"Captura de pantalla 2015-12-18 a les 2.05.16\" width=\"377\" height=\"80\" srcset=\"https:\/\/agora.xtec.cat\/escolajverdaguer\/wp-content\/uploads\/usu585\/2015\/12\/Captura-de-pantalla-2015-12-18-a-les-2.05.16.png 377w, https:\/\/agora.xtec.cat\/escolajverdaguer\/wp-content\/uploads\/usu585\/2015\/12\/Captura-de-pantalla-2015-12-18-a-les-2.05.16-300x64.png 300w\" sizes=\"auto, (max-width: 377px) 100vw, 377px\" \/><\/a><\/p>\n<p><a href=\"http:\/\/agora.xtec.cat\/escolajverdaguer\/wp-content\/uploads\/usu585\/2015\/12\/Captura-de-pantalla-2015-12-18-a-les-2.06.47.png\"><img loading=\"lazy\" decoding=\"async\" class=\"alignnone size-full wp-image-380\" src=\"http:\/\/agora.xtec.cat\/escolajverdaguer\/wp-content\/uploads\/usu585\/2015\/12\/Captura-de-pantalla-2015-12-18-a-les-2.06.47.png\" alt=\"Captura de pantalla 2015-12-18 a les 2.06.47\" width=\"486\" height=\"94\" srcset=\"https:\/\/agora.xtec.cat\/escolajverdaguer\/wp-content\/uploads\/usu585\/2015\/12\/Captura-de-pantalla-2015-12-18-a-les-2.06.47.png 486w, https:\/\/agora.xtec.cat\/escolajverdaguer\/wp-content\/uploads\/usu585\/2015\/12\/Captura-de-pantalla-2015-12-18-a-les-2.06.47-300x58.png 300w\" sizes=\"auto, (max-width: 486px) 100vw, 486px\" \/><\/a><\/p>\n<p><a href=\"http:\/\/www.jverdaguer.cat\/images\/school_jv\/experiencies\/generacioditigal.jpg\" target=\"_blank\" rel=\"noopener noreferrer\"><img loading=\"lazy\" decoding=\"async\" class=\"alignnone size-full wp-image-381\" src=\"http:\/\/agora.xtec.cat\/escolajverdaguer\/wp-content\/uploads\/usu585\/2015\/12\/Captura-de-pantalla-2015-12-18-a-les-2.07.21.png\" alt=\"Captura de pantalla 2015-12-18 a les 2.07.21\" width=\"923\" height=\"377\" srcset=\"https:\/\/agora.xtec.cat\/escolajverdaguer\/wp-content\/uploads\/usu585\/2015\/12\/Captura-de-pantalla-2015-12-18-a-les-2.07.21.png 923w, https:\/\/agora.xtec.cat\/escolajverdaguer\/wp-content\/uploads\/usu585\/2015\/12\/Captura-de-pantalla-2015-12-18-a-les-2.07.21-300x123.png 300w\" sizes=\"auto, (max-width: 923px) 100vw, 923px\" \/><\/a><\/p>\n<p><a href=\"http:\/\/agora.xtec.cat\/escolajverdaguer\/wp-content\/uploads\/usu585\/2015\/12\/Captura-de-pantalla-2015-12-18-a-les-2.08.15.png\"><img loading=\"lazy\" decoding=\"async\" class=\"alignnone size-full wp-image-382\" src=\"http:\/\/agora.xtec.cat\/escolajverdaguer\/wp-content\/uploads\/usu585\/2015\/12\/Captura-de-pantalla-2015-12-18-a-les-2.08.15.png\" alt=\"Captura de pantalla 2015-12-18 a les 2.08.15\" width=\"964\" height=\"464\" srcset=\"https:\/\/agora.xtec.cat\/escolajverdaguer\/wp-content\/uploads\/usu585\/2015\/12\/Captura-de-pantalla-2015-12-18-a-les-2.08.15.png 964w, https:\/\/agora.xtec.cat\/escolajverdaguer\/wp-content\/uploads\/usu585\/2015\/12\/Captura-de-pantalla-2015-12-18-a-les-2.08.15-300x144.png 300w\" sizes=\"auto, (max-width: 964px) 100vw, 964px\" \/><\/a><\/p>\n<p><a href=\"http:\/\/youtu.be\/v3R-fvZl2QM\" target=\"_blank\" rel=\"noopener noreferrer\"><img loading=\"lazy\" decoding=\"async\" class=\"alignnone size-full wp-image-383\" src=\"http:\/\/agora.xtec.cat\/escolajverdaguer\/wp-content\/uploads\/usu585\/2015\/12\/Captura-de-pantalla-2015-12-18-a-les-2.09.22.png\" alt=\"Captura de pantalla 2015-12-18 a les 2.09.22\" width=\"376\" height=\"262\" srcset=\"https:\/\/agora.xtec.cat\/escolajverdaguer\/wp-content\/uploads\/usu585\/2015\/12\/Captura-de-pantalla-2015-12-18-a-les-2.09.22.png 376w, https:\/\/agora.xtec.cat\/escolajverdaguer\/wp-content\/uploads\/usu585\/2015\/12\/Captura-de-pantalla-2015-12-18-a-les-2.09.22-300x209.png 300w\" sizes=\"auto, (max-width: 376px) 100vw, 376px\" \/><\/a><a href=\"http:\/\/youtu.be\/a3T05tprBtQ\" target=\"_blank\" rel=\"noopener noreferrer\"><img loading=\"lazy\" decoding=\"async\" class=\"alignnone size-full wp-image-384\" src=\"http:\/\/agora.xtec.cat\/escolajverdaguer\/wp-content\/uploads\/usu585\/2015\/12\/Captura-de-pantalla-2015-12-18-a-les-2.10.14.png\" alt=\"Captura de pantalla 2015-12-18 a les 2.10.14\" width=\"367\" height=\"193\" srcset=\"https:\/\/agora.xtec.cat\/escolajverdaguer\/wp-content\/uploads\/usu585\/2015\/12\/Captura-de-pantalla-2015-12-18-a-les-2.10.14.png 367w, https:\/\/agora.xtec.cat\/escolajverdaguer\/wp-content\/uploads\/usu585\/2015\/12\/Captura-de-pantalla-2015-12-18-a-les-2.10.14-300x158.png 300w\" sizes=\"auto, (max-width: 367px) 100vw, 367px\" \/><\/a><\/p>\n<p><a href=\"http:\/\/pedagogia.fcep.urv.cat\/jornadaspi\/programa.php\" target=\"_blank\" rel=\"noopener noreferrer\"><img loading=\"lazy\" decoding=\"async\" class=\"alignnone size-full wp-image-385\" src=\"http:\/\/agora.xtec.cat\/escolajverdaguer\/wp-content\/uploads\/usu585\/2015\/12\/Captura-de-pantalla-2015-12-18-a-les-2.12.14.png\" alt=\"Captura de pantalla 2015-12-18 a les 2.12.14\" width=\"942\" height=\"371\" srcset=\"https:\/\/agora.xtec.cat\/escolajverdaguer\/wp-content\/uploads\/usu585\/2015\/12\/Captura-de-pantalla-2015-12-18-a-les-2.12.14.png 942w, https:\/\/agora.xtec.cat\/escolajverdaguer\/wp-content\/uploads\/usu585\/2015\/12\/Captura-de-pantalla-2015-12-18-a-les-2.12.14-300x118.png 300w\" sizes=\"auto, (max-width: 942px) 100vw, 942px\" \/><\/a><\/p>\n<p><a href=\"http:\/\/www.slideshare.net\/peremarques\/tabletas-digitales-uso-educativo-metainvestigacin-dim\" target=\"_blank\" rel=\"noopener noreferrer\"><img loading=\"lazy\" decoding=\"async\" class=\"alignnone size-full wp-image-386\" src=\"http:\/\/agora.xtec.cat\/escolajverdaguer\/wp-content\/uploads\/usu585\/2015\/12\/Captura-de-pantalla-2015-12-18-a-les-2.13.17.png\" alt=\"Captura de pantalla 2015-12-18 a les 2.13.17\" width=\"892\" height=\"278\" srcset=\"https:\/\/agora.xtec.cat\/escolajverdaguer\/wp-content\/uploads\/usu585\/2015\/12\/Captura-de-pantalla-2015-12-18-a-les-2.13.17.png 892w, https:\/\/agora.xtec.cat\/escolajverdaguer\/wp-content\/uploads\/usu585\/2015\/12\/Captura-de-pantalla-2015-12-18-a-les-2.13.17-300x93.png 300w\" sizes=\"auto, (max-width: 892px) 100vw, 892px\" \/><\/a><\/p>\n<p><a href=\"http:\/\/blocs.xtec.cat\/radioescolacastelldefels\/\" target=\"_blank\" rel=\"noopener noreferrer\"><img loading=\"lazy\" decoding=\"async\" class=\"alignnone size-full wp-image-387\" src=\"http:\/\/agora.xtec.cat\/escolajverdaguer\/wp-content\/uploads\/usu585\/2015\/12\/Captura-de-pantalla-2015-12-18-a-les-2.14.10.png\" alt=\"Captura de pantalla 2015-12-18 a les 2.14.10\" width=\"956\" height=\"237\" srcset=\"https:\/\/agora.xtec.cat\/escolajverdaguer\/wp-content\/uploads\/usu585\/2015\/12\/Captura-de-pantalla-2015-12-18-a-les-2.14.10.png 956w, https:\/\/agora.xtec.cat\/escolajverdaguer\/wp-content\/uploads\/usu585\/2015\/12\/Captura-de-pantalla-2015-12-18-a-les-2.14.10-300x74.png 300w\" sizes=\"auto, (max-width: 956px) 100vw, 956px\" \/><\/a><\/p>\n<p><a href=\"https:\/\/www.youtube.com\/watch?v=2if5_6l_Ztg&amp;feature=youtu.be\" target=\"_blank\" rel=\"noopener noreferrer\"><img loading=\"lazy\" decoding=\"async\" class=\"alignnone size-full wp-image-388\" src=\"http:\/\/agora.xtec.cat\/escolajverdaguer\/wp-content\/uploads\/usu585\/2015\/12\/Captura-de-pantalla-2015-12-18-a-les-2.15.41.png\" alt=\"Captura de pantalla 2015-12-18 a les 2.15.41\" width=\"630\" height=\"157\" srcset=\"https:\/\/agora.xtec.cat\/escolajverdaguer\/wp-content\/uploads\/usu585\/2015\/12\/Captura-de-pantalla-2015-12-18-a-les-2.15.41.png 630w, https:\/\/agora.xtec.cat\/escolajverdaguer\/wp-content\/uploads\/usu585\/2015\/12\/Captura-de-pantalla-2015-12-18-a-les-2.15.41-300x75.png 300w\" sizes=\"auto, (max-width: 630px) 100vw, 630px\" \/><\/a><\/p>\n<p><a href=\"http:\/\/www.jverdaguer.cat\/images\/school_jv\/articles\/consellerpdi.pdf\" target=\"_blank\" rel=\"noopener noreferrer\"><img loading=\"lazy\" decoding=\"async\" class=\"alignnone size-full wp-image-389\" src=\"http:\/\/agora.xtec.cat\/escolajverdaguer\/wp-content\/uploads\/usu585\/2015\/12\/Captura-de-pantalla-2015-12-18-a-les-2.17.50.png\" alt=\"Captura de pantalla 2015-12-18 a les 2.17.50\" width=\"807\" height=\"238\" srcset=\"https:\/\/agora.xtec.cat\/escolajverdaguer\/wp-content\/uploads\/usu585\/2015\/12\/Captura-de-pantalla-2015-12-18-a-les-2.17.50.png 807w, https:\/\/agora.xtec.cat\/escolajverdaguer\/wp-content\/uploads\/usu585\/2015\/12\/Captura-de-pantalla-2015-12-18-a-les-2.17.50-300x88.png 300w\" sizes=\"auto, (max-width: 807px) 100vw, 807px\" \/><\/a><\/p>\n<\/div>\n<\/div>\n<\/div>\n<\/div>\n<p><a href=\"https:\/\/youtu.be\/_PCxnEJi2BE\" target=\"_blank\" rel=\"noopener noreferrer\"><img loading=\"lazy\" decoding=\"async\" class=\"alignnone  wp-image-9681\" src=\"http:\/\/agora.xtec.cat\/escolajverdaguer\/wp-content\/uploads\/usu585\/2015\/12\/Captura-de-pantalla-2018-07-31-a-les-11.25.42.png\" alt=\"\" width=\"605\" height=\"377\" srcset=\"https:\/\/agora.xtec.cat\/escolajverdaguer\/wp-content\/uploads\/usu585\/2015\/12\/Captura-de-pantalla-2018-07-31-a-les-11.25.42.png 1440w, https:\/\/agora.xtec.cat\/escolajverdaguer\/wp-content\/uploads\/usu585\/2015\/12\/Captura-de-pantalla-2018-07-31-a-les-11.25.42-300x187.png 300w, https:\/\/agora.xtec.cat\/escolajverdaguer\/wp-content\/uploads\/usu585\/2015\/12\/Captura-de-pantalla-2018-07-31-a-les-11.25.42-768x478.png 768w, https:\/\/agora.xtec.cat\/escolajverdaguer\/wp-content\/uploads\/usu585\/2015\/12\/Captura-de-pantalla-2018-07-31-a-les-11.25.42-1024x638.png 1024w\" sizes=\"auto, (max-width: 605px) 100vw, 605px\" \/><\/a><\/p>\n<div class=\"caixaNoticiaCos\">\n<div class=\"blocColumna\">\n<div class=\"blocMarge\">\n<div class=\"textNoticia\">\n<p><a href=\"http:\/\/www.jverdaguer.cat\/images\/school_jv\/articles\/article_oct09.pdf\" target=\"_blank\" rel=\"noopener noreferrer\"><img loading=\"lazy\" decoding=\"async\" class=\"alignnone size-full wp-image-390\" src=\"http:\/\/agora.xtec.cat\/escolajverdaguer\/wp-content\/uploads\/usu585\/2015\/12\/Captura-de-pantalla-2015-12-18-a-les-2.18.59.png\" alt=\"Captura de pantalla 2015-12-18 a les 2.18.59\" width=\"936\" height=\"270\" srcset=\"https:\/\/agora.xtec.cat\/escolajverdaguer\/wp-content\/uploads\/usu585\/2015\/12\/Captura-de-pantalla-2015-12-18-a-les-2.18.59.png 936w, https:\/\/agora.xtec.cat\/escolajverdaguer\/wp-content\/uploads\/usu585\/2015\/12\/Captura-de-pantalla-2015-12-18-a-les-2.18.59-300x87.png 300w\" sizes=\"auto, (max-width: 936px) 100vw, 936px\" \/><\/a><\/p>\n<p><a href=\"http:\/\/agora.xtec.cat\/escolajverdaguer\/wp-content\/uploads\/usu585\/2015\/12\/Captura-de-pantalla-2015-12-18-a-les-2.20.00.png\"><img loading=\"lazy\" decoding=\"async\" class=\"alignnone size-full wp-image-391\" src=\"http:\/\/agora.xtec.cat\/escolajverdaguer\/wp-content\/uploads\/usu585\/2015\/12\/Captura-de-pantalla-2015-12-18-a-les-2.20.00.png\" alt=\"Captura de pantalla 2015-12-18 a les 2.20.00\" width=\"962\" height=\"384\" srcset=\"https:\/\/agora.xtec.cat\/escolajverdaguer\/wp-content\/uploads\/usu585\/2015\/12\/Captura-de-pantalla-2015-12-18-a-les-2.20.00.png 962w, https:\/\/agora.xtec.cat\/escolajverdaguer\/wp-content\/uploads\/usu585\/2015\/12\/Captura-de-pantalla-2015-12-18-a-les-2.20.00-300x120.png 300w\" sizes=\"auto, (max-width: 962px) 100vw, 962px\" \/><\/a><\/p>\n<\/div>\n<\/div>\n<\/div>\n<\/div>\n","protected":false},"excerpt":{"rendered":"<p>Jornada educativa: difusi\u00f3 de la nostra escola La nostra escola ha estat present a la taula rodona i de discussi\u00f3 sobre l&#8217;\u00fas dels m\u00f2bils a l&#8217;educacio. El mestre i expert en tecnologia educativa, Francesc Morilla, ha representat la veu de la nostra escola. Diari Ara: Amb la tauleta sobre el bra\u00e7 La nostra escola: Jornada [&hellip;]<\/p>\n","protected":false},"author":1,"featured_media":0,"parent":64,"menu_order":0,"comment_status":"closed","ping_status":"closed","template":"page-templates\/side-menu.php","meta":{"_bbp_topic_count":0,"_bbp_reply_count":0,"_bbp_total_topic_count":0,"_bbp_total_reply_count":0,"_bbp_voice_count":0,"_bbp_anonymous_reply_count":0,"_bbp_topic_count_hidden":0,"_bbp_reply_count_hidden":0,"_bbp_forum_subforum_count":0,"site-sidebar-layout":"default","site-content-layout":"","ast-site-content-layout":"","site-content-style":"default","site-sidebar-style":"default","ast-global-header-display":"","ast-banner-title-visibility":"","ast-main-header-display":"","ast-hfb-above-header-display":"","ast-hfb-below-header-display":"","ast-hfb-mobile-header-display":"","site-post-title":"","ast-breadcrumbs-content":"","ast-featured-img":"","footer-sml-layout":"","theme-transparent-header-meta":"","adv-header-id-meta":"","stick-header-meta":"","header-above-stick-meta":"","header-main-stick-meta":"","header-below-stick-meta":"","astra-migrate-meta-layouts":"default","ast-page-background-enabled":"default","ast-page-background-meta":{"desktop":{"background-color":"var(--ast-global-color-4)","background-image":"","background-repeat":"repeat","background-position":"center center","background-size":"auto","background-attachment":"scroll","background-type":"","background-media":"","overlay-type":"","overlay-color":"","overlay-opacity":"","overlay-gradient":""},"tablet":{"background-color":"","background-image":"","background-repeat":"repeat","background-position":"center center","background-size":"auto","background-attachment":"scroll","background-type":"","background-media":"","overlay-type":"","overlay-color":"","overlay-opacity":"","overlay-gradient":""},"mobile":{"background-color":"","background-image":"","background-repeat":"repeat","background-position":"center center","background-size":"auto","background-attachment":"scroll","background-type":"","background-media":"","overlay-type":"","overlay-color":"","overlay-opacity":"","overlay-gradient":""}},"ast-content-background-meta":{"desktop":{"background-color":"var(--ast-global-color-5)","background-image":"","background-repeat":"repeat","background-position":"center center","background-size":"auto","background-attachment":"scroll","background-type":"","background-media":"","overlay-type":"","overlay-color":"","overlay-opacity":"","overlay-gradient":""},"tablet":{"background-color":"var(--ast-global-color-5)","background-image":"","background-repeat":"repeat","background-position":"center center","background-size":"auto","background-attachment":"scroll","background-type":"","background-media":"","overlay-type":"","overlay-color":"","overlay-opacity":"","overlay-gradient":""},"mobile":{"background-color":"var(--ast-global-color-5)","background-image":"","background-repeat":"repeat","background-position":"center center","background-size":"auto","background-attachment":"scroll","background-type":"","background-media":"","overlay-type":"","overlay-color":"","overlay-opacity":"","overlay-gradient":""}},"footnotes":""},"class_list":["post-299","page","type-page","status-publish","hentry"],"post_mailing_queue_ids":[],"_links":{"self":[{"href":"https:\/\/agora.xtec.cat\/escolajverdaguer\/wp-json\/wp\/v2\/pages\/299","targetHints":{"allow":["GET"]}}],"collection":[{"href":"https:\/\/agora.xtec.cat\/escolajverdaguer\/wp-json\/wp\/v2\/pages"}],"about":[{"href":"https:\/\/agora.xtec.cat\/escolajverdaguer\/wp-json\/wp\/v2\/types\/page"}],"author":[{"embeddable":true,"href":"https:\/\/agora.xtec.cat\/escolajverdaguer\/wp-json\/wp\/v2\/users\/1"}],"replies":[{"embeddable":true,"href":"https:\/\/agora.xtec.cat\/escolajverdaguer\/wp-json\/wp\/v2\/comments?post=299"}],"version-history":[{"count":4,"href":"https:\/\/agora.xtec.cat\/escolajverdaguer\/wp-json\/wp\/v2\/pages\/299\/revisions"}],"predecessor-version":[{"id":9682,"href":"https:\/\/agora.xtec.cat\/escolajverdaguer\/wp-json\/wp\/v2\/pages\/299\/revisions\/9682"}],"up":[{"embeddable":true,"href":"https:\/\/agora.xtec.cat\/escolajverdaguer\/wp-json\/wp\/v2\/pages\/64"}],"wp:attachment":[{"href":"https:\/\/agora.xtec.cat\/escolajverdaguer\/wp-json\/wp\/v2\/media?parent=299"}],"curies":[{"name":"wp","href":"https:\/\/api.w.org\/{rel}","templated":true}]}}