{"id":1939,"date":"2025-05-20T12:02:39","date_gmt":"2025-05-20T10:02:39","guid":{"rendered":"https:\/\/agora.xtec.cat\/escolajuansalamero\/?page_id=1939"},"modified":"2025-05-22T18:19:47","modified_gmt":"2025-05-22T16:19:47","slug":"premis-i-reconeixements","status":"publish","type":"page","link":"https:\/\/agora.xtec.cat\/escolajuansalamero\/premis-i-reconeixements\/","title":{"rendered":"Premis i reconeixements"},"content":{"rendered":"<p data-start=\"81\" data-end=\"247\">Ara fa quatre anys que vam comen\u00e7ar una s\u00e8rie de canvis a l\u2019escola i \u00e9s per aquest motiu que se\u2019ns ha reconegut a la ciutat amb els seg\u00fcents <strong data-start=\"192\" data-end=\"224\">premis de qualitat educativa<\/strong> i pr\u00e0ctiques d\u2019\u00e8xit:<\/p>\n<ul data-start=\"253\" data-end=\"378\">\n<li data-start=\"253\" data-end=\"284\">\n<p data-start=\"255\" data-end=\"284\"><strong>Premi Gav\u00e0 Educa 2020:<\/strong> <img loading=\"lazy\" decoding=\"async\" class=\"\" src=\"https:\/\/elbruguersdigital.cat\/wp-content\/uploads\/2014\/04\/gava-educa-090414.jpg\" alt=\"Educaci\u00f3 - El Bruguers Digital, les not\u00edcies de Gav\u00e0\" width=\"146\" height=\"82\" \/><\/p>\n<\/li>\n<li data-start=\"287\" data-end=\"378\">\n<p data-start=\"289\" data-end=\"378\"><strong>Gav\u00e0 Educa 2013:<\/strong>\u00a0Siklovas Khetane. Aprenem junts.<img loading=\"lazy\" decoding=\"async\" class=\"\" src=\"https:\/\/elbruguersdigital.cat\/wp-content\/uploads\/2014\/04\/gava-educa-090414.jpg\" alt=\"Educaci\u00f3 - El Bruguers Digital, les not\u00edcies de Gav\u00e0\" width=\"144\" height=\"81\" \/><\/p>\n<\/li>\n<li data-start=\"402\" data-end=\"531\">\n<p data-start=\"404\" data-end=\"531\"><strong>Gav\u00e0 Educa 2018-2019:<\/strong> Entenem el m\u00f3n amb els sentits (la 1a Sala Multisensorial del Baix Llobregat a una escola de prim\u00e0ria).<img loading=\"lazy\" decoding=\"async\" class=\"\" src=\"https:\/\/elbruguersdigital.cat\/wp-content\/uploads\/2014\/04\/gava-educa-090414.jpg\" alt=\"Educaci\u00f3 - El Bruguers Digital, les not\u00edcies de Gav\u00e0\" width=\"160\" height=\"90\" \/><\/p>\n<\/li>\n<li data-start=\"534\" data-end=\"650\">\n<p data-start=\"536\" data-end=\"650\"><strong>Premi FAGIC 2019:<\/strong> Equip docent i AMPA de l\u2019Escola Juan Salamero de Gav\u00e0. Per la lluita contra l\u2019exclusi\u00f3 social.<img loading=\"lazy\" decoding=\"async\" class=\"\" src=\"https:\/\/fagic.org\/Fagic\/wp-content\/uploads\/2017\/08\/logofagic.png\" alt=\"Premios \u2013 FAGIC\" width=\"169\" height=\"54\" \/><\/p>\n<\/li>\n<li data-start=\"653\" data-end=\"706\">\n<p data-start=\"655\" data-end=\"706\"><strong>Finalista dels premis Baldiri Reixach:<\/strong> 2020-2021.<img loading=\"lazy\" decoding=\"async\" class=\"\" src=\"https:\/\/fundaciocarulla.cat\/wp-content\/uploads\/2020\/11\/Sin-titulo-2.png\" alt=\"Premi Baldiri Experi\u00e8ncies - Fundaci\u00f3 Carulla\" width=\"202\" height=\"105\" \/><\/p>\n<\/li>\n<li data-start=\"709\" data-end=\"846\">\n<p data-start=\"711\" data-end=\"846\"><strong>Gav\u00e0 Educa 2021-2022:<\/strong> Projecte La Festa Major (Cultura popular catalana, participaci\u00f3 a la cercavila de la festa Major de la ciutat).<img loading=\"lazy\" decoding=\"async\" class=\"\" src=\"https:\/\/elbruguersdigital.cat\/wp-content\/uploads\/2014\/04\/gava-educa-090414.jpg\" alt=\"Educaci\u00f3 - El Bruguers Digital, les not\u00edcies de Gav\u00e0\" width=\"160\" height=\"90\" \/><\/p>\n<\/li>\n<li data-start=\"849\" data-end=\"907\">\n<p data-start=\"851\" data-end=\"907\"><strong>Premi d\u2019Honor Ciutat de Gav\u00e0:<\/strong> Col\u00b7lectiu docent (2021)<img loading=\"lazy\" decoding=\"async\" class=\"\" src=\"https:\/\/elbruguersdigital.cat\/wp-content\/uploads\/2021\/06\/IMG_8396.jpg\" width=\"291\" height=\"163\" \/><\/p>\n<\/li>\n<li data-start=\"910\" data-end=\"949\">\n<p data-start=\"912\" data-end=\"949\"><strong>Premi en la Mostra Sambori 2021-2022.<\/strong> <img loading=\"lazy\" decoding=\"async\" class=\"\" src=\"https:\/\/portal.edu.gva.es\/eoibenicalap\/wp-content\/uploads\/sites\/732\/2022\/01\/SAMBORI_22-1024x491.png\" alt=\"Premio Sambori 2022 \u2013 ESCOLA OFICIAL D'IDIOMES VAL\u00c8NCIA-BENICALAP\" width=\"204\" height=\"98\" \/><\/p>\n<\/li>\n<li data-start=\"287\" data-end=\"378\">\n<p data-start=\"981\" data-end=\"1024\"><strong data-start=\"981\" data-end=\"1022\">Premis Qualitat Educativa \u2013 l\u2019alumnat<\/strong><\/p>\n<ul data-start=\"1025\" data-end=\"1128\">\n<li data-start=\"1025\" data-end=\"1128\">\n<p data-start=\"1027\" data-end=\"1068\">Premi Elsa Peretti- \u2013 Fundaci\u00f3 Pere Closa<\/p>\n<ul data-start=\"1071\" data-end=\"1128\">\n<li data-start=\"1071\" data-end=\"1099\">\n<p data-start=\"1073\" data-end=\"1099\">Miguel Moreno (Any 2024)<\/p>\n<\/li>\n<li data-start=\"1102\" data-end=\"1128\">\n<p data-start=\"1104\" data-end=\"1128\">Camelia Jim\u00e9nez (Any 2025)<\/p>\n<\/li>\n<\/ul>\n<\/li>\n<\/ul>\n<\/li>\n<\/ul>\n","protected":false},"excerpt":{"rendered":"<p>Ara fa quatre anys que vam comen\u00e7ar una s\u00e8rie de canvis a l\u2019escola i \u00e9s per aquest motiu que se\u2019ns [&hellip;]<\/p>\n","protected":false},"author":1,"featured_media":0,"parent":0,"menu_order":0,"comment_status":"closed","ping_status":"closed","template":"","meta":{"_bbp_topic_count":0,"_bbp_reply_count":0,"_bbp_total_topic_count":0,"_bbp_total_reply_count":0,"_bbp_voice_count":0,"_bbp_anonymous_reply_count":0,"_bbp_topic_count_hidden":0,"_bbp_reply_count_hidden":0,"_bbp_forum_subforum_count":0,"site-sidebar-layout":"default","site-content-layout":"","ast-site-content-layout":"default","site-content-style":"default","site-sidebar-style":"default","ast-global-header-display":"","ast-banner-title-visibility":"","ast-main-header-display":"","ast-hfb-above-header-display":"","ast-hfb-below-header-display":"","ast-hfb-mobile-header-display":"","site-post-title":"","ast-breadcrumbs-content":"","ast-featured-img":"","footer-sml-layout":"","theme-transparent-header-meta":"default","adv-header-id-meta":"","stick-header-meta":"","header-above-stick-meta":"","header-main-stick-meta":"","header-below-stick-meta":"","astra-migrate-meta-layouts":"set","ast-page-background-enabled":"default","ast-page-background-meta":{"desktop":{"background-color":"var(--ast-global-color-4)","background-image":"","background-repeat":"repeat","background-position":"center center","background-size":"auto","background-attachment":"scroll","background-type":"","background-media":"","overlay-type":"","overlay-color":"","overlay-opacity":"","overlay-gradient":""},"tablet":{"background-color":"","background-image":"","background-repeat":"repeat","background-position":"center center","background-size":"auto","background-attachment":"scroll","background-type":"","background-media":"","overlay-type":"","overlay-color":"","overlay-opacity":"","overlay-gradient":""},"mobile":{"background-color":"","background-image":"","background-repeat":"repeat","background-position":"center center","background-size":"auto","background-attachment":"scroll","background-type":"","background-media":"","overlay-type":"","overlay-color":"","overlay-opacity":"","overlay-gradient":""}},"ast-content-background-meta":{"desktop":{"background-color":"var(--ast-global-color-5)","background-image":"","background-repeat":"repeat","background-position":"center center","background-size":"auto","background-attachment":"scroll","background-type":"","background-media":"","overlay-type":"","overlay-color":"","overlay-opacity":"","overlay-gradient":""},"tablet":{"background-color":"var(--ast-global-color-5)","background-image":"","background-repeat":"repeat","background-position":"center center","background-size":"auto","background-attachment":"scroll","background-type":"","background-media":"","overlay-type":"","overlay-color":"","overlay-opacity":"","overlay-gradient":""},"mobile":{"background-color":"var(--ast-global-color-5)","background-image":"","background-repeat":"repeat","background-position":"center center","background-size":"auto","background-attachment":"scroll","background-type":"","background-media":"","overlay-type":"","overlay-color":"","overlay-opacity":"","overlay-gradient":""}},"footnotes":""},"class_list":["post-1939","page","type-page","status-publish","hentry"],"post_mailing_queue_ids":[],"_links":{"self":[{"href":"https:\/\/agora.xtec.cat\/escolajuansalamero\/wp-json\/wp\/v2\/pages\/1939","targetHints":{"allow":["GET"]}}],"collection":[{"href":"https:\/\/agora.xtec.cat\/escolajuansalamero\/wp-json\/wp\/v2\/pages"}],"about":[{"href":"https:\/\/agora.xtec.cat\/escolajuansalamero\/wp-json\/wp\/v2\/types\/page"}],"author":[{"embeddable":true,"href":"https:\/\/agora.xtec.cat\/escolajuansalamero\/wp-json\/wp\/v2\/users\/1"}],"replies":[{"embeddable":true,"href":"https:\/\/agora.xtec.cat\/escolajuansalamero\/wp-json\/wp\/v2\/comments?post=1939"}],"version-history":[{"count":6,"href":"https:\/\/agora.xtec.cat\/escolajuansalamero\/wp-json\/wp\/v2\/pages\/1939\/revisions"}],"predecessor-version":[{"id":1971,"href":"https:\/\/agora.xtec.cat\/escolajuansalamero\/wp-json\/wp\/v2\/pages\/1939\/revisions\/1971"}],"wp:attachment":[{"href":"https:\/\/agora.xtec.cat\/escolajuansalamero\/wp-json\/wp\/v2\/media?parent=1939"}],"curies":[{"name":"wp","href":"https:\/\/api.w.org\/{rel}","templated":true}]}}