{"id":6692,"date":"2022-04-26T15:47:35","date_gmt":"2022-04-26T13:47:35","guid":{"rendered":"https:\/\/agora.xtec.cat\/escolajoseppla\/?page_id=6692"},"modified":"2023-02-14T09:36:48","modified_gmt":"2023-02-14T08:36:48","slug":"diagnosi","status":"publish","type":"page","link":"https:\/\/agora.xtec.cat\/escolajoseppla\/estrategia-digital-de-centre\/estrategia-digital\/diagnosi\/","title":{"rendered":"Diagnosi"},"content":{"rendered":"<p dir=\"ltr\" style=\"text-align: justify;\">Per fer la diagnosi, la Comissi\u00f3 Digital del Centre ha utilitzat diferents recursos:<\/p>\n<p dir=\"ltr\" style=\"text-align: justify;\">1.- Per una banda s&#8217;ha passat el formulari <span style=\"color: #0000ff;\"><strong>SELFIE<\/strong><\/span>, \u00e9s una eina gratu\u00efta, personalitzable i f\u00e0cil d&#8217;usar que pret\u00e9n ajudar els centres educatius a avaluar en quin punt es troben en relaci\u00f3 amb l&#8217;aprenentatge a l&#8217;era digital.<\/p>\n<p dir=\"ltr\" style=\"text-align: justify;\">S&#8217;ha passat a tres bandes: a l&#8217;equip directiu, a tot el claustre i a 100 alumnes (de 5\u00e8 i 6\u00e8 de Prim\u00e0ria).<\/p>\n<p dir=\"ltr\" style=\"text-align: justify;\">2.- <span style=\"color: #0000ff;\"><strong>Formulari de Compet\u00e8ncia Digital Docent<\/strong><\/span> que tot el claustre ha omplert. Aquest \u00e9s un formulari creat pel Departament d&#8217;Educaci\u00f3 per veure en quin punt maduratiu es troba el o la mestre\/a digitalment parlant.<\/p>\n<p dir=\"ltr\" style=\"text-align: justify;\">3.- El formulari <strong><span style=\"color: #0000ff;\">SELFIE FOR TEACHERS<\/span><\/strong> s&#8217;ha passat amb anterioritat al formulari de CDD ja que \u00e9s un formulari una mica m\u00e9s complet i a m\u00e9s est\u00e0 avalat per la Comunitat Europea.<\/p>\n<p dir=\"ltr\" style=\"text-align: justify;\">4.- <strong><span style=\"color: #0000ff;\">Formulari a les fam\u00edlies<\/span><\/strong>. \u00c9s un formulari que vam enviar per via de l&#8217;app Dinantia a totes les fam\u00edlies de l&#8217;escola on els vam fer un seguit de preguntes molt f\u00e0cils de respondre perqu\u00e8 puguem obtenir informaci\u00f3 de la sensaci\u00f3 que tenen les fam\u00edlies sobre tot el que fem a l&#8217;escola en l&#8217;\u00e0mbit digital, si es coneixen les vies de comunicaci\u00f3 fam\u00edlia-escola, si saben quines eines digitals utilitzen els seus fills i filles, si coneixen les xarxes socials del centre, etc.<\/p>\n<p dir=\"ltr\" style=\"text-align: center;\"><img loading=\"lazy\" decoding=\"async\" class=\"aligncenter size-full wp-image-6856\" src=\"https:\/\/agora.xtec.cat\/escolajoseppla\/wp-content\/uploads\/usu1495\/2022\/06\/diagnosi.jpg\" alt=\"\" width=\"768\" height=\"309\" srcset=\"https:\/\/agora.xtec.cat\/escolajoseppla\/wp-content\/uploads\/usu1495\/2022\/06\/diagnosi.jpg 768w, https:\/\/agora.xtec.cat\/escolajoseppla\/wp-content\/uploads\/usu1495\/2022\/06\/diagnosi-300x121.jpg 300w\" sizes=\"auto, (max-width: 768px) 100vw, 768px\" \/><\/p>\n<p dir=\"ltr\" style=\"text-align: justify;\">Amb tota la informaci\u00f3 que s&#8217;ha extret dels diferents formularis que s&#8217;han passat a tots els agents de la Comunitat Educativa del centre, ens hem fet una visi\u00f3 molt global del punt on es troba el centre en general pel que fa a les tecnologies i recursos digitals.<\/p>\n<p dir=\"ltr\" style=\"text-align: justify;\">D&#8217;aquest an\u00e0lisi s&#8217;han extret uns punts forts i punts febles que utilitzarem per establir uns objectius a mitj\u00e0 i llarg termini:<\/p>\n<p dir=\"ltr\"><div class=\"h5p-iframe-wrapper\"><iframe id=\"h5p-iframe-4\" class=\"h5p-iframe\" data-content-id=\"4\" style=\"height:1px\" src=\"about:blank\" frameBorder=\"0\" scrolling=\"no\" title=\"Punts Forts i Febles de l&#039;EDC\"><\/iframe><\/div><\/p>\n<p dir=\"ltr\">\n","protected":false},"excerpt":{"rendered":"<p>Per fer la diagnosi, la Comissi\u00f3 Digital del Centre ha utilitzat diferents recursos: 1.- Per una banda s&#8217;ha passat el formulari SELFIE, \u00e9s una eina gratu\u00efta, personalitzable i f\u00e0cil d&#8217;usar que pret\u00e9n ajudar els centres educatius a avaluar en quin punt es troben en relaci\u00f3 amb l&#8217;aprenentatge a l&#8217;era digital. S&#8217;ha passat a tres bandes: [&hellip;]<\/p>\n","protected":false},"author":3,"featured_media":0,"parent":6685,"menu_order":0,"comment_status":"closed","ping_status":"closed","template":"page-templates\/side-menu.php","meta":{"_bbp_topic_count":0,"_bbp_reply_count":0,"_bbp_total_topic_count":0,"_bbp_total_reply_count":0,"_bbp_voice_count":0,"_bbp_anonymous_reply_count":0,"_bbp_topic_count_hidden":0,"_bbp_reply_count_hidden":0,"_bbp_forum_subforum_count":0,"site-sidebar-layout":"default","site-content-layout":"","ast-site-content-layout":"","site-content-style":"default","site-sidebar-style":"default","ast-global-header-display":"","ast-banner-title-visibility":"","ast-main-header-display":"","ast-hfb-above-header-display":"","ast-hfb-below-header-display":"","ast-hfb-mobile-header-display":"","site-post-title":"","ast-breadcrumbs-content":"","ast-featured-img":"","footer-sml-layout":"","theme-transparent-header-meta":"","adv-header-id-meta":"","stick-header-meta":"","header-above-stick-meta":"","header-main-stick-meta":"","header-below-stick-meta":"","astra-migrate-meta-layouts":"default","ast-page-background-enabled":"default","ast-page-background-meta":{"desktop":{"background-color":"var(--ast-global-color-4)","background-image":"","background-repeat":"repeat","background-position":"center center","background-size":"auto","background-attachment":"scroll","background-type":"","background-media":"","overlay-type":"","overlay-color":"","overlay-opacity":"","overlay-gradient":""},"tablet":{"background-color":"","background-image":"","background-repeat":"repeat","background-position":"center center","background-size":"auto","background-attachment":"scroll","background-type":"","background-media":"","overlay-type":"","overlay-color":"","overlay-opacity":"","overlay-gradient":""},"mobile":{"background-color":"","background-image":"","background-repeat":"repeat","background-position":"center center","background-size":"auto","background-attachment":"scroll","background-type":"","background-media":"","overlay-type":"","overlay-color":"","overlay-opacity":"","overlay-gradient":""}},"ast-content-background-meta":{"desktop":{"background-color":"var(--ast-global-color-5)","background-image":"","background-repeat":"repeat","background-position":"center center","background-size":"auto","background-attachment":"scroll","background-type":"","background-media":"","overlay-type":"","overlay-color":"","overlay-opacity":"","overlay-gradient":""},"tablet":{"background-color":"var(--ast-global-color-5)","background-image":"","background-repeat":"repeat","background-position":"center center","background-size":"auto","background-attachment":"scroll","background-type":"","background-media":"","overlay-type":"","overlay-color":"","overlay-opacity":"","overlay-gradient":""},"mobile":{"background-color":"var(--ast-global-color-5)","background-image":"","background-repeat":"repeat","background-position":"center center","background-size":"auto","background-attachment":"scroll","background-type":"","background-media":"","overlay-type":"","overlay-color":"","overlay-opacity":"","overlay-gradient":""}},"footnotes":""},"class_list":["post-6692","page","type-page","status-publish","hentry"],"post_mailing_queue_ids":[],"_links":{"self":[{"href":"https:\/\/agora.xtec.cat\/escolajoseppla\/wp-json\/wp\/v2\/pages\/6692","targetHints":{"allow":["GET"]}}],"collection":[{"href":"https:\/\/agora.xtec.cat\/escolajoseppla\/wp-json\/wp\/v2\/pages"}],"about":[{"href":"https:\/\/agora.xtec.cat\/escolajoseppla\/wp-json\/wp\/v2\/types\/page"}],"author":[{"embeddable":true,"href":"https:\/\/agora.xtec.cat\/escolajoseppla\/wp-json\/wp\/v2\/users\/3"}],"replies":[{"embeddable":true,"href":"https:\/\/agora.xtec.cat\/escolajoseppla\/wp-json\/wp\/v2\/comments?post=6692"}],"version-history":[{"count":4,"href":"https:\/\/agora.xtec.cat\/escolajoseppla\/wp-json\/wp\/v2\/pages\/6692\/revisions"}],"predecessor-version":[{"id":7141,"href":"https:\/\/agora.xtec.cat\/escolajoseppla\/wp-json\/wp\/v2\/pages\/6692\/revisions\/7141"}],"up":[{"embeddable":true,"href":"https:\/\/agora.xtec.cat\/escolajoseppla\/wp-json\/wp\/v2\/pages\/6685"}],"wp:attachment":[{"href":"https:\/\/agora.xtec.cat\/escolajoseppla\/wp-json\/wp\/v2\/media?parent=6692"}],"curies":[{"name":"wp","href":"https:\/\/api.w.org\/{rel}","templated":true}]}}