{"id":84,"date":"2014-09-18T14:11:31","date_gmt":"2014-09-18T13:11:31","guid":{"rendered":"http:\/\/agora.xtec.cat\/escolajosepfuste\/?page_id=84"},"modified":"2024-10-10T15:28:47","modified_gmt":"2024-10-10T13:28:47","slug":"activitats-extraescolars","status":"publish","type":"page","link":"https:\/\/agora.xtec.cat\/escolajosepfuste\/serveis\/activitats-extraescolars\/","title":{"rendered":"Activitats extraescolars"},"content":{"rendered":"<p>Horari de les activitats extraescolars que es duran a terme aquest curs 23\/24:<\/p>\n<table style=\"border-collapse: collapse; width: 74.2567%; height: 192px;\">\n<tbody>\n<tr style=\"height: 32px;\">\n<td style=\"width: 8.61739%; height: 32px;\">Horari<\/td>\n<td style=\"width: 13.4537%; text-align: center; height: 32px;\">Dilluns<\/td>\n<td style=\"width: 13.5988%; text-align: center; height: 32px;\">Dimarts<\/td>\n<td style=\"width: 12.6532%; text-align: center; height: 32px;\">Dimecres<\/td>\n<td style=\"width: 12.9567%; text-align: center; height: 32px;\">Dijous<\/td>\n<td style=\"width: 12.5989%; text-align: center; height: 32px;\">Divendres<\/td>\n<\/tr>\n<tr style=\"height: 32px;\">\n<td style=\"width: 8.61739%; height: 32px;\">Migdia<\/td>\n<td style=\"width: 13.4537%; height: 32px; text-align: center;\">\u00a0<\/td>\n<td style=\"width: 13.5988%; height: 32px; text-align: center;\">Instruments : guitarra i viol\u00ed<\/td>\n<td style=\"width: 12.6532%; height: 32px; text-align: center;\">\u00a0<\/td>\n<td style=\"width: 12.9567%; height: 32px; text-align: center;\">Instruments: violoncel\u00a0<\/td>\n<td style=\"width: 12.5989%; height: 32px; text-align: center;\">Llenguatge musical<\/td>\n<\/tr>\n<tr style=\"height: 32px;\">\n<td style=\"width: 8.61739%; height: 32px;\">16:15 a 17:15<\/td>\n<td style=\"width: 13.4537%; height: 32px; text-align: center;\">Angl\u00e8s<\/td>\n<td style=\"width: 13.5988%; height: 32px; text-align: center;\">Art\u00edstica<\/td>\n<td style=\"width: 12.6532%; height: 32px; text-align: center;\">Art\u00edstica \/ Parkour<\/td>\n<td style=\"width: 12.9567%; height: 32px; text-align: center;\">Cos i moviment<\/td>\n<td style=\"width: 12.5989%; height: 32px; text-align: center;\">\u00a0<\/td>\n<\/tr>\n<tr style=\"height: 32px;\">\n<td style=\"width: 8.61739%; height: 32px;\">16:15 a 17:30<\/td>\n<td style=\"width: 13.4537%; height: 32px; text-align: center;\">\u00a0<\/td>\n<td style=\"width: 13.5988%; height: 32px; text-align: center;\">Karate<\/td>\n<td style=\"width: 12.6532%; height: 32px; text-align: center;\">\u00a0<\/td>\n<td style=\"width: 12.9567%; height: 32px; text-align: center;\">Karate<\/td>\n<td style=\"width: 12.5989%; height: 32px; text-align: center;\">\u00a0<\/td>\n<\/tr>\n<\/tbody>\n<\/table>\n<div>\u00a0<\/div>\n<div>\u00a0<\/div>\n<div>\u00a0<\/div>\n<div>\n<div>Per a qualsevol dubte o q\u00fcesti\u00f3 estem a la vostra disposici\u00f3 al correu electr\u00f2nic <strong><a href=\"mailto:josepfusterampa@gmail.com\">josepfusterampa@gmail.com<\/a><\/strong><\/div>\n<\/div>\n<div>\u00a0<\/div>\n<div>\u00a0<\/div>\n<div>\n<div dir=\"ltr\" data-smartmail=\"gmail_signature\">\n<div dir=\"ltr\">La Junta de l&#8217;AMPA de l&#8217;Escola Josep Fust\u00e9 d&#8217;Alforja<\/div>\n<div dir=\"ltr\">\u00a0<\/div>\n<\/div>\n<\/div>\n<p>&nbsp;<\/p>\n","protected":false},"excerpt":{"rendered":"<p>Horari de les activitats extraescolars que es duran a terme aquest curs 23\/24:<\/p>\n<p>Horari<br \/>\nDilluns<br \/>\nDimarts<br \/>\nDimecres<br \/>\nDijous<br \/>\nDivendres<\/p>\n<p>Migdia<br \/>\n\u00a0<br \/>\nInstruments : guitarra i viol\u00ed<br \/>\n\u00a0<br \/>\nInstruments: violoncel\u00a0<br \/>\nLlenguatge musical<\/p>\n<p>16:15 a 17:15<br \/>\nAngl\u00e8s<br \/>\nArt\u00edstica<br \/>\nArt\u00edstica \/ Parkour<br \/>\nCos i moviment<br \/>\n\u00a0<\/p>\n<p>16:15 a 17:30<br \/>\n\u00a0<br \/>\nKarate<br \/>\n\u00a0<br \/>\nKarate<br \/>\n\u00a0<\/p>\n<p>\u00a0<br \/>\n\u00a0<br \/>\n\u00a0<\/p>\n<p>Per a qualsevol dubte o q\u00fcesti\u00f3 estem a la vostra disposici\u00f3 al correu electr\u00f2nic <a href=\"mailto:josepfusterampa@gmail.com\">josepfusterampa@gmail.com<\/a><\/p>\n<p>\u00a0<br \/>\n\u00a0<\/p>\n<p>La Junta de l&#8217;AMPA&hellip;  <a href=\"https:\/\/agora.xtec.cat\/escolajosepfuste\/serveis\/activitats-extraescolars\/\" title=\"Read Activitats extraescolars\">Llegeix m\u00e9s\u00bb<\/a><\/p>\n","protected":false},"author":1,"featured_media":0,"parent":66,"menu_order":60,"comment_status":"closed","ping_status":"closed","template":"","meta":{"_bbp_topic_count":0,"_bbp_reply_count":0,"_bbp_total_topic_count":0,"_bbp_total_reply_count":0,"_bbp_voice_count":0,"_bbp_anonymous_reply_count":0,"_bbp_topic_count_hidden":0,"_bbp_reply_count_hidden":0,"_bbp_forum_subforum_count":0,"footnotes":""},"class_list":["post-84","page","type-page","status-publish","hentry"],"post_mailing_queue_ids":[],"_links":{"self":[{"href":"https:\/\/agora.xtec.cat\/escolajosepfuste\/wp-json\/wp\/v2\/pages\/84","targetHints":{"allow":["GET"]}}],"collection":[{"href":"https:\/\/agora.xtec.cat\/escolajosepfuste\/wp-json\/wp\/v2\/pages"}],"about":[{"href":"https:\/\/agora.xtec.cat\/escolajosepfuste\/wp-json\/wp\/v2\/types\/page"}],"author":[{"embeddable":true,"href":"https:\/\/agora.xtec.cat\/escolajosepfuste\/wp-json\/wp\/v2\/users\/1"}],"replies":[{"embeddable":true,"href":"https:\/\/agora.xtec.cat\/escolajosepfuste\/wp-json\/wp\/v2\/comments?post=84"}],"version-history":[{"count":6,"href":"https:\/\/agora.xtec.cat\/escolajosepfuste\/wp-json\/wp\/v2\/pages\/84\/revisions"}],"predecessor-version":[{"id":2955,"href":"https:\/\/agora.xtec.cat\/escolajosepfuste\/wp-json\/wp\/v2\/pages\/84\/revisions\/2955"}],"up":[{"embeddable":true,"href":"https:\/\/agora.xtec.cat\/escolajosepfuste\/wp-json\/wp\/v2\/pages\/66"}],"wp:attachment":[{"href":"https:\/\/agora.xtec.cat\/escolajosepfuste\/wp-json\/wp\/v2\/media?parent=84"}],"curies":[{"name":"wp","href":"https:\/\/api.w.org\/{rel}","templated":true}]}}