{"id":591,"date":"2021-09-14T16:33:14","date_gmt":"2021-09-14T14:33:14","guid":{"rendered":"https:\/\/agora.xtec.cat\/escolajeronidemoragas\/?page_id=591"},"modified":"2025-11-08T10:12:55","modified_gmt":"2025-11-08T09:12:55","slug":"tva","status":"publish","type":"page","link":"https:\/\/agora.xtec.cat\/escolajeronidemoragas\/etapes-educatives\/tva\/","title":{"rendered":"TVA"},"content":{"rendered":"<p style=\"text-align: justify;\" data-start=\"209\" data-end=\"596\">L\u2019etapa de <strong data-start=\"220\" data-end=\"256\">Transici\u00f3 a la Vida Adulta (TVA)<\/strong> t\u00e9 com a objectiu fonamental <strong data-start=\"286\" data-end=\"359\">potenciar les compet\u00e8ncies personals, socials i laborals dels alumnes<\/strong>, afavorint l\u2019adquisici\u00f3 d\u2019h\u00e0bits de treball i d\u2019una vida personal i social la m\u00e9s <strong data-start=\"442\" data-end=\"477\">aut\u00f2noma i independent possible<\/strong>. Aquesta etapa s\u2019adre\u00e7a a <strong data-start=\"504\" data-end=\"534\">joves d\u2019entre 18 i 20 anys<\/strong> que han finalitzat l\u2019etapa d\u2019educaci\u00f3 secund\u00e0ria obligat\u00f2ria.<\/p>\n<p style=\"text-align: justify;\" data-start=\"598\" data-end=\"1075\">La metodologia es fonamenta en un <strong data-start=\"632\" data-end=\"662\">enfocament constructivista<\/strong> i en l\u2019aplicaci\u00f3 del <strong data-start=\"684\" data-end=\"742\">model DUA 3.0 (Disseny Universal per a l\u2019Aprenentatge)<\/strong>, que permet dissenyar situacions d\u2019aprenentatge flexibles, accessibles i ajustades a la diversitat de l\u2019alumnat. Els aprenentatges s\u00f3n <strong data-start=\"878\" data-end=\"937\">significatius, funcionals i vinculats a contextos reals<\/strong>, i es desenvolupen a trav\u00e9s de propostes did\u00e0ctiques que fomenten la participaci\u00f3 activa, la motivaci\u00f3 i la construcci\u00f3 de coneixement.<\/p>\n<p style=\"text-align: justify;\" data-start=\"210\" data-end=\"544\">L\u2019<strong data-start=\"212\" data-end=\"226\">orientaci\u00f3<\/strong> \u00e9s un eix fonamental en tots els itineraris formatius, per\u00f2 adquireix una rellev\u00e0ncia especial en l\u2019etapa de <strong data-start=\"336\" data-end=\"366\">Transici\u00f3 a la Vida Adulta<\/strong>, ja que per a molts alumnes representa <strong data-start=\"406\" data-end=\"478\">l\u2019\u00faltim tram educatiu abans de la seva incorporaci\u00f3 a la vida adulta<\/strong>, ja sigui en un <strong data-start=\"495\" data-end=\"541\">entorn laboral, ocupacional o assistencial<\/strong>.<\/p>\n<p style=\"text-align: justify;\" data-start=\"210\" data-end=\"544\">Aquest proc\u00e9s d\u2019acompanyament t\u00e9 com a finalitat <strong data-start=\"595\" data-end=\"709\">afavorir l\u2019autoconeixement, la maduresa personal i la presa de decisions realistes i ajustades a cada situaci\u00f3<\/strong>, tot ajudant l\u2019alumnat a <strong data-start=\"735\" data-end=\"772\">definir un projecte de vida propi<\/strong> i a con\u00e8ixer els <strong data-start=\"790\" data-end=\"824\">recursos i serveis disponibles<\/strong> al seu entorn.<\/p>\n<p style=\"text-align: justify;\" data-start=\"843\" data-end=\"1324\">Des d\u2019una mirada <strong data-start=\"860\" data-end=\"888\">assistencial i inclusiva<\/strong>, l\u2019escola treballa per garantir que cada alumne i la seva fam\u00edlia rebin un <strong data-start=\"964\" data-end=\"988\">suport personalitzat<\/strong> en la transici\u00f3 cap al nou context de vida. Aquest acompanyament es concreta mitjan\u00e7ant tutories individuals i grupals, reunions d\u2019orientaci\u00f3 amb la comissi\u00f3 del centre, coordinacions amb serveis i centres d\u2019adults de l\u2019entitat, aix\u00ed com trobades amb les fam\u00edlies per compartir i consensuar les decisions sobre el futur de cada jove.<\/p>\n<p style=\"text-align: justify;\" data-start=\"1536\" data-end=\"2047\">El programa de TVA t\u00e9 una durada de <strong data-start=\"1572\" data-end=\"1595\">dos cursos escolars<\/strong> i s\u2019articula en cinc \u00e0mbits d\u2019aprenentatge: <strong data-start=\"1640\" data-end=\"1693\">personal, social, laboral, matem\u00e0tic i ling\u00fc\u00edstic<\/strong>. Les <strong data-start=\"1699\" data-end=\"1722\">pr\u00e0ctiques laborals<\/strong>, presents al llarg de tota l\u2019etapa, constitueixen un espai d\u2019aprenentatge essencial per a l\u2019adquisici\u00f3 d\u2019habilitats, actituds i valors necessaris per a la integraci\u00f3 en entorns laborals reals. Aquestes pr\u00e0ctiques es poden desenvolupar dins del centre, en entitats col\u00b7laboradores o al Centre Especial de Treball de l\u2019escola.<\/p>\n<p style=\"text-align: justify;\" data-start=\"2049\" data-end=\"2276\">L\u2019etapa de Transici\u00f3 a la Vida Adulta es concep, en definitiva, com un <strong data-start=\"2120\" data-end=\"2176\">proc\u00e9s integral d\u2019aprenentatge i creixement personal<\/strong>, que prepara l\u2019alumnat per a una vida adulta activa, responsable i significativa dins la comunitat.<\/p>\n<p>&nbsp;<\/p>\n<p><strong>Equip docent:<\/strong><\/p>\n<p><a href=\"https:\/\/agora.xtec.cat\/escolajeronidemoragas\/wp-content\/uploads\/usu2509\/2025\/10\/IMG_6624.jpg\"><img loading=\"lazy\" decoding=\"async\" class=\"size-large wp-image-4562 aligncenter\" src=\"https:\/\/agora.xtec.cat\/escolajeronidemoragas\/wp-content\/uploads\/usu2509\/2025\/10\/IMG_6624-1024x1024.jpg\" alt=\"\" width=\"1024\" height=\"1024\" srcset=\"https:\/\/agora.xtec.cat\/escolajeronidemoragas\/wp-content\/uploads\/usu2509\/2025\/10\/IMG_6624-1024x1024.jpg 1024w, https:\/\/agora.xtec.cat\/escolajeronidemoragas\/wp-content\/uploads\/usu2509\/2025\/10\/IMG_6624-300x300.jpg 300w, https:\/\/agora.xtec.cat\/escolajeronidemoragas\/wp-content\/uploads\/usu2509\/2025\/10\/IMG_6624-150x150.jpg 150w, https:\/\/agora.xtec.cat\/escolajeronidemoragas\/wp-content\/uploads\/usu2509\/2025\/10\/IMG_6624-768x768.jpg 768w, https:\/\/agora.xtec.cat\/escolajeronidemoragas\/wp-content\/uploads\/usu2509\/2025\/10\/IMG_6624.jpg 1280w\" sizes=\"auto, (max-width: 1024px) 100vw, 1024px\" \/><\/a><\/p>\n<p>&nbsp;<\/p>\n<p>&nbsp;<\/p>\n<p>&nbsp;<\/p>\n<p>&nbsp;<\/p>\n<p>&nbsp;<\/p>\n<p>&nbsp;<\/p>\n<p>&nbsp;<\/p>\n<p>&nbsp;<\/p>\n<p>&nbsp;<\/p>\n<p>&nbsp;<\/p>\n<p>&nbsp;<\/p>\n<p>&nbsp;<\/p>\n<p>&nbsp;<\/p>\n<p>&nbsp;<\/p>\n<p>&nbsp;<\/p>\n<p>&nbsp;<\/p>\n<p>&nbsp;<\/p>\n","protected":false},"excerpt":{"rendered":"<p>L\u2019etapa de Transici\u00f3 a la Vida Adulta (TVA) t\u00e9 com a objectiu fonamental potenciar les compet\u00e8ncies personals, socials i laborals dels alumnes, afavorint l\u2019adquisici\u00f3 d\u2019h\u00e0bits de treball i d\u2019una vida personal i social la m\u00e9s aut\u00f2noma i independent possible. Aquesta etapa s\u2019adre\u00e7a a joves d\u2019entre&hellip;  <a href=\"https:\/\/agora.xtec.cat\/escolajeronidemoragas\/etapes-educatives\/tva\/\" title=\"Read TVA\">Llegeix m\u00e9s\u00bb<\/a><\/p>\n","protected":false},"author":1,"featured_media":0,"parent":590,"menu_order":0,"comment_status":"closed","ping_status":"closed","template":"","meta":{"_bbp_topic_count":0,"_bbp_reply_count":0,"_bbp_total_topic_count":0,"_bbp_total_reply_count":0,"_bbp_voice_count":0,"_bbp_anonymous_reply_count":0,"_bbp_topic_count_hidden":0,"_bbp_reply_count_hidden":0,"_bbp_forum_subforum_count":0,"footnotes":""},"class_list":["post-591","page","type-page","status-publish","hentry"],"post_mailing_queue_ids":[],"_links":{"self":[{"href":"https:\/\/agora.xtec.cat\/escolajeronidemoragas\/wp-json\/wp\/v2\/pages\/591","targetHints":{"allow":["GET"]}}],"collection":[{"href":"https:\/\/agora.xtec.cat\/escolajeronidemoragas\/wp-json\/wp\/v2\/pages"}],"about":[{"href":"https:\/\/agora.xtec.cat\/escolajeronidemoragas\/wp-json\/wp\/v2\/types\/page"}],"author":[{"embeddable":true,"href":"https:\/\/agora.xtec.cat\/escolajeronidemoragas\/wp-json\/wp\/v2\/users\/1"}],"replies":[{"embeddable":true,"href":"https:\/\/agora.xtec.cat\/escolajeronidemoragas\/wp-json\/wp\/v2\/comments?post=591"}],"version-history":[{"count":6,"href":"https:\/\/agora.xtec.cat\/escolajeronidemoragas\/wp-json\/wp\/v2\/pages\/591\/revisions"}],"predecessor-version":[{"id":4717,"href":"https:\/\/agora.xtec.cat\/escolajeronidemoragas\/wp-json\/wp\/v2\/pages\/591\/revisions\/4717"}],"up":[{"embeddable":true,"href":"https:\/\/agora.xtec.cat\/escolajeronidemoragas\/wp-json\/wp\/v2\/pages\/590"}],"wp:attachment":[{"href":"https:\/\/agora.xtec.cat\/escolajeronidemoragas\/wp-json\/wp\/v2\/media?parent=591"}],"curies":[{"name":"wp","href":"https:\/\/api.w.org\/{rel}","templated":true}]}}