{"id":589,"date":"2021-09-14T16:33:14","date_gmt":"2021-09-14T14:33:14","guid":{"rendered":"https:\/\/agora.xtec.cat\/escolajeronidemoragas\/?page_id=589"},"modified":"2022-05-24T13:23:51","modified_gmt":"2022-05-24T11:23:51","slug":"respirs-dincat","status":"publish","type":"page","link":"https:\/\/agora.xtec.cat\/escolajeronidemoragas\/serveis\/respirs-dincat\/","title":{"rendered":"Respirs DINCAT"},"content":{"rendered":"<p><a href=\"https:\/\/agora.xtec.cat\/escolajeronidemoragas\/wp-content\/uploads\/usu2509\/2022\/05\/families.png\"><img loading=\"lazy\" decoding=\"async\" class=\"alignnone wp-image-957\" src=\"https:\/\/agora.xtec.cat\/escolajeronidemoragas\/wp-content\/uploads\/usu2509\/2022\/05\/families-1024x418.png\" alt=\"\" width=\"348\" height=\"142\" srcset=\"https:\/\/agora.xtec.cat\/escolajeronidemoragas\/wp-content\/uploads\/usu2509\/2022\/05\/families-1024x418.png 1024w, https:\/\/agora.xtec.cat\/escolajeronidemoragas\/wp-content\/uploads\/usu2509\/2022\/05\/families-300x122.png 300w, https:\/\/agora.xtec.cat\/escolajeronidemoragas\/wp-content\/uploads\/usu2509\/2022\/05\/families-768x313.png 768w, https:\/\/agora.xtec.cat\/escolajeronidemoragas\/wp-content\/uploads\/usu2509\/2022\/05\/families.png 1160w\" sizes=\"auto, (max-width: 348px) 100vw, 348px\" \/><\/a><\/p>\n<p>El Programa de Suport Familiar \u00e9s un programa subjecte a pressupost que porta a terme la Fundaci\u00f3 AMPANS conjuntament amb DINCAT.<\/p>\n<p>L\u2019 objectiu d\u2019aquest programa \u00e9s oferir suports puntuals, per part d\u2019una persona professional, a les fam\u00edlies de la persona amb discapacitat intel\u00b7lectual per tal d\u2019atendre-la i tenir-ne cura. El professional, la fam\u00edlia i la persona acorden les activitats a realitzar dins o fora del domicili de l\u2019entorn familiar (no estan incloses tasques domestiques com netejar o cuinar).<\/p>\n<p>Beneficiaris del Programa:<\/p>\n<ol>\n<li>Fam\u00edlies amb m\u00e9s d\u2019una persona amb DID en el nucli familiar.<\/li>\n<li>Fam\u00edlies amb problemes de salut.<\/li>\n<li>Motius de sobrec\u00e0rrega o d\u2019estr\u00e8s familiar.<\/li>\n<li>Motius de conciliaci\u00f3 de la vida laboral amb la familiar.<\/li>\n<\/ol>\n<p>El cost del servei \u00e9s de a 3,00 \u20ac\/hora, amb un increment del 25% si es sol\u00b7licita el servei en festius i nits.<\/p>\n<p>Per demanar un servei s\u2019ha de fer abans del dia 18 del mes anterior a la necessitat, i abans de finalitzar el mes s\u2019informar\u00e0 a la fam\u00edlia si podran disposar del servei. Les fam\u00edlies que ja prevegin la necessitat del servei, preguem que anticipin la demanda tant aviat com sigui possible.<\/p>\n<p>Per m\u00e9s informaci\u00f3 poden contactar amb la treballadora social del centre trucant al <strong>93 827 23 00<\/strong>.<\/p>\n<p>&nbsp;<\/p>\n<p>&nbsp;<\/p>\n","protected":false},"excerpt":{"rendered":"<p><a href=\"https:\/\/agora.xtec.cat\/escolajeronidemoragas\/wp-content\/uploads\/usu2509\/2022\/05\/families.png\"><\/a><br \/>\nEl Programa de Suport Familiar \u00e9s un programa subjecte a pressupost que porta a terme la Fundaci\u00f3 AMPANS conjuntament amb DINCAT.<br \/>\nL\u2019 objectiu d\u2019aquest programa \u00e9s oferir suports puntuals, per part d\u2019una persona professional, a les fam\u00edlies de la persona amb discapacitat intel\u00b7lectual per tal&hellip;  <a href=\"https:\/\/agora.xtec.cat\/escolajeronidemoragas\/serveis\/respirs-dincat\/\" title=\"Read Respirs DINCAT\">Llegeix m\u00e9s\u00bb<\/a><\/p>\n","protected":false},"author":1,"featured_media":0,"parent":66,"menu_order":0,"comment_status":"closed","ping_status":"closed","template":"","meta":{"_bbp_topic_count":0,"_bbp_reply_count":0,"_bbp_total_topic_count":0,"_bbp_total_reply_count":0,"_bbp_voice_count":0,"_bbp_anonymous_reply_count":0,"_bbp_topic_count_hidden":0,"_bbp_reply_count_hidden":0,"_bbp_forum_subforum_count":0,"footnotes":""},"class_list":["post-589","page","type-page","status-publish","hentry"],"post_mailing_queue_ids":[],"_links":{"self":[{"href":"https:\/\/agora.xtec.cat\/escolajeronidemoragas\/wp-json\/wp\/v2\/pages\/589","targetHints":{"allow":["GET"]}}],"collection":[{"href":"https:\/\/agora.xtec.cat\/escolajeronidemoragas\/wp-json\/wp\/v2\/pages"}],"about":[{"href":"https:\/\/agora.xtec.cat\/escolajeronidemoragas\/wp-json\/wp\/v2\/types\/page"}],"author":[{"embeddable":true,"href":"https:\/\/agora.xtec.cat\/escolajeronidemoragas\/wp-json\/wp\/v2\/users\/1"}],"replies":[{"embeddable":true,"href":"https:\/\/agora.xtec.cat\/escolajeronidemoragas\/wp-json\/wp\/v2\/comments?post=589"}],"version-history":[{"count":3,"href":"https:\/\/agora.xtec.cat\/escolajeronidemoragas\/wp-json\/wp\/v2\/pages\/589\/revisions"}],"predecessor-version":[{"id":1030,"href":"https:\/\/agora.xtec.cat\/escolajeronidemoragas\/wp-json\/wp\/v2\/pages\/589\/revisions\/1030"}],"up":[{"embeddable":true,"href":"https:\/\/agora.xtec.cat\/escolajeronidemoragas\/wp-json\/wp\/v2\/pages\/66"}],"wp:attachment":[{"href":"https:\/\/agora.xtec.cat\/escolajeronidemoragas\/wp-json\/wp\/v2\/media?parent=589"}],"curies":[{"name":"wp","href":"https:\/\/api.w.org\/{rel}","templated":true}]}}