{"id":581,"date":"2021-09-14T16:33:13","date_gmt":"2021-09-14T14:33:13","guid":{"rendered":"https:\/\/agora.xtec.cat\/escolajeronidemoragas\/?page_id=581"},"modified":"2024-03-08T10:56:42","modified_gmt":"2024-03-08T09:56:42","slug":"fisioterapeutes","status":"publish","type":"page","link":"https:\/\/agora.xtec.cat\/escolajeronidemoragas\/especialistes\/fisioterapeutes\/","title":{"rendered":"Fisioter\u00e0pia"},"content":{"rendered":"<p>L\u2019equip de fisioterapeutes de l\u2019escola acompanya els alumnes amb mobilitat redu\u00efda, vetllant per la seva inclusi\u00f3 amb la m\u00e0xima participaci\u00f3 activa:<\/p>\n<ul>\n<li>Observant i analitzant les capacitats i habilitats espont\u00e0nies de l\u2019alumne en el seu entorn natural, intervenim en la mobilitat i acc\u00e9s a l\u2019entorn (al joc, als aprenentatges i a qualsevol activitat de la vida quotidiana).<\/li>\n<li>Oferint propostes funcionals, dins de les rutines i activitats di\u00e0ries, facilitant la participaci\u00f3 i el desenvolupament de les habilitats f\u00edsiques.<\/li>\n<li>Determinant els objectius i suports m\u00e9s adequats per cada alumne, tenint en compte les necessitats i demandes de la fam\u00edlia i centre, per aconseguir el m\u00e0xim grau d\u2019autonomia de l\u2019alumne.<\/li>\n<\/ul>\n<p><em>Feu clic a la imatge<\/em><\/p>\n<p><a href=\"https:\/\/view.genial.ly\/61532af2a3be250dc7dcfd07\/interactive-content-fisio-web\"><img loading=\"lazy\" decoding=\"async\" class=\"wp-image-919 aligncenter\" src=\"https:\/\/agora.xtec.cat\/escolajeronidemoragas\/wp-content\/uploads\/usu2509\/2022\/05\/Genially_Fisio-1024x576.jpg\" alt=\"\" width=\"537\" height=\"302\" srcset=\"https:\/\/agora.xtec.cat\/escolajeronidemoragas\/wp-content\/uploads\/usu2509\/2022\/05\/Genially_Fisio-1024x576.jpg 1024w, https:\/\/agora.xtec.cat\/escolajeronidemoragas\/wp-content\/uploads\/usu2509\/2022\/05\/Genially_Fisio-300x169.jpg 300w, https:\/\/agora.xtec.cat\/escolajeronidemoragas\/wp-content\/uploads\/usu2509\/2022\/05\/Genially_Fisio-768x432.jpg 768w, https:\/\/agora.xtec.cat\/escolajeronidemoragas\/wp-content\/uploads\/usu2509\/2022\/05\/Genially_Fisio.jpg 1280w\" sizes=\"auto, (max-width: 537px) 100vw, 537px\" \/><\/a><\/p>\n<p style=\"text-align: center;\"><strong>Donem la m\u00e0 a l\u2019infant fins a fer-se adult per empoderar-lo en la confian\u00e7a en les seves capacitats i compet\u00e8ncies, afavorint la inclusi\u00f3 a la comunitat.<\/strong><\/p>\n<p>&nbsp;<\/p>\n<p>&nbsp;<\/p>\n<p><a href=\"https:\/\/agora.xtec.cat\/escolajeronidemoragas\/wp-content\/uploads\/usu2509\/2024\/03\/Fisioterapeutes.jpeg\"><img loading=\"lazy\" decoding=\"async\" class=\"wp-image-2146 alignleft\" src=\"https:\/\/agora.xtec.cat\/escolajeronidemoragas\/wp-content\/uploads\/usu2509\/2024\/03\/Fisioterapeutes-765x1024.jpeg\" alt=\"\" width=\"191\" height=\"256\" srcset=\"https:\/\/agora.xtec.cat\/escolajeronidemoragas\/wp-content\/uploads\/usu2509\/2024\/03\/Fisioterapeutes-765x1024.jpeg 765w, https:\/\/agora.xtec.cat\/escolajeronidemoragas\/wp-content\/uploads\/usu2509\/2024\/03\/Fisioterapeutes-224x300.jpeg 224w, https:\/\/agora.xtec.cat\/escolajeronidemoragas\/wp-content\/uploads\/usu2509\/2024\/03\/Fisioterapeutes-768x1027.jpeg 768w, https:\/\/agora.xtec.cat\/escolajeronidemoragas\/wp-content\/uploads\/usu2509\/2024\/03\/Fisioterapeutes-1148x1536.jpeg 1148w, https:\/\/agora.xtec.cat\/escolajeronidemoragas\/wp-content\/uploads\/usu2509\/2024\/03\/Fisioterapeutes.jpeg 1451w\" sizes=\"auto, (max-width: 191px) 100vw, 191px\" \/><\/a><\/p>\n<p>&nbsp;<\/p>\n<p>&nbsp;<\/p>\n<p>&nbsp;<\/p>\n<p>&nbsp;<\/p>\n<p>&nbsp;<\/p>\n<p>&nbsp;<\/p>\n<p>Contactes:<\/p>\n<p>Alba Garroset:\u00a0<em>agarroset@ampans.cat<\/em><\/p>\n<p>Alba Sagu\u00e9s:\u00a0<em>asagues@ampans.cat<\/em><\/p>\n<p>Mariona Sol\u00e0:\u00a0<em>msola@ampans.cat<\/em><\/p>\n<p>Sandra Puigmal:\u00a0<em>spuigmal@ampans.cat<\/em><\/p>\n<p>&nbsp;<\/p>\n","protected":false},"excerpt":{"rendered":"<p>L\u2019equip de fisioterapeutes de l\u2019escola acompanya els alumnes amb mobilitat redu\u00efda, vetllant per la seva inclusi\u00f3 amb la m\u00e0xima participaci\u00f3 activa:<\/p>\n<ul>\n<li>Observant i analitzant les capacitats i habilitats espont\u00e0nies de l\u2019alumne en el seu entorn natural, intervenim en la mobilitat i acc\u00e9s a l\u2019entorn (al joc,&hellip;  <a href=\"https:\/\/agora.xtec.cat\/escolajeronidemoragas\/especialistes\/fisioterapeutes\/\" title=\"Read Fisioter\u00e0pia\">Llegeix m\u00e9s\u00bb<\/a><br \/>\n","protected":false},"author":1,"featured_media":0,"parent":576,"menu_order":0,"comment_status":"closed","ping_status":"closed","template":"","meta":{"_bbp_topic_count":0,"_bbp_reply_count":0,"_bbp_total_topic_count":0,"_bbp_total_reply_count":0,"_bbp_voice_count":0,"_bbp_anonymous_reply_count":0,"_bbp_topic_count_hidden":0,"_bbp_reply_count_hidden":0,"_bbp_forum_subforum_count":0,"footnotes":""},"class_list":["post-581","page","type-page","status-publish","hentry"],"post_mailing_queue_ids":[],"_links":{"self":[{"href":"https:\/\/agora.xtec.cat\/escolajeronidemoragas\/wp-json\/wp\/v2\/pages\/581","targetHints":{"allow":["GET"]}}],"collection":[{"href":"https:\/\/agora.xtec.cat\/escolajeronidemoragas\/wp-json\/wp\/v2\/pages"}],"about":[{"href":"https:\/\/agora.xtec.cat\/escolajeronidemoragas\/wp-json\/wp\/v2\/types\/page"}],"author":[{"embeddable":true,"href":"https:\/\/agora.xtec.cat\/escolajeronidemoragas\/wp-json\/wp\/v2\/users\/1"}],"replies":[{"embeddable":true,"href":"https:\/\/agora.xtec.cat\/escolajeronidemoragas\/wp-json\/wp\/v2\/comments?post=581"}],"version-history":[{"count":6,"href":"https:\/\/agora.xtec.cat\/escolajeronidemoragas\/wp-json\/wp\/v2\/pages\/581\/revisions"}],"predecessor-version":[{"id":2152,"href":"https:\/\/agora.xtec.cat\/escolajeronidemoragas\/wp-json\/wp\/v2\/pages\/581\/revisions\/2152"}],"up":[{"embeddable":true,"href":"https:\/\/agora.xtec.cat\/escolajeronidemoragas\/wp-json\/wp\/v2\/pages\/576"}],"wp:attachment":[{"href":"https:\/\/agora.xtec.cat\/escolajeronidemoragas\/wp-json\/wp\/v2\/media?parent=581"}],"curies":[{"name":"wp","href":"https:\/\/api.w.org\/{rel}","templated":true}]}}