{"id":24,"date":"2014-09-18T12:23:15","date_gmt":"2014-09-18T11:23:15","guid":{"rendered":"http:\/\/agora.xtec.cat\/escolajeronidemoragas\/?page_id=24"},"modified":"2022-05-24T17:45:38","modified_gmt":"2022-05-24T15:45:38","slug":"on-som","status":"publish","type":"page","link":"https:\/\/agora.xtec.cat\/escolajeronidemoragas\/lescola\/on-som\/","title":{"rendered":"On som"},"content":{"rendered":"<p>L&#8217;oferta educativa que ofereix Jeroni de Moragas se centralitza, b\u00e0sicament en dues ubicacions clau:<\/p>\n<ul>\n<li>Santa Maria de Comabella: on hi trobem l&#8217;Escola &#8220;Jeroni de Moragas&#8221;, l&#8217;IFE, l&#8217;AIS i el PFI.<\/li>\n<li>Sant Fruit\u00f3s de Bages: on hi trobem l&#8217;Escola &#8220;Els Companys&#8221;.<em>*<\/em><\/li>\n<\/ul>\n<p><a href=\"https:\/\/view.genial.ly\/6283660b520d210018cef6aa\/interactive-image-mapa-interactiu-jeroni-de-moragas\"><em>*veure mapa interactiu<\/em><\/a><\/p>\n<p>&nbsp;<\/p>\n<p><strong>EEE Jeroni de Moragas (Edifici La Llum)<\/strong><br \/>\nCarretera de Manresa a Santpedor; km. 4.4<br \/>\n08251 Santpedor<\/p>\n<p>Tel. 938 321 956<\/p>\n<p><strong>Mapa:<\/strong><\/p>\n<p><a href=\"https:\/\/agora.xtec.cat\/escolajeronidemoragas\/wp-content\/uploads\/usu2509\/2021\/04\/mapa.jpg\"><img loading=\"lazy\" decoding=\"async\" class=\"alignnone wp-image-505\" src=\"https:\/\/agora.xtec.cat\/escolajeronidemoragas\/wp-content\/uploads\/usu2509\/2021\/04\/mapa-1024x576.jpg\" alt=\"\" width=\"572\" height=\"322\" srcset=\"https:\/\/agora.xtec.cat\/escolajeronidemoragas\/wp-content\/uploads\/usu2509\/2021\/04\/mapa-1024x576.jpg 1024w, https:\/\/agora.xtec.cat\/escolajeronidemoragas\/wp-content\/uploads\/usu2509\/2021\/04\/mapa-300x169.jpg 300w, https:\/\/agora.xtec.cat\/escolajeronidemoragas\/wp-content\/uploads\/usu2509\/2021\/04\/mapa-768x432.jpg 768w, https:\/\/agora.xtec.cat\/escolajeronidemoragas\/wp-content\/uploads\/usu2509\/2021\/04\/mapa.jpg 1280w\" sizes=\"auto, (max-width: 572px) 100vw, 572px\" \/><\/a><\/p>\n<p><strong>Com arribar amb transport p\u00fablic?<\/strong><\/p>\n<p><em><strong>Servei de trens<\/strong><\/em><\/p>\n<p>RENFE &#8211; rodalies<br \/>\nFins a Manresa i agafar la l\u00ednia d&#8217;autob\u00fas que porta fins al municipi de Santpedor. Baixar a la parada del Garden d&#8217;AMPANS. Despr\u00e9s caminar fins a l&#8217;edifici d&#8217;escola de Comabella.<br \/>\nInformaci\u00f3: 902 24 02 02<\/p>\n<p><a href=\"http:\/\/www.renfe.es\/\">www.renfe.es<\/a><\/p>\n<p>FERROCARRILS DE LA GENERALITAT<br \/>\nFins a Manresa i agafar la l\u00ednia d&#8217;autob\u00fas que porta fins al municipi de Santpedor. Baixar a la parada del Garden d&#8217;AMPANS. Despr\u00e9s caminar fins a l&#8217;edifici d&#8217;escola de Comabella.<br \/>\nInformaci\u00f3: 93 877 06 06<\/p>\n<p><a href=\"http:\/\/www.fgc.es\/\">www.fgc.es<\/a><\/p>\n<p><strong><em>Servei Autobusos<\/em><\/strong><\/p>\n<p>Autocar : Alsina Graells<br \/>\nL\u00ednia Regular Manresa-Santpedor<br \/>\nTel\u00e8fon Informaci\u00f3: 93 265 68 86<br \/>\nEstaci\u00f3 d&#8217; autobusos Manresa: 93 874 66 66<\/p>\n<p><a href=\"http:\/\/www.alsa.es\/ca\/compra-i-horaris\/nacionals\/?searchType=common\">www.alsa.es<\/a><\/p>\n<p>&nbsp;<\/p>\n<p><strong>EEE Els companys<\/strong><br \/>\nAv. Girona, 77 (al costat de l&#8217;Escola Paidos)<br \/>\n08272 Sant Fruit\u00f3s de Bages<\/p>\n<p>Tel. 936 895 158<\/p>\n<p><strong>Mapa:<\/strong><\/p>\n<p><a href=\"https:\/\/agora.xtec.cat\/escolajeronidemoragas\/wp-content\/uploads\/usu2509\/2022\/05\/mapa-companys.jpg\"><img loading=\"lazy\" decoding=\"async\" class=\"alignnone wp-image-901\" src=\"https:\/\/agora.xtec.cat\/escolajeronidemoragas\/wp-content\/uploads\/usu2509\/2022\/05\/mapa-companys-1024x576.jpg\" alt=\"\" width=\"496\" height=\"279\" srcset=\"https:\/\/agora.xtec.cat\/escolajeronidemoragas\/wp-content\/uploads\/usu2509\/2022\/05\/mapa-companys-1024x576.jpg 1024w, https:\/\/agora.xtec.cat\/escolajeronidemoragas\/wp-content\/uploads\/usu2509\/2022\/05\/mapa-companys-300x169.jpg 300w, https:\/\/agora.xtec.cat\/escolajeronidemoragas\/wp-content\/uploads\/usu2509\/2022\/05\/mapa-companys-768x432.jpg 768w, https:\/\/agora.xtec.cat\/escolajeronidemoragas\/wp-content\/uploads\/usu2509\/2022\/05\/mapa-companys.jpg 1280w\" sizes=\"auto, (max-width: 496px) 100vw, 496px\" \/><\/a><\/p>\n<p>&nbsp;<\/p>\n<p>&nbsp;<\/p>\n","protected":false},"excerpt":{"rendered":"<p>L&#8217;oferta educativa que ofereix Jeroni de Moragas se centralitza, b\u00e0sicament en dues ubicacions clau:<\/p>\n<ul>\n<li>Santa Maria de Comabella: on hi trobem l&#8217;Escola &#8220;Jeroni de Moragas&#8221;, l&#8217;IFE, l&#8217;AIS i el PFI.<\/li>\n<li>Sant Fruit\u00f3s de Bages: on hi trobem l&#8217;Escola &#8220;Els Companys&#8221;.*<\/li>\n<\/ul>\n<p><a href=\"https:\/\/view.genial.ly\/6283660b520d210018cef6aa\/interactive-image-mapa-interactiu-jeroni-de-moragas\">*veure mapa interactiu<\/a><br \/>\n&nbsp;<br \/>\nEEE Jeroni de Moragas (Edifici&hellip;  <a href=\"https:\/\/agora.xtec.cat\/escolajeronidemoragas\/lescola\/on-som\/\" title=\"Read On som\">Llegeix m\u00e9s\u00bb<\/a><\/p>\n","protected":false},"author":1,"featured_media":0,"parent":22,"menu_order":10,"comment_status":"closed","ping_status":"closed","template":"page-templates\/side-menu.php","meta":{"_bbp_topic_count":0,"_bbp_reply_count":0,"_bbp_total_topic_count":0,"_bbp_total_reply_count":0,"_bbp_voice_count":0,"_bbp_anonymous_reply_count":0,"_bbp_topic_count_hidden":0,"_bbp_reply_count_hidden":0,"_bbp_forum_subforum_count":0,"footnotes":""},"class_list":["post-24","page","type-page","status-publish","hentry"],"post_mailing_queue_ids":[],"_links":{"self":[{"href":"https:\/\/agora.xtec.cat\/escolajeronidemoragas\/wp-json\/wp\/v2\/pages\/24","targetHints":{"allow":["GET"]}}],"collection":[{"href":"https:\/\/agora.xtec.cat\/escolajeronidemoragas\/wp-json\/wp\/v2\/pages"}],"about":[{"href":"https:\/\/agora.xtec.cat\/escolajeronidemoragas\/wp-json\/wp\/v2\/types\/page"}],"author":[{"embeddable":true,"href":"https:\/\/agora.xtec.cat\/escolajeronidemoragas\/wp-json\/wp\/v2\/users\/1"}],"replies":[{"embeddable":true,"href":"https:\/\/agora.xtec.cat\/escolajeronidemoragas\/wp-json\/wp\/v2\/comments?post=24"}],"version-history":[{"count":3,"href":"https:\/\/agora.xtec.cat\/escolajeronidemoragas\/wp-json\/wp\/v2\/pages\/24\/revisions"}],"predecessor-version":[{"id":1085,"href":"https:\/\/agora.xtec.cat\/escolajeronidemoragas\/wp-json\/wp\/v2\/pages\/24\/revisions\/1085"}],"up":[{"embeddable":true,"href":"https:\/\/agora.xtec.cat\/escolajeronidemoragas\/wp-json\/wp\/v2\/pages\/22"}],"wp:attachment":[{"href":"https:\/\/agora.xtec.cat\/escolajeronidemoragas\/wp-json\/wp\/v2\/media?parent=24"}],"curies":[{"name":"wp","href":"https:\/\/api.w.org\/{rel}","templated":true}]}}