{"id":22,"date":"2014-09-18T12:19:57","date_gmt":"2014-09-18T11:19:57","guid":{"rendered":"http:\/\/agora.xtec.cat\/escolajeronidemoragas\/?page_id=22"},"modified":"2022-05-24T19:54:56","modified_gmt":"2022-05-24T17:54:56","slug":"lescola","status":"publish","type":"page","link":"https:\/\/agora.xtec.cat\/escolajeronidemoragas\/lescola\/","title":{"rendered":"L&#8217;escola"},"content":{"rendered":"<p><strong>L&#8217;escola d&#8217;Educaci\u00f3 Especial Jeroni de Moragas d&#8217;AMPANS \u00e9s un centre educatiu concertat amb el Departament d&#8217;Ensenyament. At\u00e9n a alumnes amb necessitats educatives especials en edats compreses entre els 3 i els 20 anys. Ofereix als infants i joves itineraris educatius personalitzats i adaptats que els ajuda en l&#8217;autonomia personal, social i\/o laboral.<\/strong><\/p>\n<p>Actualment t\u00e9 autoritzades i concertades 30 unitats d&#8217;educaci\u00f3 especial i 240 places. L&#8217;alumnat del centre educatiu s\u00f3n nens i nenes amb discapacitat intel\u00b7lectual que presenten perfils d&#8217;atenci\u00f3 diversos.<\/p>\n<p>Impartim els seg\u00fcents nivells educatius:<\/p>\n<p>ETAPA OBLIGAT\u00d2RIA:<\/p>\n<ul>\n<li><a href=\"https:\/\/agora.xtec.cat\/escolajeronidemoragas\/oferta-educativa\/atencio-especialitzada\/\">Educaci\u00f3 infantil (de 3 a 6 anys)<\/a><\/li>\n<li><a href=\"https:\/\/agora.xtec.cat\/escolajeronidemoragas\/etapes-educatives\/teacch-i-sensorial\/\">Educaci\u00f3 prim\u00e0ria (de 6 a 12 anys)<\/a><\/li>\n<li><a href=\"https:\/\/agora.xtec.cat\/escolajeronidemoragas\/etapes-educatives\/infantil-i-primaria\/\">Educaci\u00f3 secund\u00e0ria (de 12 a 18 anys)<\/a><\/li>\n<\/ul>\n<p>ETAPA POSTOBLIGAT\u00d2RIA:<\/p>\n<ul>\n<li><a href=\"https:\/\/agora.xtec.cat\/escolajeronidemoragas\/etapes-educatives\/eso\/\">Programes de Transici\u00f3 a la Vida Adulta (TVA; de 18 a 20 anys)<\/a><\/li>\n<li><a href=\"https:\/\/agora.xtec.cat\/escolajeronidemoragas\/etapes-educatives\/ife\/?customize_changeset_uuid=592abed7-6f1a-4e0e-b6c4-016ed750cd89&amp;customize_autosaved=on\">Itinerari Formatiu Espec\u00edfic (IFE)<\/a>;\n<ul>\n<li>IFE d&#8217;Auxiliar de vendes i atenci\u00f3 al p\u00fablic.<\/li>\n<\/ul>\n<\/li>\n<li><a href=\"https:\/\/agora.xtec.cat\/escolajeronidemoragas\/etapes-educatives\/pfi\/\">Programes de Formaci\u00f3 i Inserci\u00f3 (PFI)<\/a>;\n<ul>\n<li>PFI d&#8217;Auxiliar de vivers i jardins.<\/li>\n<li>PFI d&#8217;Activitats d&#8217;oficina i serveis administratius generals.<\/li>\n<li>PFI d&#8217;Auxiliar d&#8217;establiments hotelers.<\/li>\n<\/ul>\n<\/li>\n<\/ul>\n<p>Disposem d\u2019<a href=\"https:\/\/agora.xtec.cat\/escolajeronidemoragas\/lescola\/instal%c2%b7lacions\/\">instal\u00b7lacions<\/a> i equipaments adaptats i complementem l\u2019activitat curricular amb activitats rehabilitadores, esportives, sortides, col\u00f2nies, tallers i escola d\u2019estiu.<\/p>\n<p style=\"text-align: center;\"><strong>Si ens voleu con\u00e8ixer una mica m\u00e9s&#8230; mireu aquest v\u00eddeo!<\/strong><\/p>\n<p><iframe loading=\"lazy\" title=\"EEE Jeroni de Moragas\" width=\"500\" height=\"281\" src=\"https:\/\/www.youtube.com\/embed\/arzCSeq4pZg?feature=oembed\" frameborder=\"0\" allow=\"accelerometer; autoplay; clipboard-write; encrypted-media; gyroscope; picture-in-picture; web-share\" referrerpolicy=\"strict-origin-when-cross-origin\" allowfullscreen><\/iframe><\/p>\n","protected":false},"excerpt":{"rendered":"<p>L&#8217;escola d&#8217;Educaci\u00f3 Especial Jeroni de Moragas d&#8217;AMPANS \u00e9s un centre educatiu concertat amb el Departament d&#8217;Ensenyament. At\u00e9n a alumnes amb necessitats educatives especials en edats compreses entre els 3 i els 20 anys. Ofereix als infants i joves itineraris educatius personalitzats i adaptats que els&hellip;  <a href=\"https:\/\/agora.xtec.cat\/escolajeronidemoragas\/lescola\/\" title=\"Read L&#8217;escola\">Llegeix m\u00e9s\u00bb<\/a><\/p>\n","protected":false},"author":1,"featured_media":0,"parent":0,"menu_order":0,"comment_status":"closed","ping_status":"closed","template":"page-templates\/side-menu.php","meta":{"_bbp_topic_count":0,"_bbp_reply_count":0,"_bbp_total_topic_count":0,"_bbp_total_reply_count":0,"_bbp_voice_count":0,"_bbp_anonymous_reply_count":0,"_bbp_topic_count_hidden":0,"_bbp_reply_count_hidden":0,"_bbp_forum_subforum_count":0,"footnotes":""},"class_list":["post-22","page","type-page","status-publish","hentry"],"post_mailing_queue_ids":[],"_links":{"self":[{"href":"https:\/\/agora.xtec.cat\/escolajeronidemoragas\/wp-json\/wp\/v2\/pages\/22","targetHints":{"allow":["GET"]}}],"collection":[{"href":"https:\/\/agora.xtec.cat\/escolajeronidemoragas\/wp-json\/wp\/v2\/pages"}],"about":[{"href":"https:\/\/agora.xtec.cat\/escolajeronidemoragas\/wp-json\/wp\/v2\/types\/page"}],"author":[{"embeddable":true,"href":"https:\/\/agora.xtec.cat\/escolajeronidemoragas\/wp-json\/wp\/v2\/users\/1"}],"replies":[{"embeddable":true,"href":"https:\/\/agora.xtec.cat\/escolajeronidemoragas\/wp-json\/wp\/v2\/comments?post=22"}],"version-history":[{"count":4,"href":"https:\/\/agora.xtec.cat\/escolajeronidemoragas\/wp-json\/wp\/v2\/pages\/22\/revisions"}],"predecessor-version":[{"id":1123,"href":"https:\/\/agora.xtec.cat\/escolajeronidemoragas\/wp-json\/wp\/v2\/pages\/22\/revisions\/1123"}],"wp:attachment":[{"href":"https:\/\/agora.xtec.cat\/escolajeronidemoragas\/wp-json\/wp\/v2\/media?parent=22"}],"curies":[{"name":"wp","href":"https:\/\/api.w.org\/{rel}","templated":true}]}}