{"id":1823,"date":"2023-07-04T10:06:14","date_gmt":"2023-07-04T08:06:14","guid":{"rendered":"https:\/\/agora.xtec.cat\/escolajeronidemoragas\/?page_id=1823"},"modified":"2024-03-08T11:46:13","modified_gmt":"2024-03-08T10:46:13","slug":"planificacio","status":"publish","type":"page","link":"https:\/\/agora.xtec.cat\/escolajeronidemoragas\/estrategia-digital-de-centre\/part-estrategica\/planificacio\/","title":{"rendered":"Planificaci\u00f3"},"content":{"rendered":"<p class=\"zfr3Q CDt4Ke \" dir=\"ltr\"><span class=\"C9DxTc \">La planificaci\u00f3 \u00e9s l&#8217;organitzaci\u00f3 i el seguiment de les actuacions destinades a assolir els objectius que hem determinat en l&#8217;apartat anterior. La planificaci\u00f3 \u00e9s necess\u00e0ria per poder avan\u00e7ar cap als objectius que ens hem marcat dins la <\/span><span class=\"C9DxTc \">Comissi\u00f3 d&#8217;Estrat\u00e8gia Digital de Centre.<\/span><\/p>\n<p class=\"zfr3Q CDt4Ke \" dir=\"ltr\"><span class=\"C9DxTc \">S&#8217;han dissenyat activitats per cada objectiu i, aquestes s\u00f3n les que ens han de permetre el seu assoliment dins la temporalitzaci\u00f3 prevista.\u00a0<\/span><\/p>\n<p class=\"zfr3Q CDt4Ke \" dir=\"ltr\"><span class=\"C9DxTc \">Per cada activitat determinem:<\/span><\/p>\n<ul class=\"n8H08c UVNKR \">\n<li class=\"zfr3Q TYR86d eD0Rn \" dir=\"ltr\">\n<p class=\"zfr3Q CDt4Ke \" dir=\"ltr\" role=\"presentation\"><span class=\"C9DxTc \">Els recursos necessaris, ja sigui a nivell d&#8217;infraestructures, maquinari, recursos personals i temporals.<\/span><\/p>\n<\/li>\n<li class=\"zfr3Q TYR86d eD0Rn \" dir=\"ltr\">\n<p class=\"zfr3Q CDt4Ke \" dir=\"ltr\" role=\"presentation\"><span class=\"C9DxTc \">La distribuci\u00f3 de responsabilitats de les tasques planificades.<\/span><\/p>\n<\/li>\n<li class=\"zfr3Q TYR86d eD0Rn \" dir=\"ltr\">\n<p class=\"zfr3Q CDt4Ke \" dir=\"ltr\" role=\"presentation\"><span class=\"C9DxTc \">La temporitzaci\u00f3.<\/span><\/p>\n<\/li>\n<li class=\"zfr3Q TYR86d eD0Rn \" dir=\"ltr\">\n<p class=\"zfr3Q CDt4Ke \" dir=\"ltr\" role=\"presentation\"><span class=\"C9DxTc \">Els indicadors <em>(que mesurin la quantitat\/abast del que s&#8217;ha fet<\/em><\/span><em><span class=\"C9DxTc \">, com ara el nombre de participants, % d&#8217;alumne implicats, etc. i indicadors que mesurin la\u00a0<\/span><span class=\"C9DxTc \">qualitat<\/span><span class=\"C9DxTc \"> d&#8217;aquestes activitats. Cada indicador anir\u00e0 acompanyat del seu criteri d&#8217;acompliment).<\/span><\/em><\/p>\n<\/li>\n<li class=\"zfr3Q TYR86d eD0Rn \" dir=\"ltr\">\n<p class=\"zfr3Q CDt4Ke \" dir=\"ltr\" role=\"presentation\"><span class=\"C9DxTc \">Altres tasques associades <em>(quan l&#8217;activitat \u00e9s complexa, pot ser \u00fatil dividir-la en subtasques).<\/em><\/span><\/p>\n<\/li>\n<\/ul>\n<p>&nbsp;<\/p>\n<p><strong>TEMPORITZACI\u00d3 D&#8217;OBJECTIUS<\/strong><\/p>\n<p><a href=\"https:\/\/agora.xtec.cat\/escolajeronidemoragas\/wp-content\/uploads\/usu2509\/2024\/03\/objectius-EDC.jpg\"><img loading=\"lazy\" decoding=\"async\" class=\"alignleft wp-image-2161\" src=\"https:\/\/agora.xtec.cat\/escolajeronidemoragas\/wp-content\/uploads\/usu2509\/2024\/03\/objectius-EDC-1024x339.jpg\" alt=\"\" width=\"860\" height=\"285\" srcset=\"https:\/\/agora.xtec.cat\/escolajeronidemoragas\/wp-content\/uploads\/usu2509\/2024\/03\/objectius-EDC-1024x339.jpg 1024w, https:\/\/agora.xtec.cat\/escolajeronidemoragas\/wp-content\/uploads\/usu2509\/2024\/03\/objectius-EDC-300x99.jpg 300w, https:\/\/agora.xtec.cat\/escolajeronidemoragas\/wp-content\/uploads\/usu2509\/2024\/03\/objectius-EDC-768x254.jpg 768w, https:\/\/agora.xtec.cat\/escolajeronidemoragas\/wp-content\/uploads\/usu2509\/2024\/03\/objectius-EDC.jpg 1260w\" sizes=\"auto, (max-width: 860px) 100vw, 860px\" \/><\/a><\/p>\n<p>&nbsp;<\/p>\n<p>&nbsp;<\/p>\n<p>&nbsp;<\/p>\n<p>&nbsp;<\/p>\n<p>&nbsp;<\/p>\n<p>&nbsp;<\/p>\n<p>&nbsp;<\/p>\n<p><strong><a href=\"https:\/\/agora.xtec.cat\/escolajeronidemoragas\/wp-content\/uploads\/usu2509\/2024\/03\/DESPLAGAMENT-DOBJECTIUS-DE-LEDC-1.pdf\">DESPLAGAMENT D&#8217;OBJECTIUS DE L&#8217;EDC<\/a><\/strong><\/p>\n<p><strong>DESPLEGAMENT D&#8217;ACTIVITATS<\/strong><\/p>\n<p>&nbsp;<\/p>\n","protected":false},"excerpt":{"rendered":"<p>La planificaci\u00f3 \u00e9s l&#8217;organitzaci\u00f3 i el seguiment de les actuacions destinades a assolir els objectius que hem determinat en l&#8217;apartat anterior. La planificaci\u00f3 \u00e9s necess\u00e0ria per poder avan\u00e7ar cap als objectius que ens hem marcat dins la Comissi\u00f3 d&#8217;Estrat\u00e8gia Digital de Centre.<br \/>\nS&#8217;han dissenyat activitats per&hellip;  <a href=\"https:\/\/agora.xtec.cat\/escolajeronidemoragas\/estrategia-digital-de-centre\/part-estrategica\/planificacio\/\" title=\"Read Planificaci\u00f3\">Llegeix m\u00e9s\u00bb<\/a><\/p>\n","protected":false},"author":1,"featured_media":0,"parent":1815,"menu_order":3,"comment_status":"closed","ping_status":"closed","template":"page-templates\/side-menu.php","meta":{"_bbp_topic_count":0,"_bbp_reply_count":0,"_bbp_total_topic_count":0,"_bbp_total_reply_count":0,"_bbp_voice_count":0,"_bbp_anonymous_reply_count":0,"_bbp_topic_count_hidden":0,"_bbp_reply_count_hidden":0,"_bbp_forum_subforum_count":0,"footnotes":""},"class_list":["post-1823","page","type-page","status-publish","hentry"],"post_mailing_queue_ids":[],"_links":{"self":[{"href":"https:\/\/agora.xtec.cat\/escolajeronidemoragas\/wp-json\/wp\/v2\/pages\/1823","targetHints":{"allow":["GET"]}}],"collection":[{"href":"https:\/\/agora.xtec.cat\/escolajeronidemoragas\/wp-json\/wp\/v2\/pages"}],"about":[{"href":"https:\/\/agora.xtec.cat\/escolajeronidemoragas\/wp-json\/wp\/v2\/types\/page"}],"author":[{"embeddable":true,"href":"https:\/\/agora.xtec.cat\/escolajeronidemoragas\/wp-json\/wp\/v2\/users\/1"}],"replies":[{"embeddable":true,"href":"https:\/\/agora.xtec.cat\/escolajeronidemoragas\/wp-json\/wp\/v2\/comments?post=1823"}],"version-history":[{"count":7,"href":"https:\/\/agora.xtec.cat\/escolajeronidemoragas\/wp-json\/wp\/v2\/pages\/1823\/revisions"}],"predecessor-version":[{"id":2170,"href":"https:\/\/agora.xtec.cat\/escolajeronidemoragas\/wp-json\/wp\/v2\/pages\/1823\/revisions\/2170"}],"up":[{"embeddable":true,"href":"https:\/\/agora.xtec.cat\/escolajeronidemoragas\/wp-json\/wp\/v2\/pages\/1815"}],"wp:attachment":[{"href":"https:\/\/agora.xtec.cat\/escolajeronidemoragas\/wp-json\/wp\/v2\/media?parent=1823"}],"curies":[{"name":"wp","href":"https:\/\/api.w.org\/{rel}","templated":true}]}}