{"id":491,"date":"2016-11-24T22:23:11","date_gmt":"2016-11-24T21:23:11","guid":{"rendered":"http:\/\/agora.xtec.cat\/escolaignasiiglesias-bcn\/?page_id=491"},"modified":"2020-11-14T20:58:33","modified_gmt":"2020-11-14T19:58:33","slug":"informacions-curs","status":"publish","type":"page","link":"https:\/\/agora.xtec.cat\/escolaignasiiglesias-bcn\/informacions-curs\/","title":{"rendered":"Informacions curs"},"content":{"rendered":"<h3><strong>HORARI<\/strong><\/h3>\n<p>Els nens i nenes han de ser puntuals a l&#8217;hora d&#8217;entrar i sortir de l&#8217;escola. Tots els nens i nenes de l&#8217;escola, <strong>inclosos els m\u00e9s menuts de P3<\/strong>, inicien l&#8217;horari lectiu a les 9 del mat\u00ed. Penseu que arribar tard suposa un trencament de l&#8217;activitat del grup, una dificultat per als companys d&#8217;aula i un problema d\u2019educaci\u00f3 d\u2019h\u00e0bits per al mateix nen.<\/p>\n<p>La puntualitat \u00e9s un h\u00e0bit que cal educar.<\/p>\n<p><strong>Quan un alumne no pugui assistir a l&#8217;escola, o b\u00e9 s&#8217;haur\u00e0 de comunicar amb anterioritat o al mat\u00ed a primera hora mitjan\u00e7ant una trucada a l&#8217;escola.<\/strong><\/p>\n<p>Tots els retards i faltes d&#8217;assist\u00e8ncia s&#8217;hauran de justificar per escrit encara que s\u2019hagi avisat de paraula (personalment o via telef\u00f2nica). S&#8217;haur\u00e0 de fer constar a l&#8217;agenda (Educaci\u00f3 Prim\u00e0ria).<\/p>\n<p>El Departament considera falta injustificada si no hi ha notificaci\u00f3 per escrit.<\/p>\n<p>Recordeu que <strong><u>ELS PARES DELS ALUMNES NO PODEN PUJAR A LES CLASSES<\/u><\/strong><\/p>\n<p><strong><em><u>\u00a0<\/u><\/em><\/strong><\/p>\n<p><strong><u>Entrades\u00a0<\/u><\/strong><\/p>\n<table>\n<tbody>\n<tr>\n<td style=\"width: 20px;\" rowspan=\"13\"><\/td>\n<td style=\"width: 59px;\">\n<h6><b>Grup\u00a0<\/b><\/h6>\n<\/td>\n<td style=\"width: 87px;\" colspan=\"2\">\n<h6><b>Espai-porta\u00a0<\/b><\/h6>\n<\/td>\n<td style=\"width: 91px;\" colspan=\"2\">\n<h6><b>Horari<\/b><b>\u00a0<\/b><\/h6>\n<\/td>\n<td style=\"width: 554px;\">\n<h6><b>Consideracions\u00a0<\/b><\/h6>\n<\/td>\n<\/tr>\n<tr>\n<td style=\"width: 59px;\">\n<h6><b>1r A i B<\/b><\/h6>\n<\/td>\n<td style=\"width: 87px;\" colspan=\"2\">\n<h6><span style=\"font-weight: 400;\">C\/ Cinca 95\u00a0<\/span><\/h6>\n<\/td>\n<td style=\"width: 91px;\" colspan=\"2\">\n<h6><span style=\"font-weight: 400;\">09:05\u00a0<\/span><\/h6>\n<\/td>\n<td style=\"width: 554px;\" rowspan=\"6\">\n<h6><span style=\"font-weight: 400;\">Un mestre obre la porta i els tutors recullen els alumnes del seu nivell al costat de la porta i els hi posa gel hidroalcoh\u00f2lic.<\/span><\/h6>\n<\/td>\n<\/tr>\n<tr>\n<td style=\"width: 59px;\">\n<h6><b>2n A i B<\/b><\/h6>\n<\/td>\n<td style=\"width: 87px;\" colspan=\"2\">\n<h6><span style=\"font-weight: 400;\">C\/ Cinca 95<\/span><\/h6>\n<\/td>\n<td style=\"width: 91px;\" colspan=\"2\">\n<h6><span style=\"font-weight: 400;\">09:00\u00a0<\/span><\/h6>\n<\/td>\n<\/tr>\n<tr>\n<td style=\"width: 59px;\">\n<h6><b>3r\u00a0<\/b><\/h6>\n<\/td>\n<td style=\"width: 87px;\" colspan=\"2\">\n<h6><span style=\"font-weight: 400;\">C\/ Cinca 85 (a)\u00a0<\/span><\/h6>\n<\/td>\n<td style=\"width: 91px;\" colspan=\"2\">\n<h6><span style=\"font-weight: 400;\">09:05\u00a0<\/span><\/h6>\n<\/td>\n<\/tr>\n<tr>\n<td style=\"width: 59px;\">\n<h6><b>4t\u00a0<\/b><\/h6>\n<\/td>\n<td style=\"width: 87px;\" colspan=\"2\">\n<h6><span style=\"font-weight: 400;\">C\/ Cinca 85 (a)\u00a0<\/span><\/h6>\n<\/td>\n<td style=\"width: 91px;\" colspan=\"2\">\n<h6><span style=\"font-weight: 400;\">09:00\u00a0<\/span><\/h6>\n<\/td>\n<\/tr>\n<tr>\n<td style=\"width: 59px;\">\n<h6><b>5\u00e8\u00a0<\/b><\/h6>\n<\/td>\n<td style=\"width: 87px;\" colspan=\"2\">\n<h6><span style=\"font-weight: 400;\">C\/ Cinca 85(c)\u00a0<\/span><\/h6>\n<\/td>\n<td style=\"width: 91px;\" colspan=\"2\">\n<h6><span style=\"font-weight: 400;\">09:05\u00a0<\/span><\/h6>\n<\/td>\n<\/tr>\n<tr>\n<td style=\"width: 59px;\">\n<h6><b>6\u00e8\u00a0<\/b><\/h6>\n<\/td>\n<td style=\"width: 87px;\" colspan=\"2\">\n<h6><span style=\"font-weight: 400;\">C\/ Cinca 85(c)\u00a0<\/span><\/h6>\n<\/td>\n<td style=\"width: 91px;\" colspan=\"2\">\n<h6><span style=\"font-weight: 400;\">09:00\u00a0<\/span><\/h6>\n<\/td>\n<\/tr>\n<tr>\n<td style=\"width: 797px;\" colspan=\"6\"><\/td>\n<\/tr>\n<tr>\n<td style=\"width: 59px;\">\n<h6><b>P5 A i B\u00a0<\/b><\/h6>\n<\/td>\n<td style=\"width: 83px;\" rowspan=\"3\">\n<h6><span style=\"font-weight: 400;\">C\/ Cinca 75<\/span><\/h6>\n<\/td>\n<td style=\"width: 60px;\" colspan=\"2\">\n<h6><span style=\"font-weight: 400;\">09:00\u00a0<\/span><\/h6>\n<\/td>\n<td style=\"width: 589px;\" colspan=\"2\">\n<h6><span style=\"font-weight: 400;\">La conserge obre la porta i els tutors recullen els alumnes del seu nivell al costat de la porta i els hi posa gel hidroalcoh\u00f2lic<\/span><\/h6>\n<\/td>\n<\/tr>\n<tr>\n<td style=\"width: 59px;\">\n<h6><b>P4\u00a0 A i B\u00a0<\/b><\/h6>\n<\/td>\n<td style=\"width: 60px;\" colspan=\"2\">\n<h6><span style=\"font-weight: 400;\">09:05\u00a0<\/span><\/h6>\n<\/td>\n<td style=\"width: 589px;\" colspan=\"2\">\n<h6><span style=\"font-weight: 400;\">La conserge obre la porta i els tutors recullen els alumnes del seu nivell al costat de la porta i els hi posa gel hidroalcoh\u00f2lic<\/span><\/h6>\n<\/td>\n<\/tr>\n<tr>\n<td style=\"width: 59px;\">\n<h6><b>P3\u00a0<\/b><\/h6>\n<\/td>\n<td style=\"width: 60px;\" colspan=\"2\">\n<h6><span style=\"font-weight: 400;\">09:00\u00a0<\/span><\/h6>\n<\/td>\n<td style=\"width: 589px;\" colspan=\"2\">\n<h6><span style=\"font-weight: 400;\">E<\/span><span style=\"font-weight: 400;\">ls pares els acompanyen a la porta de l\u2019aula*<\/span><\/h6>\n<\/td>\n<\/tr>\n<tr>\n<td style=\"width: 59px;\"><\/td>\n<td style=\"width: 736px;\" colspan=\"5\">\n<h6><span style=\"font-weight: 400;\">Els alumnes que arribin fora de l\u2019horari d\u2019entrada hauran d\u2019entrar per la porta Cinca 95(principal)<\/span><\/h6>\n<h6><span style=\"font-weight: 400;\">\u00a0Els alumnes que s\u00f3n d\u2019acollida\u00a0 entraran per la porta\u00a0 Cinca 85 (a)<\/span><\/h6>\n<\/td>\n<\/tr>\n<tr>\n<td style=\"width: 59px;\"><\/td>\n<td style=\"width: 736px;\" colspan=\"5\"><\/td>\n<\/tr>\n<\/tbody>\n<\/table>\n<p><strong><u>S<\/u><u>ortides<\/u><\/strong><\/p>\n<table>\n<tbody>\n<tr>\n<td rowspan=\"13\"><\/td>\n<td><b>Grup\u00a0<\/b><\/td>\n<td><b>Espai-porta\u00a0<\/b><\/td>\n<td><b>Horari<\/b><b>\u00a0<\/b><\/td>\n<td><b>Consideracions\u00a0<\/b><\/td>\n<td rowspan=\"13\"><\/td>\n<\/tr>\n<tr>\n<td><b>1r A i B<\/b><\/td>\n<td><span style=\"font-weight: 400;\">C\/ Cinca 95\u00a0<\/span><\/td>\n<td><span style=\"font-weight: 400;\">16:35\u00a0<\/span><\/td>\n<td rowspan=\"6\"><span style=\"font-weight: 400;\">Les fam\u00edlies recolliran els alumnes a la porta , esperant a fora el carrer.\u00a0<\/span><\/td>\n<\/tr>\n<tr>\n<td><b>2n A i\u00a0 B\u00a0\u00a0<\/b><\/td>\n<td><span style=\"font-weight: 400;\">C\/ Cinca 95\u00a0<\/span><\/td>\n<td><span style=\"font-weight: 400;\">16:30\u00a0<\/span><\/td>\n<\/tr>\n<tr>\n<td><b>3r\u00a0<\/b><\/td>\n<td><span style=\"font-weight: 400;\">C\/ Cinca 85 (a)<\/span><\/td>\n<td><span style=\"font-weight: 400;\">16:35<\/span><\/td>\n<\/tr>\n<tr>\n<td><b>4t\u00a0<\/b><\/td>\n<td><span style=\"font-weight: 400;\">\u00a0 \u00a0 \u00a0 C\/ Cinca 85 (a)<\/span><\/td>\n<td><span style=\"font-weight: 400;\">16:30<\/span><\/td>\n<\/tr>\n<tr>\n<td><b>5\u00e8\u00a0<\/b><\/td>\n<td><span style=\"font-weight: 400;\">\u00a0 \u00a0 \u00a0 C\/ Cinca 85(c)<\/span><\/td>\n<td><span style=\"font-weight: 400;\">16:35<\/span><\/td>\n<\/tr>\n<tr>\n<td><b>6\u00e8\u00a0<\/b><\/td>\n<td><span style=\"font-weight: 400;\">C\/ Cinca 85(c)<\/span><\/td>\n<td><span style=\"font-weight: 400;\">16:30<\/span><\/td>\n<\/tr>\n<tr>\n<td><\/td>\n<td><\/td>\n<td><\/td>\n<td><\/td>\n<\/tr>\n<tr>\n<td><b>P5\u00a0<\/b><\/td>\n<td rowspan=\"3\"><span style=\"font-weight: 400;\">C\/ Cinca 75<\/span><\/td>\n<td><span style=\"font-weight: 400;\">16:30\u00a0<\/span><\/td>\n<td><span style=\"font-weight: 400;\">Els pares els recolliran a la porta de l\u2019aula *<\/span><\/td>\n<\/tr>\n<tr>\n<td><b>P4\u00a0<\/b><\/td>\n<td><span style=\"font-weight: 400;\">16:35\u00a0<\/span><\/td>\n<td><span style=\"font-weight: 400;\">Els pares els recolliran a la porta de l\u2019aula*<\/span><\/td>\n<\/tr>\n<tr>\n<td><b>P3\u00a0<\/b><\/td>\n<td><span style=\"font-weight: 400;\">16:30\u00a0<\/span><\/td>\n<td><span style=\"font-weight: 400;\">Els pares els recolliran a la porta de l\u2019aula*<\/span><\/td>\n<\/tr>\n<tr>\n<td><\/td>\n<td colspan=\"3\"><span style=\"font-weight: 400;\">\u00a0Els alumnes que fan acollida\u00a0 els recolliran a: porta pati Cinca 85 (a)<\/span><\/td>\n<\/tr>\n<tr>\n<td><\/td>\n<td colspan=\"3\"><\/td>\n<\/tr>\n<\/tbody>\n<\/table>\n<p><b>Per evitar aglomeracions, l\u2019acompanyament dels infants a l\u2019escola el far\u00e0 una \u00fanica persona<\/b><span style=\"font-weight: 400;\">. Les persones que portin i recullin els alumnes hauran de guardar tamb\u00e9 les <\/span><span style=\"font-weight: 400;\">dist\u00e0ncies fora de les instal\u00b7lacions fent una fila i portar mascareta.<\/span><\/p>\n<p><span style=\"font-weight: 400;\">La sortida de les 12:30 i l\u2019entrada de les 15:00 es faran a l\u2019horari habitual at\u00e8s el redu\u00eft nombre d\u2019alumnes que dinen a casa. Tots els alumnes de Prim\u00e0ria sortiran per la porta del Carrer Cinca 95 i els d\u2019E Infantil per la porta Cinca 75.<\/span><\/p>\n<p><span style=\"font-weight: 400;\">A l\u2019entrada de l\u2019escola els alumnes de prim\u00e0ria hauran de dur mascareta.\u00a0<\/span><\/p>\n<p><strong>SORTIDA DEL COL\u00b7LEGI EN HORARI LECTIU<\/strong><\/p>\n<p>En cas que alg\u00fa hagi d&#8217;arribar tard, no assistir o b\u00e9 sortir abans d&#8217;hora, cal que ho comuniqui a la tutora o ho porti escrit a l\u2019agenda. En cap cas cap alumne podr\u00e0 sortir del centre, dins de l\u2019horari escolar, sense l\u2019acompanyament d\u2019un adult autoritzat.<\/p>\n<p>&nbsp;<\/p>\n<h5><strong>MATERIAL ESCOLAR<\/strong><\/h5>\n<p>La quota de <strong>material i sortides<\/strong> es cobraran<strong> conjuntament repartides en tres cobraments<\/strong>(setembre, gener i abril) per domiciliaci\u00f3\u00a0 banc\u00e0ria.<\/p>\n<ul>\n<li>Infantil \u00a0\u00a0\u00a0\u00a0\u00a0\u00a0\u00a0\u00a0\u00a0\u00a0\u00a0 60\u00a0\u00a0 \u20ac<\/li>\n<li>Prim\u00e0ria\u00a0 \u00a0 \u00a0 \u00a0 \u00a0 55\u00a0\u00a0 \u20ac<\/li>\n<\/ul>\n<p>El llistat de material i llibres es d\u00f3na el darrer dia de classe. Podeu trobar-ho tamb\u00e9 a la p\u00e0gina web del centre, a l\u2019apartat de <strong>documents<\/strong>.<\/p>\n<p>Si alguna fam\u00edlia t\u00e9 dificultats de pagament d&#8217;alguna despesa&#8230;., preguem ho faci saber a secretaria per tal de trobar una soluci\u00f3 satisfact\u00f2ria.<\/p>\n<h5><strong>\u00a0<\/strong><\/h5>\n<h5><strong>P\u00c0GINA WEB DEL CENTRE i\u00a0 SECRETARIA <\/strong><\/h5>\n<h5>Per tal de poder seguir les activitats escolars dels vostres fills\/es us convidem a visitar la p\u00e0gina web del nostre centre:<\/h5>\n<p><a href=\"http:\/\/agora.xtec.cat\/escolaignasiiglesias-bcn\/\"><strong>http:\/\/agora.xtec.cat\/escolaignasiiglesias-bcn\/<\/strong><\/a><\/p>\n<p>Adre\u00e7a de secretaria: <strong><u>secretaria@escolaignasiiglesias.cat<\/u><\/strong><\/p>\n<h5>A la p\u00e0gina web podeu trobar tota la documentaci\u00f3 de l\u2019escola.<\/h5>\n<h5><\/h5>\n<h5><strong>RELACI\u00d3 FAM\u00cdLIES- ESCOLA<\/strong><\/h5>\n<p>Normalment totes les cartes i comunicats que el Centre adre\u00e7a als pares ho far\u00e0 a trav\u00e9s\u00a0 <strong>correu electr\u00f2nic, la p\u00e0gina web i<\/strong> dels alumnes. Recordeu regularment aquest fet al vostre fill\/a perqu\u00e8 us arribi la informaci\u00f3 puntualment.<\/p>\n<p>A secretaria podeu demanar una c\u00f2pia dels correus enviats, tamb\u00e9 ho podeu trobar a la p\u00e0gina web.<\/p>\n<p>Tanmateix, us demanem que consulteu di\u00e0riament l\u2019agenda dels vostres fills\u00a0 o cartelleres de l\u2019escola.<\/p>\n<p><strong>Les entrevistes amb els mestres<\/strong> es realitzaran dintre de l\u2019horari escolar, cada tutor\/a t\u00e9 una hora setmanal dedicada a les entrevistes que abans s\u2019hagin concretat. Les entrevistes es sol\u00b7licitaran per escrit o per tel\u00e8fon a petici\u00f3 de la mestra o dels propis pares.<\/p>\n<p>La relaci\u00f3 dels pares amb l\u2019 escola i m\u00e9s concretament amb els mestres \u00e9s molt important de cara a afavorir l\u2019 educaci\u00f3 dels alumnes. Perqu\u00e8 es pugui mantenir\u00a0 una estreta col\u00b7laboraci\u00f3 de mares i pares amb l\u2019 escola, el nostre Centre t\u00e9 establerts diferents canals de comunicaci\u00f3.<\/p>\n<p>Per tant recordeu que quan vulgueu tractar algun tema relatiu a l\u2019educaci\u00f3 dels vostres fills, \u00e9s convenient seguir aquest itinerari:<\/p>\n<ol>\n<li>Demanar entrevista directament al mestre\/a corresponent.<\/li>\n<li>Demanar entrevista al tutor\/a.<\/li>\n<li>Podeu demanar entrevistes tamb\u00e9 a la cap d\u2019estudis o al director. De tota manera \u00e9s important que abans us entrevisteu amb els mestres que tracten directament als vostres fills\/es.<\/li>\n<\/ol>\n<p>Aquest curs hi haur\u00e0\u00a0 dos grup de P5 que passen a 1r. Tal com es va informar a l\u2019iniciar l\u2019escolaritzaci\u00f3 quan es comenci un cicle nou es tornaran a refer els grups classe, a partir\u00a0 de les orientacions de l\u2019equip docent.<\/p>\n<p>Al llarg del curs es donaran els seg\u00fcents informes escrits sobre l\u2019 avaluaci\u00f3 dels alumnes.<\/p>\n<ul>\n<li><strong>Educaci\u00f3 Infantil:<\/strong><\/li>\n<\/ul>\n<p>Primer informe: Febrer<\/p>\n<p>Segon informe: Juny<\/p>\n<ul>\n<li><strong>Educaci\u00f3 Prim\u00e0ria<\/strong><\/li>\n<\/ul>\n<p>Primer informe: Desembre<\/p>\n<p>Segon informe: Abril<\/p>\n<p>Tercer informe: Juny<\/p>\n<p>Com cada any els mestres tenim molt d\u2019inter\u00e8s de fer una reuni\u00f3\u00a0 a comen\u00e7ament de curs per poder-vos comunicar tot el que farem a la classe i el funcionament de l\u2019 escola.<\/p>\n<p>Consten de dues parts; una primera per explicar les normes de funcionament general d\u2019 escola (assisteixen membres de l\u2019equip directiu) i una segona per parlar de temes m\u00e9s concrets de funcionament, organitzaci\u00f3 de la classe o del cicle, la programaci\u00f3 i l\u2019avaluaci\u00f3. \u00c9s molt important la vostra assist\u00e8ncia i participaci\u00f3 activa en els temes generals de classe.<\/p>\n<p>Les reunions d\u2019aula es realitzaran al llarg del mes de setembre\/octubre, us n\u2019 informarem puntualment.<\/p>\n<p><strong>FESTES ESCOLARS<\/strong><\/p>\n<p>A l\u2019escola els mestres treballem amb els alumnes aquelles festes que millor s\u2019 integren en la programaci\u00f3 dels continguts curriculars.<\/p>\n<p>Les festes a celebrar al llarg del curs s\u00f3n:<\/p>\n<ul>\n<li>La Castanyada.<\/li>\n<li>Nadal<\/li>\n<li>Carnaval<\/li>\n<li>Sant Jordi.<\/li>\n<li>Festa final de curs<\/li>\n<\/ul>\n<p><strong>SORTIDES, EXCURSIONS I ACTIVITATS CULTURALS.<\/strong><\/p>\n<p>Les sortides, activitats culturals i excursions s\u00f3n activitats culturals\u00a0 que organitza la pr\u00f2pia escola per afavorir el desenvolupament integral de l\u2019 alumne. Totes formen part del Pla General de Centre.<\/p>\n<p>Per les activitats que es realitzen fora del recinte escolar, \u00e9s imprescindible la corresponent autoritzaci\u00f3 escrita mitjan\u00e7ant l\u2018impr\u00e8s que es fa arribar a les fam\u00edlies a principi de cada trimestre <strong><em>En cas que un\/a alumne\/a no assisteixi a una sortida nom\u00e9s es podr\u00e0 retornar el cost de l\u2019entrada individual, per\u00f2 no\u00a0 el pagament de grup, autocars i monitors.<\/em><\/strong><\/p>\n<p><strong><em>Per poder realitzar les activitats caldr\u00e0 haver fet el pagament pr\u00e8viament, i\/o\u00a0 haver parlat amb la direcci\u00f3 del centre per tal de trobar una soluci\u00f3( N<\/em><\/strong><em>ormes d\u2019<strong>O<\/strong>rganitzaci\u00f3 i<strong> F<\/strong>uncionament del<strong> C<\/strong>entre)<strong>.<\/strong><\/em><\/p>\n<p>Es recomana\u00a0 que l\u2019 alumnat que per determinades raons no realitzi aquestes activitats:<\/p>\n<ul>\n<li>Justifiqui la falta d\u2019assist\u00e8ncia.<\/li>\n<li>Es quedi a casa.<\/li>\n<li>Realitzi un treball en relaci\u00f3 amb l\u2019 esmentada activitat.<\/li>\n<\/ul>\n<p><strong>SANITAT<\/strong><\/p>\n<p>\u00c9s\u00a0 obligatori notificar immediatament qualsevol problema\u00a0\u00a0 de tipus m\u00e8dic de\u00a0\u00a0 l\u2018alumnat.<\/p>\n<p>En tornar a la classe s\u2019ha de justificar la baixa\u00a0 <u>per escrit<\/u> (<em>agenda E. Prim\u00e0ria<\/em>) i en el cas de malalties contagioses s\u2019ha de portar l\u2019 alta m\u00e8dica.<\/p>\n<p>En cas <strong>d\u2019al\u00b7l\u00e8rgia o\u00a0 alguna intoler\u00e0ncia<\/strong> caldr\u00e0 informar-ne a l\u2019escola i establir protocols d\u2019actuaci\u00f3(Informe metge\/ssa i autoritzaci\u00f3 subministraci\u00f3 medicaments).<\/p>\n<p><strong><u>Per administrar medicaments\u00a0 <\/u><\/strong>als alumnes cal que el pare, mare o tutor\u00a0 legal aporti a l\u2019escola :<\/p>\n<p><strong>1.-<\/strong>\u00a0 la <strong><u>recepta o informe del metge\/ssa<\/u> <\/strong>on consti: el nom de l\u2019alumne\/a, la dosi i el nom del medicament.<\/p>\n<p><strong>2.- <\/strong><a href=\"https:\/\/docs.google.com\/viewer?a=v&amp;pid=sites&amp;srcid=ZGVmYXVsdGRvbWFpbnxkb2N1bWVudHNwYXJlc3xneDoyY2M0NTBmZTQzYmRlNzky\"><strong>full d\u2019autoritzaci\u00f3 de medicaments dels pares<\/strong><\/a><strong>, <\/strong>\u00a0un escrit on es demana i s\u2019 autoritza al personal del centre a subministrar el medicament<em>. (El podeu trobar a la p\u00e0gina web) <\/em><\/p>\n<p>3.- <strong>Cal\u00a0 que sigui imprescindible\u00a0 la seva administraci\u00f3 dins de l&#8217; horari lectiu.<\/strong><\/p>\n<p><strong>EN CAS D\u2019ACCIDENT<\/strong><\/p>\n<p>En cas d&#8217;un alumne accidentat s&#8217;avisar\u00e0 a la fam\u00edlia, perqu\u00e8 <strong>tan aviat com sigui possible se&#8217;n faci c\u00e0rrec i si s\u2019escau la fam\u00edlia i\/o els responsables de l\u2019infant puguin prendre decissions a inst\u00e0ncia dels metges<\/strong>. Si fos necessari, per la urg\u00e8ncia del cas, es traslladar\u00e0 l\u2019infant al centre d\u2019assist\u00e8ncia m\u00e9s convenient on es reunir\u00e0 amb els familiars en la major brevetat possible.<\/p>\n<ul>\n<li>Si l\u2019accident es valora com a molt greu es telefonar\u00e0 al 112.<\/li>\n<\/ul>\n<p>El mestre\/a o responsable de l&#8217;activitat podr\u00e0\u00a0 prendre la decisi\u00f3 que cregui m\u00e9s adequada en cas d&#8217;urg\u00e8ncia.<\/p>\n<p>L\u2019escola no disposa de cap m\u00fatua i utilitza els seveis de la S. Social tal com informa el Departament d\u2019Educaci\u00f3<\/p>\n<p>El protocol <a href=\"https:\/\/docs.google.com\/viewer?a=v&amp;pid=sites&amp;srcid=ZGVmYXVsdGRvbWFpbnxkb2N1bWVudHNwYXJlc3xneDpjZTM2YmY0YWM0MDMxN2Y\">que es seguir\u00e0 a l\u2019escola en cas d\u2019accident<\/a> el podeu trobar a la p\u00e0gina web<em>.<\/em><\/p>\n<p><strong>CANVI EN ADRECES I TEL\u00c8FONS<\/strong><\/p>\n<p>Quan es produeix algun canvi de domicili, tel\u00e8fon o mail l\u2019 heu de comunicar immediatament a la Secretaria de l\u2019 escola per tal de fer les correccions inform\u00e0tiques oportunes.<\/p>\n<p><strong>ESMORZARS<\/strong><\/p>\n<ul>\n<li>Creiem que per un bon rendiment <strong><u>escolar \u00e9s important que els alumnes vinguin a l&#8217;escola havent esmorzat casa<\/u><\/strong>. Si porten esmorzar, que sigui lleuger, ja que en cas contrari a l\u2019hora de dinar no tindran gana.. <u>Aconsellem\u00a0 que\u00a0 els alumnes no portin l\u2019esmorzar embolicat en paper de plata, <\/u>ja que \u00e9s molt dif\u00edcil de reciclar. \u00a0Poden portar una carmanyola. A E. Infantil cal que estigui dins d&#8217;una bossa marcada amb nom i cognoms.<\/li>\n<li>Us demanem que col\u00b7laboreu amb nosaltres no deixant que els alumnes portin a l&#8217;escola: <strong>caramels, xiclets, pipes, &#8220;quicos&#8221;, regal\u00e8ssia&#8230;<\/strong><\/li>\n<li><strong>Els dimecres i els dijous \u00e9s el dia que tots els alumnes( E. Infantil i Prim\u00e0ria) porten una pe\u00e7a de fruita per esmorzar. <\/strong><\/li>\n<\/ul>\n<p>&nbsp;<\/p>\n<h3><strong>ANIVERSARIS<\/strong><\/h3>\n<p>A Educaci\u00f3 Infantil us informaran a la reuni\u00f3 d\u2019aula com es celebren els aniversaris en aquestes aules.<\/p>\n<p>A partir d\u2019Educaci\u00f3 Prim\u00e0ria ja no es realitza cap celebraci\u00f3 a l\u2019aula, per aix\u00f2 us agrairem que no porteu caramels, o altres llaminadures pels alumnes.<\/p>\n<p><strong>A l\u2019escola NO es donaran invitacions per a festes particulars d\u2019aniversari.<\/strong><\/p>\n<h3><\/h3>\n<h3><strong>BATES-Vestimenta<\/strong><\/h3>\n<ul>\n<li>\u00c9s <strong>obligatori dur bata a P-3, P-4 i\u00a0 P-5<\/strong>, la portaran neta cada dia.<\/li>\n<li><strong>Els de 1r i 2n portaran bata pel menjador i per pl\u00e0stica, se l&#8217;emportaran per rentar cada divendres i sempre que faci falta (tornant-la neta al dia seg\u00fcent).<\/strong><\/li>\n<li>D<strong>e 3r a 6\u00e8<\/strong> cal tenir a l&#8217;escola una bata per fer pl\u00e0stica.<\/li>\n<li>Cal portar en tot moment una vestimenta adient per l\u2019edat i l\u2019activitat escolar que es realitzi.<\/li>\n<li>Totes les bates han de portar una beta i han d&#8217;estar marcades amb el nom i cognom.<\/li>\n<\/ul>\n<p><strong>EQUIP PER FER ED. F\u00cdSICA<\/strong><\/p>\n<p><strong>P3-2n:<\/strong> &#8211; Equip per a Educaci\u00f3 F\u00edsica: xandall de l\u2019escola (ser\u00e0 obligatori portar-lo els dies que tinguin classe i els dies de les sortides) i \u00a0sabatilles esportives. Els alumnes de Cicle Inicial han de portar una samarreta de recanvi i tovalloletes a dins d\u2019una bossa.<\/p>\n<p><strong>3r-6\u00e8: <\/strong>&#8211; Equip per a fer Ed. F\u00edsica: Pantal\u00f3 de xandal, samarreta, \u00a0sabatilles esportives i roba de recanvi \u00a0(<strong><u>aconsellable el xandall de l\u2019escola<\/u><\/strong>).<\/p>\n<p><strong>ALTRES RECOMANACIONS<\/strong><\/p>\n<p>Els alumnes no poden portar joguines, diners i\/o objectes de valor no necessaris per a l\u2019activitat escolar, per tal d\u2019evitar p\u00e8rdues o desperfectes dels quals no ens en podem fer responsables.<\/p>\n<p>Per evitar accidents, perills i neglig\u00e8ncies queda expressament prohibida la perman\u00e8ncia en les depend\u00e8ncies i patis del\u00a0 Centre a totes les persones que no realitzin cap tipus d\u2019activitat escolar o extraescolar.<\/p>\n<p>Cada nivell disposar\u00e0 de pilotes adequades i altre material de joc\u00a0 per a la seva edat perqu\u00e8 puguin jugar durant les hores d\u2019esbarjo i les hores del menjador. Per tant no han de portar cap pilota o joguina\u00a0 de casa.<\/p>\n<p><strong>\u00a0<\/strong><\/p>\n<p><strong>TELEFONIA M\u00d2BIL<\/strong><\/p>\n<p>Degut a l\u2019augment d\u2019infants que disposen de telefonia m\u00f2bil i\/o altres aparells electr\u00f2nics,\u00a0 cal establir unes normes d\u2019\u00fas. No es pot utilitzar a dins el recinte escolar en cap de les seves utilitats: fer o rebre trucades, prendre fotografies o imatges, jugar o escoltar m\u00fasica&#8230;etc. Si algun alumne el fa servir li ser\u00e0 retirat i s\u2019informar\u00e0 a la fam\u00edlia per tal de recuperar-lo. Portar el m\u00f2bil a l\u2019escola nom\u00e9s s\u2019ent\u00e9n en casos absolutament imprescindibles i caldr\u00e0 establir conjuntament (alumne-fam\u00edlia i tutor\/a-direcci\u00f3) l\u2019\u00fas i l\u2019endre\u00e7a.<\/p>\n<p><strong>\u00a0<\/strong><\/p>\n<p><strong>FOTOGRAFIES I IMATGES<\/strong><\/p>\n<p><strong>\u00a0<\/strong><\/p>\n<p>L&#8217;escola ha contemplat un seguit de festes i celebracions al llarg del curs on hi participa conjuntament tota la comunitat educativa. Durant aquestes celebracions es poden fer fotografies.<\/p>\n<p>Exceptuant aquestes festes no est\u00e0 perm\u00e8s anar a les classes o als patis a fotografiar els infants i les seves activitats.<\/p>\n<p>L&#8217;escola al llarg del curs fa fotografies de les activitats que es porten a terme i \u00a0es van posant al blog i al drive( cal contrasenya).<\/p>\n<p><strong>\u00a0<\/strong><\/p>\n<p><strong>MANTENIMENT DEL CENTRE<\/strong><\/p>\n<p><strong>\u00a0<\/strong><\/p>\n<p>Us demanem la vostra col\u00b7laboraci\u00f3 per a tractar amb el vostre fill\/a de la cura que ha de tenir del\u00a0 Centre, del mobiliari i de l\u2019entorn. El Centre \u00e9s de tots i entre tots l\u2019hem de cuidar<\/p>\n<p>&nbsp;<\/p>\n<p><strong>ROBA EXTRAVIADA<\/strong><\/p>\n<p>Al llarg del curs els nens i nenes perden molta roba que no est\u00e0 marcada correctament. Tota la roba que trobem i no podem saber a quin nen o nena pertany es posa al bagul d\u2019objectes perduts. Per aquest motiu i a fi d\u2019evitar acumulacions de roba extraviada cal que la roba i sobretot <strong><u>les samarretes i jaquetes estiguin marcades amb nom i cognoms.<\/u><\/strong><\/p>\n<p><strong>ASSOCIACI\u00d3 DE PARES I MARES<\/strong><\/p>\n<p>Totes les mares i pares d\u2019alumnes de l\u2019Escola tenen dret \u00a0i \u00e9s recomanable pert\u00e0nyer a l\u2019Associaci\u00f3 com a socis, amb el corresponent pagament d\u2019una quota anual, \u00a0i amb la finalitat sempre de fer un servei a les fam\u00edlies i a l\u2019Escola.<\/p>\n<p>Concretament l\u2019AFA s\u2019 encarrega de:<\/p>\n<ul>\n<li>Col\u00b7laborar amb la din\u00e0mica de l\u2019 Escola i mantenir permanentment el di\u00e0leg fam\u00edlia &#8211; centre.<\/li>\n<li>Organitzar activitats complement\u00e0ries:\n<ul>\n<li>Activitats extraescolars\u00a0per a nenes i nens.<\/li>\n<li><\/li>\n<li>Gestionar la compra de llibres i xandalls.<\/li>\n<li>..<\/li>\n<\/ul>\n<\/li>\n<\/ul>\n<p><strong><u>\u00a0<\/u><\/strong><\/p>\n<p><strong><u>VENDA DE XANDALLS: <\/u><\/strong><\/p>\n<p>La venda de xandalls es realitzar\u00e0 els primers dies de l\u2019escola <strong>en el mateix centre <\/strong>i tots els primers dimecres de mes. Les entregues es faran a principis d\u2019octubre.<\/p>\n<p><strong><u>\u00a0<\/u><\/strong><\/p>\n<p><strong><u>ACTIVITATS ORGANITZADES PER L\u2019AMPA<\/u><\/strong><\/p>\n<p>Al setembre es passar\u00e0\u00a0 un full amb informaci\u00f3 de les activitats extraescolars organitzades pel curs.<\/p>\n<p>A l\u2019octubre es far\u00e0 l\u2019assemblea general on es canviaran els c\u00e0rrecs i on els pares podran assistir i apuntar-se.<\/p>\n<p>Per contactar amb l\u2019AMPA ho podeu fer:<\/p>\n<ul>\n<li>a trav\u00e9s del correu electr\u00f2nic: <a href=\"mailto:ampaignasiiglesias@gmail.com\"><strong>ampaignasiiglesias@gmail.com<\/strong><\/a><\/li>\n<li>a trav\u00e9s de la web: <a href=\"https:\/\/www.afaiiglesias.cat\/\">afaignasiiglesias<\/a><\/li>\n<\/ul>\n<p>&nbsp;<\/p>\n<p>Us recordem que el servei d&#8217;acolliment matinal funciona tot el curs de 7,30 h a 9h . En el cas dels nens i nenes de P3 recomanem s\u2019inici\u00ef de manera gradual.\u00a0 \u00a0<u>Els dies 14,15, 16 i 17\u00a0 de setembre no en podran fer us.<\/u><\/p>\n<p><u>\u00a0<\/u><\/p>\n<p>Per als nens i nenes eventuals cal insistir que el servei d\u2019acolliment sempre \u00e9s obert i en el cas del mat\u00ed \u00fanicament cal entrar a l&#8217;escola i deixar el nen\/a a c\u00e0rrec de les monitores. Cal recordar que el servei d\u2019acolliment \u00e9s un cangur socialitzat per aquelles fam\u00edlies que els hi convingui.<\/p>\n<p><strong>\u00a0<\/strong><\/p>\n<p><strong>SERVEI DE MENJADOR ESCOLAR<\/strong><\/p>\n<p>&nbsp;<\/p>\n<p>La gesti\u00f3 i organitaci\u00f3 del <strong>Servei de Menjador<\/strong> el realitza l\u2019empresa <strong>7 i tria<\/strong>. Per tant, per tot el que faci refer\u00e8ncia a aquest servei caldr\u00e0 dirigir-vos a ells (funcionament, altes i baixes, men\u00fas, informes, rebuts, espor\u00e0dics&#8230;).<\/p>\n<p>Pel qu\u00e8 fa als dinars espor\u00e0dics caldr\u00e0 <strong><u>apuntar-se de 9 a 10 h <\/u><\/strong>\u00a0a la coordinadora, en el <em>\u00a0menjador de l&#8217;escola. Tel\u00a0<strong>685189822<\/strong>( de 9 a 10 h)<\/em>.<\/p>\n<p>La inscripci\u00f3, del servei de menjador es pot realitzar per Internet, a la <a href=\"http:\/\/www.7itria.cat\/\">web 7itria.cat<\/a> i tamb\u00e9 omplint els documents que podeu\u00a0 descarregar de la p\u00e0gina web. Per als infants que ja s\u00f3n usuaris no s\u2019ha de\u00a0 tornar a fer inscripci\u00f3,\u00a0 ja que amb el full de confirmaci\u00f3 que han fet\u00a0 n\u2018hi ha prou.<\/p>\n<p><u>Els almnes de P3 els\u00a0 dies 14, 15, 16\u00a0 setembre no\u00a0 podran fer \u00fas del servei de menjador.<\/u><\/p>\n<h4><strong>Preu:<\/strong> \u00a0 el preu del temps de migdia (monitoratge i dinar) per al proper curs ser\u00e0 de: <strong>6,33<\/strong>\u00a0\u20ac<\/h4>\n<p>Informaci\u00f3 beques menjador <a href=\"http:\/\/www.edubcn.cat\/ca\/\"><strong>http:\/\/www.edubcn.cat\/ca\/<\/strong><\/a><\/p>\n<p><strong>Escola\u00a0 Ignasi Igl\u00e9sias<\/strong><\/p>\n<p><strong>\u00a0<\/strong><\/p>\n","protected":false},"excerpt":{"rendered":"<p>HORARI<br \/>\nEls nens i nenes han de ser puntuals a l&#8217;hora d&#8217;entrar i sortir de l&#8217;escola. Tots els nens i nenes de l&#8217;escola, inclosos els m\u00e9s menuts de P3, inicien l&#8217;horari lectiu a les 9 del mat\u00ed. Penseu que arribar tard suposa un trencament de l&#8217;activitat&hellip;  <a href=\"https:\/\/agora.xtec.cat\/escolaignasiiglesias-bcn\/informacions-curs\/\" title=\"Read Informacions curs\">Llegeix m\u00e9s\u00bb<\/a><\/p>\n","protected":false},"author":1,"featured_media":0,"parent":0,"menu_order":0,"comment_status":"closed","ping_status":"closed","template":"","meta":{"_bbp_topic_count":0,"_bbp_reply_count":0,"_bbp_total_topic_count":0,"_bbp_total_reply_count":0,"_bbp_voice_count":0,"_bbp_anonymous_reply_count":0,"_bbp_topic_count_hidden":0,"_bbp_reply_count_hidden":0,"_bbp_forum_subforum_count":0,"footnotes":""},"class_list":["post-491","page","type-page","status-publish","hentry"],"post_mailing_queue_ids":[],"_links":{"self":[{"href":"https:\/\/agora.xtec.cat\/escolaignasiiglesias-bcn\/wp-json\/wp\/v2\/pages\/491","targetHints":{"allow":["GET"]}}],"collection":[{"href":"https:\/\/agora.xtec.cat\/escolaignasiiglesias-bcn\/wp-json\/wp\/v2\/pages"}],"about":[{"href":"https:\/\/agora.xtec.cat\/escolaignasiiglesias-bcn\/wp-json\/wp\/v2\/types\/page"}],"author":[{"embeddable":true,"href":"https:\/\/agora.xtec.cat\/escolaignasiiglesias-bcn\/wp-json\/wp\/v2\/users\/1"}],"replies":[{"embeddable":true,"href":"https:\/\/agora.xtec.cat\/escolaignasiiglesias-bcn\/wp-json\/wp\/v2\/comments?post=491"}],"version-history":[{"count":3,"href":"https:\/\/agora.xtec.cat\/escolaignasiiglesias-bcn\/wp-json\/wp\/v2\/pages\/491\/revisions"}],"predecessor-version":[{"id":2174,"href":"https:\/\/agora.xtec.cat\/escolaignasiiglesias-bcn\/wp-json\/wp\/v2\/pages\/491\/revisions\/2174"}],"wp:attachment":[{"href":"https:\/\/agora.xtec.cat\/escolaignasiiglesias-bcn\/wp-json\/wp\/v2\/media?parent=491"}],"curies":[{"name":"wp","href":"https:\/\/api.w.org\/{rel}","templated":true}]}}