{"id":515,"date":"2016-12-05T12:33:22","date_gmt":"2016-12-05T11:33:22","guid":{"rendered":"http:\/\/agora.xtec.cat\/escolagermanesbertomeu\/?page_id=515"},"modified":"2025-09-11T16:40:31","modified_gmt":"2025-09-11T14:40:31","slug":"qui-som","status":"publish","type":"page","link":"https:\/\/agora.xtec.cat\/escolagermanesbertomeu\/lescola\/qui-som\/","title":{"rendered":"Qui s\u00f3m"},"content":{"rendered":"<p>&nbsp;<\/p>\n<table style=\"height: 1325px; width: 67.6199%;\">\n<tbody>\n<tr>\n<td style=\"width: 15.6805%;\"><a href=\"https:\/\/agora.xtec.cat\/escolagermanesbertomeu\/wp-content\/uploads\/usu1488\/2025\/09\/presentacio-ED-1.pdf\" target=\"_blank\" rel=\"noopener\">Equip Directiu<\/a><\/td>\n<td style=\"width: 116.18%;\" colspan=\"3\">\n<p style=\"text-align: center;\">Director: Pere M\u00e1rmol<\/p>\n<p style=\"text-align: center;\">Cap d&#8217;estudis: Anna Tinoco<\/p>\n<p style=\"text-align: center;\">Secret\u00e0ria: Judit Tirado<\/p>\n<\/td>\n<\/tr>\n<tr>\n<td style=\"width: 15.6805%;\">Educaci\u00f3 Infantil<\/td>\n<td style=\"width: 35.2071%;\">Lourdes Torrico (I3A)<\/p>\n<p>Noelia Casado (I3B)<\/p>\n<p>Cristina Cano (I4A)<\/p>\n<p>Marta Maltas (I4B)<\/p>\n<p>Sandra Marini\u00a0(I5A)<\/p>\n<p>No\u00e8lia Maroto\u00a0(I5B)<\/td>\n<td style=\"width: 14.7929%;\">Cicle Inicial<\/td>\n<td style=\"width: 66.1804%;\">\u00c0lex Fit\u00e9 (1rA)<\/p>\n<p>Laura Pelegr\u00ed (1rB)<\/p>\n<p>Teresa Parad\u00eds (2nA)<\/p>\n<p>Gisela Silvestre (2nB)<\/td>\n<\/tr>\n<tr>\n<td style=\"width: 15.6805%;\">Cicle Mitj\u00e0<\/td>\n<td style=\"width: 35.2071%;\">&nbsp;<\/p>\n<p>Maria Vallmajor (3rA)<\/p>\n<p>Montse Mart\u00ednez\u00a0(3rB)<\/p>\n<p>L\u00eddia Rodr\u00edguez (4tA)<\/p>\n<p>Ana Castiblanque (4tB i Coordinaci\u00f3 LICS)<\/p>\n<p>&nbsp;<\/td>\n<td style=\"width: 14.7929%;\">Cicle Superior<\/td>\n<td style=\"width: 66.1804%;\">Meritxell Calsapeu(5\u00e8A)<\/p>\n<p>Ana Guti\u00e9rrez (5\u00e8B i Coordinaci\u00f3 3r cicle)<\/p>\n<p>M\u00f2nica Casas (6\u00e8A)<\/p>\n<p>Teresa Navarro (6\u00e8B)<\/td>\n<\/tr>\n<tr>\n<td style=\"width: 15.6805%;\">\u00a0Especialistes<\/td>\n<td style=\"width: 116.18%;\" colspan=\"3\">Ferran Vivas (M\u00fasica prim\u00e0ria)<\/p>\n<p>Marta Gir\u00f3s (Angl\u00e8s 1r cicle)<\/p>\n<p>Maria Exp\u00f3sito (Angl\u00e8s 2n cicle)<\/p>\n<p>Clara Lozano (Angl\u00e8s 3r cicle)<\/p>\n<p>Laura S\u00e0nchez (Atenci\u00f3 a la Diversitat I4)<\/p>\n<p>Ver\u00f2nica Pi\u00f1ero (Atenci\u00f3 a la Diversitat I5-1r cicle)<\/p>\n<p>Ester Casas (Atenci\u00f3 a la Diversitat 2n cicle)<\/p>\n<p>Elisenda Terrado (Atenci\u00f3 a la Diversitat 3r cicle)<\/p>\n<p>Anna Sauleda (Suport 3r cicle i Coordinaci\u00f3 Digital)<\/p>\n<p>Judit Tirado (Audici\u00f3 i Llenguatge)<\/p>\n<p>Alba Carbonell (Suport i Coordinaci\u00f3 EI)<\/p>\n<p>Jordi Roca i Pere M\u00e1rmol (Educaci\u00f3 F\u00edsica)<\/p>\n<p>Cristina Julian (biblioteca escolar)<\/p>\n<p>Iris S\u00e0nchez (suport EI)<\/p>\n<p>Marta Galceran (suport i coordinaci\u00f3 1r cicle)<\/p>\n<p>Alba Fuentes (matem\u00e0tiques prim\u00e0ria i coordinaci\u00f3 2n cicle)<\/p>\n<p>Carla Garcia (suport 1r i 2n cicle)<\/p>\n<p>Berta Ovide (suport 2n i 3r cicle)<\/p>\n<p>Anna Tinoco (Psicomotricitat i suport EI i Projectes a Prim\u00e0ria)<\/td>\n<\/tr>\n<tr>\n<td style=\"width: 15.6805%;\">Integradora Social<\/td>\n<td style=\"width: 116.18%;\" colspan=\"3\">Cl\u00e0udia Vargas<\/td>\n<\/tr>\n<tr>\n<td style=\"width: 15.6805%;\">Personal d&#8217;Atenci\u00f3 Educativa<\/td>\n<td style=\"width: 116.18%;\" colspan=\"3\"><span style=\"background-color: #ffffff;\">Virg\u00ednia Garcia (T\u00e8cnica Ed. Infantil)<\/span><\/p>\n<p>Yolando Chamarro \/ (Vetlladores)<\/td>\n<\/tr>\n<tr>\n<td style=\"width: 15.6805%;\">Administraci\u00f3 i Serveis<\/td>\n<td style=\"width: 116.18%;\" colspan=\"3\">S\u00edlvia V\u00e9lez (Auxiliar administrativa)<\/p>\n<p>Mavi Carmona (Auxiliars de Serveis Edifici Gran)<\/p>\n<p>Irene Fern\u00e1ndez (Auxiliar de Serveis Edifici Infantil)<\/p>\n<p>Urbani \/ Isabel (Servei de neteja)<\/td>\n<\/tr>\n<\/tbody>\n<\/table>\n<p>&nbsp;<\/p>\n<p>&nbsp;<\/p>\n<p>&nbsp;<\/p>\n<p>&nbsp;<\/p>\n","protected":false},"excerpt":{"rendered":"<p>&nbsp;<\/p>\n<p><a href=\"https:\/\/agora.xtec.cat\/escolagermanesbertomeu\/wp-content\/uploads\/usu1488\/2025\/09\/presentacio-ED-1.pdf\" target=\"_blank\" rel=\"noopener\">Equip Directiu<\/a><\/p>\n<p>Director: Pere M\u00e1rmol<br \/>\nCap d&#8217;estudis: Anna Tinoco<br \/>\nSecret\u00e0ria: Judit Tirado<\/p>\n<p>Educaci\u00f3 Infantil<br \/>\nLourdes Torrico (I3A)<br \/>\nNoelia Casado (I3B)<br \/>\nCristina Cano (I4A)<br \/>\nMarta Maltas (I4B)<br \/>\nSandra Marini\u00a0(I5A)<br \/>\nNo\u00e8lia Maroto\u00a0(I5B)<br \/>\nCicle Inicial<br \/>\n\u00c0lex Fit\u00e9 (1rA)<br \/>\nLaura Pelegr\u00ed (1rB)<br \/>\nTeresa Parad\u00eds (2nA)<br \/>\nGisela Silvestre (2nB)<\/p>\n<p>Cicle Mitj\u00e0<br \/>\n&nbsp;<br \/>\nMaria Vallmajor (3rA)<br \/>\nMontse Mart\u00ednez\u00a0(3rB)<br \/>\nL\u00eddia Rodr\u00edguez (4tA)<br \/>\nAna Castiblanque (4tB i Coordinaci\u00f3 LICS)<br \/>\n&nbsp;<br \/>\nCicle Superior<br \/>\nMeritxell Calsapeu(5\u00e8A)<br \/>\nAna&hellip;  <a href=\"https:\/\/agora.xtec.cat\/escolagermanesbertomeu\/lescola\/qui-som\/\" title=\"Read Qui s\u00f3m\">Llegeix m\u00e9s\u00bb<\/a><\/p>\n","protected":false},"author":1,"featured_media":0,"parent":22,"menu_order":30,"comment_status":"closed","ping_status":"closed","template":"page-templates\/side-menu.php","meta":{"_bbp_topic_count":0,"_bbp_reply_count":0,"_bbp_total_topic_count":0,"_bbp_total_reply_count":0,"_bbp_voice_count":0,"_bbp_anonymous_reply_count":0,"_bbp_topic_count_hidden":0,"_bbp_reply_count_hidden":0,"_bbp_forum_subforum_count":0,"footnotes":""},"class_list":["post-515","page","type-page","status-publish","hentry"],"post_mailing_queue_ids":[],"_links":{"self":[{"href":"https:\/\/agora.xtec.cat\/escolagermanesbertomeu\/wp-json\/wp\/v2\/pages\/515","targetHints":{"allow":["GET"]}}],"collection":[{"href":"https:\/\/agora.xtec.cat\/escolagermanesbertomeu\/wp-json\/wp\/v2\/pages"}],"about":[{"href":"https:\/\/agora.xtec.cat\/escolagermanesbertomeu\/wp-json\/wp\/v2\/types\/page"}],"author":[{"embeddable":true,"href":"https:\/\/agora.xtec.cat\/escolagermanesbertomeu\/wp-json\/wp\/v2\/users\/1"}],"replies":[{"embeddable":true,"href":"https:\/\/agora.xtec.cat\/escolagermanesbertomeu\/wp-json\/wp\/v2\/comments?post=515"}],"version-history":[{"count":6,"href":"https:\/\/agora.xtec.cat\/escolagermanesbertomeu\/wp-json\/wp\/v2\/pages\/515\/revisions"}],"predecessor-version":[{"id":3378,"href":"https:\/\/agora.xtec.cat\/escolagermanesbertomeu\/wp-json\/wp\/v2\/pages\/515\/revisions\/3378"}],"up":[{"embeddable":true,"href":"https:\/\/agora.xtec.cat\/escolagermanesbertomeu\/wp-json\/wp\/v2\/pages\/22"}],"wp:attachment":[{"href":"https:\/\/agora.xtec.cat\/escolagermanesbertomeu\/wp-json\/wp\/v2\/media?parent=515"}],"curies":[{"name":"wp","href":"https:\/\/api.w.org\/{rel}","templated":true}]}}